{"id":14770,"date":"2024-05-08T14:09:45","date_gmt":"2024-05-08T17:09:45","guid":{"rendered":"https:\/\/uruguayaudiovisual.com\/?post_type=proyecto&#038;p=14770"},"modified":"2025-05-23T14:41:56","modified_gmt":"2025-05-23T17:41:56","slug":"tejedoras","status":"publish","type":"proyecto","link":"https:\/\/uruguayaudiovisual.com\/en\/proyecto\/tejedoras\/","title":{"rendered":"TEJEDORAS"},"content":{"rendered":"<ul class=\"wpuf_customs\">            <li class=\"wpuf-field-data wpuf-field-data-text_field\">\n                                    <label>T\u00edtulo Ingles:<\/label>\n                                WEAVERS            <\/li>\n                    <li class=\"wpuf-field-data wpuf-field-data-textarea_field\">\n                                   <label>Sinopsis Espa\u00f1ol:<\/label>\n                               <p>En un entorno rural al norte de Uruguay, Raquel junto a un grupo de mujeres lleva adelante un emprendimiento de tejido. Enfrent\u00e1ndose al desaf\u00edo del trabajo colectivo, se valdr\u00e1n del encuentro entre ellas para pelear con viejas estructuras y fortalecerse como mujeres m\u00e1s libres.<\/p>\n            <\/li>\n                     <li class=\"wpuf-field-data wpuf-field-data-textarea_field\">\n                                   <label>Sinopsis Ingles:<\/label>\n                               <p>In a rural setting in northern Uruguay, Raquel and a group of women lead a weaving project.<br \/>\nFacing the challenge of collective work, they will use the encounter between them to fight against old and conservative structures and strengthen themselves as freer women.<\/p>\n            <\/li>\n         <li style=\"list-style-type:none;\"><label>Imagen Proyecto:<\/label> <a href=\"https:\/\/uruguayaudiovisual.com\/wp-content\/uploads\/2024\/05\/img81.jpg\"><img decoding=\"async\" width=\"150\" height=\"150\" src=\"https:\/\/uruguayaudiovisual.com\/wp-content\/uploads\/2024\/05\/img81-150x150.jpg\" class=\"attachment-thumbnail size-thumbnail\" alt=\"\" srcset=\"https:\/\/uruguayaudiovisual.com\/wp-content\/uploads\/2024\/05\/img81-66x66.jpg 66w, https:\/\/uruguayaudiovisual.com\/wp-content\/uploads\/2024\/05\/img81-150x150.jpg 150w\" sizes=\"(max-width: 150px) 100vw, 150px\" \/><\/a> <\/li>            <li class=\"wpuf-field-data wpuf-field-data-numeric_text_field\">\n                                    <label>A\u00f1o Estreno:<\/label>\n                                2022            <\/li>\n                    <li class=\"wpuf-field-data wpuf-field-data-numeric_text_field\">\n                                    <label>A\u00f1o Producci\u00f3n:<\/label>\n                                2019            <\/li>\n                    <li class=\"wpuf-field-data wpuf-field-data-dropdown_field\">\n                                    <label>Pa\u00eds Mayoritario Producci\u00f3n:<\/label>\n                                Uruguay            <\/li>\n                    <li class=\"wpuf-field-data wpuf-field-data-text_field\">\n                                    <label>Director:<\/label>\n                                Agustina Willat, Ana Micenmacher            <\/li>\n                    <li class=\"wpuf-field-data wpuf-field-data-textarea_field\">\n                                   <label>Bio Director Espa\u00f1ol:<\/label>\n                               <p>Ana Micenmacher Uruguay - Co-directora y Directora de Fotograf\u00eda se<br \/>\ndesempe\u00f1a como t\u00e9cnica en el \u00e1rea de c\u00e1mara en cine, tv y comerciales<br \/>\ndesde 2011.<br \/>\nAgustina Willat Montevideo, 1989 - Co-directora se desempe\u00f1a como Directora, Asistente de direcci\u00f3n y Montajista. Ambas egresadas de la Escuela de Cine del Uruguay, han realizado cortometrajes con participaci\u00f3n y reconocimiento en festivales nacionales e internacionales. Juntas realizan. Hac\u00e9 y Mostr\u00e1 - Televisi\u00f3n Comunitaria premiado por red TAL Televisi\u00f3n Am\u00e9rica Latina a mejor programa educativo en 2016.<\/p>\n            <\/li>\n                     <li class=\"wpuf-field-data wpuf-field-data-textarea_field\">\n                                   <label>Bio Director Ingles:<\/label>\n                               <p>Ana Micenmacher Uruguay - Co-director and Director of Photography has<br \/>\nworked as a technician in the camera area for movies, TV and commercials<br \/>\nsince 2011.<br \/>\nAgustina Willat Montevideo, 1989 - Co-director has worked as Director,<br \/>\nAssistant director and editor. Both graduated from the Uruguayan Film School. Short films Silvia, Dedos, El vender de Naranjas and Luci\u00e9rnaga won several awards at national festivals and were selected at multiple<br \/>\ninternational festivals. Together they make Hac\u00e9 y Mostr\u00e1 - Televisi\u00f3n Comunitaria awarded by the TAL network Latin American Television for the best educational program in 2016.<\/p>\n            <\/li>\n                     <li class=\"wpuf-field-data wpuf-field-data-textarea_field\">\n                                   <label>Producci\u00f3n Proyecto:<\/label>\n                               <p>Florencia Abbondanza<\/p>\n            <\/li>\n                     <li class=\"wpuf-field-data wpuf-field-data-textarea_field\">\n                                   <label>Elenco Proyecto:<\/label>\n                               <p>Raquel Fernandez, Andrea Olivera, Eva Rivas,<br \/>\nBlanca C\u00e1ceres, M\u00f3nica Ayala, Micaela Ayala,<br \/>\nRosa L\u00f3pez, Sonia P\u00e9rez<\/p>\n            <\/li>\n                     <li class=\"wpuf-field-data wpuf-field-data-textarea_field\">\n                                   <label>Gui\u00f3n Proyecto:<\/label>\n                               <p>Agustina Willat, Ana Micenmacher<\/p>\n            <\/li>\n                     <li class=\"wpuf-field-data wpuf-field-data-textarea_field\">\n                                   <label>Premios Proyecto:<\/label>\n                               <p>Premio Mejor Cortometraje uruguayo Festival<br \/>\nCinematogr\u00e1fico Internacional del Uruguay<br \/>\nDiciembre. 2021<br \/>\nSelecci\u00f3n Oficial competencia internacional<br \/>\nde cortometrajes Festival Biobio. Concepci\u00f3n,<br \/>\nChile. Junio 2021<br \/>\nSelecci\u00f3n Oficial competencia Mehodo<br \/>\nInternational Youth Visual Media Festival. NY,<br \/>\nEEUU. Febrero 2022.<br \/>\nSelecci\u00f3n Oficial G\u00e1ndara Independent Film<br \/>\nFestival. Marzo 2022.<br \/>\nSelecci\u00f3n Oficial Muestra Latinoamericana<br \/>\nFestival Internacional de cortos de San Pablo.<br \/>\nBrasil. Agosto 2022<\/p>\n            <\/li>\n                     <li class=\"wpuf-field-data wpuf-field-data-text_field\">\n                                    <label>Casa Productora:<\/label>\n                                Hormiguita Films            <\/li>\n                    <li class=\"wpuf-field-data wpuf-field-data-email_address\">\n                                    <label>Email Proyecto:<\/label>\n                                <a href=\"mailto:cinemaflor@gmail.com\">cinemaflor@gmail.com<\/a>            <\/li>\n        <\/ul>","protected":false},"author":159,"featured_media":0,"template":"","busqueda_obra":[772],"duracion_obra":[741],"estado_obra":[734],"genero_obra":[749],"tipo_obra":[737],"class_list":["post-14770","proyecto","type-proyecto","status-publish","hentry","busqueda_obra-agente-de-prensa","duracion_obra-cortometraje","estado_obra-estrenada","genero_obra-documental","tipo_obra-documental"],"acf":[],"yoast_head":"<!-- This site is optimized with the Yoast SEO plugin v25.0 - https:\/\/yoast.com\/wordpress\/plugins\/seo\/ -->\n<title>TEJEDORAS - Uruguay Audiovisual<\/title>\n<meta name=\"robots\" content=\"index, follow, max-snippet:-1, max-image-preview:large, max-video-preview:-1\" \/>\n<link rel=\"canonical\" href=\"https:\/\/uruguayaudiovisual.com\/en\/proyecto\/tejedoras\/\" \/>\n<meta property=\"og:locale\" content=\"en_US\" \/>\n<meta property=\"og:type\" content=\"article\" \/>\n<meta property=\"og:title\" content=\"TEJEDORAS - Uruguay Audiovisual\" \/>\n<meta property=\"og:description\" content=\"T\u00edtulo Ingles: WEAVERS Sinopsis Espa\u00f1ol: En un entorno rural al norte de Uruguay, Raquel junto a un grupo de mujeres lleva adelante un emprendimiento de tejido. Enfrent\u00e1ndose al desaf\u00edo del trabajo colectivo, se valdr\u00e1n del encuentro\" \/>\n<meta property=\"og:url\" content=\"https:\/\/uruguayaudiovisual.com\/en\/proyecto\/tejedoras\/\" \/>\n<meta property=\"og:site_name\" content=\"Uruguay Audiovisual\" \/>\n<meta property=\"article:modified_time\" content=\"2025-05-23T17:41:56+00:00\" \/>\n<meta name=\"twitter:card\" content=\"summary_large_image\" \/>\n<script type=\"application\/ld+json\" class=\"yoast-schema-graph\">{\"@context\":\"https:\/\/schema.org\",\"@graph\":[{\"@type\":\"WebPage\",\"@id\":\"https:\/\/uruguayaudiovisual.com\/en\/proyecto\/tejedoras\/\",\"url\":\"https:\/\/uruguayaudiovisual.com\/en\/proyecto\/tejedoras\/\",\"name\":\"TEJEDORAS - Uruguay Audiovisual\",\"isPartOf\":{\"@id\":\"https:\/\/uruguayaudiovisual.com\/en\/#website\"},\"datePublished\":\"2024-05-08T17:09:45+00:00\",\"dateModified\":\"2025-05-23T17:41:56+00:00\",\"breadcrumb\":{\"@id\":\"https:\/\/uruguayaudiovisual.com\/en\/proyecto\/tejedoras\/#breadcrumb\"},\"inLanguage\":\"en-US\",\"potentialAction\":[{\"@type\":\"ReadAction\",\"target\":[\"https:\/\/uruguayaudiovisual.com\/en\/proyecto\/tejedoras\/\"]}]},{\"@type\":\"BreadcrumbList\",\"@id\":\"https:\/\/uruguayaudiovisual.com\/en\/proyecto\/tejedoras\/#breadcrumb\",\"itemListElement\":[{\"@type\":\"ListItem\",\"position\":1,\"name\":\"Portada\",\"item\":\"https:\/\/uruguayaudiovisual.com\/en\/\"},{\"@type\":\"ListItem\",\"position\":2,\"name\":\"Recent Releases and Projects\",\"item\":\"https:\/\/uruguayaudiovisual.com\/en\/proyectos\/\"},{\"@type\":\"ListItem\",\"position\":3,\"name\":\"TEJEDORAS\"}]},{\"@type\":\"WebSite\",\"@id\":\"https:\/\/uruguayaudiovisual.com\/en\/#website\",\"url\":\"https:\/\/uruguayaudiovisual.com\/en\/\",\"name\":\"Uruguay Audiovisual\",\"description\":\"Uruguay Audiovisual\",\"publisher\":{\"@id\":\"https:\/\/uruguayaudiovisual.com\/en\/#organization\"},\"potentialAction\":[{\"@type\":\"SearchAction\",\"target\":{\"@type\":\"EntryPoint\",\"urlTemplate\":\"https:\/\/uruguayaudiovisual.com\/en\/?s={search_term_string}\"},\"query-input\":{\"@type\":\"PropertyValueSpecification\",\"valueRequired\":true,\"valueName\":\"search_term_string\"}}],\"inLanguage\":\"en-US\"},{\"@type\":\"Organization\",\"@id\":\"https:\/\/uruguayaudiovisual.com\/en\/#organization\",\"name\":\"Uruguay Audiovisual\",\"url\":\"https:\/\/uruguayaudiovisual.com\/en\/\",\"logo\":{\"@type\":\"ImageObject\",\"inLanguage\":\"en-US\",\"@id\":\"https:\/\/uruguayaudiovisual.com\/en\/#\/schema\/logo\/image\/\",\"url\":\"https:\/\/uruguayaudiovisual.com\/wp-content\/uploads\/2020\/01\/LOGO-URUGUAY-AUDIOVISUAL-colores-01.svg\",\"contentUrl\":\"https:\/\/uruguayaudiovisual.com\/wp-content\/uploads\/2020\/01\/LOGO-URUGUAY-AUDIOVISUAL-colores-01.svg\",\"width\":226,\"height\":84,\"caption\":\"Uruguay Audiovisual\"},\"image\":{\"@id\":\"https:\/\/uruguayaudiovisual.com\/en\/#\/schema\/logo\/image\/\"}}]}<\/script>\n<!-- \/ Yoast SEO plugin. -->","yoast_head_json":{"title":"TEJEDORAS - Uruguay Audiovisual","robots":{"index":"index","follow":"follow","max-snippet":"max-snippet:-1","max-image-preview":"max-image-preview:large","max-video-preview":"max-video-preview:-1"},"canonical":"https:\/\/uruguayaudiovisual.com\/en\/proyecto\/tejedoras\/","og_locale":"en_US","og_type":"article","og_title":"TEJEDORAS - Uruguay Audiovisual","og_description":"T\u00edtulo Ingles: WEAVERS Sinopsis Espa\u00f1ol: En un entorno rural al norte de Uruguay, Raquel junto a un grupo de mujeres lleva adelante un emprendimiento de tejido. Enfrent\u00e1ndose al desaf\u00edo del trabajo colectivo, se valdr\u00e1n del encuentro","og_url":"https:\/\/uruguayaudiovisual.com\/en\/proyecto\/tejedoras\/","og_site_name":"Uruguay Audiovisual","article_modified_time":"2025-05-23T17:41:56+00:00","twitter_card":"summary_large_image","schema":{"@context":"https:\/\/schema.org","@graph":[{"@type":"WebPage","@id":"https:\/\/uruguayaudiovisual.com\/en\/proyecto\/tejedoras\/","url":"https:\/\/uruguayaudiovisual.com\/en\/proyecto\/tejedoras\/","name":"TEJEDORAS - Uruguay Audiovisual","isPartOf":{"@id":"https:\/\/uruguayaudiovisual.com\/en\/#website"},"datePublished":"2024-05-08T17:09:45+00:00","dateModified":"2025-05-23T17:41:56+00:00","breadcrumb":{"@id":"https:\/\/uruguayaudiovisual.com\/en\/proyecto\/tejedoras\/#breadcrumb"},"inLanguage":"en-US","potentialAction":[{"@type":"ReadAction","target":["https:\/\/uruguayaudiovisual.com\/en\/proyecto\/tejedoras\/"]}]},{"@type":"BreadcrumbList","@id":"https:\/\/uruguayaudiovisual.com\/en\/proyecto\/tejedoras\/#breadcrumb","itemListElement":[{"@type":"ListItem","position":1,"name":"Portada","item":"https:\/\/uruguayaudiovisual.com\/en\/"},{"@type":"ListItem","position":2,"name":"Recent Releases and Projects","item":"https:\/\/uruguayaudiovisual.com\/en\/proyectos\/"},{"@type":"ListItem","position":3,"name":"TEJEDORAS"}]},{"@type":"WebSite","@id":"https:\/\/uruguayaudiovisual.com\/en\/#website","url":"https:\/\/uruguayaudiovisual.com\/en\/","name":"Uruguay Audiovisual","description":"Uruguay Audiovisual","publisher":{"@id":"https:\/\/uruguayaudiovisual.com\/en\/#organization"},"potentialAction":[{"@type":"SearchAction","target":{"@type":"EntryPoint","urlTemplate":"https:\/\/uruguayaudiovisual.com\/en\/?s={search_term_string}"},"query-input":{"@type":"PropertyValueSpecification","valueRequired":true,"valueName":"search_term_string"}}],"inLanguage":"en-US"},{"@type":"Organization","@id":"https:\/\/uruguayaudiovisual.com\/en\/#organization","name":"Uruguay Audiovisual","url":"https:\/\/uruguayaudiovisual.com\/en\/","logo":{"@type":"ImageObject","inLanguage":"en-US","@id":"https:\/\/uruguayaudiovisual.com\/en\/#\/schema\/logo\/image\/","url":"https:\/\/uruguayaudiovisual.com\/wp-content\/uploads\/2020\/01\/LOGO-URUGUAY-AUDIOVISUAL-colores-01.svg","contentUrl":"https:\/\/uruguayaudiovisual.com\/wp-content\/uploads\/2020\/01\/LOGO-URUGUAY-AUDIOVISUAL-colores-01.svg","width":226,"height":84,"caption":"Uruguay Audiovisual"},"image":{"@id":"https:\/\/uruguayaudiovisual.com\/en\/#\/schema\/logo\/image\/"}}]}},"_links":{"self":[{"href":"https:\/\/uruguayaudiovisual.com\/en\/wp-json\/wp\/v2\/proyecto\/14770","targetHints":{"allow":["GET"]}}],"collection":[{"href":"https:\/\/uruguayaudiovisual.com\/en\/wp-json\/wp\/v2\/proyecto"}],"about":[{"href":"https:\/\/uruguayaudiovisual.com\/en\/wp-json\/wp\/v2\/types\/proyecto"}],"author":[{"embeddable":true,"href":"https:\/\/uruguayaudiovisual.com\/en\/wp-json\/wp\/v2\/users\/159"}],"version-history":[{"count":1,"href":"https:\/\/uruguayaudiovisual.com\/en\/wp-json\/wp\/v2\/proyecto\/14770\/revisions"}],"predecessor-version":[{"id":15036,"href":"https:\/\/uruguayaudiovisual.com\/en\/wp-json\/wp\/v2\/proyecto\/14770\/revisions\/15036"}],"wp:attachment":[{"href":"https:\/\/uruguayaudiovisual.com\/en\/wp-json\/wp\/v2\/media?parent=14770"}],"wp:term":[{"taxonomy":"busqueda_obra","embeddable":true,"href":"https:\/\/uruguayaudiovisual.com\/en\/wp-json\/wp\/v2\/busqueda_obra?post=14770"},{"taxonomy":"duracion_obra","embeddable":true,"href":"https:\/\/uruguayaudiovisual.com\/en\/wp-json\/wp\/v2\/duracion_obra?post=14770"},{"taxonomy":"estado_obra","embeddable":true,"href":"https:\/\/uruguayaudiovisual.com\/en\/wp-json\/wp\/v2\/estado_obra?post=14770"},{"taxonomy":"genero_obra","embeddable":true,"href":"https:\/\/uruguayaudiovisual.com\/en\/wp-json\/wp\/v2\/genero_obra?post=14770"},{"taxonomy":"tipo_obra","embeddable":true,"href":"https:\/\/uruguayaudiovisual.com\/en\/wp-json\/wp\/v2\/tipo_obra?post=14770"}],"curies":[{"name":"wp","href":"https:\/\/api.w.org\/{rel}","templated":true}]}}