{"id":14625,"date":"2024-05-08T14:52:11","date_gmt":"2024-05-08T17:52:11","guid":{"rendered":"https:\/\/uruguayaudiovisual.com\/?post_type=proyecto&#038;p=14625"},"modified":"2026-04-17T15:31:10","modified_gmt":"2026-04-17T18:31:10","slug":"las-tias","status":"publish","type":"proyecto","link":"https:\/\/uruguayaudiovisual.com\/en\/proyecto\/las-tias\/","title":{"rendered":"LAS T\u00cdAS"},"content":{"rendered":"<ul class=\"wpuf_customs\">            <li class=\"wpuf-field-data wpuf-field-data-text_field\">\n                                    <label>T\u00edtulo Ingles:<\/label>\n                                THE AUNTS            <\/li>\n                    <li class=\"wpuf-field-data wpuf-field-data-textarea_field\">\n                                   <label>Sinopsis Espa\u00f1ol:<\/label>\n                               <p>Las t\u00edas es una serie documental de 8 cap\u00edtulos que narra la vida de mujeres que formaron  parte de nuestro mundo cotidiano y atravesaron sus historias familiares sin ser madres. Cada episodio retrata a una t\u00eda a trav\u00e9s del di\u00e1logo intergeneracional con sus sobrinas. <\/p>\n<p>Las t\u00edas es una serie de retazos de mujeres que dejaron un legado a su alrededor, siendo art\u00edfices, a veces sin ser conscientes de ello, de los cambios y adelantos en el rol de la mujer en la propia familia. <\/p>\n            <\/li>\n                     <li class=\"wpuf-field-data wpuf-field-data-textarea_field\">\n                                   <label>Sinopsis Ingles:<\/label>\n                               <p>Las t\u00edas (The Aunts) is an 8-episode documentary series about women who were part of our everyday world and lived their family stories without becoming mothers. Each episode is the portrait of an aunt seen through an intergenerational dialogue with her nieces.<\/p>\n<p>The series is a patchwork of the lives of women who left a deep mark on those around them, becoming, often without realizing it, agents of change in the role of women within the family.<\/p>\n            <\/li>\n         <li style=\"list-style-type:none;\"><label>Imagen Proyecto:<\/label> <a href=\"https:\/\/uruguayaudiovisual.com\/wp-content\/uploads\/2026\/04\/u125-las-tias-afiche_instagram-1080x1440-1.jpg\"><img decoding=\"async\" width=\"150\" height=\"150\" src=\"https:\/\/uruguayaudiovisual.com\/wp-content\/uploads\/2026\/04\/u125-las-tias-afiche_instagram-1080x1440-1-150x150.jpg\" class=\"attachment-thumbnail size-thumbnail\" alt=\"\" srcset=\"https:\/\/uruguayaudiovisual.com\/wp-content\/uploads\/2026\/04\/u125-las-tias-afiche_instagram-1080x1440-1-66x66.jpg 66w, https:\/\/uruguayaudiovisual.com\/wp-content\/uploads\/2026\/04\/u125-las-tias-afiche_instagram-1080x1440-1-150x150.jpg 150w\" sizes=\"(max-width: 150px) 100vw, 150px\" \/><\/a> <\/li>            <li class=\"wpuf-field-data wpuf-field-data-numeric_text_field\">\n                                    <label>A\u00f1o Estreno:<\/label>\n                                2026            <\/li>\n                    <li class=\"wpuf-field-data wpuf-field-data-numeric_text_field\">\n                                    <label>A\u00f1o Producci\u00f3n:<\/label>\n                                2025            <\/li>\n                    <li class=\"wpuf-field-data wpuf-field-data-dropdown_field\">\n                                    <label>Pa\u00eds Mayoritario Producci\u00f3n:<\/label>\n                                Uruguay            <\/li>\n                    <li class=\"wpuf-field-data wpuf-field-data-text_field\">\n                                    <label>Director:<\/label>\n                                Sol Infante, Roc\u00edo L\u00f3pez            <\/li>\n                    <li class=\"wpuf-field-data wpuf-field-data-textarea_field\">\n                                   <label>Bio Director Espa\u00f1ol:<\/label>\n                               <p>SOL INFANTE es fot\u00f3grafa y licenciada en ciencias de la comunicaci\u00f3n de la FIC - UDELAR. Se especializ\u00f3 en direcci\u00f3n de fotograf\u00eda en Punto Cine y en el Centro de Formaci\u00f3n Profesional del Sindicato de la Industria Audiovisual (SICA). Fue becada para participar en el primer Taller Iberoamericano de Cine Documental de Derechos Humanos de Puka\u00f1awi, Festival Internacional de Cine de los Derechos Humanos de Bolivia.<br \/>\n\u00a0<br \/>\nSe ha desempe\u00f1ado como t\u00e9cnica audiovisual independiente (en producci\u00f3n, c\u00e1mara, foto y edici\u00f3n) en cortos, documentales, videoclips y en otros formatos. Desde el 2012 lo hace tambi\u00e9n en el programa Usinas culturales del MEC y en TV Ciudad. Adem\u00e1s se desempe\u00f1a como docente del bachillerato audiovisual de la UTU y en cursos de Educaci\u00f3n Permanente en la FIC. Fue la una de las Fundadoras y Co-directora del Festival Internacional de Cine y Derechos Humanos \u201cTenemos Que Ver\u201d, fue parte del equipo \u201cLa semana documental\u201d en el DocMontevideo y parte del equipo de programaci\u00f3n de \u201cFememina\u201d, Festival de cortos realizados por Mujeres MVD Uruguay.<br \/>\nROC\u00cdO L\u00d3PEZ es sonidista con base en Uruguay, con amplia experiencia en sonido directo para Cine y TV, tanto en ficci\u00f3n como en documental. Con una vasta formaci\u00f3n en el \u00e1rea de sonido, completando estudios terciarios en Dise\u00f1o de Sonido (ORT), Edici\u00f3n de audio digital (ORT); y una variedad de cursos entre los que cabe destacar Realizaci\u00f3n y Tecnolog\u00eda Audiovisual (UCF). As\u00ed como una constante participaci\u00f3n en seminarios (AES, Fadi Hayeck, Meyer Sound, Mario Breuer, Eva Vali\u00f1o, entre otros). Entre sus \u00faltimos trabajos se destaca su participaci\u00f3n en producciones Cinematogr\u00e1ficas nacionales e internacionales. Trabajando tanto dentro como fuera del pa\u00eds en producciones como:<\/p>\n            <\/li>\n                     <li class=\"wpuf-field-data wpuf-field-data-textarea_field\">\n                                   <label>Producci\u00f3n Proyecto:<\/label>\n                               <p>Micaela Sol\u00e9<\/p>\n            <\/li>\n                     <li class=\"wpuf-field-data wpuf-field-data-textarea_field\">\n                                   <label>Elenco Proyecto:<\/label>\n                               <p>Varias mujeres reales<\/p>\n            <\/li>\n                     <li class=\"wpuf-field-data wpuf-field-data-textarea_field\">\n                                   <label>Gui\u00f3n Proyecto:<\/label>\n                               <p>Sol Infante, Roc\u00edo L\u00f3pez<\/p>\n            <\/li>\n                     <li class=\"wpuf-field-data wpuf-field-data-textarea_field\">\n                                   <label>Fondos Obtenidos:<\/label>\n                               <p>Fondo de Fomento INCAU - Desarrollo,<br \/>\nFondo de Fomento INCAU - Producci\u00f3n,<br \/>\nMontevideo Filma<\/p>\n            <\/li>\n                     <li class=\"wpuf-field-data wpuf-field-data-website_url\">\n                                    <label>Trailer Proyecto:<\/label>\n                                <a href=\"https:\/\/www.youtube.com\/watch?v=uLe0TZqb9to&t=8s\"\n                     > https:\/\/www.youtube.com\/watch?v=uLe0TZqb9to&t=8s <\/a>\n            <\/li>\n                    <li class=\"wpuf-field-data wpuf-field-data-text_field\">\n                                    <label>Casa Productora:<\/label>\n                                Cord\u00f3n Films            <\/li>\n        <li style=\"list-style-type:none;\"><label>Logo Productora:<\/label> <a href=\"https:\/\/uruguayaudiovisual.com\/wp-content\/uploads\/2026\/04\/u125-cordonfilms-logo-fondo-blanco-b-rgb-72-dpi-3.jpg\"><img decoding=\"async\" width=\"150\" height=\"150\" src=\"https:\/\/uruguayaudiovisual.com\/wp-content\/uploads\/2026\/04\/u125-cordonfilms-logo-fondo-blanco-b-rgb-72-dpi-3-150x150.jpg\" class=\"attachment-thumbnail size-thumbnail\" alt=\"\" srcset=\"https:\/\/uruguayaudiovisual.com\/wp-content\/uploads\/2026\/04\/u125-cordonfilms-logo-fondo-blanco-b-rgb-72-dpi-3-66x66.jpg 66w, https:\/\/uruguayaudiovisual.com\/wp-content\/uploads\/2026\/04\/u125-cordonfilms-logo-fondo-blanco-b-rgb-72-dpi-3-150x150.jpg 150w\" sizes=\"(max-width: 150px) 100vw, 150px\" \/><\/a> <\/li>            <li class=\"wpuf-field-data wpuf-field-data-email_address\">\n                                    <label>Email Proyecto:<\/label>\n                                <a href=\"mailto:micaela@cordonfilms.com\">micaela@cordonfilms.com<\/a>            <\/li>\n                    <li class=\"wpuf-field-data wpuf-field-data-website_url\">\n                                    <label>Web Proyecto:<\/label>\n                                <a href=\"https:\/\/www.cordonfilms.com\/\"\n                     > https:\/\/www.cordonfilms.com\/ <\/a>\n            <\/li>\n                    <li class=\"wpuf-field-data wpuf-field-data-website_url\">\n                                    <label>Instagram Proyecto:<\/label>\n                                <a href=\"https:\/\/www.instagram.com\/lastias_seriedocumental\/\"\n                     > https:\/\/www.instagram.com\/lastias_seriedocumental\/ <\/a>\n            <\/li>\n                    <li class=\"wpuf-field-data wpuf-field-data-numeric_text_field\">\n                                    <label>Capitulos Serie:<\/label>\n                                8            <\/li>\n                    <li class=\"wpuf-field-data wpuf-field-data-numeric_text_field\">\n                                    <label>Minutos Capitulos:<\/label>\n                                45            <\/li>\n        <\/ul>","protected":false},"author":125,"featured_media":0,"template":"","busqueda_obra":[771],"duracion_obra":[742],"estado_obra":[734],"genero_obra":[749],"tipo_obra":[737],"class_list":["post-14625","proyecto","type-proyecto","status-publish","hentry","busqueda_obra-exhibicion-en-festivales","duracion_obra-serie","estado_obra-estrenada","genero_obra-documental","tipo_obra-documental"],"acf":[],"yoast_head":"<!-- This site is optimized with the Yoast SEO plugin v25.0 - https:\/\/yoast.com\/wordpress\/plugins\/seo\/ -->\n<title>LAS T\u00cdAS - Uruguay Audiovisual<\/title>\n<meta name=\"robots\" content=\"index, follow, max-snippet:-1, max-image-preview:large, max-video-preview:-1\" \/>\n<link rel=\"canonical\" href=\"https:\/\/uruguayaudiovisual.com\/en\/proyecto\/las-tias\/\" \/>\n<meta property=\"og:locale\" content=\"en_US\" \/>\n<meta property=\"og:type\" content=\"article\" \/>\n<meta property=\"og:title\" content=\"LAS T\u00cdAS - Uruguay Audiovisual\" \/>\n<meta property=\"og:description\" content=\"T\u00edtulo Ingles: THE AUNTS Sinopsis Espa\u00f1ol: Las t\u00edas es una serie documental de 8 cap\u00edtulos que narra la vida de mujeres que formaron parte de nuestro mundo cotidiano y atravesaron sus historias familiares sin ser madres.\" \/>\n<meta property=\"og:url\" content=\"https:\/\/uruguayaudiovisual.com\/en\/proyecto\/las-tias\/\" \/>\n<meta property=\"og:site_name\" content=\"Uruguay Audiovisual\" \/>\n<meta property=\"article:modified_time\" content=\"2026-04-17T18:31:10+00:00\" \/>\n<meta name=\"twitter:card\" content=\"summary_large_image\" \/>\n<script type=\"application\/ld+json\" class=\"yoast-schema-graph\">{\"@context\":\"https:\/\/schema.org\",\"@graph\":[{\"@type\":\"WebPage\",\"@id\":\"https:\/\/uruguayaudiovisual.com\/en\/proyecto\/las-tias\/\",\"url\":\"https:\/\/uruguayaudiovisual.com\/en\/proyecto\/las-tias\/\",\"name\":\"LAS T\u00cdAS - Uruguay Audiovisual\",\"isPartOf\":{\"@id\":\"https:\/\/uruguayaudiovisual.com\/en\/#website\"},\"datePublished\":\"2024-05-08T17:52:11+00:00\",\"dateModified\":\"2026-04-17T18:31:10+00:00\",\"breadcrumb\":{\"@id\":\"https:\/\/uruguayaudiovisual.com\/en\/proyecto\/las-tias\/#breadcrumb\"},\"inLanguage\":\"en-US\",\"potentialAction\":[{\"@type\":\"ReadAction\",\"target\":[\"https:\/\/uruguayaudiovisual.com\/en\/proyecto\/las-tias\/\"]}]},{\"@type\":\"BreadcrumbList\",\"@id\":\"https:\/\/uruguayaudiovisual.com\/en\/proyecto\/las-tias\/#breadcrumb\",\"itemListElement\":[{\"@type\":\"ListItem\",\"position\":1,\"name\":\"Portada\",\"item\":\"https:\/\/uruguayaudiovisual.com\/en\/\"},{\"@type\":\"ListItem\",\"position\":2,\"name\":\"Recent Releases and Projects\",\"item\":\"https:\/\/uruguayaudiovisual.com\/en\/proyectos\/\"},{\"@type\":\"ListItem\",\"position\":3,\"name\":\"LAS T\u00cdAS\"}]},{\"@type\":\"WebSite\",\"@id\":\"https:\/\/uruguayaudiovisual.com\/en\/#website\",\"url\":\"https:\/\/uruguayaudiovisual.com\/en\/\",\"name\":\"Uruguay Audiovisual\",\"description\":\"Uruguay Audiovisual\",\"publisher\":{\"@id\":\"https:\/\/uruguayaudiovisual.com\/en\/#organization\"},\"potentialAction\":[{\"@type\":\"SearchAction\",\"target\":{\"@type\":\"EntryPoint\",\"urlTemplate\":\"https:\/\/uruguayaudiovisual.com\/en\/?s={search_term_string}\"},\"query-input\":{\"@type\":\"PropertyValueSpecification\",\"valueRequired\":true,\"valueName\":\"search_term_string\"}}],\"inLanguage\":\"en-US\"},{\"@type\":\"Organization\",\"@id\":\"https:\/\/uruguayaudiovisual.com\/en\/#organization\",\"name\":\"Uruguay Audiovisual\",\"url\":\"https:\/\/uruguayaudiovisual.com\/en\/\",\"logo\":{\"@type\":\"ImageObject\",\"inLanguage\":\"en-US\",\"@id\":\"https:\/\/uruguayaudiovisual.com\/en\/#\/schema\/logo\/image\/\",\"url\":\"https:\/\/uruguayaudiovisual.com\/wp-content\/uploads\/2020\/01\/LOGO-URUGUAY-AUDIOVISUAL-colores-01.svg\",\"contentUrl\":\"https:\/\/uruguayaudiovisual.com\/wp-content\/uploads\/2020\/01\/LOGO-URUGUAY-AUDIOVISUAL-colores-01.svg\",\"width\":226,\"height\":84,\"caption\":\"Uruguay Audiovisual\"},\"image\":{\"@id\":\"https:\/\/uruguayaudiovisual.com\/en\/#\/schema\/logo\/image\/\"}}]}<\/script>\n<!-- \/ Yoast SEO plugin. -->","yoast_head_json":{"title":"LAS T\u00cdAS - Uruguay Audiovisual","robots":{"index":"index","follow":"follow","max-snippet":"max-snippet:-1","max-image-preview":"max-image-preview:large","max-video-preview":"max-video-preview:-1"},"canonical":"https:\/\/uruguayaudiovisual.com\/en\/proyecto\/las-tias\/","og_locale":"en_US","og_type":"article","og_title":"LAS T\u00cdAS - Uruguay Audiovisual","og_description":"T\u00edtulo Ingles: THE AUNTS Sinopsis Espa\u00f1ol: Las t\u00edas es una serie documental de 8 cap\u00edtulos que narra la vida de mujeres que formaron parte de nuestro mundo cotidiano y atravesaron sus historias familiares sin ser madres.","og_url":"https:\/\/uruguayaudiovisual.com\/en\/proyecto\/las-tias\/","og_site_name":"Uruguay Audiovisual","article_modified_time":"2026-04-17T18:31:10+00:00","twitter_card":"summary_large_image","schema":{"@context":"https:\/\/schema.org","@graph":[{"@type":"WebPage","@id":"https:\/\/uruguayaudiovisual.com\/en\/proyecto\/las-tias\/","url":"https:\/\/uruguayaudiovisual.com\/en\/proyecto\/las-tias\/","name":"LAS T\u00cdAS - Uruguay Audiovisual","isPartOf":{"@id":"https:\/\/uruguayaudiovisual.com\/en\/#website"},"datePublished":"2024-05-08T17:52:11+00:00","dateModified":"2026-04-17T18:31:10+00:00","breadcrumb":{"@id":"https:\/\/uruguayaudiovisual.com\/en\/proyecto\/las-tias\/#breadcrumb"},"inLanguage":"en-US","potentialAction":[{"@type":"ReadAction","target":["https:\/\/uruguayaudiovisual.com\/en\/proyecto\/las-tias\/"]}]},{"@type":"BreadcrumbList","@id":"https:\/\/uruguayaudiovisual.com\/en\/proyecto\/las-tias\/#breadcrumb","itemListElement":[{"@type":"ListItem","position":1,"name":"Portada","item":"https:\/\/uruguayaudiovisual.com\/en\/"},{"@type":"ListItem","position":2,"name":"Recent Releases and Projects","item":"https:\/\/uruguayaudiovisual.com\/en\/proyectos\/"},{"@type":"ListItem","position":3,"name":"LAS T\u00cdAS"}]},{"@type":"WebSite","@id":"https:\/\/uruguayaudiovisual.com\/en\/#website","url":"https:\/\/uruguayaudiovisual.com\/en\/","name":"Uruguay Audiovisual","description":"Uruguay Audiovisual","publisher":{"@id":"https:\/\/uruguayaudiovisual.com\/en\/#organization"},"potentialAction":[{"@type":"SearchAction","target":{"@type":"EntryPoint","urlTemplate":"https:\/\/uruguayaudiovisual.com\/en\/?s={search_term_string}"},"query-input":{"@type":"PropertyValueSpecification","valueRequired":true,"valueName":"search_term_string"}}],"inLanguage":"en-US"},{"@type":"Organization","@id":"https:\/\/uruguayaudiovisual.com\/en\/#organization","name":"Uruguay Audiovisual","url":"https:\/\/uruguayaudiovisual.com\/en\/","logo":{"@type":"ImageObject","inLanguage":"en-US","@id":"https:\/\/uruguayaudiovisual.com\/en\/#\/schema\/logo\/image\/","url":"https:\/\/uruguayaudiovisual.com\/wp-content\/uploads\/2020\/01\/LOGO-URUGUAY-AUDIOVISUAL-colores-01.svg","contentUrl":"https:\/\/uruguayaudiovisual.com\/wp-content\/uploads\/2020\/01\/LOGO-URUGUAY-AUDIOVISUAL-colores-01.svg","width":226,"height":84,"caption":"Uruguay Audiovisual"},"image":{"@id":"https:\/\/uruguayaudiovisual.com\/en\/#\/schema\/logo\/image\/"}}]}},"_links":{"self":[{"href":"https:\/\/uruguayaudiovisual.com\/en\/wp-json\/wp\/v2\/proyecto\/14625","targetHints":{"allow":["GET"]}}],"collection":[{"href":"https:\/\/uruguayaudiovisual.com\/en\/wp-json\/wp\/v2\/proyecto"}],"about":[{"href":"https:\/\/uruguayaudiovisual.com\/en\/wp-json\/wp\/v2\/types\/proyecto"}],"author":[{"embeddable":true,"href":"https:\/\/uruguayaudiovisual.com\/en\/wp-json\/wp\/v2\/users\/125"}],"version-history":[{"count":1,"href":"https:\/\/uruguayaudiovisual.com\/en\/wp-json\/wp\/v2\/proyecto\/14625\/revisions"}],"predecessor-version":[{"id":14974,"href":"https:\/\/uruguayaudiovisual.com\/en\/wp-json\/wp\/v2\/proyecto\/14625\/revisions\/14974"}],"wp:attachment":[{"href":"https:\/\/uruguayaudiovisual.com\/en\/wp-json\/wp\/v2\/media?parent=14625"}],"wp:term":[{"taxonomy":"busqueda_obra","embeddable":true,"href":"https:\/\/uruguayaudiovisual.com\/en\/wp-json\/wp\/v2\/busqueda_obra?post=14625"},{"taxonomy":"duracion_obra","embeddable":true,"href":"https:\/\/uruguayaudiovisual.com\/en\/wp-json\/wp\/v2\/duracion_obra?post=14625"},{"taxonomy":"estado_obra","embeddable":true,"href":"https:\/\/uruguayaudiovisual.com\/en\/wp-json\/wp\/v2\/estado_obra?post=14625"},{"taxonomy":"genero_obra","embeddable":true,"href":"https:\/\/uruguayaudiovisual.com\/en\/wp-json\/wp\/v2\/genero_obra?post=14625"},{"taxonomy":"tipo_obra","embeddable":true,"href":"https:\/\/uruguayaudiovisual.com\/en\/wp-json\/wp\/v2\/tipo_obra?post=14625"}],"curies":[{"name":"wp","href":"https:\/\/api.w.org\/{rel}","templated":true}]}}