{"id":9231,"date":"2020-11-10T16:36:16","date_gmt":"2020-11-10T19:36:16","guid":{"rendered":"https:\/\/uruguayaudiovisual.com\/?page_id=9231"},"modified":"2021-09-21T11:15:26","modified_gmt":"2021-09-21T14:15:26","slug":"uruguay-at-ventana-sur","status":"publish","type":"page","link":"https:\/\/uruguayaudiovisual.com\/en\/uruguay-at-ventana-sur\/","title":{"rendered":"Uruguay at Ventana Sur"},"content":{"rendered":"<p><div class=\"fusion-fullwidth fullwidth-box fusion-builder-row-1 fusion-flex-container nonhundred-percent-fullwidth non-hundred-percent-height-scrolling fusion-no-small-visibility fusion-no-medium-visibility\" style=\"--awb-border-radius-top-left:0px;--awb-border-radius-top-right:0px;--awb-border-radius-bottom-right:0px;--awb-border-radius-bottom-left:0px;--awb-padding-top:35px;--awb-padding-bottom:20px;--awb-margin-top:0px;--awb-margin-bottom:0px;--awb-flex-wrap:wrap;\" ><div class=\"fusion-builder-row fusion-row fusion-flex-align-items-flex-end fusion-flex-content-wrap\" style=\"max-width:calc( 1440px + 0px );margin-left: calc(-0px \/ 2 );margin-right: calc(-0px \/ 2 );\"><div class=\"fusion-layout-column fusion_builder_column fusion-builder-column-0 fusion_builder_column_1_1 1_1 fusion-flex-column\" style=\"--awb-padding-top:15px;--awb-padding-bottom:15px;--awb-bg-size:cover;--awb-width-large:100%;--awb-margin-top-large:0px;--awb-spacing-right-large:0px;--awb-margin-bottom-large:0px;--awb-spacing-left-large:0px;--awb-width-medium:100%;--awb-order-medium:0;--awb-spacing-right-medium:0px;--awb-spacing-left-medium:0px;--awb-width-small:100%;--awb-order-small:0;--awb-spacing-right-small:0px;--awb-spacing-left-small:0px;\"><div class=\"fusion-column-wrapper fusion-column-has-shadow fusion-flex-justify-content-flex-start fusion-content-layout-column\"><div class=\"fusion-title title fusion-title-1 fusion-sep-none fusion-title-center fusion-title-rotating fusion-animate-loop fusion-title-typeIn fusion-title-size-two\" style=\"--awb-text-color:#000000;--awb-margin-bottom:20px;--awb-margin-top-small:10px;--awb-margin-top-medium:0px;--awb-margin-bottom-medium:20px;--awb-font-size:40px;\"><h2 class=\"fusion-title-heading title-heading-center fusion-responsive-typography-calculated\" style=\"margin:0;font-size:1em;--fontSize:40;line-height:0.75;\"><span class=\"fusion-animated-text-prefix\"><\/span> <span class=\"fusion-animated-texts-wrapper\" style=\"text-align: center;\" data-length=\"char\" data-minDisplayTime=\"2800\"><span class=\"fusion-animated-texts\"><span data-in-effect=\"typeIn\" class=\"fusion-animated-text\" data-in-sequence=\"true\" data-out-reverse=\"true\" data-out-effect=\"typeOut\">Incentives<\/span><\/span><\/span> <span class=\"fusion-animated-text-postfix\"><\/span><\/h2><\/div><div class=\"fusion-text fusion-text-1\"><p style=\"text-align: center; margin-bottom: 0px;\"><b style=\"color: #ffcb1f; font-size: 26px; line-height: 11px;\" data-fusion-font=\"true\">Access here:<\/b><\/p>\n<\/div><\/div><\/div><div class=\"fusion-layout-column fusion_builder_column fusion-builder-column-1 fusion_builder_column_2_5 2_5 fusion-flex-column fusion-flex-align-self-center fusion-no-small-visibility fusion-no-medium-visibility\" style=\"--awb-padding-top:10px;--awb-padding-bottom:10px;--awb-bg-size:cover;--awb-width-large:40%;--awb-margin-top-large:0px;--awb-spacing-right-large:5px;--awb-margin-bottom-large:0px;--awb-spacing-left-large:0px;--awb-width-medium:100%;--awb-order-medium:0;--awb-spacing-right-medium:0px;--awb-spacing-left-medium:0px;--awb-width-small:100%;--awb-order-small:0;--awb-spacing-right-small:0px;--awb-spacing-left-small:0px;\"><div class=\"fusion-column-wrapper fusion-column-has-shadow fusion-flex-justify-content-center fusion-content-layout-column\"><div class=\"fusion-image-element fusion-no-small-visibility fusion-no-medium-visibility\" style=\"text-align:right;--awb-margin-top:0px;--awb-margin-bottom:0px;--awb-max-width:100px;--awb-caption-title-font-family:var(--h2_typography-font-family);--awb-caption-title-font-weight:var(--h2_typography-font-weight);--awb-caption-title-font-style:var(--h2_typography-font-style);--awb-caption-title-size:var(--h2_typography-font-size);--awb-caption-title-transform:var(--h2_typography-text-transform);--awb-caption-title-line-height:var(--h2_typography-line-height);--awb-caption-title-letter-spacing:var(--h2_typography-letter-spacing);\"><span class=\" fusion-imageframe imageframe-none imageframe-1 hover-type-none\"><img decoding=\"async\" width=\"295\" height=\"300\" title=\"cashback\" src=\"https:\/\/uruguayaudiovisual.com\/wp-content\/uploads\/2020\/11\/cashback-295x300.png\" alt class=\"img-responsive wp-image-9082\" srcset=\"https:\/\/uruguayaudiovisual.com\/wp-content\/uploads\/2020\/11\/cashback-200x204.png 200w, https:\/\/uruguayaudiovisual.com\/wp-content\/uploads\/2020\/11\/cashback-400x407.png 400w, https:\/\/uruguayaudiovisual.com\/wp-content\/uploads\/2020\/11\/cashback.png 456w\" sizes=\"(max-width: 1024px) 100vw, (max-width: 640px) 100vw, 295px\" \/><\/span><\/div><\/div><\/div><div class=\"fusion-layout-column fusion_builder_column fusion-builder-column-2 fusion_builder_column_1_2 1_2 fusion-flex-column fusion-flex-align-self-flex-end\" style=\"--awb-padding-top:10px;--awb-padding-bottom:10px;--awb-bg-size:cover;--awb-width-large:50%;--awb-margin-top-large:0px;--awb-spacing-right-large:0px;--awb-margin-bottom-large:0px;--awb-spacing-left-large:15px;--awb-width-medium:100%;--awb-order-medium:0;--awb-spacing-right-medium:0px;--awb-spacing-left-medium:0px;--awb-width-small:100%;--awb-order-small:0;--awb-spacing-right-small:0px;--awb-spacing-left-small:0px;\"><div class=\"fusion-column-wrapper fusion-column-has-shadow fusion-flex-justify-content-space-between fusion-content-layout-column\"><div class=\"fusion-text fusion-text-2\" style=\"--awb-content-alignment:left;\"><p><a href=\"https:\/\/uruguayaudiovisual.com\/en\/incentives\/\"><span style=\"font-size: 23px; font-family: 'Urufont Normal'; line-height: 17px;\" data-fusion-font=\"true\">CASH REBATE &amp;\u00a0<\/span><span style=\"font-size: 23px; font-family: 'Urufont Normal'; line-height: 17px;\" data-fusion-font=\"true\">VAT ZERO<\/span><\/a><\/p>\n<\/div><\/div><\/div><\/div><\/div><div class=\"fusion-fullwidth fullwidth-box fusion-builder-row-2 fusion-flex-container nonhundred-percent-fullwidth non-hundred-percent-height-scrolling fusion-no-large-visibility\" style=\"--awb-border-radius-top-left:0px;--awb-border-radius-top-right:0px;--awb-border-radius-bottom-right:0px;--awb-border-radius-bottom-left:0px;--awb-padding-top:40px;--awb-padding-bottom:0px;--awb-margin-top:0px;--awb-margin-bottom:0px;--awb-margin-top-small:0px;--awb-margin-bottom-small:0px;--awb-flex-wrap:wrap;\" ><div class=\"fusion-builder-row fusion-row fusion-flex-align-items-flex-start fusion-flex-content-wrap\" style=\"max-width:1497.6px;margin-left: calc(-4% \/ 2 );margin-right: calc(-4% \/ 2 );\"><div class=\"fusion-layout-column fusion_builder_column fusion-builder-column-3 fusion_builder_column_1_1 1_1 fusion-flex-column\" style=\"--awb-padding-bottom:5px;--awb-bg-size:cover;--awb-width-large:100%;--awb-margin-top-large:0px;--awb-spacing-right-large:1.92%;--awb-margin-bottom-large:0px;--awb-spacing-left-large:1.92%;--awb-width-medium:100%;--awb-order-medium:0;--awb-spacing-right-medium:1.92%;--awb-spacing-left-medium:1.92%;--awb-width-small:100%;--awb-order-small:0;--awb-margin-top-small:0px;--awb-spacing-right-small:1.92%;--awb-margin-bottom-small:0px;--awb-spacing-left-small:1.92%;\"><div class=\"fusion-column-wrapper fusion-column-has-shadow fusion-flex-justify-content-flex-start fusion-content-layout-column\"><div class=\"fusion-title title fusion-title-2 fusion-sep-none fusion-title-center fusion-title-rotating fusion-animate-loop fusion-title-typeIn fusion-title-size-two\" style=\"--awb-text-color:#000000;--awb-margin-bottom:20px;--awb-margin-top-small:10px;--awb-margin-top-medium:0px;--awb-margin-bottom-medium:20px;--awb-font-size:40px;\"><h2 class=\"fusion-title-heading title-heading-center fusion-responsive-typography-calculated\" style=\"margin:0;font-size:1em;--fontSize:40;line-height:0.75;\"><span class=\"fusion-animated-text-prefix\"><\/span> <span class=\"fusion-animated-texts-wrapper\" style=\"text-align: center;\" data-length=\"char\" data-minDisplayTime=\"2800\"><span class=\"fusion-animated-texts\"><span data-in-effect=\"typeIn\" class=\"fusion-animated-text\" data-in-sequence=\"true\" data-out-reverse=\"true\" data-out-effect=\"typeOut\">Incentives<\/span><\/span><\/span> <span class=\"fusion-animated-text-postfix\"><\/span><\/h2><\/div><div class=\"fusion-text fusion-text-3\"><p style=\"text-align: center; margin-bottom: 0px;\"><b style=\"color: #ffcb1f; font-size: 26px; line-height: 11px;\" data-fusion-font=\"true\">Access here:<\/b><\/p>\n<\/div><\/div><\/div><div class=\"fusion-layout-column fusion_builder_column fusion-builder-column-4 fusion_builder_column_1_1 1_1 fusion-flex-column\" style=\"--awb-bg-size:cover;--awb-width-large:100%;--awb-margin-top-large:0px;--awb-spacing-right-large:1.92%;--awb-margin-bottom-large:0px;--awb-spacing-left-large:1.92%;--awb-width-medium:100%;--awb-order-medium:0;--awb-spacing-right-medium:1.92%;--awb-spacing-left-medium:1.92%;--awb-width-small:100%;--awb-order-small:1;--awb-spacing-right-small:1.92%;--awb-spacing-left-small:1.92%;\"><div class=\"fusion-column-wrapper fusion-column-has-shadow fusion-flex-justify-content-flex-start fusion-content-layout-column\"><div class=\"fusion-content-boxes content-boxes columns row fusion-columns-1 fusion-columns-total-1 fusion-content-boxes-1 content-boxes-clean-vertical content-left content-boxes-icon-on-top no-margin-bottom-1\" style=\"--awb-margin-top:0px;--awb-margin-bottom:0px;--awb-hover-accent-color:#1c75bc;--awb-circle-hover-accent-color:#1c75bc;--awb-item-margin-bottom:40px;\" data-animationOffset=\"top-into-view\"><div style=\"--awb-backgroundcolor:rgba(255,255,255,0);border-color:rgba(255,255,255,0);\" class=\"fusion-column content-box-column content-box-column content-box-column-1 col-lg-12 col-md-12 col-sm-12 fusion-content-box-hover content-box-column-last content-box-column-last-in-row\"><div class=\"col content-box-wrapper content-wrapper link-area-link-icon link-type-text icon-hover-animation-fade\" data-animationOffset=\"top-into-view\"><div class=\"heading heading-with-icon icon-left\"><a class=\"heading-link\" href=\"https:\/\/uruguayaudiovisual.com\/en\/incentives\/\" target=\"_blank\" rel=\"noopener noreferrer\"><div aria-hidden=\"true\" class=\"image\"><img decoding=\"async\" src=\"https:\/\/uruguayaudiovisual.com\/wp-content\/uploads\/2020\/11\/cashback.png\" width=\"120\" height=\"122.11\" alt=\"\" \/><\/div><\/a><\/div><div class=\"fusion-clearfix\"><\/div><div class=\"content-container\">\n<p><span style=\"font-size: 23px; font-family: 'Urufont Normal'; line-height: 17px;\" data-fusion-font=\"true\"><a href=\"https:\/\/uruguayaudiovisual.com\/en\/incentives\/\" target=\"_blank\" rel=\"noopener noreferrer\">CASH REBATE<\/a><br \/>\n<\/span><\/p>\n<p><span style=\"font-size: 23px; font-family: 'Urufont Normal'; line-height: 17px;\" data-fusion-font=\"true\"><a href=\"https:\/\/uruguayaudiovisual.com\/en\/incentives\/\" target=\"_blank\" rel=\"noopener noreferrer\">VAT ZERO<\/a><\/span><\/p>\n<\/div><\/div><\/div><div class=\"fusion-clearfix\"><\/div><\/div><\/div><\/div><\/div><\/div><div class=\"fusion-fullwidth fullwidth-box fusion-builder-row-3 fusion-flex-container sin-margen nonhundred-percent-fullwidth non-hundred-percent-height-scrolling\" style=\"--awb-border-radius-top-left:0px;--awb-border-radius-top-right:0px;--awb-border-radius-bottom-right:0px;--awb-border-radius-bottom-left:0px;--awb-padding-top:0px;--awb-padding-bottom:0px;--awb-margin-top:0px;--awb-margin-bottom:0px;--awb-margin-top-medium:0px;--awb-margin-bottom-medium:0px;--awb-margin-top-small:0px;--awb-margin-bottom-small:0px;--awb-background-color:#e8e8e8;--awb-flex-wrap:wrap;\" ><div class=\"fusion-builder-row fusion-row fusion-flex-align-items-center fusion-flex-justify-content-center fusion-flex-content-wrap\" style=\"max-width:calc( 1440px + 0px );margin-left: calc(-0px \/ 2 );margin-right: calc(-0px \/ 2 );\"><div class=\"fusion-layout-column fusion_builder_column fusion-builder-column-5 fusion_builder_column_1_1 1_1 fusion-flex-column\" style=\"--awb-padding-top:40px;--awb-bg-size:cover;--awb-width-large:100%;--awb-margin-top-large:0px;--awb-spacing-right-large:0px;--awb-margin-bottom-large:0px;--awb-spacing-left-large:0px;--awb-width-medium:100%;--awb-order-medium:0;--awb-spacing-right-medium:0px;--awb-spacing-left-medium:0px;--awb-width-small:100%;--awb-order-small:0;--awb-spacing-right-small:0px;--awb-spacing-left-small:0px;\"><div class=\"fusion-column-wrapper fusion-column-has-shadow fusion-flex-justify-content-flex-start fusion-content-layout-column\"><div class=\"fusion-image-element \" style=\"text-align:center;--awb-max-width:274px;--awb-caption-title-font-family:var(--h2_typography-font-family);--awb-caption-title-font-weight:var(--h2_typography-font-weight);--awb-caption-title-font-style:var(--h2_typography-font-style);--awb-caption-title-size:var(--h2_typography-font-size);--awb-caption-title-transform:var(--h2_typography-text-transform);--awb-caption-title-line-height:var(--h2_typography-line-height);--awb-caption-title-letter-spacing:var(--h2_typography-letter-spacing);\"><span class=\" fusion-imageframe imageframe-none imageframe-2 hover-type-none fusion-animated\" data-animationType=\"flash\" data-animationDuration=\"0.5\" data-animationOffset=\"top-into-view\"><img decoding=\"async\" width=\"300\" height=\"93\" title=\"Captura de pantalla 2020-11-10 a la(s) 16.40.39 copia\" src=\"https:\/\/uruguayaudiovisual.com\/wp-content\/uploads\/2020\/11\/Captura-de-pantalla-2020-11-10-a-las-16.40.39-copia-300x93.png\" alt class=\"img-responsive wp-image-9236\" srcset=\"https:\/\/uruguayaudiovisual.com\/wp-content\/uploads\/2020\/11\/Captura-de-pantalla-2020-11-10-a-las-16.40.39-copia-200x62.png 200w, https:\/\/uruguayaudiovisual.com\/wp-content\/uploads\/2020\/11\/Captura-de-pantalla-2020-11-10-a-las-16.40.39-copia-400x123.png 400w, https:\/\/uruguayaudiovisual.com\/wp-content\/uploads\/2020\/11\/Captura-de-pantalla-2020-11-10-a-las-16.40.39-copia-600x185.png 600w, https:\/\/uruguayaudiovisual.com\/wp-content\/uploads\/2020\/11\/Captura-de-pantalla-2020-11-10-a-las-16.40.39-copia-800x247.png 800w, https:\/\/uruguayaudiovisual.com\/wp-content\/uploads\/2020\/11\/Captura-de-pantalla-2020-11-10-a-las-16.40.39-copia.png 940w\" sizes=\"(max-width: 1024px) 100vw, (max-width: 640px) 100vw, 300px\" \/><\/span><\/div><\/div><\/div><div class=\"fusion-layout-column fusion_builder_column fusion-builder-column-6 fusion_builder_column_1_1 1_1 fusion-flex-column\" style=\"--awb-padding-top:35px;--awb-padding-bottom:20px;--awb-bg-size:cover;--awb-width-large:100%;--awb-margin-top-large:0px;--awb-spacing-right-large:0px;--awb-margin-bottom-large:0px;--awb-spacing-left-large:0px;--awb-width-medium:100%;--awb-spacing-right-medium:0px;--awb-spacing-left-medium:0px;--awb-width-small:100%;--awb-spacing-right-small:0px;--awb-spacing-left-small:0px;\"><div class=\"fusion-column-wrapper fusion-column-has-shadow fusion-flex-justify-content-flex-start fusion-content-layout-column\"><div class=\"fusion-separator fusion-full-width-sep\" style=\"align-self: center;margin-left: auto;margin-right: auto;margin-top:5px;margin-bottom:5px;width:100%;\"><\/div><div class=\"fusion-title title fusion-title-3 fusion-title-center fusion-title-text fusion-title-size-three\" style=\"--awb-text-color:#000000;--awb-margin-bottom:0px;--awb-margin-bottom-small:0px;--awb-font-size:28px;\"><div class=\"title-sep-container title-sep-container-left\"><div class=\"title-sep sep- sep-solid\" style=\"border-color:#e2e2e2;\"><\/div><\/div><span class=\"awb-title-spacer\"><\/span><h3 class=\"fusion-title-heading title-heading-center fusion-responsive-typography-calculated\" style=\"margin:0;font-size:1em;--fontSize:28;line-height:1.6;\">Screenings<\/h3><span class=\"awb-title-spacer\"><\/span><div class=\"title-sep-container title-sep-container-right\"><div class=\"title-sep sep- sep-solid\" style=\"border-color:#e2e2e2;\"><\/div><\/div><\/div><\/div><\/div><div class=\"fusion-layout-column fusion_builder_column fusion-builder-column-7 fusion_builder_column_1_1 1_1 fusion-flex-column\" style=\"--awb-bg-size:cover;--awb-width-large:100%;--awb-margin-top-large:0px;--awb-spacing-right-large:0px;--awb-margin-bottom-large:0px;--awb-spacing-left-large:0px;--awb-width-medium:100%;--awb-order-medium:0;--awb-margin-top-medium:0px;--awb-spacing-right-medium:0px;--awb-margin-bottom-medium:0px;--awb-spacing-left-medium:0px;--awb-width-small:100%;--awb-order-small:0;--awb-spacing-right-small:0px;--awb-spacing-left-small:0px;\"><div class=\"fusion-column-wrapper fusion-column-has-shadow fusion-flex-justify-content-flex-start fusion-content-layout-column\"><div class=\"fusion-content-boxes content-boxes columns row fusion-columns-5 fusion-columns-total-9 fusion-content-boxes-2 content-boxes-clean-vertical content-left content-boxes-icon-on-top cb-sin-margen\" style=\"--awb-margin-top:0px;--awb-margin-bottom:0px;--awb-hover-accent-color:#1c75bc;--awb-circle-hover-accent-color:#1c75bc;\" data-animationOffset=\"top-into-view\"><div style=\"--awb-backgroundcolor:rgba(255,255,255,0);border-color:rgba(255,255,255,0);\" class=\"fusion-column content-box-column content-box-column-1 col-lg-2 col-md-2 col-sm-2 fusion-content-box-hover content-box-column-first-in-row\"><div class=\"col content-box-wrapper content-wrapper link-area-link-icon icon-hover-animation-fade fusion-animated\" data-animationType=\"fadeIn\" data-animationDuration=\"1.1\" data-animationOffset=\"top-into-view\"><div class=\"fusion-clearfix\"><\/div><div class=\"content-container\">\n<p style=\"text-align: center;\"><a href=\"https:\/\/cinando.com\/en\/Film\/red_screening_365404\/Detail\" target=\"_blank\" rel=\"noopener nofollow noreferrer\"><img decoding=\"async\" class=\"aligncenter wp-image-9400 size-full\" src=\"https:\/\/uruguayaudiovisual.com\/wp-content\/uploads\/2020\/11\/red-screening.jpg\" alt=\"\" width=\"267\" height=\"387\" srcset=\"https:\/\/uruguayaudiovisual.com\/wp-content\/uploads\/2020\/11\/red-screening-200x290.jpg 200w, https:\/\/uruguayaudiovisual.com\/wp-content\/uploads\/2020\/11\/red-screening-207x300.jpg 207w, https:\/\/uruguayaudiovisual.com\/wp-content\/uploads\/2020\/11\/red-screening.jpg 267w\" sizes=\"(max-width: 267px) 100vw, 267px\" \/><\/a><br \/>\n<strong>RED SCREENING<br \/>\n<\/strong><em>AL MORIR LA MATINEE<\/em><br \/>\nMaximiliano Contenti<br \/>\n<strong>Reel Suspects<\/strong><\/p>\n<\/div><\/div><\/div><div style=\"--awb-backgroundcolor:rgba(255,255,255,0);border-color:rgba(255,255,255,0);\" class=\"fusion-column content-box-column content-box-column-2 col-lg-2 col-md-2 col-sm-2 fusion-content-box-hover \"><div class=\"col content-box-wrapper content-wrapper link-area-link-icon icon-hover-animation-fade fusion-animated\" data-animationType=\"fadeIn\" data-animationDuration=\"1.1\" data-animationOffset=\"top-into-view\"><div class=\"fusion-clearfix\"><\/div><div class=\"content-container\">\n<p style=\"text-align: center;\"><a href=\"https:\/\/cinando.com\/en\/Film\/bosco_378719\/Detail\" target=\"_blank\" rel=\"noopener nofollow noreferrer\"><img decoding=\"async\" class=\"aligncenter wp-image-9403 size-full\" src=\"https:\/\/uruguayaudiovisual.com\/wp-content\/uploads\/2020\/11\/bosco.jpg\" alt=\"\" width=\"267\" height=\"387\" srcset=\"https:\/\/uruguayaudiovisual.com\/wp-content\/uploads\/2020\/11\/bosco-200x290.jpg 200w, https:\/\/uruguayaudiovisual.com\/wp-content\/uploads\/2020\/11\/bosco-207x300.jpg 207w, https:\/\/uruguayaudiovisual.com\/wp-content\/uploads\/2020\/11\/bosco.jpg 267w\" sizes=\"(max-width: 267px) 100vw, 267px\" \/><\/a><br \/>\n<strong>BOSCO<\/strong><br \/>\nAlicia Cano<br \/>\n<strong>Mutante Cine<\/strong><\/p>\n<\/div><\/div><\/div><div style=\"--awb-backgroundcolor:rgba(255,255,255,0);border-color:rgba(255,255,255,0);\" class=\"fusion-column content-box-column content-box-column-3 col-lg-2 col-md-2 col-sm-2 fusion-content-box-hover \"><div class=\"col content-box-wrapper content-wrapper link-area-link-icon icon-hover-animation-fade fusion-animated\" data-animationType=\"fadeIn\" data-animationDuration=\"1.1\" data-animationOffset=\"top-into-view\"><div class=\"fusion-clearfix\"><\/div><div class=\"content-container\">\n<p style=\"text-align: center;\"><a href=\"https:\/\/cinando.com\/en\/Film\/carmen_vidal_female_detective_379365\/Detail\" target=\"_blank\" rel=\"noopener nofollow noreferrer\"><strong><img decoding=\"async\" class=\"aligncenter wp-image-9406 size-full\" src=\"https:\/\/uruguayaudiovisual.com\/wp-content\/uploads\/2020\/11\/carmen-vidal.jpg\" alt=\"\" width=\"267\" height=\"387\" srcset=\"https:\/\/uruguayaudiovisual.com\/wp-content\/uploads\/2020\/11\/carmen-vidal-200x290.jpg 200w, https:\/\/uruguayaudiovisual.com\/wp-content\/uploads\/2020\/11\/carmen-vidal-207x300.jpg 207w, https:\/\/uruguayaudiovisual.com\/wp-content\/uploads\/2020\/11\/carmen-vidal.jpg 267w\" sizes=\"(max-width: 267px) 100vw, 267px\" \/><\/strong><\/a><\/p>\n<p style=\"text-align: center;\"><strong>CARMEN VIDAL, FEMALE DETECTIVE<\/strong><br \/>\n<em>CARMEN VIDAL, MUJER DETECTIVE<\/em><br \/>\nEva Dans<br \/>\n<strong>Habanero Films Sales<\/strong><\/p>\n<\/div><\/div><\/div><div style=\"--awb-backgroundcolor:rgba(255,255,255,0);border-color:rgba(255,255,255,0);\" class=\"fusion-column content-box-column content-box-column-4 col-lg-2 col-md-2 col-sm-2 fusion-content-box-hover \"><div class=\"col content-box-wrapper content-wrapper link-area-link-icon icon-hover-animation-fade fusion-animated\" data-animationType=\"fadeIn\" data-animationDuration=\"1.1\" data-animationOffset=\"top-into-view\"><div class=\"fusion-clearfix\"><\/div><div class=\"content-container\">\n<p style=\"text-align: center;\"><a href=\"https:\/\/cinando.com\/en\/Film\/straight_to_video_378994\/Detail\" target=\"_blank\" rel=\"noopener nofollow noreferrer\"><strong><img decoding=\"async\" class=\"size-full wp-image-9414 aligncenter\" src=\"https:\/\/uruguayaudiovisual.com\/wp-content\/uploads\/2020\/11\/vhs.jpg\" alt=\"\" width=\"267\" height=\"387\" srcset=\"https:\/\/uruguayaudiovisual.com\/wp-content\/uploads\/2020\/11\/vhs-200x290.jpg 200w, https:\/\/uruguayaudiovisual.com\/wp-content\/uploads\/2020\/11\/vhs-207x300.jpg 207w, https:\/\/uruguayaudiovisual.com\/wp-content\/uploads\/2020\/11\/vhs.jpg 267w\" sizes=\"(max-width: 267px) 100vw, 267px\" \/><\/strong><\/a><\/p>\n<p style=\"text-align: center;\"><strong>STRAIGHT TO VIDEO<br \/>\n<\/strong><em>DIRECTAMENTE PARA VIDEO<\/em><br \/>\nEmilio Silva Torres<br \/>\n<strong>Tarkio Films<\/strong><\/p>\n<\/div><\/div><\/div><div style=\"--awb-backgroundcolor:rgba(255,255,255,0);border-color:rgba(255,255,255,0);\" class=\"fusion-column content-box-column content-box-column-5 col-lg-2 col-md-2 col-sm-2 fusion-content-box-hover content-box-column-last-in-row\"><div class=\"col content-box-wrapper content-wrapper link-area-link-icon icon-hover-animation-fade fusion-animated\" data-animationType=\"fadeIn\" data-animationDuration=\"1.1\" data-animationOffset=\"top-into-view\"><div class=\"fusion-clearfix\"><\/div><div class=\"content-container\">\n<p style=\"text-align: center;\"><a href=\"https:\/\/cinando.com\/en\/Film\/the_year_of_fury_358110\/Detail\" target=\"_blank\" rel=\"noopener nofollow noreferrer\"><strong><img decoding=\"async\" class=\"size-full wp-image-9417 aligncenter\" src=\"https:\/\/uruguayaudiovisual.com\/wp-content\/uploads\/2020\/11\/year-fury.jpg\" alt=\"\" width=\"267\" height=\"387\" srcset=\"https:\/\/uruguayaudiovisual.com\/wp-content\/uploads\/2020\/11\/year-fury-200x290.jpg 200w, https:\/\/uruguayaudiovisual.com\/wp-content\/uploads\/2020\/11\/year-fury-207x300.jpg 207w, https:\/\/uruguayaudiovisual.com\/wp-content\/uploads\/2020\/11\/year-fury.jpg 267w\" sizes=\"(max-width: 267px) 100vw, 267px\" \/><\/strong><\/a><\/p>\n<p style=\"text-align: center;\"><strong>THE YEAR OF FURY<br \/>\n<\/strong><em>EL A\u00d1O DE LA FURIA<\/em><br \/>\nRafa Russo<br \/>\n<strong>Filmax<\/strong><\/p>\n<\/div><\/div><\/div><div style=\"--awb-backgroundcolor:rgba(255,255,255,0);border-color:rgba(255,255,255,0);\" class=\"fusion-column content-box-column content-box-column-6 col-lg-2 col-md-2 col-sm-2 fusion-content-box-hover content-box-column-first-in-row\"><div class=\"col content-box-wrapper content-wrapper link-area-link-icon icon-hover-animation-fade fusion-animated\" data-animationType=\"fadeIn\" data-animationDuration=\"1.1\" data-animationOffset=\"top-into-view\"><div class=\"fusion-clearfix\"><\/div><div class=\"content-container\">\n<p style=\"text-align: center;\"><a href=\"https:\/\/cinando.com\/en\/Film\/window_boy_would_also_like_to_have_a_submarine_192990\/Detail\" target=\"_blank\" rel=\"noopener nofollow noreferrer\"><strong><img decoding=\"async\" class=\"aligncenter wp-image-9410 size-full\" src=\"https:\/\/uruguayaudiovisual.com\/wp-content\/uploads\/2020\/11\/WINDOW-BOY.jpg\" alt=\"\" width=\"267\" height=\"387\" srcset=\"https:\/\/uruguayaudiovisual.com\/wp-content\/uploads\/2020\/11\/WINDOW-BOY-200x290.jpg 200w, https:\/\/uruguayaudiovisual.com\/wp-content\/uploads\/2020\/11\/WINDOW-BOY-207x300.jpg 207w, https:\/\/uruguayaudiovisual.com\/wp-content\/uploads\/2020\/11\/WINDOW-BOY.jpg 267w\" sizes=\"(max-width: 267px) 100vw, 267px\" \/><\/strong><\/a><\/p>\n<p style=\"text-align: center;\"><strong>WINDOW BOY WOULD ALSO LIKE TO HAVE A SUBMARINE<br \/>\n<\/strong><em><span style=\"font-size: 11px;\" data-fusion-font=\"true\">CHICO VENTANA TAMBI\u00c9N QUISIERA TENER UN SUBMARINO<\/span><\/em><br \/>\nAlex Piperno<br \/>\n<strong>La Pobladora Cine<\/strong><\/p>\n<\/div><\/div><\/div><div style=\"--awb-backgroundcolor:rgba(255,255,255,0);border-color:rgba(255,255,255,0);\" class=\"fusion-column content-box-column content-box-column-7 col-lg-2 col-md-2 col-sm-2 fusion-content-box-hover \"><div class=\"col content-box-wrapper content-wrapper link-area-link-icon icon-hover-animation-fade fusion-animated\" data-animationType=\"fadeIn\" data-animationDuration=\"1.1\" data-animationOffset=\"top-into-view\"><div class=\"fusion-clearfix\"><\/div><div class=\"content-container\">\n<p style=\"text-align: center;\"><a href=\"https:\/\/cinando.com\/en\/Film\/the_visitor_377526\/Detail\" target=\"_blank\" rel=\"noopener nofollow noreferrer\"><img decoding=\"async\" class=\"size-full wp-image-9420 aligncenter\" src=\"https:\/\/uruguayaudiovisual.com\/wp-content\/uploads\/2020\/11\/visitante.jpg\" alt=\"\" width=\"267\" height=\"387\" srcset=\"https:\/\/uruguayaudiovisual.com\/wp-content\/uploads\/2020\/11\/visitante-200x290.jpg 200w, https:\/\/uruguayaudiovisual.com\/wp-content\/uploads\/2020\/11\/visitante-207x300.jpg 207w, https:\/\/uruguayaudiovisual.com\/wp-content\/uploads\/2020\/11\/visitante.jpg 267w\" sizes=\"(max-width: 267px) 100vw, 267px\" \/><\/a><\/p>\n<p style=\"text-align: center;\"><strong>THE VISITOR<br \/>\n<\/strong><em>EL VISITANTE<\/em><br \/>\nMartin Bouloucq<\/p>\n<\/div><\/div><\/div><div style=\"--awb-backgroundcolor:rgba(255,255,255,0);border-color:rgba(255,255,255,0);\" class=\"fusion-column content-box-column content-box-column-8 col-lg-2 col-md-2 col-sm-2 fusion-content-box-hover \"><div class=\"col content-box-wrapper content-wrapper link-area-link-icon icon-hover-animation-fade fusion-animated\" data-animationType=\"fadeIn\" data-animationDuration=\"1.1\" data-animationOffset=\"top-into-view\"><div class=\"fusion-clearfix\"><\/div><div class=\"content-container\">\n<p style=\"text-align: center;\"><a href=\"https:\/\/cinando.com\/en\/Film\/bad_christmas_365630\/Detail\" target=\"_blank\" rel=\"noopener nofollow noreferrer\"><strong><img decoding=\"async\" class=\"size-full wp-image-9397 aligncenter\" src=\"https:\/\/uruguayaudiovisual.com\/wp-content\/uploads\/2020\/11\/bad-chsristmas.jpg\" alt=\"\" width=\"267\" height=\"387\" srcset=\"https:\/\/uruguayaudiovisual.com\/wp-content\/uploads\/2020\/11\/bad-chsristmas-200x290.jpg 200w, https:\/\/uruguayaudiovisual.com\/wp-content\/uploads\/2020\/11\/bad-chsristmas-207x300.jpg 207w, https:\/\/uruguayaudiovisual.com\/wp-content\/uploads\/2020\/11\/bad-chsristmas.jpg 267w\" sizes=\"(max-width: 267px) 100vw, 267px\" \/><\/strong><\/a><\/p>\n<p style=\"text-align: center;\"><strong>BAD CHRISTMAS<br \/>\n<\/strong><em>LA NOCHE M\u00c1GICA<\/em><br \/>\nGast\u00f3n Portal<br \/>\n<strong>Latido Films<\/strong><\/p>\n<\/div><\/div><\/div><div style=\"--awb-backgroundcolor:rgba(255,255,255,0);border-color:rgba(255,255,255,0);\" class=\"fusion-column content-box-column content-box-column-9 col-lg-2 col-md-2 col-sm-2 fusion-content-box-hover content-box-column-last\"><div class=\"col content-box-wrapper content-wrapper link-area-link-icon icon-hover-animation-fade fusion-animated\" data-animationType=\"fadeIn\" data-animationDuration=\"1.1\" data-animationOffset=\"top-into-view\"><div class=\"fusion-clearfix\"><\/div><div class=\"content-container\">\n<p style=\"text-align: center;\"><a href=\"https:\/\/cinando.com\/en\/Film\/lookout_329589\/Detail\" target=\"_blank\" rel=\"noopener nofollow noreferrer\"><strong><img decoding=\"async\" class=\"size-full wp-image-9423 aligncenter\" src=\"https:\/\/uruguayaudiovisual.com\/wp-content\/uploads\/2020\/11\/MIRADOR.jpg\" alt=\"\" width=\"267\" height=\"387\" srcset=\"https:\/\/uruguayaudiovisual.com\/wp-content\/uploads\/2020\/11\/MIRADOR-200x290.jpg 200w, https:\/\/uruguayaudiovisual.com\/wp-content\/uploads\/2020\/11\/MIRADOR-207x300.jpg 207w, https:\/\/uruguayaudiovisual.com\/wp-content\/uploads\/2020\/11\/MIRADOR.jpg 267w\" sizes=\"(max-width: 267px) 100vw, 267px\" \/><\/strong><\/a><\/p>\n<p style=\"text-align: center;\"><strong>LOOKOUT<br \/>\n<\/strong><em>MIRADOR<\/em><br \/>\nAnt\u00f3n Terni<br \/>\n<strong>Movies for Festivals<\/strong><\/p>\n<\/div><\/div><\/div><div class=\"fusion-clearfix\"><\/div><\/div><\/div><\/div><\/div><\/div><div class=\"fusion-fullwidth fullwidth-box fusion-builder-row-4 fusion-flex-container nonhundred-percent-fullwidth non-hundred-percent-height-scrolling fusion-no-small-visibility\" style=\"--awb-border-radius-top-left:0px;--awb-border-radius-top-right:0px;--awb-border-radius-bottom-right:0px;--awb-border-radius-bottom-left:0px;--awb-padding-bottom:35px;--awb-margin-top:0px;--awb-margin-bottom:0px;--awb-background-color:#f2f2f2;--awb-flex-wrap:wrap;\" ><div class=\"fusion-builder-row fusion-row fusion-flex-align-items-flex-start fusion-flex-content-wrap\" style=\"max-width:1497.6px;margin-left: calc(-4% \/ 2 );margin-right: calc(-4% \/ 2 );\"><div class=\"fusion-layout-column fusion_builder_column fusion-builder-column-8 fusion_builder_column_1_1 1_1 fusion-flex-column\" style=\"--awb-padding-top:35px;--awb-padding-bottom:25px;--awb-bg-size:cover;--awb-width-large:100%;--awb-margin-top-large:0px;--awb-spacing-right-large:1.92%;--awb-margin-bottom-large:0px;--awb-spacing-left-large:1.92%;--awb-width-medium:100%;--awb-spacing-right-medium:1.92%;--awb-spacing-left-medium:1.92%;--awb-width-small:100%;--awb-spacing-right-small:1.92%;--awb-spacing-left-small:1.92%;\"><div class=\"fusion-column-wrapper fusion-column-has-shadow fusion-flex-justify-content-flex-start fusion-content-layout-column\"><div class=\"fusion-separator fusion-full-width-sep\" style=\"align-self: center;margin-left: auto;margin-right: auto;margin-top:5px;margin-bottom:5px;width:100%;\"><\/div><div class=\"fusion-title title fusion-title-4 fusion-title-center fusion-title-text fusion-title-size-three\" style=\"--awb-text-color:#000000;--awb-margin-bottom:0px;--awb-margin-bottom-small:0px;--awb-font-size:28px;\"><div class=\"title-sep-container title-sep-container-left\"><div class=\"title-sep sep- sep-solid\" style=\"border-color:#e2e2e2;\"><\/div><\/div><span class=\"awb-title-spacer\"><\/span><h3 class=\"fusion-title-heading title-heading-center fusion-responsive-typography-calculated\" style=\"margin:0;font-size:1em;--fontSize:28;line-height:1.6;\">Pitchings<\/h3><span class=\"awb-title-spacer\"><\/span><div class=\"title-sep-container title-sep-container-right\"><div class=\"title-sep sep- sep-solid\" style=\"border-color:#e2e2e2;\"><\/div><\/div><\/div><\/div><\/div><div class=\"fusion-layout-column fusion_builder_column fusion-builder-column-9 fusion_builder_column_1_3 1_3 fusion-flex-column\" style=\"--awb-bg-size:cover;--awb-width-large:33.333333333333%;--awb-margin-top-large:0px;--awb-spacing-right-large:5.76%;--awb-margin-bottom-large:0px;--awb-spacing-left-large:5.76%;--awb-width-medium:100%;--awb-order-medium:0;--awb-spacing-right-medium:1.92%;--awb-spacing-left-medium:1.92%;--awb-width-small:100%;--awb-order-small:0;--awb-spacing-right-small:1.92%;--awb-spacing-left-small:1.92%;\"><div class=\"fusion-column-wrapper fusion-column-has-shadow fusion-flex-justify-content-flex-start fusion-content-layout-column\"><div class=\"fusion-text fusion-text-4 fusion-animated\" data-animationType=\"fadeIn\" data-animationDuration=\"1.1\" data-animationOffset=\"top-into-view\"><h3 style=\"text-align: center;\"><span style=\"color: #030177;\">Animation<\/span><\/h3>\n<\/div><div class=\"fusion-text fusion-text-5\"><\/div><div class=\"fusion-text fusion-text-6\"><p style=\"text-align: center;\">Schedule to be confirmed<\/p>\n<\/div><div class=\"fusion-builder-row fusion-builder-row-inner fusion-row fusion-flex-align-items-flex-start fusion-flex-content-wrap\" style=\"width:104% !important;max-width:104% !important;margin-left: calc(-4% \/ 2 );margin-right: calc(-4% \/ 2 );\"><div class=\"fusion-layout-column fusion_builder_column_inner fusion-builder-nested-column-0 fusion_builder_column_inner_1_2 1_2 fusion-flex-column fusion-flex-align-self-center\" style=\"--awb-bg-size:cover;--awb-width-large:50%;--awb-margin-top-large:0px;--awb-spacing-right-large:3.84%;--awb-margin-bottom-large:0px;--awb-spacing-left-large:3.84%;--awb-width-medium:100%;--awb-order-medium:0;--awb-spacing-right-medium:1.92%;--awb-spacing-left-medium:1.92%;--awb-width-small:100%;--awb-order-small:0;--awb-spacing-right-small:1.92%;--awb-spacing-left-small:1.92%;\"><div class=\"fusion-column-wrapper fusion-column-has-shadow fusion-flex-justify-content-flex-start fusion-content-layout-column\"><div class=\"fusion-image-element \" style=\"text-align:center;--awb-margin-top:0px;--awb-margin-bottom:0px;--awb-caption-title-font-family:var(--h2_typography-font-family);--awb-caption-title-font-weight:var(--h2_typography-font-weight);--awb-caption-title-font-style:var(--h2_typography-font-style);--awb-caption-title-size:var(--h2_typography-font-size);--awb-caption-title-transform:var(--h2_typography-text-transform);--awb-caption-title-line-height:var(--h2_typography-line-height);--awb-caption-title-letter-spacing:var(--h2_typography-letter-spacing);\"><span class=\" fusion-imageframe imageframe-none imageframe-3 hover-type-none\"><img decoding=\"async\" width=\"207\" height=\"300\" title=\"pitch-animation-2020\" src=\"https:\/\/uruguayaudiovisual.com\/wp-content\/uploads\/2020\/11\/pitch-animation-2020-207x300.jpg\" alt class=\"img-responsive wp-image-9768\" srcset=\"https:\/\/uruguayaudiovisual.com\/wp-content\/uploads\/2020\/11\/pitch-animation-2020-200x290.jpg 200w, https:\/\/uruguayaudiovisual.com\/wp-content\/uploads\/2020\/11\/pitch-animation-2020.jpg 267w\" sizes=\"(max-width: 1024px) 100vw, (max-width: 640px) 100vw, 207px\" \/><\/span><\/div><\/div><\/div><div class=\"fusion-layout-column fusion_builder_column_inner fusion-builder-nested-column-1 fusion_builder_column_inner_1_2 1_2 fusion-flex-column fusion-flex-align-self-center\" style=\"--awb-bg-size:cover;--awb-width-large:50%;--awb-margin-top-large:0px;--awb-spacing-right-large:3.84%;--awb-margin-bottom-large:0px;--awb-spacing-left-large:3.84%;--awb-width-medium:100%;--awb-order-medium:0;--awb-spacing-right-medium:1.92%;--awb-spacing-left-medium:1.92%;--awb-width-small:100%;--awb-order-small:0;--awb-spacing-right-small:1.92%;--awb-spacing-left-small:1.92%;\"><div class=\"fusion-column-wrapper fusion-column-has-shadow fusion-flex-justify-content-flex-start fusion-content-layout-column\"><div class=\"fusion-text fusion-text-7\"><p style=\"text-align: center;\"><strong>OLIVIA Y LOS MISTERIOS<\/strong><br \/>\nOLIVIA AND THE SHADOWS<br \/>\nJuan Carve<\/p>\n<\/div><div class=\"md-text-align-center\" style=\"text-align:left;\"><a class=\"fusion-button button-flat fusion-button-default-size button-custom fusion-button-default button-1 fusion-button-default-span \" style=\"--button_accent_color:#000000;--button_border_color:#000000;--button_accent_hover_color:#ffffff;--button_border_hover_color:rgba(255,255,255,0);--button_border_width-top:2px;--button_border_width-right:2px;--button_border_width-bottom:2px;--button_border_width-left:2px;--button-border-radius-top-left:4px;--button-border-radius-top-right:4px;--button-border-radius-bottom-right:4px;--button-border-radius-bottom-left:4px;--button_gradient_top_color:rgba(255,255,255,0);--button_gradient_bottom_color:rgba(255,255,255,0);--button_gradient_top_color_hover:#000000;--button_gradient_bottom_color_hover:#000000;\" target=\"_blank\" rel=\"noopener noreferrer\" href=\"https:\/\/uruguayaudiovisual.com\/wp-content\/uploads\/2020\/11\/olivia_y_misterios.pdf\"><span class=\"fusion-button-text awb-button__text awb-button__text--default\">Download<\/span><\/a><\/div><\/div><\/div><\/div><\/div><\/div><div class=\"fusion-layout-column fusion_builder_column fusion-builder-column-10 fusion_builder_column_2_3 2_3 fusion-flex-column\" style=\"--awb-bg-size:cover;--awb-width-large:66.666666666667%;--awb-margin-top-large:0px;--awb-spacing-right-large:2.88%;--awb-margin-bottom-large:0px;--awb-spacing-left-large:2.88%;--awb-width-medium:100%;--awb-order-medium:0;--awb-spacing-right-medium:1.92%;--awb-spacing-left-medium:1.92%;--awb-width-small:100%;--awb-order-small:0;--awb-spacing-right-small:1.92%;--awb-spacing-left-small:1.92%;\"><div class=\"fusion-column-wrapper fusion-column-has-shadow fusion-flex-justify-content-flex-start fusion-content-layout-column\"><div class=\"fusion-text fusion-text-8 fusion-animated\" data-animationType=\"fadeIn\" data-animationDuration=\"1.1\" data-animationOffset=\"top-into-view\"><h3 style=\"text-align: center;\"><span style=\"color: #030177;\">Series only<\/span><\/h3>\n<\/div><div class=\"fusion-text fusion-text-9\"><p style=\"text-align: center;\">Wednesday, Dic 2nd 11.30 &gt; 12.30 Argentina \/ UTC -3<\/p>\n<\/div><div class=\"fusion-builder-row fusion-builder-row-inner fusion-row fusion-flex-align-items-flex-start fusion-flex-content-wrap\" style=\"width:104% !important;max-width:104% !important;margin-left: calc(-4% \/ 2 );margin-right: calc(-4% \/ 2 );\"><div class=\"fusion-layout-column fusion_builder_column_inner fusion-builder-nested-column-2 fusion_builder_column_inner_1_4 1_4 fusion-flex-column fusion-flex-align-self-center\" style=\"--awb-bg-size:cover;--awb-width-large:25%;--awb-margin-top-large:0px;--awb-spacing-right-large:7.68%;--awb-margin-bottom-large:0px;--awb-spacing-left-large:7.68%;--awb-width-medium:100%;--awb-order-medium:0;--awb-spacing-right-medium:1.92%;--awb-spacing-left-medium:1.92%;--awb-width-small:100%;--awb-order-small:0;--awb-spacing-right-small:1.92%;--awb-spacing-left-small:1.92%;\"><div class=\"fusion-column-wrapper fusion-column-has-shadow fusion-flex-justify-content-flex-start fusion-content-layout-column\"><div class=\"fusion-image-element \" style=\"text-align:center;--awb-margin-top:0px;--awb-margin-bottom:0px;--awb-caption-title-font-family:var(--h2_typography-font-family);--awb-caption-title-font-weight:var(--h2_typography-font-weight);--awb-caption-title-font-style:var(--h2_typography-font-style);--awb-caption-title-size:var(--h2_typography-font-size);--awb-caption-title-transform:var(--h2_typography-text-transform);--awb-caption-title-line-height:var(--h2_typography-line-height);--awb-caption-title-letter-spacing:var(--h2_typography-letter-spacing);\"><span class=\" fusion-imageframe imageframe-none imageframe-4 hover-type-none\"><a class=\"fusion-no-lightbox\" href=\"https:\/\/cinando.com\/en\/Film\/luthiers_370291\/Detail\" target=\"_blank\" aria-label=\"pitch-serie-luthiers-2020\" rel=\"noopener noreferrer\"><img decoding=\"async\" width=\"207\" height=\"300\" src=\"https:\/\/uruguayaudiovisual.com\/wp-content\/uploads\/2020\/11\/pitch-serie-luthiers-2020-207x300.jpg\" alt class=\"img-responsive wp-image-9785\" srcset=\"https:\/\/uruguayaudiovisual.com\/wp-content\/uploads\/2020\/11\/pitch-serie-luthiers-2020-200x290.jpg 200w, https:\/\/uruguayaudiovisual.com\/wp-content\/uploads\/2020\/11\/pitch-serie-luthiers-2020.jpg 267w\" sizes=\"(max-width: 1024px) 100vw, (max-width: 640px) 100vw, 207px\" \/><\/a><\/span><\/div><\/div><\/div><div class=\"fusion-layout-column fusion_builder_column_inner fusion-builder-nested-column-3 fusion_builder_column_inner_1_4 1_4 fusion-flex-column fusion-flex-align-self-center\" style=\"--awb-bg-size:cover;--awb-width-large:25%;--awb-margin-top-large:0px;--awb-spacing-right-large:7.68%;--awb-margin-bottom-large:0px;--awb-spacing-left-large:7.68%;--awb-width-medium:100%;--awb-order-medium:0;--awb-spacing-right-medium:1.92%;--awb-spacing-left-medium:1.92%;--awb-width-small:100%;--awb-order-small:0;--awb-spacing-right-small:1.92%;--awb-spacing-left-small:1.92%;\"><div class=\"fusion-column-wrapper fusion-column-has-shadow fusion-flex-justify-content-flex-start fusion-content-layout-column\"><div class=\"fusion-text fusion-text-10\"><p style=\"text-align: center;\"><strong>LUTHIERS<\/strong><br \/>\nLeandro Barneche<\/p>\n<\/div><div style=\"text-align:center;\"><a class=\"fusion-button button-flat fusion-button-default-size button-custom fusion-button-default button-2 fusion-button-default-span \" style=\"--button_accent_color:#000000;--button_border_color:#000000;--button_accent_hover_color:#ffffff;--button_border_hover_color:rgba(255,255,255,0);--button_border_width-top:2px;--button_border_width-right:2px;--button_border_width-bottom:2px;--button_border_width-left:2px;--button-border-radius-top-left:4px;--button-border-radius-top-right:4px;--button-border-radius-bottom-right:4px;--button-border-radius-bottom-left:4px;--button_gradient_top_color:rgba(255,255,255,0);--button_gradient_bottom_color:rgba(255,255,255,0);--button_gradient_top_color_hover:#000000;--button_gradient_bottom_color_hover:#000000;\" target=\"_blank\" rel=\"noopener noreferrer nofollow\" href=\"https:\/\/cinando.com\/en\/Film\/luthiers_370291\/Detail\"><span class=\"fusion-button-text awb-button__text awb-button__text--default\">Summary<\/span><\/a><\/div><\/div><\/div><div class=\"fusion-layout-column fusion_builder_column_inner fusion-builder-nested-column-4 fusion_builder_column_inner_1_4 1_4 fusion-flex-column fusion-flex-align-self-center\" style=\"--awb-bg-size:cover;--awb-width-large:25%;--awb-margin-top-large:0px;--awb-spacing-right-large:7.68%;--awb-margin-bottom-large:0px;--awb-spacing-left-large:7.68%;--awb-width-medium:100%;--awb-order-medium:0;--awb-spacing-right-medium:1.92%;--awb-spacing-left-medium:1.92%;--awb-width-small:100%;--awb-order-small:0;--awb-spacing-right-small:1.92%;--awb-spacing-left-small:1.92%;\"><div class=\"fusion-column-wrapper fusion-column-has-shadow fusion-flex-justify-content-flex-start fusion-content-layout-column\"><div class=\"fusion-image-element \" style=\"text-align:center;--awb-margin-top:0px;--awb-margin-bottom:0px;--awb-caption-title-font-family:var(--h2_typography-font-family);--awb-caption-title-font-weight:var(--h2_typography-font-weight);--awb-caption-title-font-style:var(--h2_typography-font-style);--awb-caption-title-size:var(--h2_typography-font-size);--awb-caption-title-transform:var(--h2_typography-text-transform);--awb-caption-title-line-height:var(--h2_typography-line-height);--awb-caption-title-letter-spacing:var(--h2_typography-letter-spacing);\"><span class=\" fusion-imageframe imageframe-none imageframe-5 hover-type-none\"><a class=\"fusion-no-lightbox\" href=\"https:\/\/cinando.com\/en\/Film\/dead_or_alive_379725\/Detail\" target=\"_blank\" aria-label=\"pitch-serie-vivo-o-muerto-2020\" rel=\"noopener noreferrer\"><img decoding=\"async\" width=\"207\" height=\"300\" src=\"https:\/\/uruguayaudiovisual.com\/wp-content\/uploads\/2020\/11\/pitch-serie-vivo-o-muerto-2020-207x300.jpg\" alt class=\"img-responsive wp-image-9788\" srcset=\"https:\/\/uruguayaudiovisual.com\/wp-content\/uploads\/2020\/11\/pitch-serie-vivo-o-muerto-2020-200x290.jpg 200w, https:\/\/uruguayaudiovisual.com\/wp-content\/uploads\/2020\/11\/pitch-serie-vivo-o-muerto-2020.jpg 267w\" sizes=\"(max-width: 1024px) 100vw, (max-width: 640px) 100vw, 207px\" \/><\/a><\/span><\/div><\/div><\/div><div class=\"fusion-layout-column fusion_builder_column_inner fusion-builder-nested-column-5 fusion_builder_column_inner_1_4 1_4 fusion-flex-column fusion-flex-align-self-center\" style=\"--awb-bg-size:cover;--awb-width-large:25%;--awb-margin-top-large:0px;--awb-spacing-right-large:7.68%;--awb-margin-bottom-large:0px;--awb-spacing-left-large:7.68%;--awb-width-medium:100%;--awb-order-medium:0;--awb-spacing-right-medium:1.92%;--awb-spacing-left-medium:1.92%;--awb-width-small:100%;--awb-order-small:0;--awb-spacing-right-small:1.92%;--awb-spacing-left-small:1.92%;\"><div class=\"fusion-column-wrapper fusion-column-has-shadow fusion-flex-justify-content-flex-start fusion-content-layout-column\"><div class=\"fusion-text fusion-text-11\"><p style=\"text-align: center;\"><strong>VIVO O MUERTO<\/strong><br \/>\nDEAD OR ALIVE<br \/>\nNicol\u00e1s Botana, Marco Bentancor<\/p>\n<\/div><div style=\"text-align:center;\"><a class=\"fusion-button button-flat fusion-button-default-size button-custom fusion-button-default button-3 fusion-button-default-span \" style=\"--button_accent_color:#000000;--button_border_color:#000000;--button_accent_hover_color:#ffffff;--button_border_hover_color:rgba(255,255,255,0);--button_border_width-top:2px;--button_border_width-right:2px;--button_border_width-bottom:2px;--button_border_width-left:2px;--button-border-radius-top-left:4px;--button-border-radius-top-right:4px;--button-border-radius-bottom-right:4px;--button-border-radius-bottom-left:4px;--button_gradient_top_color:rgba(255,255,255,0);--button_gradient_bottom_color:rgba(255,255,255,0);--button_gradient_top_color_hover:#000000;--button_gradient_bottom_color_hover:#000000;\" target=\"_blank\" rel=\"noopener noreferrer nofollow\" href=\"https:\/\/cinando.com\/en\/Film\/dead_or_alive_379725\/Detail\"><span class=\"fusion-button-text awb-button__text awb-button__text--default\">Summary<\/span><\/a><\/div><\/div><\/div><\/div><\/div><\/div><\/div><\/div><div class=\"fusion-fullwidth fullwidth-box fusion-builder-row-5 fusion-flex-container nonhundred-percent-fullwidth non-hundred-percent-height-scrolling fusion-no-medium-visibility fusion-no-large-visibility\" style=\"--awb-border-radius-top-left:0px;--awb-border-radius-top-right:0px;--awb-border-radius-bottom-right:0px;--awb-border-radius-bottom-left:0px;--awb-padding-bottom:35px;--awb-padding-top-small:0px;--awb-padding-bottom-small:25px;--awb-margin-top:0px;--awb-margin-bottom:0px;--awb-margin-top-small:0px;--awb-margin-bottom-small:0px;--awb-background-color:#f2f2f2;--awb-flex-wrap:wrap;\" ><div class=\"fusion-builder-row fusion-row fusion-flex-align-items-flex-start fusion-flex-content-wrap\" style=\"max-width:1497.6px;margin-left: calc(-4% \/ 2 );margin-right: calc(-4% \/ 2 );\"><div class=\"fusion-layout-column fusion_builder_column fusion-builder-column-11 fusion_builder_column_1_1 1_1 fusion-flex-column\" style=\"--awb-padding-top:35px;--awb-padding-bottom:25px;--awb-padding-top-small:10px;--awb-padding-bottom-small:10px;--awb-bg-size:cover;--awb-width-large:100%;--awb-margin-top-large:0px;--awb-spacing-right-large:1.92%;--awb-margin-bottom-large:0px;--awb-spacing-left-large:1.92%;--awb-width-medium:100%;--awb-spacing-right-medium:1.92%;--awb-spacing-left-medium:1.92%;--awb-width-small:100%;--awb-margin-top-small:0px;--awb-spacing-right-small:1.92%;--awb-margin-bottom-small:0px;--awb-spacing-left-small:1.92%;\"><div class=\"fusion-column-wrapper fusion-column-has-shadow fusion-flex-justify-content-flex-start fusion-content-layout-column\"><div class=\"fusion-separator fusion-full-width-sep\" style=\"align-self: center;margin-left: auto;margin-right: auto;margin-top:5px;margin-bottom:5px;width:100%;\"><\/div><\/div><\/div><div class=\"fusion-layout-column fusion_builder_column fusion-builder-column-12 fusion_builder_column_1_3 1_3 fusion-flex-column\" style=\"--awb-padding-top-small:0px;--awb-padding-bottom-small:10px;--awb-bg-size:cover;--awb-width-large:33.333333333333%;--awb-margin-top-large:0px;--awb-spacing-right-large:5.76%;--awb-margin-bottom-large:0px;--awb-spacing-left-large:5.76%;--awb-width-medium:100%;--awb-order-medium:0;--awb-spacing-right-medium:1.92%;--awb-spacing-left-medium:1.92%;--awb-width-small:100%;--awb-order-small:0;--awb-margin-top-small:0px;--awb-spacing-right-small:1.92%;--awb-margin-bottom-small:0px;--awb-spacing-left-small:1.92%;\"><div class=\"fusion-column-wrapper fusion-column-has-shadow fusion-flex-justify-content-flex-start fusion-content-layout-column\"><div class=\"fusion-title title fusion-title-5 fusion-title-center fusion-title-text fusion-title-size-three\" style=\"--awb-text-color:#000000;--awb-margin-bottom:0px;--awb-margin-bottom-small:0px;--awb-font-size:28px;\"><div class=\"title-sep-container title-sep-container-left\"><div class=\"title-sep sep- sep-solid\" style=\"border-color:#e2e2e2;\"><\/div><\/div><span class=\"awb-title-spacer\"><\/span><h3 class=\"fusion-title-heading title-heading-center fusion-responsive-typography-calculated\" style=\"margin:0;font-size:1em;--fontSize:28;line-height:1.6;\"><p style=\"text-align: center;\">Pitchings<\/p><\/h3><span class=\"awb-title-spacer\"><\/span><div class=\"title-sep-container title-sep-container-right\"><div class=\"title-sep sep- sep-solid\" style=\"border-color:#e2e2e2;\"><\/div><\/div><\/div><div class=\"fusion-text fusion-text-12 fusion-animated\" data-animationType=\"fadeIn\" data-animationDuration=\"1.1\" data-animationOffset=\"top-into-view\"><h3 style=\"text-align: center;\"><span style=\"color: #030177;\">Animation<\/span><\/h3>\n<p style=\"text-align: center;\">Schedule to be confirmed<\/p>\n<\/div><div class=\"fusion-text fusion-text-13\"><\/div><div class=\"fusion-image-element sm-text-align-center\" style=\"--awb-margin-top:0px;--awb-margin-bottom:0px;--awb-caption-title-font-family:var(--h2_typography-font-family);--awb-caption-title-font-weight:var(--h2_typography-font-weight);--awb-caption-title-font-style:var(--h2_typography-font-style);--awb-caption-title-size:var(--h2_typography-font-size);--awb-caption-title-transform:var(--h2_typography-text-transform);--awb-caption-title-line-height:var(--h2_typography-line-height);--awb-caption-title-letter-spacing:var(--h2_typography-letter-spacing);\"><span class=\" fusion-imageframe imageframe-none imageframe-6 hover-type-none\"><a class=\"fusion-no-lightbox\" href=\"https:\/\/uruguayaudiovisual.com\/wp-content\/uploads\/2020\/11\/olivia_y_misterios.pdf\" target=\"_blank\" aria-label=\"pitch-animation-2020\" rel=\"noopener noreferrer\"><img decoding=\"async\" width=\"207\" height=\"300\" src=\"https:\/\/uruguayaudiovisual.com\/wp-content\/uploads\/2020\/11\/pitch-animation-2020-207x300.jpg\" alt class=\"img-responsive wp-image-9768\" srcset=\"https:\/\/uruguayaudiovisual.com\/wp-content\/uploads\/2020\/11\/pitch-animation-2020-200x290.jpg 200w, https:\/\/uruguayaudiovisual.com\/wp-content\/uploads\/2020\/11\/pitch-animation-2020.jpg 267w\" sizes=\"(max-width: 1024px) 100vw, (max-width: 640px) 100vw, 207px\" \/><\/a><\/span><\/div><div class=\"fusion-separator fusion-full-width-sep\" style=\"align-self: center;margin-left: auto;margin-right: auto;margin-top:3 px;margin-bottom:3 px;width:100%;\"><\/div><div class=\"fusion-text fusion-text-14\"><p style=\"text-align: center;\"><strong>OLIVIA Y LOS MISTERIOS<\/strong><br \/>\nOLIVIA AND THE SHADOWS<br \/>\nJuan Carve<\/p>\n<\/div><div class=\"sm-text-align-center\"><a class=\"fusion-button button-flat fusion-button-default-size button-custom fusion-button-default button-4 fusion-button-default-span fusion-animated\" style=\"--button_accent_color:#000000;--button_border_color:#000000;--button_accent_hover_color:#ffffff;--button_border_hover_color:rgba(255,255,255,0);--button_border_width-top:2px;--button_border_width-right:2px;--button_border_width-bottom:2px;--button_border_width-left:2px;--button_gradient_top_color:rgba(255,255,255,0);--button_gradient_bottom_color:rgba(255,255,255,0);--button_gradient_top_color_hover:#000000;--button_gradient_bottom_color_hover:#000000;\" data-animationType=\"fadeInLeft\" data-animationDuration=\"0.6\" data-animationOffset=\"top-into-view\" target=\"_blank\" rel=\"noopener noreferrer\" href=\"https:\/\/uruguayaudiovisual.com\/wp-content\/uploads\/2020\/11\/olivia_y_misterios.pdf\"><span class=\"fusion-button-text awb-button__text awb-button__text--default\">Download<\/span><\/a><\/div><\/div><\/div><div class=\"fusion-layout-column fusion_builder_column fusion-builder-column-13 fusion_builder_column_1_3 1_3 fusion-flex-column\" style=\"--awb-padding-top-small:0px;--awb-padding-bottom-small:10px;--awb-bg-size:cover;--awb-width-large:33.333333333333%;--awb-margin-top-large:0px;--awb-spacing-right-large:5.76%;--awb-margin-bottom-large:0px;--awb-spacing-left-large:5.76%;--awb-width-medium:100%;--awb-order-medium:0;--awb-spacing-right-medium:1.92%;--awb-spacing-left-medium:1.92%;--awb-width-small:100%;--awb-order-small:0;--awb-margin-top-small:0px;--awb-spacing-right-small:1.92%;--awb-margin-bottom-small:0px;--awb-spacing-left-small:1.92%;\"><div class=\"fusion-column-wrapper fusion-column-has-shadow fusion-flex-justify-content-flex-start fusion-content-layout-column\"><div class=\"fusion-text fusion-text-15 fusion-animated\" data-animationType=\"fadeIn\" data-animationDuration=\"1.1\" data-animationOffset=\"top-into-view\"><h3 style=\"text-align: center;\"><span style=\"color: #030177;\">Series only<\/span><\/h3>\n<p style=\"text-align: center;\">Wednesday, Dic 2nd 11.30 &gt; 12.30 Argentina \/ UTC -3<\/p>\n<\/div><div class=\"fusion-text fusion-text-16\"><\/div><div class=\"fusion-image-element sm-text-align-center\" style=\"--awb-margin-top:0px;--awb-margin-bottom:0px;--awb-caption-title-font-family:var(--h2_typography-font-family);--awb-caption-title-font-weight:var(--h2_typography-font-weight);--awb-caption-title-font-style:var(--h2_typography-font-style);--awb-caption-title-size:var(--h2_typography-font-size);--awb-caption-title-transform:var(--h2_typography-text-transform);--awb-caption-title-line-height:var(--h2_typography-line-height);--awb-caption-title-letter-spacing:var(--h2_typography-letter-spacing);\"><span class=\" fusion-imageframe imageframe-none imageframe-7 hover-type-none\"><a class=\"fusion-no-lightbox\" href=\"https:\/\/cinando.com\/en\/Film\/luthiers_370291\/Detail\" target=\"_blank\" aria-label=\"pitch-serie-luthiers-2020\" rel=\"noopener noreferrer\"><img decoding=\"async\" width=\"207\" height=\"300\" src=\"https:\/\/uruguayaudiovisual.com\/wp-content\/uploads\/2020\/11\/pitch-serie-luthiers-2020-207x300.jpg\" alt class=\"img-responsive wp-image-9785\" srcset=\"https:\/\/uruguayaudiovisual.com\/wp-content\/uploads\/2020\/11\/pitch-serie-luthiers-2020-200x290.jpg 200w, https:\/\/uruguayaudiovisual.com\/wp-content\/uploads\/2020\/11\/pitch-serie-luthiers-2020.jpg 267w\" sizes=\"(max-width: 1024px) 100vw, (max-width: 640px) 100vw, 207px\" \/><\/a><\/span><\/div><div class=\"fusion-separator fusion-full-width-sep\" style=\"align-self: center;margin-left: auto;margin-right: auto;margin-top:3 px;margin-bottom:3 px;width:100%;\"><\/div><div class=\"fusion-text fusion-text-17\"><p style=\"text-align: center;\"><strong>LUTHIERS<\/strong><br \/>\nLeandro Barneche<\/p>\n<\/div><div class=\"sm-text-align-center\"><a class=\"fusion-button button-flat fusion-button-default-size button-custom fusion-button-default button-5 fusion-button-default-span fusion-animated\" style=\"--button_accent_color:#000000;--button_border_color:#000000;--button_accent_hover_color:#ffffff;--button_border_hover_color:rgba(255,255,255,0);--button_border_width-top:2px;--button_border_width-right:2px;--button_border_width-bottom:2px;--button_border_width-left:2px;--button_gradient_top_color:rgba(255,255,255,0);--button_gradient_bottom_color:rgba(255,255,255,0);--button_gradient_top_color_hover:#000000;--button_gradient_bottom_color_hover:#000000;\" data-animationType=\"fadeInLeft\" data-animationDuration=\"0.6\" data-animationOffset=\"top-into-view\" target=\"_blank\" rel=\"noopener noreferrer nofollow\" href=\"https:\/\/cinando.com\/en\/Film\/luthiers_370291\/Detail\"><span class=\"fusion-button-text awb-button__text awb-button__text--default\">Summary<\/span><\/a><\/div><div class=\"fusion-separator fusion-full-width-sep\" style=\"align-self: center;margin-left: auto;margin-right: auto;margin-top:8px;margin-bottom:8px;width:100%;\"><\/div><div class=\"fusion-image-element sm-text-align-center\" style=\"--awb-margin-top:0px;--awb-margin-bottom:0px;--awb-caption-title-font-family:var(--h2_typography-font-family);--awb-caption-title-font-weight:var(--h2_typography-font-weight);--awb-caption-title-font-style:var(--h2_typography-font-style);--awb-caption-title-size:var(--h2_typography-font-size);--awb-caption-title-transform:var(--h2_typography-text-transform);--awb-caption-title-line-height:var(--h2_typography-line-height);--awb-caption-title-letter-spacing:var(--h2_typography-letter-spacing);\"><span class=\" fusion-imageframe imageframe-none imageframe-8 hover-type-none\"><a class=\"fusion-no-lightbox\" href=\"https:\/\/cinando.com\/en\/Film\/dead_or_alive_379725\/Detail\" target=\"_blank\" aria-label=\"pitch-serie-vivo-o-muerto-2020\" rel=\"noopener noreferrer\"><img decoding=\"async\" width=\"207\" height=\"300\" src=\"https:\/\/uruguayaudiovisual.com\/wp-content\/uploads\/2020\/11\/pitch-serie-vivo-o-muerto-2020-207x300.jpg\" alt class=\"img-responsive wp-image-9788\" srcset=\"https:\/\/uruguayaudiovisual.com\/wp-content\/uploads\/2020\/11\/pitch-serie-vivo-o-muerto-2020-200x290.jpg 200w, https:\/\/uruguayaudiovisual.com\/wp-content\/uploads\/2020\/11\/pitch-serie-vivo-o-muerto-2020.jpg 267w\" sizes=\"(max-width: 1024px) 100vw, (max-width: 640px) 100vw, 207px\" \/><\/a><\/span><\/div><div class=\"fusion-text fusion-text-18\"><p style=\"text-align: center;\"><strong>VIVO O MUERTO<\/strong><br \/>\nDEAD OR ALIVE<br \/>\nNicol\u00e1s Botana, Marco Bentancor<\/p>\n<\/div><div class=\"sm-text-align-center\"><a class=\"fusion-button button-flat fusion-button-default-size button-custom fusion-button-default button-6 fusion-button-default-span fusion-animated\" style=\"--button_accent_color:#000000;--button_border_color:#000000;--button_accent_hover_color:#ffffff;--button_border_hover_color:rgba(255,255,255,0);--button_border_width-top:2px;--button_border_width-right:2px;--button_border_width-bottom:2px;--button_border_width-left:2px;--button_gradient_top_color:rgba(255,255,255,0);--button_gradient_bottom_color:rgba(255,255,255,0);--button_gradient_top_color_hover:#000000;--button_gradient_bottom_color_hover:#000000;\" data-animationType=\"fadeInLeft\" data-animationDuration=\"0.6\" data-animationOffset=\"top-into-view\" target=\"_blank\" rel=\"noopener noreferrer nofollow\" href=\"https:\/\/cinando.com\/en\/Film\/dead_or_alive_379725\/Detail\"><span class=\"fusion-button-text awb-button__text awb-button__text--default\">Summary<\/span><\/a><\/div><\/div><\/div><\/div><\/div><div class=\"fusion-fullwidth fullwidth-box fusion-builder-row-6 fusion-flex-container nonhundred-percent-fullwidth non-hundred-percent-height-scrolling fusion-no-small-visibility\" style=\"--awb-border-radius-top-left:0px;--awb-border-radius-top-right:0px;--awb-border-radius-bottom-right:0px;--awb-border-radius-bottom-left:0px;--awb-padding-top:0px;--awb-padding-bottom:0px;--awb-padding-top-small:0px;--awb-padding-bottom-small:25px;--awb-margin-top:0px;--awb-margin-bottom:0px;--awb-margin-top-small:0px;--awb-margin-bottom-small:0px;--awb-background-color:#ffffff;--awb-flex-wrap:wrap;\" ><div class=\"fusion-builder-row fusion-row fusion-flex-align-items-flex-start fusion-flex-content-wrap\" style=\"max-width:1497.6px;margin-left: calc(-4% \/ 2 );margin-right: calc(-4% \/ 2 );\"><div class=\"fusion-layout-column fusion_builder_column fusion-builder-column-14 fusion_builder_column_1_1 1_1 fusion-flex-column\" style=\"--awb-padding-top:35px;--awb-padding-bottom:25px;--awb-padding-top-small:10px;--awb-padding-bottom-small:10px;--awb-bg-size:cover;--awb-width-large:100%;--awb-margin-top-large:0px;--awb-spacing-right-large:1.92%;--awb-margin-bottom-large:0px;--awb-spacing-left-large:1.92%;--awb-width-medium:100%;--awb-spacing-right-medium:1.92%;--awb-spacing-left-medium:1.92%;--awb-width-small:100%;--awb-margin-top-small:0px;--awb-spacing-right-small:1.92%;--awb-margin-bottom-small:0px;--awb-spacing-left-small:1.92%;\"><div class=\"fusion-column-wrapper fusion-column-has-shadow fusion-flex-justify-content-flex-start fusion-content-layout-column\"><div class=\"fusion-separator fusion-full-width-sep\" style=\"align-self: center;margin-left: auto;margin-right: auto;margin-top:5px;margin-bottom:5px;width:100%;\"><\/div><div class=\"fusion-title title fusion-title-6 fusion-title-center fusion-title-text fusion-title-size-three\" style=\"--awb-text-color:#000000;--awb-margin-bottom:0px;--awb-margin-bottom-small:0px;--awb-font-size:28px;\"><div class=\"title-sep-container title-sep-container-left\"><div class=\"title-sep sep- sep-solid\" style=\"border-color:#e2e2e2;\"><\/div><\/div><span class=\"awb-title-spacer\"><\/span><h3 class=\"fusion-title-heading title-heading-center fusion-responsive-typography-calculated\" style=\"margin:0;font-size:1em;--fontSize:28;line-height:1.6;\"><p style=\"text-align: center;\">Industry in Progress<\/p><\/h3><span class=\"awb-title-spacer\"><\/span><div class=\"title-sep-container title-sep-container-right\"><div class=\"title-sep sep- sep-solid\" style=\"border-color:#e2e2e2;\"><\/div><\/div><\/div><\/div><\/div><div class=\"fusion-layout-column fusion_builder_column fusion-builder-column-15 fusion_builder_column_1_3 1_3 fusion-flex-column fusion-flex-align-self-center\" style=\"--awb-bg-size:cover;--awb-width-large:33.333333333333%;--awb-margin-top-large:0px;--awb-spacing-right-large:5.76%;--awb-margin-bottom-large:0px;--awb-spacing-left-large:5.76%;--awb-width-medium:100%;--awb-order-medium:0;--awb-spacing-right-medium:1.92%;--awb-spacing-left-medium:1.92%;--awb-width-small:100%;--awb-order-small:0;--awb-spacing-right-small:1.92%;--awb-spacing-left-small:1.92%;\"><div class=\"fusion-column-wrapper fusion-column-has-shadow fusion-flex-justify-content-flex-start fusion-content-layout-column\"><div class=\"fusion-image-element \" style=\"text-align:center;--awb-caption-title-font-family:var(--h2_typography-font-family);--awb-caption-title-font-weight:var(--h2_typography-font-weight);--awb-caption-title-font-style:var(--h2_typography-font-style);--awb-caption-title-size:var(--h2_typography-font-size);--awb-caption-title-transform:var(--h2_typography-text-transform);--awb-caption-title-line-height:var(--h2_typography-line-height);--awb-caption-title-letter-spacing:var(--h2_typography-letter-spacing);\"><span class=\" fusion-imageframe imageframe-none imageframe-9 hover-type-none\"><a class=\"fusion-no-lightbox\" href=\"https:\/\/uruguayaudiovisual.com\/wp-content\/uploads\/2020\/11\/Industry-in-Progress_UY.pdf\" target=\"_blank\" aria-label=\"industry-in-progress\" rel=\"noopener noreferrer\"><img decoding=\"async\" width=\"207\" height=\"300\" src=\"https:\/\/uruguayaudiovisual.com\/wp-content\/uploads\/2020\/11\/industry-in-progress-207x300.jpg\" alt class=\"img-responsive wp-image-9794\" srcset=\"https:\/\/uruguayaudiovisual.com\/wp-content\/uploads\/2020\/11\/industry-in-progress-200x290.jpg 200w, https:\/\/uruguayaudiovisual.com\/wp-content\/uploads\/2020\/11\/industry-in-progress.jpg 267w\" sizes=\"(max-width: 1024px) 100vw, (max-width: 640px) 100vw, 207px\" \/><\/a><\/span><\/div><\/div><\/div><div class=\"fusion-layout-column fusion_builder_column fusion-builder-column-16 fusion_builder_column_1_3 1_3 fusion-flex-column fusion-flex-align-self-center\" style=\"--awb-bg-size:cover;--awb-width-large:33.333333333333%;--awb-margin-top-large:0px;--awb-spacing-right-large:5.76%;--awb-margin-bottom-large:0px;--awb-spacing-left-large:5.76%;--awb-width-medium:100%;--awb-order-medium:0;--awb-spacing-right-medium:1.92%;--awb-spacing-left-medium:1.92%;--awb-width-small:100%;--awb-order-small:0;--awb-spacing-right-small:1.92%;--awb-spacing-left-small:1.92%;\"><div class=\"fusion-column-wrapper fusion-column-has-shadow fusion-flex-justify-content-flex-start fusion-content-layout-column\"><div class=\"fusion-text fusion-text-19\"><p style=\"text-align: center;\"><strong>EL VISITANTE<\/strong><br \/>\nTHE VISITOR<br \/>\nMart\u00edn Boulocq<\/p>\n<\/div><\/div><\/div><div class=\"fusion-layout-column fusion_builder_column fusion-builder-column-17 fusion_builder_column_1_3 1_3 fusion-flex-column fusion-flex-align-self-center\" style=\"--awb-bg-size:cover;--awb-width-large:33.333333333333%;--awb-margin-top-large:0px;--awb-spacing-right-large:5.76%;--awb-margin-bottom-large:0px;--awb-spacing-left-large:5.76%;--awb-width-medium:100%;--awb-order-medium:0;--awb-spacing-right-medium:1.92%;--awb-spacing-left-medium:1.92%;--awb-width-small:100%;--awb-order-small:0;--awb-spacing-right-small:1.92%;--awb-spacing-left-small:1.92%;\"><div class=\"fusion-column-wrapper fusion-column-has-shadow fusion-flex-justify-content-flex-start fusion-content-layout-column\"><div class=\"fusion-text fusion-text-20\"><p style=\"text-align: center;\"><strong>EL HIJO DESEADO<\/strong><br \/>\nTHE DESIRED SON<br \/>\nAriel Rotter<\/p>\n<\/div><\/div><\/div><div class=\"fusion-layout-column fusion_builder_column fusion-builder-column-18 fusion_builder_column_1_1 1_1 fusion-flex-column\" style=\"--awb-padding-top:15px;--awb-padding-bottom:35px;--awb-bg-size:cover;--awb-width-large:100%;--awb-margin-top-large:0px;--awb-spacing-right-large:1.92%;--awb-margin-bottom-large:0px;--awb-spacing-left-large:1.92%;--awb-width-medium:100%;--awb-order-medium:0;--awb-spacing-right-medium:1.92%;--awb-spacing-left-medium:1.92%;--awb-width-small:100%;--awb-order-small:0;--awb-spacing-right-small:1.92%;--awb-spacing-left-small:1.92%;\"><div class=\"fusion-column-wrapper fusion-column-has-shadow fusion-flex-justify-content-flex-start fusion-content-layout-column\"><div style=\"text-align:center;\"><a class=\"fusion-button button-flat fusion-button-default-size button-custom fusion-button-default button-7 fusion-button-default-span \" style=\"--button_accent_color:#000000;--button_border_color:#000000;--button_accent_hover_color:#ffffff;--button_border_hover_color:rgba(255,255,255,0);--button_border_width-top:2px;--button_border_width-right:2px;--button_border_width-bottom:2px;--button_border_width-left:2px;--button_gradient_top_color:rgba(255,255,255,0);--button_gradient_bottom_color:rgba(255,255,255,0);--button_gradient_top_color_hover:#000000;--button_gradient_bottom_color_hover:#000000;\" target=\"_blank\" rel=\"noopener noreferrer\" href=\"https:\/\/uruguayaudiovisual.com\/wp-content\/uploads\/2020\/11\/Industry-in-Progress_UY.pdf\"><span class=\"fusion-button-text awb-button__text awb-button__text--default\">About<\/span><\/a><\/div><\/div><\/div><\/div><\/div><div class=\"fusion-fullwidth fullwidth-box fusion-builder-row-7 fusion-flex-container nonhundred-percent-fullwidth non-hundred-percent-height-scrolling fusion-no-medium-visibility fusion-no-large-visibility\" style=\"--awb-border-radius-top-left:0px;--awb-border-radius-top-right:0px;--awb-border-radius-bottom-right:0px;--awb-border-radius-bottom-left:0px;--awb-padding-bottom:35px;--awb-padding-top-small:0px;--awb-padding-bottom-small:25px;--awb-margin-top:0px;--awb-margin-bottom:0px;--awb-margin-top-small:0px;--awb-margin-bottom-small:0px;--awb-background-color:#ffffff;--awb-flex-wrap:wrap;\" ><div class=\"fusion-builder-row fusion-row fusion-flex-align-items-flex-start fusion-flex-content-wrap\" style=\"max-width:1497.6px;margin-left: calc(-4% \/ 2 );margin-right: calc(-4% \/ 2 );\"><div class=\"fusion-layout-column fusion_builder_column fusion-builder-column-19 fusion_builder_column_1_1 1_1 fusion-flex-column\" style=\"--awb-padding-top:35px;--awb-padding-bottom:25px;--awb-padding-top-small:10px;--awb-padding-bottom-small:10px;--awb-bg-size:cover;--awb-width-large:100%;--awb-margin-top-large:0px;--awb-spacing-right-large:1.92%;--awb-margin-bottom-large:0px;--awb-spacing-left-large:1.92%;--awb-width-medium:100%;--awb-spacing-right-medium:1.92%;--awb-spacing-left-medium:1.92%;--awb-width-small:100%;--awb-margin-top-small:0px;--awb-spacing-right-small:1.92%;--awb-margin-bottom-small:0px;--awb-spacing-left-small:1.92%;\"><div class=\"fusion-column-wrapper fusion-column-has-shadow fusion-flex-justify-content-flex-start fusion-content-layout-column\"><div class=\"fusion-separator fusion-full-width-sep\" style=\"align-self: center;margin-left: auto;margin-right: auto;margin-top:5px;margin-bottom:5px;width:100%;\"><\/div><div class=\"fusion-title title fusion-title-7 fusion-title-center fusion-title-text fusion-title-size-three\" style=\"--awb-text-color:#000000;--awb-margin-bottom:0px;--awb-margin-bottom-small:0px;--awb-font-size:28px;\"><div class=\"title-sep-container title-sep-container-left\"><div class=\"title-sep sep- sep-solid\" style=\"border-color:#e2e2e2;\"><\/div><\/div><span class=\"awb-title-spacer\"><\/span><h3 class=\"fusion-title-heading title-heading-center fusion-responsive-typography-calculated\" style=\"margin:0;font-size:1em;--fontSize:28;line-height:1.6;\"><p style=\"text-align: center;\">Industry in Progress<\/p><\/h3><span class=\"awb-title-spacer\"><\/span><div class=\"title-sep-container title-sep-container-right\"><div class=\"title-sep sep- sep-solid\" style=\"border-color:#e2e2e2;\"><\/div><\/div><\/div><\/div><\/div><div class=\"fusion-layout-column fusion_builder_column fusion-builder-column-20 fusion_builder_column_1_3 1_3 fusion-flex-column\" style=\"--awb-padding-top-small:0px;--awb-padding-bottom-small:10px;--awb-bg-size:cover;--awb-width-large:33.333333333333%;--awb-margin-top-large:0px;--awb-spacing-right-large:5.76%;--awb-margin-bottom-large:0px;--awb-spacing-left-large:5.76%;--awb-width-medium:100%;--awb-order-medium:0;--awb-spacing-right-medium:1.92%;--awb-spacing-left-medium:1.92%;--awb-width-small:100%;--awb-order-small:0;--awb-margin-top-small:0px;--awb-spacing-right-small:1.92%;--awb-margin-bottom-small:0px;--awb-spacing-left-small:1.92%;\"><div class=\"fusion-column-wrapper fusion-column-has-shadow fusion-flex-justify-content-flex-start fusion-content-layout-column\"><div class=\"fusion-text fusion-text-21\"><\/div><div class=\"fusion-image-element sm-text-align-center\" style=\"--awb-margin-top:0px;--awb-margin-bottom:0px;--awb-caption-title-font-family:var(--h2_typography-font-family);--awb-caption-title-font-weight:var(--h2_typography-font-weight);--awb-caption-title-font-style:var(--h2_typography-font-style);--awb-caption-title-size:var(--h2_typography-font-size);--awb-caption-title-transform:var(--h2_typography-text-transform);--awb-caption-title-line-height:var(--h2_typography-line-height);--awb-caption-title-letter-spacing:var(--h2_typography-letter-spacing);\"><span class=\" fusion-imageframe imageframe-none imageframe-10 hover-type-none\"><a class=\"fusion-no-lightbox\" href=\"https:\/\/uruguayaudiovisual.com\/wp-content\/uploads\/2020\/11\/Industry-in-Progress_UY.pdf\" target=\"_blank\" aria-label=\"industry-in-progress\" rel=\"noopener noreferrer\"><img decoding=\"async\" width=\"207\" height=\"300\" src=\"https:\/\/uruguayaudiovisual.com\/wp-content\/uploads\/2020\/11\/industry-in-progress-207x300.jpg\" alt class=\"img-responsive wp-image-9794\" srcset=\"https:\/\/uruguayaudiovisual.com\/wp-content\/uploads\/2020\/11\/industry-in-progress-200x290.jpg 200w, https:\/\/uruguayaudiovisual.com\/wp-content\/uploads\/2020\/11\/industry-in-progress.jpg 267w\" sizes=\"(max-width: 1024px) 100vw, (max-width: 640px) 100vw, 207px\" \/><\/a><\/span><\/div><div class=\"fusion-separator fusion-full-width-sep\" style=\"align-self: center;margin-left: auto;margin-right: auto;margin-top:3 px;margin-bottom:3 px;width:100%;\"><\/div><div class=\"fusion-text fusion-text-22\"><p style=\"text-align: center;\"><strong>EL VISITANTE<\/strong><br \/>\nTHE VISITOR<br \/>\nMart\u00edn Boulocq<\/p>\n<p style=\"text-align: center;\"><strong>EL HIJO DESEADO<\/strong><br \/>\nTHE DESIRED SON<br \/>\nAriel Rotter<\/p>\n<\/div><div class=\"sm-text-align-center\"><a class=\"fusion-button button-flat fusion-button-default-size button-custom fusion-button-default button-8 fusion-button-default-span fusion-animated\" style=\"--button_accent_color:#000000;--button_border_color:#000000;--button_accent_hover_color:#ffffff;--button_border_hover_color:rgba(255,255,255,0);--button_border_width-top:2px;--button_border_width-right:2px;--button_border_width-bottom:2px;--button_border_width-left:2px;--button_gradient_top_color:rgba(255,255,255,0);--button_gradient_bottom_color:rgba(255,255,255,0);--button_gradient_top_color_hover:#000000;--button_gradient_bottom_color_hover:#000000;\" data-animationType=\"fadeInLeft\" data-animationDuration=\"0.6\" data-animationOffset=\"top-into-view\" target=\"_blank\" rel=\"noopener noreferrer\" href=\"https:\/\/uruguayaudiovisual.com\/wp-content\/uploads\/2020\/11\/Industry-in-Progress_UY.pdf\"><span class=\"fusion-button-text awb-button__text awb-button__text--default\">Summary<\/span><\/a><\/div><\/div><\/div><\/div><\/div><div class=\"fusion-fullwidth fullwidth-box fusion-builder-row-8 fusion-flex-container nonhundred-percent-fullwidth non-hundred-percent-height-scrolling\" style=\"--awb-border-radius-top-left:0px;--awb-border-radius-top-right:0px;--awb-border-radius-bottom-right:0px;--awb-border-radius-bottom-left:0px;--awb-padding-top:0px;--awb-padding-bottom:0px;--awb-padding-top-small:0px;--awb-padding-bottom-small:25px;--awb-margin-top:0px;--awb-margin-bottom:0px;--awb-margin-top-small:0px;--awb-margin-bottom-small:0px;--awb-background-color:#f7f7f7;--awb-flex-wrap:wrap;\" ><div class=\"fusion-builder-row fusion-row fusion-flex-align-items-flex-start fusion-flex-content-wrap\" style=\"max-width:1497.6px;margin-left: calc(-4% \/ 2 );margin-right: calc(-4% \/ 2 );\"><div class=\"fusion-layout-column fusion_builder_column fusion-builder-column-21 fusion_builder_column_1_1 1_1 fusion-flex-column\" style=\"--awb-padding-top:35px;--awb-padding-bottom:25px;--awb-padding-top-small:10px;--awb-padding-bottom-small:10px;--awb-bg-size:cover;--awb-width-large:100%;--awb-margin-top-large:0px;--awb-spacing-right-large:1.92%;--awb-margin-bottom-large:0px;--awb-spacing-left-large:1.92%;--awb-width-medium:100%;--awb-spacing-right-medium:1.92%;--awb-spacing-left-medium:1.92%;--awb-width-small:100%;--awb-margin-top-small:0px;--awb-spacing-right-small:1.92%;--awb-margin-bottom-small:0px;--awb-spacing-left-small:1.92%;\"><div class=\"fusion-column-wrapper fusion-column-has-shadow fusion-flex-justify-content-flex-start fusion-content-layout-column\"><div class=\"fusion-separator fusion-full-width-sep\" style=\"align-self: center;margin-left: auto;margin-right: auto;margin-top:5px;margin-bottom:5px;width:100%;\"><\/div><div class=\"fusion-title title fusion-title-8 fusion-title-center fusion-title-text fusion-title-size-three\" style=\"--awb-text-color:#000000;--awb-margin-bottom:0px;--awb-margin-bottom-small:0px;--awb-font-size:28px;\"><div class=\"title-sep-container title-sep-container-left\"><div class=\"title-sep sep- sep-solid\" style=\"border-color:#e2e2e2;\"><\/div><\/div><span class=\"awb-title-spacer\"><\/span><h3 class=\"fusion-title-heading title-heading-center fusion-responsive-typography-calculated\" style=\"margin:0;font-size:1em;--fontSize:28;line-height:1.6;\"><p style=\"text-align: center;\">El principio del film<\/p><\/h3><span class=\"awb-title-spacer\"><\/span><div class=\"title-sep-container title-sep-container-right\"><div class=\"title-sep sep- sep-solid\" style=\"border-color:#e2e2e2;\"><\/div><\/div><\/div><\/div><\/div><div class=\"fusion-layout-column fusion_builder_column fusion-builder-column-22 fusion_builder_column_1_3 1_3 fusion-flex-column fusion-flex-align-self-center\" style=\"--awb-bg-size:cover;--awb-width-large:33.333333333333%;--awb-margin-top-large:0px;--awb-spacing-right-large:5.76%;--awb-margin-bottom-large:0px;--awb-spacing-left-large:5.76%;--awb-width-medium:100%;--awb-order-medium:0;--awb-spacing-right-medium:1.92%;--awb-spacing-left-medium:1.92%;--awb-width-small:100%;--awb-order-small:0;--awb-spacing-right-small:1.92%;--awb-spacing-left-small:1.92%;\"><div class=\"fusion-column-wrapper fusion-column-has-shadow fusion-flex-justify-content-flex-start fusion-content-layout-column\"><div class=\"fusion-image-element \" style=\"text-align:center;--awb-caption-title-font-family:var(--h2_typography-font-family);--awb-caption-title-font-weight:var(--h2_typography-font-weight);--awb-caption-title-font-style:var(--h2_typography-font-style);--awb-caption-title-size:var(--h2_typography-font-size);--awb-caption-title-transform:var(--h2_typography-text-transform);--awb-caption-title-line-height:var(--h2_typography-line-height);--awb-caption-title-letter-spacing:var(--h2_typography-letter-spacing);\"><span class=\" fusion-imageframe imageframe-none imageframe-11 hover-type-none\"><img decoding=\"async\" src=\"https:\/\/uruguayaudiovisual.com\/wp-content\/uploads\/2020\/11\/principio-del-fin-207x300.jpg\" alt class=\"img-responsive wp-image-9800\"\/><\/span><\/div><\/div><\/div><div class=\"fusion-layout-column fusion_builder_column fusion-builder-column-23 fusion_builder_column_2_3 2_3 fusion-flex-column fusion-flex-align-self-center\" style=\"--awb-bg-size:cover;--awb-width-large:66.666666666667%;--awb-margin-top-large:0px;--awb-spacing-right-large:2.88%;--awb-margin-bottom-large:0px;--awb-spacing-left-large:2.88%;--awb-width-medium:100%;--awb-order-medium:0;--awb-spacing-right-medium:1.92%;--awb-spacing-left-medium:1.92%;--awb-width-small:100%;--awb-order-small:0;--awb-spacing-right-small:1.92%;--awb-spacing-left-small:1.92%;\"><div class=\"fusion-column-wrapper fusion-column-has-shadow fusion-flex-justify-content-flex-start fusion-content-layout-column\">\n<div class=\"table-1\">\n<table width=\"100%\">\n<tbody>\n<tr>\n<td align=\"left\">Amiga<\/td>\n<td align=\"left\">Best Friend<\/td>\n<td align=\"left\">Z\u00e1lah<\/td>\n<\/tr>\n<tr>\n<td align=\"left\">Caza y Pesca<\/td>\n<td align=\"left\">Game &amp; Fish<\/td>\n<td align=\"left\">Rodolfo Santullo<\/td>\n<\/tr>\n<tr>\n<td align=\"left\">El Gato<\/td>\n<td align=\"left\">The Cat<\/td>\n<td align=\"left\">Fernando Trucco<\/td>\n<\/tr>\n<tr>\n<td align=\"left\">El otro lado<\/td>\n<td align=\"left\">The other side<\/td>\n<td align=\"left\">Lucia Nieto Salazar<\/td>\n<\/tr>\n<tr>\n<td align=\"left\">Falso Vivo<\/td>\n<td align=\"left\">Fake Alive<\/td>\n<td align=\"left\">Lucas Cilintano<\/td>\n<\/tr>\n<tr>\n<td align=\"left\">Luz Negra<\/td>\n<td align=\"left\">Blacklight<\/td>\n<td align=\"left\">Nico Ciganda<\/td>\n<\/tr>\n<tr>\n<td align=\"left\">Mujer Equivocada<\/td>\n<td align=\"left\">Mistaken Woman<\/td>\n<td align=\"left\">Ana Tipa<\/td>\n<\/tr>\n<\/tbody>\n<\/table>\n<\/div>\n<\/div><\/div><div class=\"fusion-layout-column fusion_builder_column fusion-builder-column-24 fusion_builder_column_1_1 1_1 fusion-flex-column\" style=\"--awb-padding-top:15px;--awb-padding-bottom:35px;--awb-bg-size:cover;--awb-width-large:100%;--awb-margin-top-large:0px;--awb-spacing-right-large:1.92%;--awb-margin-bottom-large:0px;--awb-spacing-left-large:1.92%;--awb-width-medium:100%;--awb-order-medium:0;--awb-spacing-right-medium:1.92%;--awb-spacing-left-medium:1.92%;--awb-width-small:100%;--awb-order-small:0;--awb-spacing-right-small:1.92%;--awb-spacing-left-small:1.92%;\"><div class=\"fusion-column-wrapper fusion-column-has-shadow fusion-flex-justify-content-flex-start fusion-content-layout-column\"><\/div><\/div><\/div><\/div><div class=\"fusion-fullwidth fullwidth-box fusion-builder-row-9 fusion-flex-container nonhundred-percent-fullwidth non-hundred-percent-height-scrolling\" style=\"--awb-border-radius-top-left:0px;--awb-border-radius-top-right:0px;--awb-border-radius-bottom-right:0px;--awb-border-radius-bottom-left:0px;--awb-padding-top:0px;--awb-padding-bottom:20px;--awb-margin-top:0px;--awb-margin-bottom:0px;--awb-background-color:#dddddd;--awb-flex-wrap:wrap;\" ><div class=\"fusion-builder-row fusion-row fusion-flex-align-items-flex-start fusion-flex-content-wrap\" style=\"max-width:calc( 1440px + 0px );margin-left: calc(-0px \/ 2 );margin-right: calc(-0px \/ 2 );\"><div class=\"fusion-layout-column fusion_builder_column fusion-builder-column-25 fusion_builder_column_1_1 1_1 fusion-flex-column\" style=\"--awb-padding-top:35px;--awb-padding-bottom:30px;--awb-bg-size:cover;--awb-width-large:100%;--awb-margin-top-large:0px;--awb-spacing-right-large:0px;--awb-margin-bottom-large:0px;--awb-spacing-left-large:0px;--awb-width-medium:100%;--awb-spacing-right-medium:0px;--awb-spacing-left-medium:0px;--awb-width-small:100%;--awb-spacing-right-small:0px;--awb-spacing-left-small:0px;\"><div class=\"fusion-column-wrapper fusion-column-has-shadow fusion-flex-justify-content-flex-start fusion-content-layout-column\"><div class=\"fusion-separator fusion-full-width-sep\" style=\"align-self: center;margin-left: auto;margin-right: auto;margin-top:5px;margin-bottom:5px;width:100%;\"><\/div><div class=\"fusion-title title fusion-title-9 fusion-title-center fusion-title-text fusion-title-size-three\" style=\"--awb-text-color:#000000;--awb-margin-bottom:0px;--awb-margin-bottom-small:0px;--awb-font-size:28px;\"><div class=\"title-sep-container title-sep-container-left\"><div class=\"title-sep sep- sep-solid\" style=\"border-color:#e2e2e2;\"><\/div><\/div><span class=\"awb-title-spacer\"><\/span><h3 class=\"fusion-title-heading title-heading-center fusion-responsive-typography-calculated\" style=\"margin:0;font-size:1em;--fontSize:28;line-height:1.6;\">Projects<\/h3><span class=\"awb-title-spacer\"><\/span><div class=\"title-sep-container title-sep-container-right\"><div class=\"title-sep sep- sep-solid\" style=\"border-color:#e2e2e2;\"><\/div><\/div><\/div><\/div><\/div><div class=\"fusion-layout-column fusion_builder_column fusion-builder-column-26 fusion_builder_column_1_6 1_6 fusion-flex-column\" style=\"--awb-bg-size:cover;--awb-width-large:16.666666666667%;--awb-margin-top-large:0px;--awb-spacing-right-large:0px;--awb-margin-bottom-large:0px;--awb-spacing-left-large:0px;--awb-width-medium:100%;--awb-order-medium:0;--awb-spacing-right-medium:0px;--awb-spacing-left-medium:0px;--awb-width-small:100%;--awb-order-small:0;--awb-spacing-right-small:0px;--awb-spacing-left-small:0px;\"><div class=\"fusion-column-wrapper fusion-column-has-shadow fusion-flex-justify-content-flex-start fusion-content-layout-column\"><div class=\"fusion-text fusion-text-23\"><p style=\"text-align: center;\"><a href=\"https:\/\/cinando.com\/en\/Film\/the_magical_garden_of_13th_street_379602\/Detail\" target=\"_blank\" rel=\"noopener noreferrer\"><img decoding=\"async\" class=\"aligncenter wp-image-9635\" style=\"font-weight: 400;\" src=\"https:\/\/uruguayaudiovisual.com\/wp-content\/uploads\/2020\/11\/o-jardim-da-rua-13.jpg\" alt=\"\" width=\"192\" height=\"278\" srcset=\"https:\/\/uruguayaudiovisual.com\/wp-content\/uploads\/2020\/11\/o-jardim-da-rua-13-200x290.jpg 200w, https:\/\/uruguayaudiovisual.com\/wp-content\/uploads\/2020\/11\/o-jardim-da-rua-13-207x300.jpg 207w, https:\/\/uruguayaudiovisual.com\/wp-content\/uploads\/2020\/11\/o-jardim-da-rua-13.jpg 267w\" sizes=\"(max-width: 192px) 100vw, 192px\" \/><\/a>The magical Garden<\/p>\n<\/div><\/div><\/div><div class=\"fusion-layout-column fusion_builder_column fusion-builder-column-27 fusion_builder_column_1_6 1_6 fusion-flex-column\" style=\"--awb-bg-size:cover;--awb-width-large:16.666666666667%;--awb-margin-top-large:0px;--awb-spacing-right-large:0px;--awb-margin-bottom-large:0px;--awb-spacing-left-large:0px;--awb-width-medium:100%;--awb-order-medium:0;--awb-spacing-right-medium:0px;--awb-spacing-left-medium:0px;--awb-width-small:100%;--awb-order-small:0;--awb-spacing-right-small:0px;--awb-spacing-left-small:0px;\"><div class=\"fusion-column-wrapper fusion-column-has-shadow fusion-flex-justify-content-flex-start fusion-content-layout-column\"><div class=\"fusion-text fusion-text-24\"><p style=\"text-align: center;\"><a href=\"https:\/\/cinando.com\/en\/Film\/followmeplease_379524\/Detail\" target=\"_blank\" rel=\"noopener noreferrer\"><img decoding=\"async\" class=\"aligncenter wp-image-9664\" src=\"https:\/\/uruguayaudiovisual.com\/wp-content\/uploads\/2020\/11\/FOLLOW-200x290.jpg\" alt=\"\" width=\"192\" height=\"278\" srcset=\"https:\/\/uruguayaudiovisual.com\/wp-content\/uploads\/2020\/11\/FOLLOW-200x290.jpg 200w, https:\/\/uruguayaudiovisual.com\/wp-content\/uploads\/2020\/11\/FOLLOW-207x300.jpg 207w, https:\/\/uruguayaudiovisual.com\/wp-content\/uploads\/2020\/11\/FOLLOW.jpg 267w\" sizes=\"(max-width: 192px) 100vw, 192px\" \/><\/a> #Follow me please<\/p>\n<\/div><\/div><\/div><div class=\"fusion-layout-column fusion_builder_column fusion-builder-column-28 fusion_builder_column_1_6 1_6 fusion-flex-column\" style=\"--awb-bg-size:cover;--awb-width-large:16.666666666667%;--awb-margin-top-large:0px;--awb-spacing-right-large:0px;--awb-margin-bottom-large:0px;--awb-spacing-left-large:0px;--awb-width-medium:100%;--awb-order-medium:0;--awb-spacing-right-medium:0px;--awb-spacing-left-medium:0px;--awb-width-small:100%;--awb-order-small:0;--awb-spacing-right-small:0px;--awb-spacing-left-small:0px;\"><div class=\"fusion-column-wrapper fusion-column-has-shadow fusion-flex-justify-content-flex-start fusion-content-layout-column\"><div class=\"fusion-text fusion-text-25\"><p style=\"text-align: center;\"><a href=\"https:\/\/cinando.com\/en\/Film\/whats_left_when_your_gone__short_379513\/Detail\" target=\"_blank\" rel=\"noopener noreferrer\"><img decoding=\"async\" class=\"aligncenter wp-image-9676\" src=\"https:\/\/uruguayaudiovisual.com\/wp-content\/uploads\/2020\/11\/LO-QE-QUEDA-CUANDO-TE-VAS-200x290.jpg\" alt=\"\" width=\"192\" height=\"278\" srcset=\"https:\/\/uruguayaudiovisual.com\/wp-content\/uploads\/2020\/11\/LO-QE-QUEDA-CUANDO-TE-VAS-200x290.jpg 200w, https:\/\/uruguayaudiovisual.com\/wp-content\/uploads\/2020\/11\/LO-QE-QUEDA-CUANDO-TE-VAS-207x300.jpg 207w, https:\/\/uruguayaudiovisual.com\/wp-content\/uploads\/2020\/11\/LO-QE-QUEDA-CUANDO-TE-VAS.jpg 267w\" sizes=\"(max-width: 192px) 100vw, 192px\" \/><\/a><span style=\"color: var(--body_typography-color); font-family: var(--body_typography-font-family); font-size: var(--body_typography-font-size); font-style: var(--body_typography-font-style,normal); font-weight: var(--body_typography-font-weight); letter-spacing: var(--body_typography-letter-spacing);\">What&#8217;s left when you&#8217;re gone<\/span><\/p>\n<\/div><\/div><\/div><div class=\"fusion-layout-column fusion_builder_column fusion-builder-column-29 fusion_builder_column_1_6 1_6 fusion-flex-column\" style=\"--awb-bg-size:cover;--awb-width-large:16.666666666667%;--awb-margin-top-large:0px;--awb-spacing-right-large:0px;--awb-margin-bottom-large:0px;--awb-spacing-left-large:0px;--awb-width-medium:100%;--awb-order-medium:0;--awb-spacing-right-medium:0px;--awb-spacing-left-medium:0px;--awb-width-small:100%;--awb-order-small:0;--awb-spacing-right-small:0px;--awb-spacing-left-small:0px;\"><div class=\"fusion-column-wrapper fusion-column-has-shadow fusion-flex-justify-content-flex-start fusion-content-layout-column\"><div class=\"fusion-text fusion-text-26\"><p><a href=\"https:\/\/cinando.com\/en\/Film\/julia_379448\/Detail\" target=\"_blank\" rel=\"noopener noreferrer\"><img decoding=\"async\" class=\"aligncenter wp-image-9670\" src=\"https:\/\/uruguayaudiovisual.com\/wp-content\/uploads\/2020\/11\/JULIA.jpg\" alt=\"\" width=\"192\" height=\"278\" srcset=\"https:\/\/uruguayaudiovisual.com\/wp-content\/uploads\/2020\/11\/JULIA-200x290.jpg 200w, https:\/\/uruguayaudiovisual.com\/wp-content\/uploads\/2020\/11\/JULIA-207x300.jpg 207w, https:\/\/uruguayaudiovisual.com\/wp-content\/uploads\/2020\/11\/JULIA.jpg 267w\" sizes=\"(max-width: 192px) 100vw, 192px\" \/><\/a><\/p>\n<div style=\"text-align: center;\"><span style=\"color: var(--body_typography-color); font-family: var(--body_typography-font-family); font-size: var(--body_typography-font-size); font-style: var(--body_typography-font-style,normal); font-weight: var(--body_typography-font-weight); letter-spacing: var(--body_typography-letter-spacing);\">Julia<\/span><\/div>\n<\/div><\/div><\/div><div class=\"fusion-layout-column fusion_builder_column fusion-builder-column-30 fusion_builder_column_1_6 1_6 fusion-flex-column\" style=\"--awb-bg-size:cover;--awb-width-large:16.666666666667%;--awb-margin-top-large:0px;--awb-spacing-right-large:0px;--awb-margin-bottom-large:0px;--awb-spacing-left-large:0px;--awb-width-medium:100%;--awb-order-medium:0;--awb-spacing-right-medium:0px;--awb-spacing-left-medium:0px;--awb-width-small:100%;--awb-order-small:0;--awb-spacing-right-small:0px;--awb-spacing-left-small:0px;\"><div class=\"fusion-column-wrapper fusion-column-has-shadow fusion-flex-justify-content-flex-start fusion-content-layout-column\"><div class=\"fusion-text fusion-text-27\"><p><a href=\"https:\/\/cinando.com\/en\/Film\/the_lilies_379407\/Detail\" target=\"_blank\" rel=\"noopener noreferrer\"><img decoding=\"async\" class=\"aligncenter wp-image-9690\" src=\"https:\/\/uruguayaudiovisual.com\/wp-content\/uploads\/2020\/11\/LOS-LIRIOS-1.jpg\" alt=\"\" width=\"192\" height=\"278\" srcset=\"https:\/\/uruguayaudiovisual.com\/wp-content\/uploads\/2020\/11\/LOS-LIRIOS-1-200x290.jpg 200w, https:\/\/uruguayaudiovisual.com\/wp-content\/uploads\/2020\/11\/LOS-LIRIOS-1-207x300.jpg 207w, https:\/\/uruguayaudiovisual.com\/wp-content\/uploads\/2020\/11\/LOS-LIRIOS-1.jpg 267w\" sizes=\"(max-width: 192px) 100vw, 192px\" \/><\/a><\/p>\n<div style=\"text-align: center;\"><span style=\"color: var(--body_typography-color); font-family: var(--body_typography-font-family); font-size: var(--body_typography-font-size); font-style: var(--body_typography-font-style,normal); font-weight: var(--body_typography-font-weight); letter-spacing: var(--body_typography-letter-spacing);\">The Lilies<\/span><\/div>\n<\/div><\/div><\/div><div class=\"fusion-layout-column fusion_builder_column fusion-builder-column-31 fusion_builder_column_1_6 1_6 fusion-flex-column\" style=\"--awb-bg-size:cover;--awb-width-large:16.666666666667%;--awb-margin-top-large:0px;--awb-spacing-right-large:0px;--awb-margin-bottom-large:0px;--awb-spacing-left-large:0px;--awb-width-medium:100%;--awb-order-medium:0;--awb-spacing-right-medium:0px;--awb-spacing-left-medium:0px;--awb-width-small:100%;--awb-order-small:0;--awb-spacing-right-small:0px;--awb-spacing-left-small:0px;\"><div class=\"fusion-column-wrapper fusion-column-has-shadow fusion-flex-justify-content-flex-start fusion-content-layout-column\"><div class=\"fusion-text fusion-text-28\"><p style=\"text-align: center;\"><a href=\"https:\/\/cinando.com\/en\/Film\/carmen_vidal_female_detective_379365\/Detail\" target=\"_blank\" rel=\"noopener noreferrer\"><img decoding=\"async\" class=\"aligncenter wp-image-9649\" src=\"https:\/\/uruguayaudiovisual.com\/wp-content\/uploads\/2020\/11\/CARMEN-VIDAL-1.jpg\" alt=\"\" width=\"192\" height=\"278\" srcset=\"https:\/\/uruguayaudiovisual.com\/wp-content\/uploads\/2020\/11\/CARMEN-VIDAL-1-200x290.jpg 200w, https:\/\/uruguayaudiovisual.com\/wp-content\/uploads\/2020\/11\/CARMEN-VIDAL-1-207x300.jpg 207w, https:\/\/uruguayaudiovisual.com\/wp-content\/uploads\/2020\/11\/CARMEN-VIDAL-1.jpg 267w\" sizes=\"(max-width: 192px) 100vw, 192px\" \/><\/a>Carmen Vidal female detective<\/p>\n<\/div><\/div><\/div><div class=\"fusion-layout-column fusion_builder_column fusion-builder-column-32 fusion_builder_column_1_1 1_1 fusion-flex-column\" style=\"--awb-bg-size:cover;--awb-width-large:100%;--awb-margin-top-large:0px;--awb-spacing-right-large:0px;--awb-margin-bottom-large:0px;--awb-spacing-left-large:0px;--awb-width-medium:100%;--awb-order-medium:0;--awb-spacing-right-medium:0px;--awb-spacing-left-medium:0px;--awb-width-small:100%;--awb-order-small:0;--awb-spacing-right-small:0px;--awb-spacing-left-small:0px;\"><div class=\"fusion-column-wrapper fusion-column-has-shadow fusion-flex-justify-content-flex-start fusion-content-layout-column\"><div class=\"fusion-separator fusion-full-width-sep\" style=\"align-self: center;margin-left: auto;margin-right: auto;margin-top:0px;margin-bottom:0px;width:100%;\"><\/div><\/div><\/div><div class=\"fusion-layout-column fusion_builder_column fusion-builder-column-33 fusion_builder_column_1_6 1_6 fusion-flex-column\" style=\"--awb-bg-size:cover;--awb-width-large:16.666666666667%;--awb-margin-top-large:0px;--awb-spacing-right-large:0px;--awb-margin-bottom-large:0px;--awb-spacing-left-large:0px;--awb-width-medium:100%;--awb-order-medium:0;--awb-spacing-right-medium:0px;--awb-spacing-left-medium:0px;--awb-width-small:100%;--awb-order-small:0;--awb-spacing-right-small:0px;--awb-spacing-left-small:0px;\"><div class=\"fusion-column-wrapper fusion-column-has-shadow fusion-flex-justify-content-flex-start fusion-content-layout-column\"><div class=\"fusion-text fusion-text-29\"><p style=\"text-align: center;\"><a href=\"https:\/\/cinando.com\/en\/Film\/game__fish_379341\/Detail\" target=\"_blank\" rel=\"noopener noreferrer\"><img decoding=\"async\" class=\"aligncenter wp-image-9652\" src=\"https:\/\/uruguayaudiovisual.com\/wp-content\/uploads\/2020\/11\/CAZA-Y-PESCA.jpg\" alt=\"\" width=\"192\" height=\"278\" srcset=\"https:\/\/uruguayaudiovisual.com\/wp-content\/uploads\/2020\/11\/CAZA-Y-PESCA-200x290.jpg 200w, https:\/\/uruguayaudiovisual.com\/wp-content\/uploads\/2020\/11\/CAZA-Y-PESCA-207x300.jpg 207w, https:\/\/uruguayaudiovisual.com\/wp-content\/uploads\/2020\/11\/CAZA-Y-PESCA.jpg 267w\" sizes=\"(max-width: 192px) 100vw, 192px\" \/><\/a>Game and Fish<\/p>\n<\/div><\/div><\/div><div class=\"fusion-layout-column fusion_builder_column fusion-builder-column-34 fusion_builder_column_1_6 1_6 fusion-flex-column\" style=\"--awb-bg-size:cover;--awb-width-large:16.666666666667%;--awb-margin-top-large:0px;--awb-spacing-right-large:0px;--awb-margin-bottom-large:0px;--awb-spacing-left-large:0px;--awb-width-medium:100%;--awb-order-medium:0;--awb-spacing-right-medium:0px;--awb-spacing-left-medium:0px;--awb-width-small:100%;--awb-order-small:0;--awb-spacing-right-small:0px;--awb-spacing-left-small:0px;\"><div class=\"fusion-column-wrapper fusion-column-has-shadow fusion-flex-justify-content-flex-start fusion-content-layout-column\"><div class=\"fusion-text fusion-text-30\"><p style=\"text-align: center;\"><a href=\"https:\/\/cinando.com\/en\/Film\/the_plague_379330\/Detail\" target=\"_blank\" rel=\"noopener noreferrer\"><img decoding=\"async\" class=\"aligncenter wp-image-9673\" src=\"https:\/\/uruguayaudiovisual.com\/wp-content\/uploads\/2020\/11\/LA-PLAGA.jpg\" alt=\"\" width=\"192\" height=\"278\" srcset=\"https:\/\/uruguayaudiovisual.com\/wp-content\/uploads\/2020\/11\/LA-PLAGA-200x290.jpg 200w, https:\/\/uruguayaudiovisual.com\/wp-content\/uploads\/2020\/11\/LA-PLAGA-207x300.jpg 207w, https:\/\/uruguayaudiovisual.com\/wp-content\/uploads\/2020\/11\/LA-PLAGA.jpg 267w\" sizes=\"(max-width: 192px) 100vw, 192px\" \/><\/a>The Plague<\/p>\n<\/div><\/div><\/div><div class=\"fusion-layout-column fusion_builder_column fusion-builder-column-35 fusion_builder_column_1_6 1_6 fusion-flex-column\" style=\"--awb-bg-size:cover;--awb-width-large:16.666666666667%;--awb-margin-top-large:0px;--awb-spacing-right-large:0px;--awb-margin-bottom-large:0px;--awb-spacing-left-large:0px;--awb-width-medium:100%;--awb-order-medium:0;--awb-spacing-right-medium:0px;--awb-spacing-left-medium:0px;--awb-width-small:100%;--awb-order-small:0;--awb-spacing-right-small:0px;--awb-spacing-left-small:0px;\"><div class=\"fusion-column-wrapper fusion-column-has-shadow fusion-flex-justify-content-flex-start fusion-content-layout-column\"><div class=\"fusion-text fusion-text-31\"><p style=\"text-align: center;\"><a href=\"https:\/\/cinando.com\/en\/Film\/the_theft_of_the_eagle_379320\/Detail\" target=\"_blank\" rel=\"noopener noreferrer\"><img decoding=\"async\" class=\"aligncenter wp-image-9658\" src=\"https:\/\/uruguayaudiovisual.com\/wp-content\/uploads\/2020\/11\/EL-ROBO-DEL-AGUILA.jpg\" alt=\"\" width=\"192\" height=\"278\" srcset=\"https:\/\/uruguayaudiovisual.com\/wp-content\/uploads\/2020\/11\/EL-ROBO-DEL-AGUILA-200x290.jpg 200w, https:\/\/uruguayaudiovisual.com\/wp-content\/uploads\/2020\/11\/EL-ROBO-DEL-AGUILA-207x300.jpg 207w, https:\/\/uruguayaudiovisual.com\/wp-content\/uploads\/2020\/11\/EL-ROBO-DEL-AGUILA.jpg 267w\" sizes=\"(max-width: 192px) 100vw, 192px\" \/><\/a>The theft of The Eagle<\/p>\n<\/div><\/div><\/div><div class=\"fusion-layout-column fusion_builder_column fusion-builder-column-36 fusion_builder_column_1_6 1_6 fusion-flex-column\" style=\"--awb-bg-size:cover;--awb-width-large:16.666666666667%;--awb-margin-top-large:0px;--awb-spacing-right-large:0px;--awb-margin-bottom-large:0px;--awb-spacing-left-large:0px;--awb-width-medium:100%;--awb-order-medium:0;--awb-spacing-right-medium:0px;--awb-spacing-left-medium:0px;--awb-width-small:100%;--awb-order-small:0;--awb-spacing-right-small:0px;--awb-spacing-left-small:0px;\"><div class=\"fusion-column-wrapper fusion-column-has-shadow fusion-flex-justify-content-flex-start fusion-content-layout-column\"><div class=\"fusion-text fusion-text-32\"><p style=\"text-align: center;\"><a href=\"https:\/\/cinando.com\/en\/Film\/the_signing_379318\/Detail\" target=\"_blank\" rel=\"noopener noreferrer\"><img decoding=\"async\" class=\"aligncenter wp-image-9655\" src=\"https:\/\/uruguayaudiovisual.com\/wp-content\/uploads\/2020\/11\/EL-FICHAJE.jpg\" alt=\"\" width=\"192\" height=\"278\" srcset=\"https:\/\/uruguayaudiovisual.com\/wp-content\/uploads\/2020\/11\/EL-FICHAJE-200x290.jpg 200w, https:\/\/uruguayaudiovisual.com\/wp-content\/uploads\/2020\/11\/EL-FICHAJE-207x300.jpg 207w, https:\/\/uruguayaudiovisual.com\/wp-content\/uploads\/2020\/11\/EL-FICHAJE.jpg 267w\" sizes=\"(max-width: 192px) 100vw, 192px\" \/><\/a>The Signing<\/p>\n<\/div><\/div><\/div><div class=\"fusion-layout-column fusion_builder_column fusion-builder-column-37 fusion_builder_column_1_6 1_6 fusion-flex-column\" style=\"--awb-bg-size:cover;--awb-width-large:16.666666666667%;--awb-margin-top-large:0px;--awb-spacing-right-large:0px;--awb-margin-bottom-large:0px;--awb-spacing-left-large:0px;--awb-width-medium:100%;--awb-order-medium:0;--awb-spacing-right-medium:0px;--awb-spacing-left-medium:0px;--awb-width-small:100%;--awb-order-small:0;--awb-spacing-right-small:0px;--awb-spacing-left-small:0px;\"><div class=\"fusion-column-wrapper fusion-column-has-shadow fusion-flex-justify-content-flex-start fusion-content-layout-column\"><div class=\"fusion-text fusion-text-33\"><p style=\"text-align: center;\"><a href=\"https:\/\/cinando.com\/en\/Film\/ali_socrates_379314\/Detail\" target=\"_blank\" rel=\"noopener noreferrer\"><img decoding=\"async\" class=\"aligncenter wp-image-9643\" src=\"https:\/\/uruguayaudiovisual.com\/wp-content\/uploads\/2020\/11\/ALI-SOCRATES.jpg\" alt=\"\" width=\"192\" height=\"278\" srcset=\"https:\/\/uruguayaudiovisual.com\/wp-content\/uploads\/2020\/11\/ALI-SOCRATES-200x290.jpg 200w, https:\/\/uruguayaudiovisual.com\/wp-content\/uploads\/2020\/11\/ALI-SOCRATES-207x300.jpg 207w, https:\/\/uruguayaudiovisual.com\/wp-content\/uploads\/2020\/11\/ALI-SOCRATES.jpg 267w\" sizes=\"(max-width: 192px) 100vw, 192px\" \/><\/a>Ali Socrates<\/p>\n<\/div><\/div><\/div><div class=\"fusion-layout-column fusion_builder_column fusion-builder-column-38 fusion_builder_column_1_6 1_6 fusion-flex-column\" style=\"--awb-bg-size:cover;--awb-width-large:16.666666666667%;--awb-margin-top-large:0px;--awb-spacing-right-large:0px;--awb-margin-bottom-large:0px;--awb-spacing-left-large:0px;--awb-width-medium:100%;--awb-order-medium:0;--awb-spacing-right-medium:0px;--awb-spacing-left-medium:0px;--awb-width-small:100%;--awb-order-small:0;--awb-spacing-right-small:0px;--awb-spacing-left-small:0px;\"><div class=\"fusion-column-wrapper fusion-column-has-shadow fusion-flex-justify-content-flex-start fusion-content-layout-column\"><div class=\"fusion-text fusion-text-34\"><p style=\"text-align: center;\"><a href=\"https:\/\/cinando.com\/en\/Film\/hound_379308\/Detail\" target=\"_blank\" rel=\"noopener noreferrer\"><img decoding=\"async\" class=\"aligncenter wp-image-9667\" src=\"https:\/\/uruguayaudiovisual.com\/wp-content\/uploads\/2020\/11\/HOUND.jpg\" alt=\"\" width=\"192\" height=\"278\" srcset=\"https:\/\/uruguayaudiovisual.com\/wp-content\/uploads\/2020\/11\/HOUND-200x290.jpg 200w, https:\/\/uruguayaudiovisual.com\/wp-content\/uploads\/2020\/11\/HOUND-207x300.jpg 207w, https:\/\/uruguayaudiovisual.com\/wp-content\/uploads\/2020\/11\/HOUND.jpg 267w\" sizes=\"(max-width: 192px) 100vw, 192px\" \/><\/a>Hound<\/p>\n<\/div><\/div><\/div><div class=\"fusion-layout-column fusion_builder_column fusion-builder-column-39 fusion_builder_column_1_1 1_1 fusion-flex-column\" style=\"--awb-bg-size:cover;--awb-width-large:100%;--awb-margin-top-large:0px;--awb-spacing-right-large:0px;--awb-margin-bottom-large:0px;--awb-spacing-left-large:0px;--awb-width-medium:100%;--awb-order-medium:0;--awb-spacing-right-medium:0px;--awb-spacing-left-medium:0px;--awb-width-small:100%;--awb-order-small:0;--awb-spacing-right-small:0px;--awb-spacing-left-small:0px;\"><div class=\"fusion-column-wrapper fusion-column-has-shadow fusion-flex-justify-content-flex-start fusion-content-layout-column\"><div class=\"fusion-separator fusion-full-width-sep\" style=\"align-self: center;margin-left: auto;margin-right: auto;margin-top:0px;margin-bottom:0px;width:100%;\"><\/div><\/div><\/div><div class=\"fusion-layout-column fusion_builder_column fusion-builder-column-40 fusion_builder_column_1_6 1_6 fusion-flex-column\" style=\"--awb-bg-size:cover;--awb-width-large:16.666666666667%;--awb-margin-top-large:0px;--awb-spacing-right-large:0px;--awb-margin-bottom-large:0px;--awb-spacing-left-large:0px;--awb-width-medium:100%;--awb-order-medium:0;--awb-spacing-right-medium:0px;--awb-spacing-left-medium:0px;--awb-width-small:100%;--awb-order-small:0;--awb-spacing-right-small:0px;--awb-spacing-left-small:0px;\"><div class=\"fusion-column-wrapper fusion-column-has-shadow fusion-flex-justify-content-flex-start fusion-content-layout-column\"><div class=\"fusion-text fusion-text-35\"><p style=\"text-align: center;\"><a href=\"https:\/\/cinando.com\/en\/Film\/light_years_379276\/Detail\" target=\"_blank\" rel=\"noopener nofollow noreferrer\"><img decoding=\"async\" class=\"aligncenter wp-image-9646\" src=\"https:\/\/uruguayaudiovisual.com\/wp-content\/uploads\/2020\/11\/ANOS-LUZ.jpg\" alt=\"\" width=\"192\" height=\"278\" srcset=\"https:\/\/uruguayaudiovisual.com\/wp-content\/uploads\/2020\/11\/ANOS-LUZ-200x290.jpg 200w, https:\/\/uruguayaudiovisual.com\/wp-content\/uploads\/2020\/11\/ANOS-LUZ-207x300.jpg 207w, https:\/\/uruguayaudiovisual.com\/wp-content\/uploads\/2020\/11\/ANOS-LUZ.jpg 267w\" sizes=\"(max-width: 192px) 100vw, 192px\" \/><\/a>Light years<\/p>\n<\/div><\/div><\/div><div class=\"fusion-layout-column fusion_builder_column fusion-builder-column-41 fusion_builder_column_1_6 1_6 fusion-flex-column\" style=\"--awb-bg-size:cover;--awb-width-large:16.666666666667%;--awb-margin-top-large:0px;--awb-spacing-right-large:0px;--awb-margin-bottom-large:0px;--awb-spacing-left-large:0px;--awb-width-medium:100%;--awb-order-medium:0;--awb-spacing-right-medium:0px;--awb-spacing-left-medium:0px;--awb-width-small:100%;--awb-order-small:0;--awb-spacing-right-small:0px;--awb-spacing-left-small:0px;\"><div class=\"fusion-column-wrapper fusion-column-has-shadow fusion-flex-justify-content-flex-start fusion-content-layout-column\"><div class=\"fusion-text fusion-text-36\"><p style=\"text-align: center;\"><a href=\"https:\/\/cinando.com\/en\/Film\/roofs_music_30_379204\/Detail\" target=\"_blank\" rel=\"noopener nofollow noreferrer\"><img decoding=\"async\" class=\"aligncenter wp-image-9685\" src=\"https:\/\/uruguayaudiovisual.com\/wp-content\/uploads\/2020\/11\/ROOFS.jpg\" alt=\"\" width=\"192\" height=\"278\" srcset=\"https:\/\/uruguayaudiovisual.com\/wp-content\/uploads\/2020\/11\/ROOFS-200x290.jpg 200w, https:\/\/uruguayaudiovisual.com\/wp-content\/uploads\/2020\/11\/ROOFS-207x300.jpg 207w, https:\/\/uruguayaudiovisual.com\/wp-content\/uploads\/2020\/11\/ROOFS.jpg 267w\" sizes=\"(max-width: 192px) 100vw, 192px\" \/><\/a>Roofs: Music 3.0<\/p>\n<\/div><\/div><\/div><div class=\"fusion-layout-column fusion_builder_column fusion-builder-column-42 fusion_builder_column_1_6 1_6 fusion-flex-column\" style=\"--awb-bg-size:cover;--awb-width-large:16.666666666667%;--awb-margin-top-large:0px;--awb-spacing-right-large:0px;--awb-margin-bottom-large:0px;--awb-spacing-left-large:0px;--awb-width-medium:100%;--awb-order-medium:0;--awb-spacing-right-medium:0px;--awb-spacing-left-medium:0px;--awb-width-small:100%;--awb-order-small:0;--awb-spacing-right-small:0px;--awb-spacing-left-small:0px;\"><div class=\"fusion-column-wrapper fusion-column-has-shadow fusion-flex-justify-content-flex-start fusion-content-layout-column\"><div class=\"fusion-text fusion-text-37\"><p style=\"text-align: center;\"><a href=\"https:\/\/cinando.com\/en\/Film\/it%C2%B4s_a_appa_379196\/Detail\" target=\"_blank\" rel=\"noopener nofollow noreferrer\"><img decoding=\"async\" class=\"aligncenter wp-image-9661\" src=\"https:\/\/uruguayaudiovisual.com\/wp-content\/uploads\/2020\/11\/ES-UNA-PAPA.jpg\" alt=\"\" width=\"192\" height=\"278\" srcset=\"https:\/\/uruguayaudiovisual.com\/wp-content\/uploads\/2020\/11\/ES-UNA-PAPA-200x290.jpg 200w, https:\/\/uruguayaudiovisual.com\/wp-content\/uploads\/2020\/11\/ES-UNA-PAPA-207x300.jpg 207w, https:\/\/uruguayaudiovisual.com\/wp-content\/uploads\/2020\/11\/ES-UNA-PAPA.jpg 267w\" sizes=\"(max-width: 192px) 100vw, 192px\" \/><\/a>It&#8217;s a APPA<\/p>\n<\/div><\/div><\/div><div class=\"fusion-layout-column fusion_builder_column fusion-builder-column-43 fusion_builder_column_1_6 1_6 fusion-flex-column\" style=\"--awb-bg-size:cover;--awb-width-large:16.666666666667%;--awb-margin-top-large:0px;--awb-spacing-right-large:0px;--awb-margin-bottom-large:0px;--awb-spacing-left-large:0px;--awb-width-medium:100%;--awb-order-medium:0;--awb-spacing-right-medium:0px;--awb-spacing-left-medium:0px;--awb-width-small:100%;--awb-order-small:0;--awb-spacing-right-small:0px;--awb-spacing-left-small:0px;\"><div class=\"fusion-column-wrapper fusion-column-has-shadow fusion-flex-justify-content-flex-start fusion-content-layout-column\"><div class=\"fusion-text fusion-text-38\"><p style=\"text-align: center;\"><a href=\"https:\/\/cinando.com\/en\/Film\/reaching_for_the_moon_379131\/Detail\" target=\"_blank\" rel=\"noopener nofollow noreferrer\"><img decoding=\"async\" class=\"aligncenter wp-image-9632\" src=\"https:\/\/uruguayaudiovisual.com\/wp-content\/uploads\/2020\/11\/ALCANZANDO-LA-LULA.jpg\" alt=\"\" width=\"192\" height=\"278\" srcset=\"https:\/\/uruguayaudiovisual.com\/wp-content\/uploads\/2020\/11\/ALCANZANDO-LA-LULA-200x290.jpg 200w, https:\/\/uruguayaudiovisual.com\/wp-content\/uploads\/2020\/11\/ALCANZANDO-LA-LULA-207x300.jpg 207w, https:\/\/uruguayaudiovisual.com\/wp-content\/uploads\/2020\/11\/ALCANZANDO-LA-LULA.jpg 267w\" sizes=\"(max-width: 192px) 100vw, 192px\" \/><\/a>Reaching for the moon<\/p>\n<\/div><\/div><\/div><div class=\"fusion-layout-column fusion_builder_column fusion-builder-column-44 fusion_builder_column_1_6 1_6 fusion-flex-column\" style=\"--awb-bg-size:cover;--awb-width-large:16.666666666667%;--awb-margin-top-large:0px;--awb-spacing-right-large:0px;--awb-margin-bottom-large:0px;--awb-spacing-left-large:0px;--awb-width-medium:100%;--awb-order-medium:0;--awb-spacing-right-medium:0px;--awb-spacing-left-medium:0px;--awb-width-small:100%;--awb-order-small:0;--awb-spacing-right-small:0px;--awb-spacing-left-small:0px;\"><div class=\"fusion-column-wrapper fusion-column-has-shadow fusion-flex-justify-content-flex-start fusion-content-layout-column\"><div class=\"fusion-text fusion-text-39\"><p style=\"text-align: center;\"><a href=\"https:\/\/cinando.com\/en\/Film\/for_gods_sake_379106\/Detail\" target=\"_blank\" rel=\"noopener nofollow noreferrer\"><img decoding=\"async\" class=\"aligncenter\" src=\"https:\/\/dauvsy92u4wdt.cloudfront.net\/fit-in\/267x388\/prod\/film\/1707196.jpg?width=267&amp;height=388&amp;404=no-img-product.jpg\" alt=\"\" width=\"192\" height=\"278\" \/><\/a>For God&#8217;s sake<\/p>\n<\/div><\/div><\/div><div class=\"fusion-layout-column fusion_builder_column fusion-builder-column-45 fusion_builder_column_1_6 1_6 fusion-flex-column\" style=\"--awb-bg-size:cover;--awb-width-large:16.666666666667%;--awb-margin-top-large:0px;--awb-spacing-right-large:0px;--awb-margin-bottom-large:0px;--awb-spacing-left-large:0px;--awb-width-medium:100%;--awb-order-medium:0;--awb-spacing-right-medium:0px;--awb-spacing-left-medium:0px;--awb-width-small:100%;--awb-order-small:0;--awb-spacing-right-small:0px;--awb-spacing-left-small:0px;\"><div class=\"fusion-column-wrapper fusion-column-has-shadow fusion-flex-justify-content-flex-start fusion-content-layout-column\"><div class=\"fusion-text fusion-text-40\"><p style=\"text-align: center;\"><a href=\"https:\/\/cinando.com\/en\/Film\/the_anniversary_379085\/Detail\" target=\"_blank\" rel=\"noopener nofollow noreferrer\"><img decoding=\"async\" class=\"aligncenter\" src=\"https:\/\/dauvsy92u4wdt.cloudfront.net\/fit-in\/267x388\/prod\/film\/1707061.jpg?width=267&amp;height=388&amp;404=no-img-product.jpg\" alt=\"\" width=\"192\" height=\"278\" \/><\/a>The anniversary<\/p>\n<\/div><\/div><\/div><div class=\"fusion-layout-column fusion_builder_column fusion-builder-column-46 fusion_builder_column_1_1 1_1 fusion-flex-column\" style=\"--awb-bg-size:cover;--awb-width-large:100%;--awb-margin-top-large:0px;--awb-spacing-right-large:0px;--awb-margin-bottom-large:0px;--awb-spacing-left-large:0px;--awb-width-medium:100%;--awb-order-medium:0;--awb-spacing-right-medium:0px;--awb-spacing-left-medium:0px;--awb-width-small:100%;--awb-order-small:0;--awb-spacing-right-small:0px;--awb-spacing-left-small:0px;\"><div class=\"fusion-column-wrapper fusion-column-has-shadow fusion-flex-justify-content-flex-start fusion-content-layout-column\"><div class=\"fusion-separator fusion-full-width-sep\" style=\"align-self: center;margin-left: auto;margin-right: auto;margin-top:0px;margin-bottom:0px;width:100%;\"><\/div><\/div><\/div><div class=\"fusion-layout-column fusion_builder_column fusion-builder-column-47 fusion_builder_column_1_6 1_6 fusion-flex-column\" style=\"--awb-bg-size:cover;--awb-width-large:16.666666666667%;--awb-margin-top-large:0px;--awb-spacing-right-large:0px;--awb-margin-bottom-large:0px;--awb-spacing-left-large:0px;--awb-width-medium:100%;--awb-order-medium:0;--awb-spacing-right-medium:0px;--awb-spacing-left-medium:0px;--awb-width-small:100%;--awb-order-small:0;--awb-spacing-right-small:0px;--awb-spacing-left-small:0px;\"><div class=\"fusion-column-wrapper fusion-column-has-shadow fusion-flex-justify-content-flex-start fusion-content-layout-column\"><div class=\"fusion-text fusion-text-41\"><p style=\"text-align: center;\"><a href=\"https:\/\/cinando.com\/en\/Film\/straight_to_video_378994\/Detail\" target=\"_blank\" rel=\"noopener nofollow noreferrer\"><img decoding=\"async\" class=\"aligncenter\" src=\"https:\/\/dauvsy92u4wdt.cloudfront.net\/fit-in\/267x388\/prod\/film\/1706046.jpg\" alt=\"\" width=\"192\" height=\"278\" \/><\/a>Straight to video<\/p>\n<\/div><\/div><\/div><div class=\"fusion-layout-column fusion_builder_column fusion-builder-column-48 fusion_builder_column_1_6 1_6 fusion-flex-column\" style=\"--awb-bg-size:cover;--awb-width-large:16.666666666667%;--awb-margin-top-large:0px;--awb-spacing-right-large:0px;--awb-margin-bottom-large:0px;--awb-spacing-left-large:0px;--awb-width-medium:100%;--awb-order-medium:0;--awb-spacing-right-medium:0px;--awb-spacing-left-medium:0px;--awb-width-small:100%;--awb-order-small:0;--awb-spacing-right-small:0px;--awb-spacing-left-small:0px;\"><div class=\"fusion-column-wrapper fusion-column-has-shadow fusion-flex-justify-content-flex-start fusion-content-layout-column\"><div class=\"fusion-text fusion-text-42\"><p style=\"text-align: center;\"><a href=\"https:\/\/cinando.com\/en\/Film\/candombe%C2%B4s_songs_378875\/Detail\" target=\"_blank\" rel=\"noopener nofollow noreferrer\"><img decoding=\"async\" class=\"aligncenter\" src=\"https:\/\/dauvsy92u4wdt.cloudfront.net\/fit-in\/267x388\/prod\/film\/1705687.jpg\" alt=\"\" width=\"192\" height=\"387\" \/><\/a>Candombe&#8217;s songs<\/p>\n<\/div><\/div><\/div><div class=\"fusion-layout-column fusion_builder_column fusion-builder-column-49 fusion_builder_column_1_6 1_6 fusion-flex-column\" style=\"--awb-bg-size:cover;--awb-width-large:16.666666666667%;--awb-margin-top-large:0px;--awb-spacing-right-large:0px;--awb-margin-bottom-large:0px;--awb-spacing-left-large:0px;--awb-width-medium:100%;--awb-order-medium:0;--awb-spacing-right-medium:0px;--awb-spacing-left-medium:0px;--awb-width-small:100%;--awb-order-small:0;--awb-spacing-right-small:0px;--awb-spacing-left-small:0px;\"><div class=\"fusion-column-wrapper fusion-column-has-shadow fusion-flex-justify-content-flex-start fusion-content-layout-column\"><div class=\"fusion-text fusion-text-43\"><p style=\"text-align: center;\"><a href=\"https:\/\/cinando.com\/en\/Film\/i_argelian_378870\/Detail\" target=\"_blank\" rel=\"noopener nofollow noreferrer\"><img decoding=\"async\" class=\"aligncenter\" src=\"https:\/\/dauvsy92u4wdt.cloudfront.net\/fit-in\/267x388\/prod\/film\/1704943.jpeg\" alt=\"\" width=\"192\" height=\"278\" \/><\/a>I, Argelian<\/p>\n<\/div><\/div><\/div><div class=\"fusion-layout-column fusion_builder_column fusion-builder-column-50 fusion_builder_column_1_6 1_6 fusion-flex-column\" style=\"--awb-bg-size:cover;--awb-width-large:16.666666666667%;--awb-margin-top-large:0px;--awb-spacing-right-large:0px;--awb-margin-bottom-large:0px;--awb-spacing-left-large:0px;--awb-width-medium:100%;--awb-order-medium:0;--awb-spacing-right-medium:0px;--awb-spacing-left-medium:0px;--awb-width-small:100%;--awb-order-small:0;--awb-spacing-right-small:0px;--awb-spacing-left-small:0px;\"><div class=\"fusion-column-wrapper fusion-column-has-shadow fusion-flex-justify-content-flex-start fusion-content-layout-column\"><div class=\"fusion-text fusion-text-44\"><p style=\"text-align: center;\"><a href=\"https:\/\/cinando.com\/en\/Film\/bosco_378719\/Detail\" target=\"_blank\" rel=\"noopener nofollow noreferrer\"><img decoding=\"async\" class=\"aligncenter wp-image-9403\" src=\"https:\/\/uruguayaudiovisual.com\/wp-content\/uploads\/2020\/11\/bosco.jpg\" alt=\"\" width=\"192\" height=\"378\" \/><\/a>Bosco<\/p>\n<\/div><\/div><\/div><div class=\"fusion-layout-column fusion_builder_column fusion-builder-column-51 fusion_builder_column_1_6 1_6 fusion-flex-column\" style=\"--awb-bg-size:cover;--awb-width-large:16.666666666667%;--awb-margin-top-large:0px;--awb-spacing-right-large:0px;--awb-margin-bottom-large:0px;--awb-spacing-left-large:0px;--awb-width-medium:100%;--awb-order-medium:0;--awb-spacing-right-medium:0px;--awb-spacing-left-medium:0px;--awb-width-small:100%;--awb-order-small:0;--awb-spacing-right-small:0px;--awb-spacing-left-small:0px;\"><div class=\"fusion-column-wrapper fusion-column-has-shadow fusion-flex-justify-content-flex-start fusion-content-layout-column\"><div class=\"fusion-text fusion-text-45\"><p style=\"text-align: center;\"><a href=\"https:\/\/cinando.com\/en\/Film\/the_last_youtuber_378694\/Detail\" target=\"_blank\" rel=\"noopener nofollow noreferrer\"><img decoding=\"async\" class=\"aligncenter\" src=\"https:\/\/dauvsy92u4wdt.cloudfront.net\/fit-in\/267x388\/prod\/film\/1703242.jpg\" alt=\"\" width=\"192\" height=\"378\" \/><\/a>The last youtuber<\/p>\n<\/div><\/div><\/div><div class=\"fusion-layout-column fusion_builder_column fusion-builder-column-52 fusion_builder_column_1_6 1_6 fusion-flex-column\" style=\"--awb-bg-size:cover;--awb-width-large:16.666666666667%;--awb-margin-top-large:0px;--awb-spacing-right-large:0px;--awb-margin-bottom-large:0px;--awb-spacing-left-large:0px;--awb-width-medium:100%;--awb-order-medium:0;--awb-spacing-right-medium:0px;--awb-spacing-left-medium:0px;--awb-width-small:100%;--awb-order-small:0;--awb-spacing-right-small:0px;--awb-spacing-left-small:0px;\"><div class=\"fusion-column-wrapper fusion-column-has-shadow fusion-flex-justify-content-flex-start fusion-content-layout-column\"><div class=\"fusion-text fusion-text-46\"><p style=\"text-align: center;\"><a href=\"https:\/\/cinando.com\/en\/Film\/the_broken_glass_theory_378693\/Detail\" target=\"_blank\" rel=\"noopener noreferrer\"><img decoding=\"async\" class=\"aligncenter\" src=\"https:\/\/dauvsy92u4wdt.cloudfront.net\/fit-in\/267x388\/prod\/film\/1711265.jpg\" alt=\"\" width=\"192\" height=\"387\" \/><\/a>The broken glass theory<\/p>\n<\/div><\/div><\/div><div class=\"fusion-layout-column fusion_builder_column fusion-builder-column-53 fusion_builder_column_1_1 1_1 fusion-flex-column\" style=\"--awb-bg-size:cover;--awb-width-large:100%;--awb-margin-top-large:0px;--awb-spacing-right-large:0px;--awb-margin-bottom-large:0px;--awb-spacing-left-large:0px;--awb-width-medium:100%;--awb-order-medium:0;--awb-spacing-right-medium:0px;--awb-spacing-left-medium:0px;--awb-width-small:100%;--awb-order-small:0;--awb-spacing-right-small:0px;--awb-spacing-left-small:0px;\"><div class=\"fusion-column-wrapper fusion-column-has-shadow fusion-flex-justify-content-flex-start fusion-content-layout-column\"><div class=\"fusion-separator fusion-full-width-sep\" style=\"align-self: center;margin-left: auto;margin-right: auto;margin-top:0px;margin-bottom:0px;width:100%;\"><\/div><\/div><\/div><div class=\"fusion-layout-column fusion_builder_column fusion-builder-column-54 fusion_builder_column_1_6 1_6 fusion-flex-column\" style=\"--awb-bg-size:cover;--awb-width-large:16.666666666667%;--awb-margin-top-large:0px;--awb-spacing-right-large:0px;--awb-margin-bottom-large:0px;--awb-spacing-left-large:0px;--awb-width-medium:100%;--awb-order-medium:0;--awb-spacing-right-medium:0px;--awb-spacing-left-medium:0px;--awb-width-small:100%;--awb-order-small:0;--awb-spacing-right-small:0px;--awb-spacing-left-small:0px;\"><div class=\"fusion-column-wrapper fusion-column-has-shadow fusion-flex-justify-content-flex-start fusion-content-layout-column\"><div class=\"fusion-text fusion-text-47\"><p style=\"text-align: center;\"><a href=\"https:\/\/cinando.com\/en\/Film\/badmom_378678\/Detail\" target=\"_blank\" rel=\"noopener nofollow noreferrer\"><img decoding=\"async\" class=\"aligncenter\" src=\"https:\/\/dauvsy92u4wdt.cloudfront.net\/fit-in\/267x388\/prod\/film\/1703080.jpg\" alt=\"\" width=\"192\" height=\"387\" \/><\/a>Badmom<\/p>\n<\/div><\/div><\/div><div class=\"fusion-layout-column fusion_builder_column fusion-builder-column-55 fusion_builder_column_1_6 1_6 fusion-flex-column\" style=\"--awb-bg-size:cover;--awb-width-large:16.666666666667%;--awb-margin-top-large:0px;--awb-spacing-right-large:0px;--awb-margin-bottom-large:0px;--awb-spacing-left-large:0px;--awb-width-medium:100%;--awb-order-medium:0;--awb-spacing-right-medium:0px;--awb-spacing-left-medium:0px;--awb-width-small:100%;--awb-order-small:0;--awb-spacing-right-small:0px;--awb-spacing-left-small:0px;\"><div class=\"fusion-column-wrapper fusion-column-has-shadow fusion-flex-justify-content-flex-start fusion-content-layout-column\"><div class=\"fusion-text fusion-text-48\"><p style=\"text-align: center;\"><a href=\"https:\/\/cinando.com\/en\/Film\/the_visitor_377526\/Detail\" target=\"_blank\" rel=\"noopener nofollow noreferrer\"><img decoding=\"async\" class=\"aligncenter\" src=\"https:\/\/dauvsy92u4wdt.cloudfront.net\/fit-in\/267x388\/prod\/film\/1706253.jpg\" alt=\"\" width=\"192\" height=\"387\" \/><\/a>The visitor<\/p>\n<\/div><\/div><\/div><div class=\"fusion-layout-column fusion_builder_column fusion-builder-column-56 fusion_builder_column_1_6 1_6 fusion-flex-column\" style=\"--awb-bg-size:cover;--awb-width-large:16.666666666667%;--awb-margin-top-large:0px;--awb-spacing-right-large:0px;--awb-margin-bottom-large:0px;--awb-spacing-left-large:0px;--awb-width-medium:100%;--awb-order-medium:0;--awb-spacing-right-medium:0px;--awb-spacing-left-medium:0px;--awb-width-small:100%;--awb-order-small:0;--awb-spacing-right-small:0px;--awb-spacing-left-small:0px;\"><div class=\"fusion-column-wrapper fusion-column-has-shadow fusion-flex-justify-content-flex-start fusion-content-layout-column\"><div class=\"fusion-text fusion-text-49\"><p style=\"text-align: center;\"><a href=\"https:\/\/cinando.com\/en\/Film\/exodus_our_inner_self_as_a_battlefield_377107\/Detail\" target=\"_blank\" rel=\"noopener nofollow noreferrer\"><img decoding=\"async\" class=\"aligncenter\" src=\"https:\/\/dauvsy92u4wdt.cloudfront.net\/fit-in\/267x388\/prod\/film\/1709681.jpg?width=267&amp;height=388&amp;404=no-img-product.jpg\" alt=\"\" width=\"192\" height=\"387\" \/><\/a>Exodus<\/p>\n<\/div><\/div><\/div><div class=\"fusion-layout-column fusion_builder_column fusion-builder-column-57 fusion_builder_column_1_6 1_6 fusion-flex-column\" style=\"--awb-bg-size:cover;--awb-width-large:16.666666666667%;--awb-margin-top-large:0px;--awb-spacing-right-large:0px;--awb-margin-bottom-large:0px;--awb-spacing-left-large:0px;--awb-width-medium:100%;--awb-order-medium:0;--awb-spacing-right-medium:0px;--awb-spacing-left-medium:0px;--awb-width-small:100%;--awb-order-small:0;--awb-spacing-right-small:0px;--awb-spacing-left-small:0px;\"><div class=\"fusion-column-wrapper fusion-column-has-shadow fusion-flex-justify-content-flex-start fusion-content-layout-column\"><div class=\"fusion-text fusion-text-50\"><p style=\"text-align: center;\"><a href=\"https:\/\/cinando.com\/en\/Film\/the_rock__the_sea_372311\/Detail\" target=\"_blank\" rel=\"noopener nofollow noreferrer\"><img decoding=\"async\" class=\"aligncenter\" src=\"https:\/\/dauvsy92u4wdt.cloudfront.net\/fit-in\/267x388\/prod\/film\/1646948.jpg\" alt=\"\" width=\"192\" height=\"387\" \/><\/a>The rock and the sea<\/p>\n<\/div><\/div><\/div><div class=\"fusion-layout-column fusion_builder_column fusion-builder-column-58 fusion_builder_column_1_6 1_6 fusion-flex-column\" style=\"--awb-bg-size:cover;--awb-width-large:16.666666666667%;--awb-margin-top-large:0px;--awb-spacing-right-large:0px;--awb-margin-bottom-large:0px;--awb-spacing-left-large:0px;--awb-width-medium:100%;--awb-order-medium:0;--awb-spacing-right-medium:0px;--awb-spacing-left-medium:0px;--awb-width-small:100%;--awb-order-small:0;--awb-spacing-right-small:0px;--awb-spacing-left-small:0px;\"><div class=\"fusion-column-wrapper fusion-column-has-shadow fusion-flex-justify-content-flex-start fusion-content-layout-column\"><div class=\"fusion-text fusion-text-51\"><p style=\"text-align: center;\"><a href=\"https:\/\/cinando.com\/en\/Film\/emptiness_370679\/Detail\" target=\"_blank\" rel=\"noopener nofollow noreferrer\"><img decoding=\"async\" class=\"aligncenter\" src=\"https:\/\/dauvsy92u4wdt.cloudfront.net\/fit-in\/267x388\/prod\/film\/1630521.jpg?width=267&amp;height=388&amp;404=no-img-product.jpg\" alt=\"\" width=\"192\" height=\"387\" \/><\/a>Emptiness<\/p>\n<\/div><\/div><\/div><div class=\"fusion-layout-column fusion_builder_column fusion-builder-column-59 fusion_builder_column_1_6 1_6 fusion-flex-column\" style=\"--awb-bg-size:cover;--awb-width-large:16.666666666667%;--awb-margin-top-large:0px;--awb-spacing-right-large:0px;--awb-margin-bottom-large:0px;--awb-spacing-left-large:0px;--awb-width-medium:100%;--awb-order-medium:0;--awb-spacing-right-medium:0px;--awb-spacing-left-medium:0px;--awb-width-small:100%;--awb-order-small:0;--awb-spacing-right-small:0px;--awb-spacing-left-small:0px;\"><div class=\"fusion-column-wrapper fusion-column-has-shadow fusion-flex-justify-content-flex-start fusion-content-layout-column\"><div class=\"fusion-text fusion-text-52\"><p style=\"text-align: center;\"><a href=\"https:\/\/cinando.com\/en\/Film\/euridice_far_away_370296\/Detail\" target=\"_blank\" rel=\"noopener noreferrer\"><img decoding=\"async\" class=\"aligncenter\" src=\"https:\/\/dauvsy92u4wdt.cloudfront.net\/fit-in\/267x388\/prod\/film\/1628188.jpg\" alt=\"\" width=\"192\" height=\"387\" \/><\/a>Eur\u00eddice, far away&#8230;<\/p>\n<\/div><\/div><\/div><div class=\"fusion-layout-column fusion_builder_column fusion-builder-column-60 fusion_builder_column_1_1 1_1 fusion-flex-column\" style=\"--awb-bg-size:cover;--awb-width-large:100%;--awb-margin-top-large:0px;--awb-spacing-right-large:0px;--awb-margin-bottom-large:0px;--awb-spacing-left-large:0px;--awb-width-medium:100%;--awb-order-medium:0;--awb-spacing-right-medium:0px;--awb-spacing-left-medium:0px;--awb-width-small:100%;--awb-order-small:0;--awb-spacing-right-small:0px;--awb-spacing-left-small:0px;\"><div class=\"fusion-column-wrapper fusion-column-has-shadow fusion-flex-justify-content-flex-start fusion-content-layout-column\"><div class=\"fusion-separator fusion-full-width-sep\" style=\"align-self: center;margin-left: auto;margin-right: auto;margin-top:0px;margin-bottom:0px;width:100%;\"><\/div><\/div><\/div><div class=\"fusion-layout-column fusion_builder_column fusion-builder-column-61 fusion_builder_column_1_6 1_6 fusion-flex-column\" style=\"--awb-bg-size:cover;--awb-width-large:16.666666666667%;--awb-margin-top-large:0px;--awb-spacing-right-large:0px;--awb-margin-bottom-large:0px;--awb-spacing-left-large:0px;--awb-width-medium:100%;--awb-order-medium:0;--awb-spacing-right-medium:0px;--awb-spacing-left-medium:0px;--awb-width-small:100%;--awb-order-small:0;--awb-spacing-right-small:0px;--awb-spacing-left-small:0px;\"><div class=\"fusion-column-wrapper fusion-column-has-shadow fusion-flex-justify-content-flex-start fusion-content-layout-column\"><div class=\"fusion-text fusion-text-53\"><p style=\"text-align: center;\"><a href=\"https:\/\/cinando.com\/en\/Film\/luthiers_370291\/Detail\" target=\"_blank\" rel=\"noopener nofollow noreferrer\"><img decoding=\"async\" class=\"aligncenter wp-image-9696\" src=\"https:\/\/uruguayaudiovisual.com\/wp-content\/uploads\/2020\/11\/WhatsApp-Image-2020-11-27-at-15.01.02.jpeg\" alt=\"\" width=\"192\" height=\"387\" \/><\/a>Luthiers<\/p>\n<\/div><\/div><\/div><div class=\"fusion-layout-column fusion_builder_column fusion-builder-column-62 fusion_builder_column_1_6 1_6 fusion-flex-column\" style=\"--awb-bg-size:cover;--awb-width-large:16.666666666667%;--awb-margin-top-large:0px;--awb-spacing-right-large:0px;--awb-margin-bottom-large:0px;--awb-spacing-left-large:0px;--awb-width-medium:100%;--awb-order-medium:0;--awb-spacing-right-medium:0px;--awb-spacing-left-medium:0px;--awb-width-small:100%;--awb-order-small:0;--awb-spacing-right-small:0px;--awb-spacing-left-small:0px;\"><div class=\"fusion-column-wrapper fusion-column-has-shadow fusion-flex-justify-content-flex-start fusion-content-layout-column\"><div class=\"fusion-text fusion-text-54\"><p style=\"text-align: center;\"><a href=\"https:\/\/cinando.com\/en\/Film\/bad_christmas_365630\/Detail\" target=\"_blank\" rel=\"noopener nofollow noreferrer\"><img decoding=\"async\" class=\"aligncenter\" src=\"https:\/\/dauvsy92u4wdt.cloudfront.net\/fit-in\/267x388\/prod\/film\/1658802.jpg\" alt=\"\" width=\"192\" height=\"387\" \/><\/a>Bad Christmas<\/p>\n<\/div><\/div><\/div><div class=\"fusion-layout-column fusion_builder_column fusion-builder-column-63 fusion_builder_column_1_6 1_6 fusion-flex-column\" style=\"--awb-bg-size:cover;--awb-width-large:16.666666666667%;--awb-margin-top-large:0px;--awb-spacing-right-large:0px;--awb-margin-bottom-large:0px;--awb-spacing-left-large:0px;--awb-width-medium:100%;--awb-order-medium:0;--awb-spacing-right-medium:0px;--awb-spacing-left-medium:0px;--awb-width-small:100%;--awb-order-small:0;--awb-spacing-right-small:0px;--awb-spacing-left-small:0px;\"><div class=\"fusion-column-wrapper fusion-column-has-shadow fusion-flex-justify-content-flex-start fusion-content-layout-column\"><div class=\"fusion-text fusion-text-55\"><p style=\"text-align: center;\"><a href=\"https:\/\/cinando.com\/en\/Film\/red_screening_365404\/Detail\" target=\"_blank\" rel=\"noopener nofollow noreferrer\"><img decoding=\"async\" class=\"aligncenter\" src=\"https:\/\/dauvsy92u4wdt.cloudfront.net\/fit-in\/267x388\/prod\/film\/1587379.jpg\" alt=\"\" width=\"192\" height=\"387\" \/><\/a>Red screening<\/p>\n<\/div><\/div><\/div><div class=\"fusion-layout-column fusion_builder_column fusion-builder-column-64 fusion_builder_column_1_6 1_6 fusion-flex-column\" style=\"--awb-bg-size:cover;--awb-width-large:16.666666666667%;--awb-margin-top-large:0px;--awb-spacing-right-large:0px;--awb-margin-bottom-large:0px;--awb-spacing-left-large:0px;--awb-width-medium:100%;--awb-order-medium:0;--awb-spacing-right-medium:0px;--awb-spacing-left-medium:0px;--awb-width-small:100%;--awb-order-small:0;--awb-spacing-right-small:0px;--awb-spacing-left-small:0px;\"><div class=\"fusion-column-wrapper fusion-column-has-shadow fusion-flex-justify-content-flex-start fusion-content-layout-column\"><div class=\"fusion-text fusion-text-56\"><p style=\"text-align: center;\"><a href=\"https:\/\/cinando.com\/en\/Film\/ghosting_gloria_364454\/Detail\" target=\"_blank\" rel=\"noopener nofollow noreferrer\"><img decoding=\"async\" class=\"aligncenter\" src=\"https:\/\/dauvsy92u4wdt.cloudfront.net\/fit-in\/267x388\/prod\/film\/1702381.jpg\" alt=\"\" width=\"192\" height=\"387\" \/><\/a>Ghosting Gloria<\/p>\n<\/div><\/div><\/div><div class=\"fusion-layout-column fusion_builder_column fusion-builder-column-65 fusion_builder_column_1_6 1_6 fusion-flex-column\" style=\"--awb-bg-size:cover;--awb-width-large:16.666666666667%;--awb-margin-top-large:0px;--awb-spacing-right-large:0px;--awb-margin-bottom-large:0px;--awb-spacing-left-large:0px;--awb-width-medium:100%;--awb-order-medium:0;--awb-spacing-right-medium:0px;--awb-spacing-left-medium:0px;--awb-width-small:100%;--awb-order-small:0;--awb-spacing-right-small:0px;--awb-spacing-left-small:0px;\"><div class=\"fusion-column-wrapper fusion-column-has-shadow fusion-flex-justify-content-flex-start fusion-content-layout-column\"><div class=\"fusion-text fusion-text-57\"><p style=\"text-align: center;\"><a href=\"https:\/\/cinando.com\/en\/Film\/the_year_of_fury_358110\/Detail\" target=\"_blank\" rel=\"noopener nofollow noreferrer\"><img decoding=\"async\" class=\"aligncenter\" src=\"https:\/\/dauvsy92u4wdt.cloudfront.net\/fit-in\/267x388\/prod\/film\/1541052.jpg\" alt=\"\" width=\"192\" height=\"387\" \/><\/a>The year of fury<\/p>\n<\/div><\/div><\/div><div class=\"fusion-layout-column fusion_builder_column fusion-builder-column-66 fusion_builder_column_1_6 1_6 fusion-flex-column\" style=\"--awb-bg-size:cover;--awb-width-large:16.666666666667%;--awb-margin-top-large:0px;--awb-spacing-right-large:0px;--awb-margin-bottom-large:0px;--awb-spacing-left-large:0px;--awb-width-medium:100%;--awb-order-medium:0;--awb-spacing-right-medium:0px;--awb-spacing-left-medium:0px;--awb-width-small:100%;--awb-order-small:0;--awb-spacing-right-small:0px;--awb-spacing-left-small:0px;\"><div class=\"fusion-column-wrapper fusion-column-has-shadow fusion-flex-justify-content-flex-start fusion-content-layout-column\"><div class=\"fusion-text fusion-text-58\"><p style=\"text-align: center;\"><a href=\"https:\/\/cinando.com\/en\/Film\/my_grandma_to_the_world_championship_351796\/Detail\" target=\"_blank\" rel=\"noopener nofollow noreferrer\"><img decoding=\"async\" class=\"aligncenter\" src=\"https:\/\/dauvsy92u4wdt.cloudfront.net\/fit-in\/267x388\/prod\/film\/1501344.jpg\" alt=\"\" width=\"192\" height=\"387\" \/><\/a>My grandma, to the World Championship<\/p>\n<\/div><\/div><\/div><div class=\"fusion-layout-column fusion_builder_column fusion-builder-column-67 fusion_builder_column_1_1 1_1 fusion-flex-column\" style=\"--awb-bg-size:cover;--awb-width-large:100%;--awb-margin-top-large:0px;--awb-spacing-right-large:0px;--awb-margin-bottom-large:0px;--awb-spacing-left-large:0px;--awb-width-medium:100%;--awb-order-medium:0;--awb-spacing-right-medium:0px;--awb-spacing-left-medium:0px;--awb-width-small:100%;--awb-order-small:0;--awb-spacing-right-small:0px;--awb-spacing-left-small:0px;\"><div class=\"fusion-column-wrapper fusion-column-has-shadow fusion-flex-justify-content-flex-start fusion-content-layout-column\"><div class=\"fusion-separator fusion-full-width-sep\" style=\"align-self: center;margin-left: auto;margin-right: auto;margin-top:0px;margin-bottom:0px;width:100%;\"><\/div><\/div><\/div><div class=\"fusion-layout-column fusion_builder_column fusion-builder-column-68 fusion_builder_column_1_6 1_6 fusion-flex-column\" style=\"--awb-bg-size:cover;--awb-width-large:16.666666666667%;--awb-margin-top-large:0px;--awb-spacing-right-large:0px;--awb-margin-bottom-large:0px;--awb-spacing-left-large:0px;--awb-width-medium:100%;--awb-order-medium:0;--awb-spacing-right-medium:0px;--awb-spacing-left-medium:0px;--awb-width-small:100%;--awb-order-small:0;--awb-spacing-right-small:0px;--awb-spacing-left-small:0px;\"><div class=\"fusion-column-wrapper fusion-column-has-shadow fusion-flex-justify-content-flex-start fusion-content-layout-column\"><div class=\"fusion-text fusion-text-59\"><p style=\"text-align: center;\"><a href=\"https:\/\/cinando.com\/en\/Film\/the_quarry_351321\/Detail\" target=\"_blank\" rel=\"noopener nofollow noreferrer\"><img decoding=\"async\" class=\"aligncenter\" src=\"https:\/\/dauvsy92u4wdt.cloudfront.net\/fit-in\/267x388\/prod\/film\/1530717.jpg\" alt=\"\" width=\"192\" height=\"387\" \/><\/a>The Quarry<\/p>\n<\/div><\/div><\/div><div class=\"fusion-layout-column fusion_builder_column fusion-builder-column-69 fusion_builder_column_1_6 1_6 fusion-flex-column\" style=\"--awb-bg-size:cover;--awb-width-large:16.666666666667%;--awb-margin-top-large:0px;--awb-spacing-right-large:0px;--awb-margin-bottom-large:0px;--awb-spacing-left-large:0px;--awb-width-medium:100%;--awb-order-medium:0;--awb-spacing-right-medium:0px;--awb-spacing-left-medium:0px;--awb-width-small:100%;--awb-order-small:0;--awb-spacing-right-small:0px;--awb-spacing-left-small:0px;\"><div class=\"fusion-column-wrapper fusion-column-has-shadow fusion-flex-justify-content-flex-start fusion-content-layout-column\"><div class=\"fusion-text fusion-text-60\"><p style=\"text-align: center;\"><a href=\"https:\/\/cinando.com\/en\/Film\/5_days_349774\/Detail\" target=\"_blank\" rel=\"noopener nofollow noreferrer\"><img decoding=\"async\" class=\"aligncenter\" src=\"https:\/\/dauvsy92u4wdt.cloudfront.net\/fit-in\/267x388\/prod\/film\/1709896.jpg\" alt=\"\" width=\"192\" height=\"387\" \/><\/a>5 days<\/p>\n<\/div><\/div><\/div><div class=\"fusion-layout-column fusion_builder_column fusion-builder-column-70 fusion_builder_column_1_6 1_6 fusion-flex-column\" style=\"--awb-bg-size:cover;--awb-width-large:16.666666666667%;--awb-margin-top-large:0px;--awb-spacing-right-large:0px;--awb-margin-bottom-large:0px;--awb-spacing-left-large:0px;--awb-width-medium:100%;--awb-order-medium:0;--awb-spacing-right-medium:0px;--awb-spacing-left-medium:0px;--awb-width-small:100%;--awb-order-small:0;--awb-spacing-right-small:0px;--awb-spacing-left-small:0px;\"><div class=\"fusion-column-wrapper fusion-column-has-shadow fusion-flex-justify-content-flex-start fusion-content-layout-column\"><div class=\"fusion-text fusion-text-61\"><p style=\"text-align: center;\"><a href=\"https:\/\/cinando.com\/en\/Film\/pharos_349765\/Detail\" target=\"_blank\" rel=\"noopener nofollow noreferrer\"><img decoding=\"async\" class=\"aligncenter\" src=\"https:\/\/dauvsy92u4wdt.cloudfront.net\/fit-in\/267x388\/prod\/film\/1487884.jpg\" alt=\"\" width=\"192\" height=\"387\" \/><\/a>Pharos<\/p>\n<\/div><\/div><\/div><div class=\"fusion-layout-column fusion_builder_column fusion-builder-column-71 fusion_builder_column_1_6 1_6 fusion-flex-column\" style=\"--awb-bg-size:cover;--awb-width-large:16.666666666667%;--awb-margin-top-large:0px;--awb-spacing-right-large:0px;--awb-margin-bottom-large:0px;--awb-spacing-left-large:0px;--awb-width-medium:100%;--awb-order-medium:0;--awb-spacing-right-medium:0px;--awb-spacing-left-medium:0px;--awb-width-small:100%;--awb-order-small:0;--awb-spacing-right-small:0px;--awb-spacing-left-small:0px;\"><div class=\"fusion-column-wrapper fusion-column-has-shadow fusion-flex-justify-content-flex-start fusion-content-layout-column\"><div class=\"fusion-text fusion-text-62\"><p style=\"text-align: center;\"><a href=\"https:\/\/cinando.com\/en\/Film\/the_sleepwalkers_344101\/Detail\" target=\"_blank\" rel=\"noopener nofollow noreferrer\"><img decoding=\"async\" class=\"aligncenter\" src=\"https:\/\/dauvsy92u4wdt.cloudfront.net\/fit-in\/267x388\/prod\/film\/1450147.jpg\" alt=\"\" width=\"192\" height=\"387\" \/><\/a>The sleepwalkers<\/p>\n<\/div><\/div><\/div><div class=\"fusion-layout-column fusion_builder_column fusion-builder-column-72 fusion_builder_column_1_6 1_6 fusion-flex-column\" style=\"--awb-bg-size:cover;--awb-width-large:16.666666666667%;--awb-margin-top-large:0px;--awb-spacing-right-large:0px;--awb-margin-bottom-large:0px;--awb-spacing-left-large:0px;--awb-width-medium:100%;--awb-order-medium:0;--awb-spacing-right-medium:0px;--awb-spacing-left-medium:0px;--awb-width-small:100%;--awb-order-small:0;--awb-spacing-right-small:0px;--awb-spacing-left-small:0px;\"><div class=\"fusion-column-wrapper fusion-column-has-shadow fusion-flex-justify-content-flex-start fusion-content-layout-column\"><div class=\"fusion-text fusion-text-63\"><p style=\"text-align: center;\"><a href=\"https:\/\/cinando.com\/en\/Film\/the_latest_romantics_335960\/Detail\" target=\"_blank\" rel=\"noopener nofollow noreferrer\"><img decoding=\"async\" class=\"aligncenter\" src=\"https:\/\/dauvsy92u4wdt.cloudfront.net\/fit-in\/267x388\/prod\/film\/Poster_335960.jpg\" alt=\"\" width=\"192\" height=\"387\" \/><\/a>The latest romantics<\/p>\n<\/div><\/div><\/div><div class=\"fusion-layout-column fusion_builder_column fusion-builder-column-73 fusion_builder_column_1_6 1_6 fusion-flex-column\" style=\"--awb-bg-size:cover;--awb-width-large:16.666666666667%;--awb-margin-top-large:0px;--awb-spacing-right-large:0px;--awb-margin-bottom-large:0px;--awb-spacing-left-large:0px;--awb-width-medium:100%;--awb-order-medium:0;--awb-spacing-right-medium:0px;--awb-spacing-left-medium:0px;--awb-width-small:100%;--awb-order-small:0;--awb-spacing-right-small:0px;--awb-spacing-left-small:0px;\"><div class=\"fusion-column-wrapper fusion-column-has-shadow fusion-flex-justify-content-flex-start fusion-content-layout-column\"><div class=\"fusion-text fusion-text-64\"><p style=\"text-align: center;\"><a href=\"https:\/\/cinando.com\/en\/Film\/lookout_329589\/Detail\" target=\"_blank\" rel=\"noopener nofollow noreferrer\"><img decoding=\"async\" class=\"aligncenter\" src=\"https:\/\/dauvsy92u4wdt.cloudfront.net\/fit-in\/267x388\/prod\/film\/1527745.jpg\" alt=\"\" width=\"192\" height=\"387\" \/><\/a>Lookout<\/p>\n<\/div><\/div><\/div><div class=\"fusion-layout-column fusion_builder_column fusion-builder-column-74 fusion_builder_column_1_1 1_1 fusion-flex-column\" style=\"--awb-bg-size:cover;--awb-width-large:100%;--awb-margin-top-large:0px;--awb-spacing-right-large:0px;--awb-margin-bottom-large:0px;--awb-spacing-left-large:0px;--awb-width-medium:100%;--awb-order-medium:0;--awb-spacing-right-medium:0px;--awb-spacing-left-medium:0px;--awb-width-small:100%;--awb-order-small:0;--awb-spacing-right-small:0px;--awb-spacing-left-small:0px;\"><div class=\"fusion-column-wrapper fusion-column-has-shadow fusion-flex-justify-content-flex-start fusion-content-layout-column\"><div class=\"fusion-separator fusion-full-width-sep\" style=\"align-self: center;margin-left: auto;margin-right: auto;margin-top:0px;margin-bottom:0px;width:100%;\"><\/div><\/div><\/div><div class=\"fusion-layout-column fusion_builder_column fusion-builder-column-75 fusion_builder_column_1_6 1_6 fusion-flex-column\" style=\"--awb-bg-size:cover;--awb-width-large:16.666666666667%;--awb-margin-top-large:0px;--awb-spacing-right-large:0px;--awb-margin-bottom-large:0px;--awb-spacing-left-large:0px;--awb-width-medium:100%;--awb-order-medium:0;--awb-spacing-right-medium:0px;--awb-spacing-left-medium:0px;--awb-width-small:100%;--awb-order-small:0;--awb-spacing-right-small:0px;--awb-spacing-left-small:0px;\"><div class=\"fusion-column-wrapper fusion-column-has-shadow fusion-flex-justify-content-flex-start fusion-content-layout-column\"><div class=\"fusion-text fusion-text-65\"><p style=\"text-align: center;\"><a href=\"https:\/\/cinando.com\/en\/Film\/small_town_286451\/Detail\" target=\"_blank\" rel=\"noopener nofollow noreferrer\"><img decoding=\"async\" class=\"aligncenter\" src=\"https:\/\/dauvsy92u4wdt.cloudfront.net\/fit-in\/267x388\/prod\/film\/Poster_286451.jpg\" alt=\"\" width=\"192\" height=\"387\" \/><\/a>Small Town<\/p>\n<\/div><\/div><\/div><div class=\"fusion-layout-column fusion_builder_column fusion-builder-column-76 fusion_builder_column_1_6 1_6 fusion-flex-column\" style=\"--awb-bg-size:cover;--awb-width-large:16.666666666667%;--awb-margin-top-large:0px;--awb-spacing-right-large:0px;--awb-margin-bottom-large:0px;--awb-spacing-left-large:0px;--awb-width-medium:100%;--awb-order-medium:0;--awb-spacing-right-medium:0px;--awb-spacing-left-medium:0px;--awb-width-small:100%;--awb-order-small:0;--awb-spacing-right-small:0px;--awb-spacing-left-small:0px;\"><div class=\"fusion-column-wrapper fusion-column-has-shadow fusion-flex-justify-content-flex-start fusion-content-layout-column\"><div class=\"fusion-text fusion-text-66\"><p style=\"text-align: center;\"><a href=\"https:\/\/cinando.com\/en\/Film\/window_boy_would_also_like_to_have_a_submarine_192990\/Detail\" target=\"_blank\" rel=\"noopener nofollow noreferrer\"><img decoding=\"async\" class=\"aligncenter\" src=\"https:\/\/dauvsy92u4wdt.cloudfront.net\/fit-in\/267x388\/prod\/film\/1692866.jpg\" alt=\"\" width=\"192\" height=\"387\" \/><\/a>Window boy would also like to have a submarine<\/p>\n<\/div><\/div><\/div><div class=\"fusion-layout-column fusion_builder_column fusion-builder-column-77 fusion_builder_column_1_6 1_6 fusion-flex-column\" style=\"--awb-bg-size:cover;--awb-width-large:16.666666666667%;--awb-margin-top-large:0px;--awb-spacing-right-large:0px;--awb-margin-bottom-large:0px;--awb-spacing-left-large:0px;--awb-width-medium:100%;--awb-order-medium:0;--awb-spacing-right-medium:0px;--awb-spacing-left-medium:0px;--awb-width-small:100%;--awb-order-small:0;--awb-spacing-right-small:0px;--awb-spacing-left-small:0px;\"><div class=\"fusion-column-wrapper fusion-column-has-shadow fusion-flex-justify-content-flex-start fusion-content-layout-column\"><div class=\"fusion-text fusion-text-67\"><p style=\"text-align: center;\"><a href=\"https:\/\/cinando.com\/en\/Film\/the_bridge_285520\/Detail\" target=\"_blank\" rel=\"noopener nofollow noreferrer\"><img decoding=\"async\" class=\"aligncenter\" src=\"https:\/\/dauvsy92u4wdt.cloudfront.net\/fit-in\/267x388\/prod\/film\/1710335.jpg\" alt=\"\" width=\"192\" height=\"387\" \/><\/a>The bridge<\/p>\n<\/div><\/div><\/div><div class=\"fusion-layout-column fusion_builder_column fusion-builder-column-78 fusion_builder_column_1_6 1_6 fusion-flex-column\" style=\"--awb-bg-size:cover;--awb-width-large:16.666666666667%;--awb-margin-top-large:0px;--awb-spacing-right-large:0px;--awb-margin-bottom-large:0px;--awb-spacing-left-large:0px;--awb-width-medium:100%;--awb-order-medium:0;--awb-spacing-right-medium:0px;--awb-spacing-left-medium:0px;--awb-width-small:100%;--awb-order-small:0;--awb-spacing-right-small:0px;--awb-spacing-left-small:0px;\"><div class=\"fusion-column-wrapper fusion-column-has-shadow fusion-flex-justify-content-flex-start fusion-content-layout-column\"><div class=\"fusion-text fusion-text-68\"><p style=\"text-align: center;\"><a href=\"https:\/\/cinando.com\/es\/Film\/ida_on_ida_379739\/Detail\" target=\"_blank\" rel=\"noopener noreferrer\"><img decoding=\"async\" class=\"aligncenter wp-image-9892 \" src=\"https:\/\/uruguayaudiovisual.com\/wp-content\/uploads\/2020\/12\/ida-en-ida.jpg\" alt=\"\" width=\"192\" height=\"278\" srcset=\"https:\/\/uruguayaudiovisual.com\/wp-content\/uploads\/2020\/12\/ida-en-ida-200x290.jpg 200w, https:\/\/uruguayaudiovisual.com\/wp-content\/uploads\/2020\/12\/ida-en-ida-207x300.jpg 207w, https:\/\/uruguayaudiovisual.com\/wp-content\/uploads\/2020\/12\/ida-en-ida.jpg 267w\" sizes=\"(max-width: 192px) 100vw, 192px\" \/><\/a>Ida on Ida<\/p>\n<\/div><\/div><\/div><div class=\"fusion-layout-column fusion_builder_column fusion-builder-column-79 fusion_builder_column_1_6 1_6 fusion-flex-column\" style=\"--awb-bg-size:cover;--awb-width-large:16.666666666667%;--awb-margin-top-large:0px;--awb-spacing-right-large:0px;--awb-margin-bottom-large:0px;--awb-spacing-left-large:0px;--awb-width-medium:100%;--awb-order-medium:0;--awb-spacing-right-medium:0px;--awb-spacing-left-medium:0px;--awb-width-small:100%;--awb-order-small:0;--awb-spacing-right-small:0px;--awb-spacing-left-small:0px;\"><div class=\"fusion-column-wrapper fusion-column-has-shadow fusion-flex-justify-content-flex-start fusion-content-layout-column\"><div class=\"fusion-text fusion-text-69\"><p style=\"text-align: center;\"><a href=\"https:\/\/cinando.com\/es\/Film\/the_relative_east_379738\/Detail\" target=\"_blank\" rel=\"noopener noreferrer\"><img decoding=\"async\" class=\"aligncenter wp-image-9896\" src=\"https:\/\/uruguayaudiovisual.com\/wp-content\/uploads\/2020\/12\/dos-orientales.jpg\" alt=\"\" width=\"197\" height=\"285\" srcset=\"https:\/\/uruguayaudiovisual.com\/wp-content\/uploads\/2020\/12\/dos-orientales-200x290.jpg 200w, https:\/\/uruguayaudiovisual.com\/wp-content\/uploads\/2020\/12\/dos-orientales-207x300.jpg 207w, https:\/\/uruguayaudiovisual.com\/wp-content\/uploads\/2020\/12\/dos-orientales.jpg 267w\" sizes=\"(max-width: 197px) 100vw, 197px\" \/><\/a>The Relative East<\/p>\n<\/div><\/div><\/div><div class=\"fusion-layout-column fusion_builder_column fusion-builder-column-80 fusion_builder_column_1_6 1_6 fusion-flex-column\" style=\"--awb-bg-size:cover;--awb-width-large:16.666666666667%;--awb-margin-top-large:0px;--awb-spacing-right-large:0px;--awb-margin-bottom-large:0px;--awb-spacing-left-large:0px;--awb-width-medium:100%;--awb-order-medium:0;--awb-spacing-right-medium:0px;--awb-spacing-left-medium:0px;--awb-width-small:100%;--awb-order-small:0;--awb-spacing-right-small:0px;--awb-spacing-left-small:0px;\"><div class=\"fusion-column-wrapper fusion-column-has-shadow fusion-flex-justify-content-flex-start fusion-content-layout-column\"><\/div><\/div><div class=\"fusion-layout-column fusion_builder_column fusion-builder-column-81 fusion_builder_column_1_6 1_6 fusion-flex-column\" style=\"--awb-bg-size:cover;--awb-width-large:16.666666666667%;--awb-margin-top-large:0px;--awb-spacing-right-large:0px;--awb-margin-bottom-large:0px;--awb-spacing-left-large:0px;--awb-width-medium:100%;--awb-order-medium:0;--awb-spacing-right-medium:0px;--awb-spacing-left-medium:0px;--awb-width-small:100%;--awb-order-small:0;--awb-spacing-right-small:0px;--awb-spacing-left-small:0px;\"><div class=\"fusion-column-wrapper fusion-column-has-shadow fusion-flex-justify-content-flex-start fusion-content-layout-column\"><\/div><\/div><div class=\"fusion-layout-column fusion_builder_column fusion-builder-column-82 fusion_builder_column_1_6 1_6 fusion-flex-column\" style=\"--awb-bg-size:cover;--awb-width-large:16.666666666667%;--awb-margin-top-large:0px;--awb-spacing-right-large:0px;--awb-margin-bottom-large:0px;--awb-spacing-left-large:0px;--awb-width-medium:100%;--awb-order-medium:0;--awb-spacing-right-medium:0px;--awb-spacing-left-medium:0px;--awb-width-small:100%;--awb-order-small:0;--awb-spacing-right-small:0px;--awb-spacing-left-small:0px;\"><div class=\"fusion-column-wrapper fusion-column-has-shadow fusion-flex-justify-content-flex-start fusion-content-layout-column\"><\/div><\/div><\/div><\/div><div class=\"fusion-fullwidth fullwidth-box fusion-builder-row-10 fusion-flex-container nonhundred-percent-fullwidth non-hundred-percent-height-scrolling fusion-no-small-visibility fusion-no-medium-visibility\" style=\"--link_hover_color: #ffcb1f;--link_color: #1c75bc;--awb-border-radius-top-left:0px;--awb-border-radius-top-right:0px;--awb-border-radius-bottom-right:0px;--awb-border-radius-bottom-left:0px;--awb-padding-top:0px;--awb-padding-bottom:0px;--awb-margin-top:0px;--awb-margin-bottom:0px;--awb-background-color:#ffffff;--awb-flex-wrap:wrap;\" ><div class=\"fusion-builder-row fusion-row fusion-flex-align-items-flex-start fusion-flex-content-wrap\" style=\"max-width:1497.6px;margin-left: calc(-4% \/ 2 );margin-right: calc(-4% \/ 2 );\"><div class=\"fusion-layout-column fusion_builder_column fusion-builder-column-83 fusion_builder_column_1_1 1_1 fusion-flex-column\" style=\"--awb-padding-top:35px;--awb-padding-bottom:20px;--awb-bg-size:cover;--awb-width-large:100%;--awb-margin-top-large:0px;--awb-spacing-right-large:1.92%;--awb-margin-bottom-large:0px;--awb-spacing-left-large:1.92%;--awb-width-medium:100%;--awb-spacing-right-medium:1.92%;--awb-spacing-left-medium:1.92%;--awb-width-small:100%;--awb-spacing-right-small:1.92%;--awb-spacing-left-small:1.92%;\"><div class=\"fusion-column-wrapper fusion-column-has-shadow fusion-flex-justify-content-flex-start fusion-content-layout-column\"><div class=\"fusion-image-element \" style=\"text-align:center;--awb-max-width:274px;--awb-caption-title-font-family:var(--h2_typography-font-family);--awb-caption-title-font-weight:var(--h2_typography-font-weight);--awb-caption-title-font-style:var(--h2_typography-font-style);--awb-caption-title-size:var(--h2_typography-font-size);--awb-caption-title-transform:var(--h2_typography-text-transform);--awb-caption-title-line-height:var(--h2_typography-line-height);--awb-caption-title-letter-spacing:var(--h2_typography-letter-spacing);\"><span class=\" fusion-imageframe imageframe-none imageframe-12 hover-type-none fusion-animated\" data-animationType=\"flash\" data-animationDuration=\"0.5\" data-animationOffset=\"top-into-view\"><img decoding=\"async\" width=\"300\" height=\"93\" title=\"Captura de pantalla 2020-11-10 a la(s) 16.40.39 copia\" src=\"https:\/\/uruguayaudiovisual.com\/wp-content\/uploads\/2020\/11\/Captura-de-pantalla-2020-11-10-a-las-16.40.39-copia-300x93.png\" alt class=\"img-responsive wp-image-9236\" srcset=\"https:\/\/uruguayaudiovisual.com\/wp-content\/uploads\/2020\/11\/Captura-de-pantalla-2020-11-10-a-las-16.40.39-copia-200x62.png 200w, https:\/\/uruguayaudiovisual.com\/wp-content\/uploads\/2020\/11\/Captura-de-pantalla-2020-11-10-a-las-16.40.39-copia-400x123.png 400w, https:\/\/uruguayaudiovisual.com\/wp-content\/uploads\/2020\/11\/Captura-de-pantalla-2020-11-10-a-las-16.40.39-copia-600x185.png 600w, https:\/\/uruguayaudiovisual.com\/wp-content\/uploads\/2020\/11\/Captura-de-pantalla-2020-11-10-a-las-16.40.39-copia-800x247.png 800w, https:\/\/uruguayaudiovisual.com\/wp-content\/uploads\/2020\/11\/Captura-de-pantalla-2020-11-10-a-las-16.40.39-copia.png 940w\" sizes=\"(max-width: 1024px) 100vw, (max-width: 640px) 100vw, 300px\" \/><\/span><\/div><div class=\"fusion-separator fusion-full-width-sep\" style=\"align-self: center;margin-left: auto;margin-right: auto;margin-top:5px;margin-bottom:5px;width:100%;\"><\/div><\/div><\/div><div class=\"fusion-layout-column fusion_builder_column fusion-builder-column-84 fusion_builder_column_1_1 1_1 fusion-flex-column\" style=\"--awb-padding-top:35px;--awb-padding-bottom:35px;--awb-bg-size:cover;--awb-width-large:100%;--awb-margin-top-large:0px;--awb-spacing-right-large:1.92%;--awb-margin-bottom-large:0px;--awb-spacing-left-large:1.92%;--awb-width-medium:100%;--awb-order-medium:0;--awb-spacing-right-medium:1.92%;--awb-spacing-left-medium:1.92%;--awb-width-small:100%;--awb-order-small:0;--awb-spacing-right-small:1.92%;--awb-spacing-left-small:1.92%;\"><div class=\"fusion-column-wrapper fusion-column-has-shadow fusion-flex-justify-content-flex-start fusion-content-layout-column\"><div class=\"fusion-title title fusion-title-10 fusion-sep-none fusion-title-center fusion-title-highlight fusion-animate-loop fusion-highlight-double_underline fusion-title-size-three fusion-animated\" style=\"--awb-text-color:#ffffff;--awb-highlight-color:#1c75bc;--awb-margin-bottom:10px;--awb-margin-bottom-small:10px;--awb-font-size:28px;\" data-highlight=\"double_underline\" data-animationType=\"zoomIn\" data-animationDuration=\"0.5\" data-animationOffset=\"top-into-view\"><h3 class=\"fusion-title-heading title-heading-center fusion-responsive-typography-calculated\" style=\"margin:0;font-size:1em;--fontSize:28;line-height:1.79;\"><span class=\"fusion-highlighted-text-prefix\"><\/span> <span class=\"fusion-highlighted-text-wrapper\"><span class=\"fusion-highlighted-text\" style=\"color:#000000;\">Delegation from Uruguay<\/span><svg xmlns=\"http:\/\/www.w3.org\/2000\/svg\" viewBox=\"0 0 500 150\" preserveAspectRatio=\"none\"><path d=\"M10.3,130.6c0,0,193.9-24.3,475.2-11.2\"><\/path><path d=\"M38.9,148.9c0,0,173.8-35.3,423.3-11.8\"><\/path><\/svg><\/span> <span class=\"fusion-highlighted-text-postfix\"><\/span><\/h3><\/div><\/div><\/div><div class=\"fusion-layout-column fusion_builder_column fusion-builder-column-85 fusion_builder_column_1_1 1_1 fusion-flex-column\" style=\"--awb-bg-size:cover;--awb-width-large:100%;--awb-margin-top-large:0px;--awb-spacing-right-large:1.92%;--awb-margin-bottom-large:0px;--awb-spacing-left-large:1.92%;--awb-width-medium:100%;--awb-spacing-right-medium:1.92%;--awb-spacing-left-medium:1.92%;--awb-width-small:100%;--awb-spacing-right-small:1.92%;--awb-spacing-left-small:1.92%;\"><div class=\"fusion-column-wrapper fusion-column-has-shadow fusion-flex-justify-content-flex-start fusion-content-layout-column\"><div class=\"fusion-text fusion-text-70\"><\/div><div class=\"fusion-text fusion-text-71 fusion-animated\" data-animationType=\"slideInDown\" data-animationDuration=\"0.5\" data-animationOffset=\"top-into-view\"><\/div><div class=\"fusion-separator fusion-full-width-sep\" style=\"align-self: center;margin-left: auto;margin-right: auto;margin-top:7px;margin-bottom:7px;width:100%;\"><\/div><\/div><\/div><div class=\"fusion-layout-column fusion_builder_column fusion-builder-column-86 fusion_builder_column_1_1 1_1 fusion-flex-column\" style=\"--awb-bg-size:cover;--awb-width-large:100%;--awb-margin-top-large:0px;--awb-spacing-right-large:1.92%;--awb-margin-bottom-large:0px;--awb-spacing-left-large:1.92%;--awb-width-medium:100%;--awb-order-medium:0;--awb-spacing-right-medium:1.92%;--awb-spacing-left-medium:1.92%;--awb-width-small:100%;--awb-order-small:0;--awb-spacing-right-small:1.92%;--awb-spacing-left-small:1.92%;\"><div class=\"fusion-column-wrapper fusion-column-has-shadow fusion-flex-justify-content-flex-start fusion-content-layout-column\">\n<div class=\"table-1\">\n<table width=\"100%\">\n<tbody>\n<tr>\n<td align=\"left\"><img decoding=\"async\" class=\"alignnone size-full wp-image-9508\" src=\"https:\/\/uruguayaudiovisual.com\/wp-content\/uploads\/2020\/11\/a-alonso.jpg\" alt=\"\" width=\"300\" height=\"360\" srcset=\"https:\/\/uruguayaudiovisual.com\/wp-content\/uploads\/2020\/11\/a-alonso-200x240.jpg 200w, https:\/\/uruguayaudiovisual.com\/wp-content\/uploads\/2020\/11\/a-alonso-250x300.jpg 250w, https:\/\/uruguayaudiovisual.com\/wp-content\/uploads\/2020\/11\/a-alonso.jpg 300w\" sizes=\"(max-width: 300px) 100vw, 300px\" \/><\/td>\n<td align=\"left\"><a href=\"https:\/\/cinando.com\/en\/People\/alonso_alfonsina_547329\/Detail\" target=\"_blank\" rel=\"noopener noreferrer\"><strong>Alfonsina Alonso<\/strong><\/a><span style=\"color: #333333;\"><strong><br \/>\n<\/strong><\/span>Director &amp; Producer<\/td>\n<td align=\"left\"><img decoding=\"async\" class=\"alignnone size-full wp-image-9856\" src=\"https:\/\/uruguayaudiovisual.com\/wp-content\/uploads\/2020\/11\/alonso.jpg\" alt=\"\" width=\"300\" height=\"360\" srcset=\"https:\/\/uruguayaudiovisual.com\/wp-content\/uploads\/2020\/11\/alonso-200x240.jpg 200w, https:\/\/uruguayaudiovisual.com\/wp-content\/uploads\/2020\/11\/alonso-250x300.jpg 250w, https:\/\/uruguayaudiovisual.com\/wp-content\/uploads\/2020\/11\/alonso.jpg 300w\" sizes=\"(max-width: 300px) 100vw, 300px\" \/><\/td>\n<td align=\"left\"><a href=\"https:\/\/cinando.com\/en\/People\/alonso_juan_martin_589854\/Detail\" target=\"_blank\" rel=\"noopener noreferrer\"><strong>Juan Martin Alonso<\/strong><\/a><br \/>\nProducer<\/td>\n<td align=\"left\"><img decoding=\"async\" class=\"alignnone size-full wp-image-9352\" src=\"https:\/\/uruguayaudiovisual.com\/wp-content\/uploads\/2020\/11\/p-banchero.jpg\" alt=\"\" width=\"300\" height=\"360\" srcset=\"https:\/\/uruguayaudiovisual.com\/wp-content\/uploads\/2020\/11\/p-banchero-200x240.jpg 200w, https:\/\/uruguayaudiovisual.com\/wp-content\/uploads\/2020\/11\/p-banchero-250x300.jpg 250w, https:\/\/uruguayaudiovisual.com\/wp-content\/uploads\/2020\/11\/p-banchero.jpg 300w\" sizes=\"(max-width: 300px) 100vw, 300px\" \/><\/td>\n<td align=\"left\"><a href=\"https:\/\/cinando.com\/en\/People\/banchero_pablo_547554\/Detail\" target=\"_blank\" rel=\"noopener noreferrer\"><strong>Pablo Banchero<\/strong><\/a><br \/>\nProducer<br \/>\nWe Cook Films<\/td>\n<td align=\"left\"><img decoding=\"async\" class=\"alignnone size-full wp-image-9303\" src=\"https:\/\/uruguayaudiovisual.com\/wp-content\/uploads\/2020\/11\/v-baracco.jpg\" alt=\"\" width=\"300\" height=\"360\" srcset=\"https:\/\/uruguayaudiovisual.com\/wp-content\/uploads\/2020\/11\/v-baracco-200x240.jpg 200w, https:\/\/uruguayaudiovisual.com\/wp-content\/uploads\/2020\/11\/v-baracco-250x300.jpg 250w, https:\/\/uruguayaudiovisual.com\/wp-content\/uploads\/2020\/11\/v-baracco.jpg 300w\" sizes=\"(max-width: 300px) 100vw, 300px\" \/><\/td>\n<td align=\"left\"><a href=\"https:\/\/cinando.com\/en\/People\/baracco_valentina_224668\/Detail\" target=\"_blank\" rel=\"noopener noreferrer\"><strong>Valentina Baracco<\/strong><\/a><br \/>\nProducer<br \/>\nMonarca Films<\/td>\n<\/tr>\n<tr>\n<td align=\"left\"><img decoding=\"async\" class=\"aligncenter size-full wp-image-9293\" src=\"https:\/\/uruguayaudiovisual.com\/wp-content\/uploads\/2020\/11\/l-barneche.jpg\" alt=\"\" width=\"300\" height=\"360\" srcset=\"https:\/\/uruguayaudiovisual.com\/wp-content\/uploads\/2020\/11\/l-barneche-200x240.jpg 200w, https:\/\/uruguayaudiovisual.com\/wp-content\/uploads\/2020\/11\/l-barneche-250x300.jpg 250w, https:\/\/uruguayaudiovisual.com\/wp-content\/uploads\/2020\/11\/l-barneche.jpg 300w\" sizes=\"(max-width: 300px) 100vw, 300px\" \/><\/td>\n<td align=\"left\"><strong><a href=\"https:\/\/cinando.com\/en\/People\/barneche_leandro_346710\/Detail\" target=\"_blank\" rel=\"noopener noreferrer\">Leandro Barneche<\/a><\/strong><br \/>\nDirector &amp; Producer<br \/>\nLa Suma<\/td>\n<td align=\"left\"><img decoding=\"async\" class=\"alignnone size-full wp-image-9349\" src=\"https:\/\/uruguayaudiovisual.com\/wp-content\/uploads\/2020\/11\/v-bogliolo.jpg\" alt=\"\" width=\"300\" height=\"360\" srcset=\"https:\/\/uruguayaudiovisual.com\/wp-content\/uploads\/2020\/11\/v-bogliolo-200x240.jpg 200w, https:\/\/uruguayaudiovisual.com\/wp-content\/uploads\/2020\/11\/v-bogliolo-250x300.jpg 250w, https:\/\/uruguayaudiovisual.com\/wp-content\/uploads\/2020\/11\/v-bogliolo.jpg 300w\" sizes=\"(max-width: 300px) 100vw, 300px\" \/><\/td>\n<td align=\"left\"><a href=\"https:\/\/cinando.com\/en\/People\/bogliolo_virginia_53055\/Detail\" target=\"_blank\" rel=\"noopener noreferrer\"><strong>Virginia Bogliolo<\/strong><\/a><br \/>\nProducer<br \/>\nTarkiofilm<\/td>\n<td align=\"left\"><img decoding=\"async\" class=\"alignnone size-full wp-image-9296\" src=\"https:\/\/uruguayaudiovisual.com\/wp-content\/uploads\/2020\/11\/n-bottero.jpg\" alt=\"\" width=\"300\" height=\"360\" srcset=\"https:\/\/uruguayaudiovisual.com\/wp-content\/uploads\/2020\/11\/n-bottero-200x240.jpg 200w, https:\/\/uruguayaudiovisual.com\/wp-content\/uploads\/2020\/11\/n-bottero-250x300.jpg 250w, https:\/\/uruguayaudiovisual.com\/wp-content\/uploads\/2020\/11\/n-bottero.jpg 300w\" sizes=\"(max-width: 300px) 100vw, 300px\" \/><\/td>\n<td align=\"left\"><a href=\"https:\/\/cinando.com\/en\/People\/bottero_nicolas_549571\/Detail\" target=\"_blank\" rel=\"noopener noreferrer\"><strong>Nicol\u00e1s Bottero<\/strong><\/a><br \/>\nExecutive Producer<br \/>\nLos Modernos Films<\/td>\n<td align=\"left\"><img decoding=\"async\" class=\"alignnone size-full wp-image-9316\" src=\"https:\/\/uruguayaudiovisual.com\/wp-content\/uploads\/2020\/11\/a-bourgeois.jpg\" alt=\"\" width=\"300\" height=\"360\" srcset=\"https:\/\/uruguayaudiovisual.com\/wp-content\/uploads\/2020\/11\/a-bourgeois-200x240.jpg 200w, https:\/\/uruguayaudiovisual.com\/wp-content\/uploads\/2020\/11\/a-bourgeois-250x300.jpg 250w, https:\/\/uruguayaudiovisual.com\/wp-content\/uploads\/2020\/11\/a-bourgeois.jpg 300w\" sizes=\"(max-width: 300px) 100vw, 300px\" \/><\/td>\n<td align=\"left\"><a href=\"https:\/\/cinando.com\/en\/People\/bourgeois_alexis_346769\/Detail\" target=\"_blank\" rel=\"noopener noreferrer\"><strong>Alexis Bourgeois<\/strong><\/a><br \/>\nExecutive Producer<br \/>\nPapo Studios<\/td>\n<\/tr>\n<tr>\n<td align=\"left\"><img decoding=\"async\" class=\"alignnone size-full wp-image-9859\" src=\"https:\/\/uruguayaudiovisual.com\/wp-content\/uploads\/2020\/11\/brechner.jpg\" alt=\"\" width=\"300\" height=\"360\" srcset=\"https:\/\/uruguayaudiovisual.com\/wp-content\/uploads\/2020\/11\/brechner-200x240.jpg 200w, https:\/\/uruguayaudiovisual.com\/wp-content\/uploads\/2020\/11\/brechner-250x300.jpg 250w, https:\/\/uruguayaudiovisual.com\/wp-content\/uploads\/2020\/11\/brechner.jpg 300w\" sizes=\"(max-width: 300px) 100vw, 300px\" \/><\/td>\n<td align=\"left\"><a href=\"https:\/\/cinando.com\/en\/People\/brechner_alvaro_592052\/Detail\" target=\"_blank\" rel=\"noopener noreferrer\"><strong>Alvaro Brechner<\/strong><\/a><br \/>\nDirector<\/td>\n<td align=\"left\"><img decoding=\"async\" class=\"alignnone size-full wp-image-9310\" src=\"https:\/\/uruguayaudiovisual.com\/wp-content\/uploads\/2020\/11\/g-carbonell.jpg\" alt=\"\" width=\"300\" height=\"360\" srcset=\"https:\/\/uruguayaudiovisual.com\/wp-content\/uploads\/2020\/11\/g-carbonell-200x240.jpg 200w, https:\/\/uruguayaudiovisual.com\/wp-content\/uploads\/2020\/11\/g-carbonell-250x300.jpg 250w, https:\/\/uruguayaudiovisual.com\/wp-content\/uploads\/2020\/11\/g-carbonell.jpg 300w\" sizes=\"(max-width: 300px) 100vw, 300px\" \/><\/td>\n<td align=\"left\"><a href=\"https:\/\/cinando.com\/en\/People\/carbonell_guillermo_411333\/Detail\" target=\"_blank\" rel=\"noopener noreferrer\"><strong>Guillermo Carbonel<\/strong><\/a><br \/>\nDirector<br \/>\nMurdoc<\/td>\n<td align=\"left\"><img decoding=\"async\" class=\"alignnone size-full wp-image-9362\" src=\"https:\/\/uruguayaudiovisual.com\/wp-content\/uploads\/2020\/11\/j-carve.jpg\" alt=\"\" width=\"300\" height=\"360\" srcset=\"https:\/\/uruguayaudiovisual.com\/wp-content\/uploads\/2020\/11\/j-carve-200x240.jpg 200w, https:\/\/uruguayaudiovisual.com\/wp-content\/uploads\/2020\/11\/j-carve-250x300.jpg 250w, https:\/\/uruguayaudiovisual.com\/wp-content\/uploads\/2020\/11\/j-carve.jpg 300w\" sizes=\"(max-width: 300px) 100vw, 300px\" \/><\/td>\n<td align=\"left\"><a href=\"https:\/\/cinando.com\/en\/People\/carve_juan_589857\/Detail\" target=\"_blank\" rel=\"noopener noreferrer\"><strong>Juan Carve<\/strong><\/a><br \/>\nDirector<br \/>\nChucho.TV<\/td>\n<td align=\"left\"><img decoding=\"async\" class=\"alignnone size-full wp-image-9273\" src=\"https:\/\/uruguayaudiovisual.com\/wp-content\/uploads\/2020\/11\/c-charlo.jpg\" alt=\"\" width=\"300\" height=\"360\" srcset=\"https:\/\/uruguayaudiovisual.com\/wp-content\/uploads\/2020\/11\/c-charlo-200x240.jpg 200w, https:\/\/uruguayaudiovisual.com\/wp-content\/uploads\/2020\/11\/c-charlo-250x300.jpg 250w, https:\/\/uruguayaudiovisual.com\/wp-content\/uploads\/2020\/11\/c-charlo.jpg 300w\" sizes=\"(max-width: 300px) 100vw, 300px\" \/><\/td>\n<td align=\"left\"><a href=\"https:\/\/cinando.com\/en\/People\/charlo_clara_460512\/Detail\" target=\"_blank\" rel=\"noopener noreferrer\"><strong>Clara Charlo<\/strong><\/a><br \/>\nProducer<br \/>\nTarkio Films<\/td>\n<\/tr>\n<tr>\n<td align=\"left\"><img decoding=\"async\" class=\"alignnone size-full wp-image-9493\" src=\"https:\/\/uruguayaudiovisual.com\/wp-content\/uploads\/2020\/11\/a-chiarino.jpg\" alt=\"\" width=\"300\" height=\"360\" srcset=\"https:\/\/uruguayaudiovisual.com\/wp-content\/uploads\/2020\/11\/a-chiarino-200x240.jpg 200w, https:\/\/uruguayaudiovisual.com\/wp-content\/uploads\/2020\/11\/a-chiarino-250x300.jpg 250w, https:\/\/uruguayaudiovisual.com\/wp-content\/uploads\/2020\/11\/a-chiarino.jpg 300w\" sizes=\"(max-width: 300px) 100vw, 300px\" \/><\/td>\n<td align=\"left\"><a href=\"https:\/\/cinando.com\/en\/People\/chiarino_agustina_119042\/Detail\" target=\"_blank\" rel=\"noopener noreferrer\"><strong>Agustina Chiarino<\/strong><\/a><br \/>\nProducer<br \/>\nMutante Cine<\/td>\n<td align=\"left\"><a href=\"https:\/\/cinando.com\/en\/People\/comune_victoria_415257\/Detail\"><img decoding=\"async\" class=\"alignnone size-full wp-image-9504\" src=\"https:\/\/uruguayaudiovisual.com\/wp-content\/uploads\/2020\/11\/v-comune-1.jpg\" alt=\"\" width=\"300\" height=\"360\" srcset=\"https:\/\/uruguayaudiovisual.com\/wp-content\/uploads\/2020\/11\/v-comune-1-200x240.jpg 200w, https:\/\/uruguayaudiovisual.com\/wp-content\/uploads\/2020\/11\/v-comune-1-250x300.jpg 250w, https:\/\/uruguayaudiovisual.com\/wp-content\/uploads\/2020\/11\/v-comune-1.jpg 300w\" sizes=\"(max-width: 300px) 100vw, 300px\" \/><\/a><\/td>\n<td align=\"left\"><a href=\"https:\/\/cinando.com\/en\/People\/comune_victoria_415257\/Detail\" target=\"_blank\" rel=\"noopener noreferrer\"><strong>Victoria Comune<\/strong><\/a><br \/>\nProducer<br \/>\nDream Big Pictures<\/td>\n<td align=\"left\"><img decoding=\"async\" class=\"alignnone size-full wp-image-9256\" src=\"https:\/\/uruguayaudiovisual.com\/wp-content\/uploads\/2020\/11\/p-di-leva.jpg\" alt=\"\" width=\"300\" height=\"360\" srcset=\"https:\/\/uruguayaudiovisual.com\/wp-content\/uploads\/2020\/11\/p-di-leva-200x240.jpg 200w, https:\/\/uruguayaudiovisual.com\/wp-content\/uploads\/2020\/11\/p-di-leva-250x300.jpg 250w, https:\/\/uruguayaudiovisual.com\/wp-content\/uploads\/2020\/11\/p-di-leva.jpg 300w\" sizes=\"(max-width: 300px) 100vw, 300px\" \/><\/td>\n<td align=\"left\"><a href=\"https:\/\/cinando.com\/en\/People\/di_leva_pablo_589988\/Detail\" target=\"_blank\" rel=\"noopener noreferrer\"><strong>Pablo Di Leva<\/strong><\/a><br \/>\nProducer<br \/>\nBandido Cine<\/td>\n<td align=\"left\"><img decoding=\"async\" class=\"alignnone size-full wp-image-9368\" src=\"https:\/\/uruguayaudiovisual.com\/wp-content\/uploads\/2020\/11\/m-dominguez.jpg\" alt=\"\" width=\"300\" height=\"360\" srcset=\"https:\/\/uruguayaudiovisual.com\/wp-content\/uploads\/2020\/11\/m-dominguez-200x240.jpg 200w, https:\/\/uruguayaudiovisual.com\/wp-content\/uploads\/2020\/11\/m-dominguez-250x300.jpg 250w, https:\/\/uruguayaudiovisual.com\/wp-content\/uploads\/2020\/11\/m-dominguez.jpg 300w\" sizes=\"(max-width: 300px) 100vw, 300px\" \/><\/td>\n<td align=\"left\"><a href=\"https:\/\/cinando.com\/en\/People\/dominguez_micaela_374534\/Detail\" target=\"_blank\" rel=\"noopener noreferrer\"><strong>Micaela Dom\u00ednguez<\/strong><\/a><br \/>\nJournalist<br \/>\nLATAM Cinema<\/td>\n<\/tr>\n<tr>\n<td align=\"left\"><img decoding=\"async\" class=\"alignnone size-full wp-image-9480\" src=\"https:\/\/uruguayaudiovisual.com\/wp-content\/uploads\/2020\/11\/f-epstein.jpg\" alt=\"\" width=\"300\" height=\"360\" srcset=\"https:\/\/uruguayaudiovisual.com\/wp-content\/uploads\/2020\/11\/f-epstein-200x240.jpg 200w, https:\/\/uruguayaudiovisual.com\/wp-content\/uploads\/2020\/11\/f-epstein-250x300.jpg 250w, https:\/\/uruguayaudiovisual.com\/wp-content\/uploads\/2020\/11\/f-epstein.jpg 300w\" sizes=\"(max-width: 300px) 100vw, 300px\" \/><\/td>\n<td align=\"left\"><a href=\"https:\/\/cinando.com\/en\/People\/epstein_fernando_119041\/Detail\" target=\"_blank\" rel=\"noopener noreferrer\"><b>Fernando Epstein<\/b><\/a><br \/>\nProducer<br \/>\nMutante Cine<\/td>\n<td align=\"left\"><a href=\"https:\/\/cinando.com\/en\/People\/fernandez_pujol_diego_224659\/Detail\"><img decoding=\"async\" class=\"alignnone size-full wp-image-9320\" src=\"https:\/\/uruguayaudiovisual.com\/wp-content\/uploads\/2020\/11\/d-fernandez.jpg\" alt=\"\" width=\"300\" height=\"360\" srcset=\"https:\/\/uruguayaudiovisual.com\/wp-content\/uploads\/2020\/11\/d-fernandez-200x240.jpg 200w, https:\/\/uruguayaudiovisual.com\/wp-content\/uploads\/2020\/11\/d-fernandez-250x300.jpg 250w, https:\/\/uruguayaudiovisual.com\/wp-content\/uploads\/2020\/11\/d-fernandez.jpg 300w\" sizes=\"(max-width: 300px) 100vw, 300px\" \/><\/a><\/td>\n<td align=\"left\">\u00a0<a href=\"https:\/\/cinando.com\/en\/People\/fernandez_pujol_diego_224659\/Detail\" target=\"_blank\" rel=\"noopener noreferrer\"><strong>Diego Fern\u00e1ndez<\/strong><\/a><br \/>\nProducer &amp; Director<br \/>\nParking Films<\/td>\n<td align=\"left\"><img decoding=\"async\" class=\"alignnone size-full wp-image-9346\" src=\"https:\/\/uruguayaudiovisual.com\/wp-content\/uploads\/2020\/11\/p-fernandez.jpg\" alt=\"\" width=\"300\" height=\"360\" srcset=\"https:\/\/uruguayaudiovisual.com\/wp-content\/uploads\/2020\/11\/p-fernandez-200x240.jpg 200w, https:\/\/uruguayaudiovisual.com\/wp-content\/uploads\/2020\/11\/p-fernandez-250x300.jpg 250w, https:\/\/uruguayaudiovisual.com\/wp-content\/uploads\/2020\/11\/p-fernandez.jpg 300w\" sizes=\"(max-width: 300px) 100vw, 300px\" \/><\/td>\n<td align=\"left\"><a href=\"https:\/\/cinando.com\/en\/People\/fernandez_pablo_67415\/Detail\" target=\"_blank\" rel=\"noopener noreferrer\"><strong>Pablo Fern\u00e1ndez<\/strong><\/a><br \/>\nDirector &amp; Producer<br \/>\nSuekofilms<\/td>\n<td align=\"left\"><img decoding=\"async\" class=\"alignnone size-full wp-image-9371\" src=\"https:\/\/uruguayaudiovisual.com\/wp-content\/uploads\/2020\/11\/i-garcia.jpg\" alt=\"\" width=\"300\" height=\"360\" srcset=\"https:\/\/uruguayaudiovisual.com\/wp-content\/uploads\/2020\/11\/i-garcia-200x240.jpg 200w, https:\/\/uruguayaudiovisual.com\/wp-content\/uploads\/2020\/11\/i-garcia-250x300.jpg 250w, https:\/\/uruguayaudiovisual.com\/wp-content\/uploads\/2020\/11\/i-garcia.jpg 300w\" sizes=\"(max-width: 300px) 100vw, 300px\" \/><\/td>\n<td align=\"left\"><a href=\"https:\/\/cinando.com\/en\/People\/garcia_cucucovich_ignacio_165212\/Detail\" target=\"_blank\" rel=\"noopener noreferrer\"><strong data-fusion-font=\"true\">Ignacio Garc\u00eda Cucucovich<\/strong><\/a><br \/>\nProducer<br \/>\nMother Superior Films<\/td>\n<\/tr>\n<tr>\n<td align=\"left\"><img decoding=\"async\" class=\"alignnone size-full wp-image-9517\" src=\"https:\/\/uruguayaudiovisual.com\/wp-content\/uploads\/2020\/11\/a-gonzalez.jpg\" alt=\"\" width=\"300\" height=\"360\" srcset=\"https:\/\/uruguayaudiovisual.com\/wp-content\/uploads\/2020\/11\/a-gonzalez-200x240.jpg 200w, https:\/\/uruguayaudiovisual.com\/wp-content\/uploads\/2020\/11\/a-gonzalez-250x300.jpg 250w, https:\/\/uruguayaudiovisual.com\/wp-content\/uploads\/2020\/11\/a-gonzalez.jpg 300w\" sizes=\"(max-width: 300px) 100vw, 300px\" \/><\/td>\n<td align=\"left\"><a href=\"https:\/\/cinando.com\/en\/People\/gonzalez_adriana_591999\/Detail\" target=\"_blank\" rel=\"noopener noreferrer\"><strong>Adriana Gonz\u00e1lez<\/strong><\/a><br \/>\nProducer<br \/>\nLuza Producciones<\/td>\n<td align=\"left\"><img decoding=\"async\" class=\"alignnone size-full wp-image-9290\" src=\"https:\/\/uruguayaudiovisual.com\/wp-content\/uploads\/2020\/11\/c-guarilha.jpg\" alt=\"\" width=\"300\" height=\"360\" srcset=\"https:\/\/uruguayaudiovisual.com\/wp-content\/uploads\/2020\/11\/c-guarilha-200x240.jpg 200w, https:\/\/uruguayaudiovisual.com\/wp-content\/uploads\/2020\/11\/c-guarilha-250x300.jpg 250w, https:\/\/uruguayaudiovisual.com\/wp-content\/uploads\/2020\/11\/c-guarilha.jpg 300w\" sizes=\"(max-width: 300px) 100vw, 300px\" \/><\/td>\n<td align=\"left\">\u00a0<a href=\"https:\/\/cinando.com\/en\/People\/guarilha_clarissa_590003\/Detail\" target=\"_blank\" rel=\"noopener noreferrer\"><strong>Clarissa Guarilha<\/strong><\/a><br \/>\nProducer<br \/>\nLa Creciente<\/td>\n<td align=\"left\"><img decoding=\"async\" class=\"alignnone size-full wp-image-9267\" src=\"https:\/\/uruguayaudiovisual.com\/wp-content\/uploads\/2020\/11\/a-lourido.jpg\" alt=\"\" width=\"300\" height=\"360\" srcset=\"https:\/\/uruguayaudiovisual.com\/wp-content\/uploads\/2020\/11\/a-lourido-200x240.jpg 200w, https:\/\/uruguayaudiovisual.com\/wp-content\/uploads\/2020\/11\/a-lourido-250x300.jpg 250w, https:\/\/uruguayaudiovisual.com\/wp-content\/uploads\/2020\/11\/a-lourido.jpg 300w\" sizes=\"(max-width: 300px) 100vw, 300px\" \/><\/td>\n<td align=\"left\"><a href=\"https:\/\/cinando.com\/en\/People\/lourido_alfonso_568249\/Detail\" target=\"_blank\" rel=\"noopener noreferrer\"><strong>Alfonso Lourido<\/strong><\/a><br \/>\nExecutive Producer &amp; Director<br \/>\nCarajito Films<\/td>\n<td align=\"left\"><img decoding=\"async\" class=\"alignnone size-full wp-image-9248\" src=\"https:\/\/uruguayaudiovisual.com\/wp-content\/uploads\/2020\/11\/j-mauad.jpg\" alt=\"\" width=\"300\" height=\"360\" srcset=\"https:\/\/uruguayaudiovisual.com\/wp-content\/uploads\/2020\/11\/j-mauad-200x240.jpg 200w, https:\/\/uruguayaudiovisual.com\/wp-content\/uploads\/2020\/11\/j-mauad-250x300.jpg 250w, https:\/\/uruguayaudiovisual.com\/wp-content\/uploads\/2020\/11\/j-mauad.jpg 300w\" sizes=\"(max-width: 300px) 100vw, 300px\" \/><\/td>\n<td align=\"left\"><a href=\"https:\/\/cinando.com\/en\/People\/mauad_cuadra_joaquin_411573\/Detail\" target=\"_blank\" rel=\"noopener noreferrer\"><strong>Joaquin Mauad<\/strong><\/a><br \/>\nDirector &amp; Producer<br \/>\nAnfibia Cine<\/td>\n<\/tr>\n<tr>\n<td align=\"left\"><img decoding=\"async\" class=\"alignnone size-full wp-image-9431\" src=\"https:\/\/uruguayaudiovisual.com\/wp-content\/uploads\/2020\/11\/s-mayayo.jpg\" alt=\"\" width=\"300\" height=\"360\" srcset=\"https:\/\/uruguayaudiovisual.com\/wp-content\/uploads\/2020\/11\/s-mayayo-200x240.jpg 200w, https:\/\/uruguayaudiovisual.com\/wp-content\/uploads\/2020\/11\/s-mayayo-250x300.jpg 250w, https:\/\/uruguayaudiovisual.com\/wp-content\/uploads\/2020\/11\/s-mayayo.jpg 300w\" sizes=\"(max-width: 300px) 100vw, 300px\" \/><\/td>\n<td align=\"left\"><a href=\"https:\/\/cinando.com\/en\/People\/mayayo_sebastian_547665\/Detail\" target=\"_blank\" rel=\"noopener noreferrer\"><strong>Sebasti\u00e1n Mayayo<\/strong><\/a><br \/>\nProducer &amp; Director<\/td>\n<td align=\"left\"><img decoding=\"async\" class=\"alignnone size-full wp-image-9323\" src=\"https:\/\/uruguayaudiovisual.com\/wp-content\/uploads\/2020\/11\/e-mazza.jpg\" alt=\"\" width=\"300\" height=\"360\" srcset=\"https:\/\/uruguayaudiovisual.com\/wp-content\/uploads\/2020\/11\/e-mazza-200x240.jpg 200w, https:\/\/uruguayaudiovisual.com\/wp-content\/uploads\/2020\/11\/e-mazza-250x300.jpg 250w, https:\/\/uruguayaudiovisual.com\/wp-content\/uploads\/2020\/11\/e-mazza.jpg 300w\" sizes=\"(max-width: 300px) 100vw, 300px\" \/><\/td>\n<td align=\"left\"><a href=\"https:\/\/cinando.com\/en\/People\/mazza_de_luca_emiliano_308998\/Detail\" target=\"_blank\" rel=\"noopener noreferrer\"><strong>Emiliano Mazza<\/strong><\/a><br \/>\nDirector &amp; Producer<br \/>\nPassaparola<\/td>\n<td align=\"left\"><img decoding=\"async\" class=\"alignnone size-full wp-image-9300\" src=\"https:\/\/uruguayaudiovisual.com\/wp-content\/uploads\/2020\/11\/p-mendez.jpg\" alt=\"\" width=\"300\" height=\"360\" srcset=\"https:\/\/uruguayaudiovisual.com\/wp-content\/uploads\/2020\/11\/p-mendez-200x240.jpg 200w, https:\/\/uruguayaudiovisual.com\/wp-content\/uploads\/2020\/11\/p-mendez-250x300.jpg 250w, https:\/\/uruguayaudiovisual.com\/wp-content\/uploads\/2020\/11\/p-mendez.jpg 300w\" sizes=\"(max-width: 300px) 100vw, 300px\" \/><\/td>\n<td align=\"left\"><a href=\"https:\/\/cinando.com\/en\/People\/mendez_fadol_patricia_295417\/Detail\" target=\"_blank\" rel=\"noopener noreferrer\"><strong>Patricia M\u00e9ndez<\/strong><\/a><br \/>\nProducer &amp; Director<br \/>\nMefafilms<\/td>\n<td align=\"left\"><img decoding=\"async\" class=\"alignnone size-full wp-image-9374\" src=\"https:\/\/uruguayaudiovisual.com\/wp-content\/uploads\/2020\/11\/g-michelin.jpg\" alt=\"\" width=\"300\" height=\"360\" srcset=\"https:\/\/uruguayaudiovisual.com\/wp-content\/uploads\/2020\/11\/g-michelin-200x240.jpg 200w, https:\/\/uruguayaudiovisual.com\/wp-content\/uploads\/2020\/11\/g-michelin-250x300.jpg 250w, https:\/\/uruguayaudiovisual.com\/wp-content\/uploads\/2020\/11\/g-michelin.jpg 300w\" sizes=\"(max-width: 300px) 100vw, 300px\" \/><\/td>\n<td align=\"left\"><a href=\"https:\/\/cinando.com\/en\/People\/michelin_gerardo_53687\/Detail\" target=\"_blank\" rel=\"noopener noreferrer\"><strong>Gerardo Michelin<\/strong><\/a><br \/>\nDirector Journalist<br \/>\nLATAM Cinema<\/td>\n<\/tr>\n<tr>\n<td align=\"left\"><img decoding=\"async\" class=\"alignnone size-full wp-image-9435\" src=\"https:\/\/uruguayaudiovisual.com\/wp-content\/uploads\/2020\/11\/c-mato.jpg\" alt=\"\" width=\"300\" height=\"360\" srcset=\"https:\/\/uruguayaudiovisual.com\/wp-content\/uploads\/2020\/11\/c-mato-200x240.jpg 200w, https:\/\/uruguayaudiovisual.com\/wp-content\/uploads\/2020\/11\/c-mato-250x300.jpg 250w, https:\/\/uruguayaudiovisual.com\/wp-content\/uploads\/2020\/11\/c-mato.jpg 300w\" sizes=\"(max-width: 300px) 100vw, 300px\" \/><\/td>\n<td align=\"left\"><a href=\"https:\/\/cinando.com\/en\/People\/mato_cecilia_83723\/Detail\" target=\"_blank\" rel=\"noopener noreferrer\"><strong>Cecilia Mato<\/strong><\/a><br \/>\nExecutive Producer<br \/>\nSalado<\/td>\n<td align=\"left\"><img decoding=\"async\" class=\"alignnone size-full wp-image-9329\" src=\"https:\/\/uruguayaudiovisual.com\/wp-content\/uploads\/2020\/11\/l-moreria.jpg\" alt=\"\" width=\"300\" height=\"360\" srcset=\"https:\/\/uruguayaudiovisual.com\/wp-content\/uploads\/2020\/11\/l-moreria-200x240.jpg 200w, https:\/\/uruguayaudiovisual.com\/wp-content\/uploads\/2020\/11\/l-moreria-250x300.jpg 250w, https:\/\/uruguayaudiovisual.com\/wp-content\/uploads\/2020\/11\/l-moreria.jpg 300w\" sizes=\"(max-width: 300px) 100vw, 300px\" \/><\/td>\n<td align=\"left\">\u00a0<a href=\"https:\/\/cinando.com\/en\/People\/moreira_lucia_223750\/Detail\" target=\"_blank\" rel=\"noopener noreferrer\"><strong>Luc\u00eda Moreira<\/strong><\/a><br \/>\nProducer<br \/>\nRaccord Films<\/td>\n<td align=\"left\"><img decoding=\"async\" class=\"alignnone size-full wp-image-9378\" src=\"https:\/\/uruguayaudiovisual.com\/wp-content\/uploads\/2020\/11\/f-moreria.jpg\" alt=\"\" width=\"300\" height=\"360\" srcset=\"https:\/\/uruguayaudiovisual.com\/wp-content\/uploads\/2020\/11\/f-moreria-200x240.jpg 200w, https:\/\/uruguayaudiovisual.com\/wp-content\/uploads\/2020\/11\/f-moreria-250x300.jpg 250w, https:\/\/uruguayaudiovisual.com\/wp-content\/uploads\/2020\/11\/f-moreria.jpg 300w\" sizes=\"(max-width: 300px) 100vw, 300px\" \/><\/td>\n<td align=\"left\"><a href=\"https:\/\/cinando.com\/en\/People\/moreira_federico_346717\/Detail\" target=\"_blank\" rel=\"noopener noreferrer\"><strong>Federico Moreira<\/strong><\/a><br \/>\nDirector &amp; Producer<br \/>\nLa Mayor<\/td>\n<td align=\"left\"><img decoding=\"async\" class=\"alignnone size-full wp-image-9513\" src=\"https:\/\/uruguayaudiovisual.com\/wp-content\/uploads\/2020\/11\/l-nieto.jpg\" alt=\"\" width=\"300\" height=\"360\" srcset=\"https:\/\/uruguayaudiovisual.com\/wp-content\/uploads\/2020\/11\/l-nieto-200x240.jpg 200w, https:\/\/uruguayaudiovisual.com\/wp-content\/uploads\/2020\/11\/l-nieto-250x300.jpg 250w, https:\/\/uruguayaudiovisual.com\/wp-content\/uploads\/2020\/11\/l-nieto.jpg 300w\" sizes=\"(max-width: 300px) 100vw, 300px\" \/><\/td>\n<td align=\"left\"><a href=\"https:\/\/cinando.com\/en\/Company\/lucia_nieto_salazar_independent_240500\/Detail\" target=\"_blank\" rel=\"noopener noreferrer\"><strong>Luc\u00eda Nieto<\/strong><\/a><br \/>\nDirector<\/td>\n<\/tr>\n<tr>\n<td align=\"left\"><img decoding=\"async\" class=\"alignnone size-full wp-image-9280\" src=\"https:\/\/uruguayaudiovisual.com\/wp-content\/uploads\/2020\/11\/p-olveira.jpg\" alt=\"\" width=\"300\" height=\"360\" srcset=\"https:\/\/uruguayaudiovisual.com\/wp-content\/uploads\/2020\/11\/p-olveira-200x240.jpg 200w, https:\/\/uruguayaudiovisual.com\/wp-content\/uploads\/2020\/11\/p-olveira-250x300.jpg 250w, https:\/\/uruguayaudiovisual.com\/wp-content\/uploads\/2020\/11\/p-olveira.jpg 300w\" sizes=\"(max-width: 300px) 100vw, 300px\" \/><\/td>\n<td align=\"left\"><a href=\"https:\/\/cinando.com\/en\/People\/olveira_patricia_287723\/Detail\" target=\"_blank\" rel=\"noopener noreferrer\"><strong>Patricia Olveira<\/strong><\/a><br \/>\nProducer<br \/>\nCord\u00f3n Films<\/td>\n<td align=\"left\"><img decoding=\"async\" class=\"alignnone size-full wp-image-9313\" src=\"https:\/\/uruguayaudiovisual.com\/wp-content\/uploads\/2020\/11\/v-pamoukaghlian.jpg\" alt=\"\" width=\"300\" height=\"360\" srcset=\"https:\/\/uruguayaudiovisual.com\/wp-content\/uploads\/2020\/11\/v-pamoukaghlian-200x240.jpg 200w, https:\/\/uruguayaudiovisual.com\/wp-content\/uploads\/2020\/11\/v-pamoukaghlian-250x300.jpg 250w, https:\/\/uruguayaudiovisual.com\/wp-content\/uploads\/2020\/11\/v-pamoukaghlian.jpg 300w\" sizes=\"(max-width: 300px) 100vw, 300px\" \/><\/td>\n<td align=\"left\"><a href=\"https:\/\/cinando.com\/en\/People\/pamoukaghlian_veronica_114046\/Detail\" target=\"_blank\" rel=\"noopener noreferrer\"><strong data-fusion-font=\"true\">Ver\u00f3nica Pamoukaghlian<\/strong><\/a><br \/>\nHead of Development<br \/>\nNektar Films<\/td>\n<td align=\"left\"><img decoding=\"async\" class=\"alignnone size-full wp-image-9306\" src=\"https:\/\/uruguayaudiovisual.com\/wp-content\/uploads\/2020\/11\/s-perez.jpg\" alt=\"\" width=\"300\" height=\"360\" srcset=\"https:\/\/uruguayaudiovisual.com\/wp-content\/uploads\/2020\/11\/s-perez-200x240.jpg 200w, https:\/\/uruguayaudiovisual.com\/wp-content\/uploads\/2020\/11\/s-perez-250x300.jpg 250w, https:\/\/uruguayaudiovisual.com\/wp-content\/uploads\/2020\/11\/s-perez.jpg 300w\" sizes=\"(max-width: 300px) 100vw, 300px\" \/><\/td>\n<td align=\"left\"><a href=\"https:\/\/cinando.com\/en\/People\/perez_perez_sebastian_467473\/Detail\" target=\"_blank\" rel=\"noopener noreferrer\"><strong>Sebasti\u00e1n P\u00e9rez<\/strong><\/a><br \/>\nFilmmaker<br \/>\nMother Superior Films<\/td>\n<td align=\"left\"><img decoding=\"async\" class=\"alignnone size-full wp-image-9381\" src=\"https:\/\/uruguayaudiovisual.com\/wp-content\/uploads\/2020\/11\/a-piperno.jpg\" alt=\"\" width=\"300\" height=\"360\" srcset=\"https:\/\/uruguayaudiovisual.com\/wp-content\/uploads\/2020\/11\/a-piperno-200x240.jpg 200w, https:\/\/uruguayaudiovisual.com\/wp-content\/uploads\/2020\/11\/a-piperno-250x300.jpg 250w, https:\/\/uruguayaudiovisual.com\/wp-content\/uploads\/2020\/11\/a-piperno.jpg 300w\" sizes=\"(max-width: 300px) 100vw, 300px\" \/><\/td>\n<td align=\"left\"><a href=\"https:\/\/cinando.com\/en\/People\/piperno_alex_223753\/Detail\" target=\"_blank\" rel=\"noopener noreferrer\"><strong>Alex Piperno<\/strong><\/a><br \/>\nProducer<br \/>\nLa Pobladora Cine<\/td>\n<\/tr>\n<tr>\n<td align=\"left\"><img decoding=\"async\" class=\"alignnone size-full wp-image-9287\" src=\"https:\/\/uruguayaudiovisual.com\/wp-content\/uploads\/2020\/11\/f-pittaluga.jpg\" alt=\"\" width=\"300\" height=\"360\" srcset=\"https:\/\/uruguayaudiovisual.com\/wp-content\/uploads\/2020\/11\/f-pittaluga-200x240.jpg 200w, https:\/\/uruguayaudiovisual.com\/wp-content\/uploads\/2020\/11\/f-pittaluga-250x300.jpg 250w, https:\/\/uruguayaudiovisual.com\/wp-content\/uploads\/2020\/11\/f-pittaluga.jpg 300w\" sizes=\"(max-width: 300px) 100vw, 300px\" \/><\/td>\n<td align=\"left\"><a href=\"https:\/\/cinando.com\/en\/People\/pittaluga_fiona_164719\/Detail\" target=\"_blank\" rel=\"noopener noreferrer\"><strong>Fiona Pittaluga<\/strong><\/a><br \/>\nFestival Director<br \/>\nJIFF<\/td>\n<td align=\"left\"><img decoding=\"async\" class=\"alignnone size-full wp-image-9474\" src=\"https:\/\/uruguayaudiovisual.com\/wp-content\/uploads\/2020\/11\/j-platero-1.jpg\" alt=\"\" width=\"300\" height=\"360\" srcset=\"https:\/\/uruguayaudiovisual.com\/wp-content\/uploads\/2020\/11\/j-platero-1-200x240.jpg 200w, https:\/\/uruguayaudiovisual.com\/wp-content\/uploads\/2020\/11\/j-platero-1-250x300.jpg 250w, https:\/\/uruguayaudiovisual.com\/wp-content\/uploads\/2020\/11\/j-platero-1.jpg 300w\" sizes=\"(max-width: 300px) 100vw, 300px\" \/><\/td>\n<td align=\"left\"><a href=\"https:\/\/cinando.com\/en\/People\/platero_juan_117325\/Detail\" target=\"_blank\" rel=\"noopener noreferrer\"><strong>Juan Platero<\/strong><\/a><br \/>\nExecutive Director<br \/>\nEl Refugio Films<\/td>\n<td align=\"left\"><img decoding=\"async\" class=\"alignnone size-full wp-image-9355\" src=\"https:\/\/uruguayaudiovisual.com\/wp-content\/uploads\/2020\/11\/a-rodriguez.jpg\" alt=\"\" width=\"300\" height=\"360\" srcset=\"https:\/\/uruguayaudiovisual.com\/wp-content\/uploads\/2020\/11\/a-rodriguez-200x240.jpg 200w, https:\/\/uruguayaudiovisual.com\/wp-content\/uploads\/2020\/11\/a-rodriguez-250x300.jpg 250w, https:\/\/uruguayaudiovisual.com\/wp-content\/uploads\/2020\/11\/a-rodriguez.jpg 300w\" sizes=\"(max-width: 300px) 100vw, 300px\" \/><\/td>\n<td align=\"left\"><a href=\"https:\/\/cinando.com\/en\/People\/rodriguez_siqueira_ailen_588537\/Detail\" target=\"_blank\" rel=\"noopener noreferrer\"><strong>Ailen Rodr\u00edguez<\/strong><\/a><br \/>\nProducer<br \/>\nYukoh Films<\/td>\n<td align=\"left\"><img decoding=\"async\" class=\"alignnone size-full wp-image-9384\" src=\"https:\/\/uruguayaudiovisual.com\/wp-content\/uploads\/2020\/11\/r-santullo.jpg\" alt=\"\" width=\"300\" height=\"360\" srcset=\"https:\/\/uruguayaudiovisual.com\/wp-content\/uploads\/2020\/11\/r-santullo-200x240.jpg 200w, https:\/\/uruguayaudiovisual.com\/wp-content\/uploads\/2020\/11\/r-santullo-250x300.jpg 250w, https:\/\/uruguayaudiovisual.com\/wp-content\/uploads\/2020\/11\/r-santullo.jpg 300w\" sizes=\"(max-width: 300px) 100vw, 300px\" \/><\/td>\n<td align=\"left\"><a href=\"https:\/\/cinando.com\/en\/People\/santullo_rodolfo_588568\/Detail\" target=\"_blank\" rel=\"noopener noreferrer\"><strong>Rodolfo Santullo<\/strong><\/a><br \/>\nScript writer<\/td>\n<\/tr>\n<tr>\n<td align=\"left\"><img decoding=\"async\" class=\"alignnone size-full wp-image-9387\" src=\"https:\/\/uruguayaudiovisual.com\/wp-content\/uploads\/2020\/11\/p-sch.jpg\" alt=\"\" width=\"300\" height=\"360\" srcset=\"https:\/\/uruguayaudiovisual.com\/wp-content\/uploads\/2020\/11\/p-sch-200x240.jpg 200w, https:\/\/uruguayaudiovisual.com\/wp-content\/uploads\/2020\/11\/p-sch-250x300.jpg 250w, https:\/\/uruguayaudiovisual.com\/wp-content\/uploads\/2020\/11\/p-sch.jpg 300w\" sizes=\"(max-width: 300px) 100vw, 300px\" \/><\/td>\n<td align=\"left\"><a href=\"https:\/\/cinando.com\/en\/People\/schargorodsky_paula_84348\/Detail\" target=\"_blank\" rel=\"noopener noreferrer\"><strong>Paula Schargorodsky<\/strong><\/a><br \/>\nProducer &amp; Director<br \/>\nDream Big Pictures<\/td>\n<td align=\"left\"><img decoding=\"async\" class=\"alignnone size-full wp-image-9340\" src=\"https:\/\/uruguayaudiovisual.com\/wp-content\/uploads\/2020\/11\/34133.jpg\" alt=\"\" width=\"300\" height=\"360\" srcset=\"https:\/\/uruguayaudiovisual.com\/wp-content\/uploads\/2020\/11\/34133-200x240.jpg 200w, https:\/\/uruguayaudiovisual.com\/wp-content\/uploads\/2020\/11\/34133-250x300.jpg 250w, https:\/\/uruguayaudiovisual.com\/wp-content\/uploads\/2020\/11\/34133.jpg 300w\" sizes=\"(max-width: 300px) 100vw, 300px\" \/><\/td>\n<td align=\"left\"><a href=\"https:\/\/cinando.com\/en\/People\/secco_mariana_34133\/Detail\" target=\"_blank\" rel=\"noopener noreferrer\"><strong>Mariana Secco<\/strong><\/a><br \/>\nProducer<br \/>\nSalado<\/td>\n<td align=\"left\"><img decoding=\"async\" class=\"alignnone size-full wp-image-9500\" src=\"https:\/\/uruguayaudiovisual.com\/wp-content\/uploads\/2020\/11\/f-sosa-1.jpg\" alt=\"\" width=\"300\" height=\"360\" srcset=\"https:\/\/uruguayaudiovisual.com\/wp-content\/uploads\/2020\/11\/f-sosa-1-200x240.jpg 200w, https:\/\/uruguayaudiovisual.com\/wp-content\/uploads\/2020\/11\/f-sosa-1-250x300.jpg 250w, https:\/\/uruguayaudiovisual.com\/wp-content\/uploads\/2020\/11\/f-sosa-1.jpg 300w\" sizes=\"(max-width: 300px) 100vw, 300px\" \/><\/td>\n<td align=\"left\"><a href=\"https:\/\/cinando.com\/en\/People\/sosa_facundo_411699\/Detail\" target=\"_blank\" rel=\"noopener noreferrer\"><strong>Facundo Sosa<\/strong><\/a><br \/>\nExecutive Producer<br \/>\nReject Films<\/td>\n<td align=\"left\"><img decoding=\"async\" class=\"alignnone size-full wp-image-9276\" src=\"https:\/\/uruguayaudiovisual.com\/wp-content\/uploads\/2020\/11\/m-sole.jpg\" alt=\"\" width=\"300\" height=\"360\" srcset=\"https:\/\/uruguayaudiovisual.com\/wp-content\/uploads\/2020\/11\/m-sole-200x240.jpg 200w, https:\/\/uruguayaudiovisual.com\/wp-content\/uploads\/2020\/11\/m-sole-250x300.jpg 250w, https:\/\/uruguayaudiovisual.com\/wp-content\/uploads\/2020\/11\/m-sole.jpg 300w\" sizes=\"(max-width: 300px) 100vw, 300px\" \/><\/td>\n<td align=\"left\"><a href=\"https:\/\/cinando.com\/en\/People\/sole_micaela_52753\/Detail\" target=\"_blank\" rel=\"noopener noreferrer\"><strong>Micaela Sol\u00e9<\/strong><\/a><br \/>\nCEO &#8211; Producer<br \/>\nCord\u00f3n Films<\/td>\n<\/tr>\n<tr>\n<td align=\"left\"><img decoding=\"async\" class=\"alignnone size-full wp-image-9333\" src=\"https:\/\/uruguayaudiovisual.com\/wp-content\/uploads\/2020\/11\/j-m-sole.jpg\" alt=\"\" width=\"300\" height=\"360\" srcset=\"https:\/\/uruguayaudiovisual.com\/wp-content\/uploads\/2020\/11\/j-m-sole-200x240.jpg 200w, https:\/\/uruguayaudiovisual.com\/wp-content\/uploads\/2020\/11\/j-m-sole-250x300.jpg 250w, https:\/\/uruguayaudiovisual.com\/wp-content\/uploads\/2020\/11\/j-m-sole.jpg 300w\" sizes=\"(max-width: 300px) 100vw, 300px\" \/><\/td>\n<td align=\"left\">\u00a0<a href=\"https:\/\/cinando.com\/en\/People\/sole_lorenzelli_juan_manuel_229613\/Detail\" target=\"_blank\" rel=\"noopener noreferrer\"><strong>Juan Manuel Sol\u00e9<\/strong><\/a><br \/>\nProducer &amp; Director<br \/>\nRegi\u00f3n Cinema<\/td>\n<td align=\"left\"><a href=\"https:\/\/cinando.com\/en\/People\/tipa_ana_117372\/Detail\"><img decoding=\"async\" class=\"alignnone size-full wp-image-9283\" src=\"https:\/\/uruguayaudiovisual.com\/wp-content\/uploads\/2020\/11\/a-tipa.jpg\" alt=\"\" width=\"300\" height=\"360\" srcset=\"https:\/\/uruguayaudiovisual.com\/wp-content\/uploads\/2020\/11\/a-tipa-200x240.jpg 200w, https:\/\/uruguayaudiovisual.com\/wp-content\/uploads\/2020\/11\/a-tipa-250x300.jpg 250w, https:\/\/uruguayaudiovisual.com\/wp-content\/uploads\/2020\/11\/a-tipa.jpg 300w\" sizes=\"(max-width: 300px) 100vw, 300px\" \/><\/a><\/td>\n<td align=\"left\"><a href=\"https:\/\/cinando.com\/en\/People\/tipa_ana_117372\/Detail\" target=\"_blank\" rel=\"noopener noreferrer\"><strong>Ana Tipa<\/strong><\/a><br \/>\nDirector &amp; Producer<br \/>\nHuerfanita Films<\/td>\n<td align=\"left\"><img decoding=\"async\" class=\"alignnone size-full wp-image-9343\" src=\"https:\/\/uruguayaudiovisual.com\/wp-content\/uploads\/2020\/11\/l-tocco.jpg\" alt=\"\" width=\"300\" height=\"360\" srcset=\"https:\/\/uruguayaudiovisual.com\/wp-content\/uploads\/2020\/11\/l-tocco-200x240.jpg 200w, https:\/\/uruguayaudiovisual.com\/wp-content\/uploads\/2020\/11\/l-tocco-250x300.jpg 250w, https:\/\/uruguayaudiovisual.com\/wp-content\/uploads\/2020\/11\/l-tocco.jpg 300w\" sizes=\"(max-width: 300px) 100vw, 300px\" \/><\/td>\n<td align=\"left\">\u00a0<a href=\"https:\/\/cinando.com\/en\/People\/tocco_lorenzo_589855\/Detail\" target=\"_blank\" rel=\"noopener noreferrer\"><strong>Lorenzo Tocco<\/strong><\/a><br \/>\nDirector &amp; Producer<\/td>\n<td align=\"left\"><img decoding=\"async\" class=\"alignnone size-full wp-image-9259\" src=\"https:\/\/uruguayaudiovisual.com\/wp-content\/uploads\/2020\/11\/p-trochon.jpg\" alt=\"\" width=\"300\" height=\"360\" srcset=\"https:\/\/uruguayaudiovisual.com\/wp-content\/uploads\/2020\/11\/p-trochon-200x240.jpg 200w, https:\/\/uruguayaudiovisual.com\/wp-content\/uploads\/2020\/11\/p-trochon-250x300.jpg 250w, https:\/\/uruguayaudiovisual.com\/wp-content\/uploads\/2020\/11\/p-trochon.jpg 300w\" sizes=\"(max-width: 300px) 100vw, 300px\" \/><\/td>\n<td align=\"left\"><a href=\"https:\/\/cinando.com\/en\/People\/trochon_patricia_229809\/Detail\" target=\"_blank\" rel=\"noopener noreferrer\"><strong>Patricia Troch\u00f3n<\/strong><\/a><br \/>\nProducer &amp; Director<br \/>\nMuchacha Films<\/td>\n<\/tr>\n<tr>\n<td align=\"left\"><img decoding=\"async\" class=\"alignnone size-full wp-image-9866\" src=\"https:\/\/uruguayaudiovisual.com\/wp-content\/uploads\/2020\/11\/fernando-trucco.jpg\" alt=\"\" width=\"300\" height=\"360\" srcset=\"https:\/\/uruguayaudiovisual.com\/wp-content\/uploads\/2020\/11\/fernando-trucco-200x240.jpg 200w, https:\/\/uruguayaudiovisual.com\/wp-content\/uploads\/2020\/11\/fernando-trucco-250x300.jpg 250w, https:\/\/uruguayaudiovisual.com\/wp-content\/uploads\/2020\/11\/fernando-trucco.jpg 300w\" sizes=\"(max-width: 300px) 100vw, 300px\" \/><\/td>\n<td align=\"left\">\u00a0<a href=\"https:\/\/cinando.com\/en\/People\/trucco_fernando_593054\/Detail\" target=\"_blank\" rel=\"noopener noreferrer\"><strong>Fernando Trucco<\/strong><\/a><br \/>\nScriptwriter<\/td>\n<td align=\"left\"><img decoding=\"async\" class=\"alignnone size-full wp-image-9270\" src=\"https:\/\/uruguayaudiovisual.com\/wp-content\/uploads\/2020\/11\/n-valdes.jpg\" alt=\"\" width=\"300\" height=\"360\" srcset=\"https:\/\/uruguayaudiovisual.com\/wp-content\/uploads\/2020\/11\/n-valdes-200x240.jpg 200w, https:\/\/uruguayaudiovisual.com\/wp-content\/uploads\/2020\/11\/n-valdes-250x300.jpg 250w, https:\/\/uruguayaudiovisual.com\/wp-content\/uploads\/2020\/11\/n-valdes.jpg 300w\" sizes=\"(max-width: 300px) 100vw, 300px\" \/><\/td>\n<td align=\"left\">\u00a0<a href=\"https:\/\/cinando.com\/en\/People\/valdes_belhot_nicolas_465069\/Detail\" target=\"_blank\" rel=\"noopener noreferrer\"><strong>Nicol\u00e1s Vald\u00e9s<\/strong><\/a><br \/>\nSales Agent<br \/>\nCircular Media<\/td>\n<td align=\"left\"><img decoding=\"async\" class=\"alignnone size-full wp-image-9263\" src=\"https:\/\/uruguayaudiovisual.com\/wp-content\/uploads\/2020\/11\/i-vazquez.jpg\" alt=\"\" width=\"300\" height=\"360\" srcset=\"https:\/\/uruguayaudiovisual.com\/wp-content\/uploads\/2020\/11\/i-vazquez-200x240.jpg 200w, https:\/\/uruguayaudiovisual.com\/wp-content\/uploads\/2020\/11\/i-vazquez-250x300.jpg 250w, https:\/\/uruguayaudiovisual.com\/wp-content\/uploads\/2020\/11\/i-vazquez.jpg 300w\" sizes=\"(max-width: 300px) 100vw, 300px\" \/><\/td>\n<td align=\"left\">\u00a0<a href=\"https:\/\/cinando.com\/en\/People\/vazquez_ines_590862\/Detail\" target=\"_blank\" rel=\"noopener noreferrer\"><strong>In\u00e9s V\u00e1zquez<\/strong><\/a><br \/>\nProducer<br \/>\nByobu<\/td>\n<td align=\"left\"><img decoding=\"async\" class=\"alignnone size-full wp-image-9390\" src=\"https:\/\/uruguayaudiovisual.com\/wp-content\/uploads\/2020\/11\/zalah.jpg\" alt=\"\" width=\"300\" height=\"360\" srcset=\"https:\/\/uruguayaudiovisual.com\/wp-content\/uploads\/2020\/11\/zalah-200x240.jpg 200w, https:\/\/uruguayaudiovisual.com\/wp-content\/uploads\/2020\/11\/zalah-250x300.jpg 250w, https:\/\/uruguayaudiovisual.com\/wp-content\/uploads\/2020\/11\/zalah.jpg 300w\" sizes=\"(max-width: 300px) 100vw, 300px\" \/><\/td>\n<td align=\"left\">\u00a0<a href=\"https:\/\/cinando.com\/en\/People\/rodriguez_zalah_589813\/Detail\" target=\"_blank\" rel=\"noopener noreferrer\"><strong>Z\u00e1lah Rodr\u00edguez<\/strong><\/a><br \/>\nFilmmaker<\/td>\n<\/tr>\n<\/tbody>\n<\/table>\n<\/div>\n<\/div><\/div><\/div><\/div><div class=\"fusion-fullwidth fullwidth-box fusion-builder-row-11 fusion-flex-container nonhundred-percent-fullwidth non-hundred-percent-height-scrolling fusion-no-large-visibility\" style=\"--link_hover_color: #ffcb1f;--link_color: #1c75bc;--awb-border-radius-top-left:0px;--awb-border-radius-top-right:0px;--awb-border-radius-bottom-right:0px;--awb-border-radius-bottom-left:0px;--awb-padding-top:0px;--awb-padding-bottom:0px;--awb-margin-top:0px;--awb-margin-bottom:0px;--awb-background-color:#ffffff;--awb-flex-wrap:wrap;\" ><div class=\"fusion-builder-row fusion-row fusion-flex-align-items-flex-start fusion-flex-content-wrap\" style=\"max-width:1497.6px;margin-left: calc(-4% \/ 2 );margin-right: calc(-4% \/ 2 );\"><div class=\"fusion-layout-column fusion_builder_column fusion-builder-column-87 fusion_builder_column_1_1 1_1 fusion-flex-column\" style=\"--awb-padding-top:35px;--awb-padding-bottom:20px;--awb-bg-size:cover;--awb-width-large:100%;--awb-margin-top-large:0px;--awb-spacing-right-large:1.92%;--awb-margin-bottom-large:0px;--awb-spacing-left-large:1.92%;--awb-width-medium:100%;--awb-spacing-right-medium:1.92%;--awb-spacing-left-medium:1.92%;--awb-width-small:100%;--awb-spacing-right-small:1.92%;--awb-spacing-left-small:1.92%;\"><div class=\"fusion-column-wrapper fusion-column-has-shadow fusion-flex-justify-content-flex-start fusion-content-layout-column\"><div class=\"fusion-image-element \" style=\"text-align:center;--awb-max-width:274px;--awb-caption-title-font-family:var(--h2_typography-font-family);--awb-caption-title-font-weight:var(--h2_typography-font-weight);--awb-caption-title-font-style:var(--h2_typography-font-style);--awb-caption-title-size:var(--h2_typography-font-size);--awb-caption-title-transform:var(--h2_typography-text-transform);--awb-caption-title-line-height:var(--h2_typography-line-height);--awb-caption-title-letter-spacing:var(--h2_typography-letter-spacing);\"><span class=\" fusion-imageframe imageframe-none imageframe-13 hover-type-none fusion-animated\" data-animationType=\"flash\" data-animationDuration=\"0.5\" data-animationOffset=\"top-into-view\"><img decoding=\"async\" width=\"300\" height=\"93\" title=\"Captura de pantalla 2020-11-10 a la(s) 16.40.39 copia\" src=\"https:\/\/uruguayaudiovisual.com\/wp-content\/uploads\/2020\/11\/Captura-de-pantalla-2020-11-10-a-las-16.40.39-copia-300x93.png\" alt class=\"img-responsive wp-image-9236\" srcset=\"https:\/\/uruguayaudiovisual.com\/wp-content\/uploads\/2020\/11\/Captura-de-pantalla-2020-11-10-a-las-16.40.39-copia-200x62.png 200w, https:\/\/uruguayaudiovisual.com\/wp-content\/uploads\/2020\/11\/Captura-de-pantalla-2020-11-10-a-las-16.40.39-copia-400x123.png 400w, https:\/\/uruguayaudiovisual.com\/wp-content\/uploads\/2020\/11\/Captura-de-pantalla-2020-11-10-a-las-16.40.39-copia-600x185.png 600w, https:\/\/uruguayaudiovisual.com\/wp-content\/uploads\/2020\/11\/Captura-de-pantalla-2020-11-10-a-las-16.40.39-copia-800x247.png 800w, https:\/\/uruguayaudiovisual.com\/wp-content\/uploads\/2020\/11\/Captura-de-pantalla-2020-11-10-a-las-16.40.39-copia.png 940w\" sizes=\"(max-width: 1024px) 100vw, (max-width: 640px) 100vw, 300px\" \/><\/span><\/div><div class=\"fusion-separator fusion-full-width-sep\" style=\"align-self: center;margin-left: auto;margin-right: auto;margin-top:5px;margin-bottom:5px;width:100%;\"><\/div><\/div><\/div><div class=\"fusion-layout-column fusion_builder_column fusion-builder-column-88 fusion_builder_column_1_1 1_1 fusion-flex-column\" style=\"--awb-padding-top:35px;--awb-padding-bottom:35px;--awb-bg-size:cover;--awb-width-large:100%;--awb-margin-top-large:0px;--awb-spacing-right-large:1.92%;--awb-margin-bottom-large:0px;--awb-spacing-left-large:1.92%;--awb-width-medium:100%;--awb-order-medium:0;--awb-spacing-right-medium:1.92%;--awb-spacing-left-medium:1.92%;--awb-width-small:100%;--awb-order-small:0;--awb-spacing-right-small:1.92%;--awb-spacing-left-small:1.92%;\"><div class=\"fusion-column-wrapper fusion-column-has-shadow fusion-flex-justify-content-flex-start fusion-content-layout-column\"><div class=\"fusion-title title fusion-title-11 fusion-sep-none fusion-title-center fusion-title-highlight fusion-animate-loop fusion-highlight-double_underline fusion-title-size-three fusion-animated\" style=\"--awb-text-color:#ffffff;--awb-highlight-color:#1c75bc;--awb-margin-bottom:10px;--awb-margin-bottom-small:10px;--awb-font-size:28px;\" data-highlight=\"double_underline\" data-animationType=\"zoomIn\" data-animationDuration=\"0.5\" data-animationOffset=\"top-into-view\"><h3 class=\"fusion-title-heading title-heading-center fusion-responsive-typography-calculated\" style=\"margin:0;font-size:1em;--fontSize:28;line-height:1.79;\"><span class=\"fusion-highlighted-text-prefix\"><\/span> <span class=\"fusion-highlighted-text-wrapper\"><span class=\"fusion-highlighted-text\" style=\"color:#000000;\">Delegation from Uruguay<\/span><svg xmlns=\"http:\/\/www.w3.org\/2000\/svg\" viewBox=\"0 0 500 150\" preserveAspectRatio=\"none\"><path d=\"M10.3,130.6c0,0,193.9-24.3,475.2-11.2\"><\/path><path d=\"M38.9,148.9c0,0,173.8-35.3,423.3-11.8\"><\/path><\/svg><\/span> <span class=\"fusion-highlighted-text-postfix\"><\/span><\/h3><\/div><\/div><\/div><div class=\"fusion-layout-column fusion_builder_column fusion-builder-column-89 fusion_builder_column_1_1 1_1 fusion-flex-column\" style=\"--awb-bg-size:cover;--awb-width-large:100%;--awb-margin-top-large:0px;--awb-spacing-right-large:1.92%;--awb-margin-bottom-large:0px;--awb-spacing-left-large:1.92%;--awb-width-medium:100%;--awb-spacing-right-medium:1.92%;--awb-spacing-left-medium:1.92%;--awb-width-small:100%;--awb-spacing-right-small:1.92%;--awb-spacing-left-small:1.92%;\"><div class=\"fusion-column-wrapper fusion-column-has-shadow fusion-flex-justify-content-flex-start fusion-content-layout-column\"><div class=\"fusion-text fusion-text-72\"><\/div><div class=\"fusion-text fusion-text-73 fusion-animated\" data-animationType=\"slideInDown\" data-animationDuration=\"0.5\" data-animationOffset=\"top-into-view\"><\/div><div class=\"fusion-separator fusion-full-width-sep\" style=\"align-self: center;margin-left: auto;margin-right: auto;margin-top:7px;margin-bottom:7px;width:100%;\"><\/div>\n<div class=\"table-1\">\n<table width=\"100%\">\n<tbody>\n<tr>\n<td align=\"left\"><img decoding=\"async\" class=\"alignnone size-full wp-image-9508\" src=\"https:\/\/uruguayaudiovisual.com\/wp-content\/uploads\/2020\/11\/a-alonso.jpg\" alt=\"\" width=\"300\" height=\"360\" srcset=\"https:\/\/uruguayaudiovisual.com\/wp-content\/uploads\/2020\/11\/a-alonso-200x240.jpg 200w, https:\/\/uruguayaudiovisual.com\/wp-content\/uploads\/2020\/11\/a-alonso-250x300.jpg 250w, https:\/\/uruguayaudiovisual.com\/wp-content\/uploads\/2020\/11\/a-alonso.jpg 300w\" sizes=\"(max-width: 300px) 100vw, 300px\" \/><\/td>\n<td align=\"left\"><a href=\"https:\/\/cinando.com\/en\/People\/alonso_alfonsina_547329\/Detail\" target=\"_blank\" rel=\"noopener noreferrer\"><strong>Alfonsina Alonso<\/strong><\/a><span style=\"color: #333333;\"><strong><br \/>\n<\/strong><\/span>Director &amp; Producer<\/td>\n<td align=\"left\"><img decoding=\"async\" class=\"alignnone size-full wp-image-9856\" src=\"https:\/\/uruguayaudiovisual.com\/wp-content\/uploads\/2020\/11\/alonso.jpg\" alt=\"\" width=\"300\" height=\"360\" srcset=\"https:\/\/uruguayaudiovisual.com\/wp-content\/uploads\/2020\/11\/alonso-200x240.jpg 200w, https:\/\/uruguayaudiovisual.com\/wp-content\/uploads\/2020\/11\/alonso-250x300.jpg 250w, https:\/\/uruguayaudiovisual.com\/wp-content\/uploads\/2020\/11\/alonso.jpg 300w\" sizes=\"(max-width: 300px) 100vw, 300px\" \/><\/td>\n<td align=\"left\"><a href=\"https:\/\/cinando.com\/en\/People\/alonso_juan_martin_589854\/Detail\" target=\"_blank\" rel=\"noopener noreferrer\"><strong>Juan Martin Alonso<\/strong><\/a><br \/>\nProducer<\/td>\n<\/tr>\n<tr>\n<td align=\"left\"><img decoding=\"async\" class=\"alignnone size-full wp-image-9352\" src=\"https:\/\/uruguayaudiovisual.com\/wp-content\/uploads\/2020\/11\/p-banchero.jpg\" alt=\"\" width=\"300\" height=\"360\" srcset=\"https:\/\/uruguayaudiovisual.com\/wp-content\/uploads\/2020\/11\/p-banchero-200x240.jpg 200w, https:\/\/uruguayaudiovisual.com\/wp-content\/uploads\/2020\/11\/p-banchero-250x300.jpg 250w, https:\/\/uruguayaudiovisual.com\/wp-content\/uploads\/2020\/11\/p-banchero.jpg 300w\" sizes=\"(max-width: 300px) 100vw, 300px\" \/><\/td>\n<td align=\"left\"><a href=\"https:\/\/cinando.com\/en\/People\/banchero_pablo_547554\/Detail\" target=\"_blank\" rel=\"noopener noreferrer\"><strong>Pablo Banchero<\/strong><\/a><br \/>\nProducer<br \/>\nWe Cook Films<\/td>\n<td align=\"left\"><img decoding=\"async\" class=\"alignnone size-full wp-image-9303\" src=\"https:\/\/uruguayaudiovisual.com\/wp-content\/uploads\/2020\/11\/v-baracco.jpg\" alt=\"\" width=\"300\" height=\"360\" srcset=\"https:\/\/uruguayaudiovisual.com\/wp-content\/uploads\/2020\/11\/v-baracco-200x240.jpg 200w, https:\/\/uruguayaudiovisual.com\/wp-content\/uploads\/2020\/11\/v-baracco-250x300.jpg 250w, https:\/\/uruguayaudiovisual.com\/wp-content\/uploads\/2020\/11\/v-baracco.jpg 300w\" sizes=\"(max-width: 300px) 100vw, 300px\" \/><\/td>\n<td align=\"left\"><a href=\"https:\/\/cinando.com\/en\/People\/baracco_valentina_224668\/Detail\" target=\"_blank\" rel=\"noopener noreferrer\"><strong>Valentina Baracco<\/strong><\/a><br \/>\nProducer<br \/>\nMonarca Films<\/td>\n<\/tr>\n<tr>\n<td align=\"left\"><img decoding=\"async\" class=\"aligncenter size-full wp-image-9293\" src=\"https:\/\/uruguayaudiovisual.com\/wp-content\/uploads\/2020\/11\/l-barneche.jpg\" alt=\"\" width=\"300\" height=\"360\" srcset=\"https:\/\/uruguayaudiovisual.com\/wp-content\/uploads\/2020\/11\/l-barneche-200x240.jpg 200w, https:\/\/uruguayaudiovisual.com\/wp-content\/uploads\/2020\/11\/l-barneche-250x300.jpg 250w, https:\/\/uruguayaudiovisual.com\/wp-content\/uploads\/2020\/11\/l-barneche.jpg 300w\" sizes=\"(max-width: 300px) 100vw, 300px\" \/><\/td>\n<td align=\"left\"><strong><a href=\"https:\/\/cinando.com\/en\/People\/barneche_leandro_346710\/Detail\" target=\"_blank\" rel=\"noopener noreferrer\">Leandro Barneche<\/a><\/strong><br \/>\nDirector &amp; Producer<br \/>\nLa Suma<\/td>\n<td align=\"left\"><img decoding=\"async\" class=\"alignnone size-full wp-image-9349\" src=\"https:\/\/uruguayaudiovisual.com\/wp-content\/uploads\/2020\/11\/v-bogliolo.jpg\" alt=\"\" width=\"300\" height=\"360\" srcset=\"https:\/\/uruguayaudiovisual.com\/wp-content\/uploads\/2020\/11\/v-bogliolo-200x240.jpg 200w, https:\/\/uruguayaudiovisual.com\/wp-content\/uploads\/2020\/11\/v-bogliolo-250x300.jpg 250w, https:\/\/uruguayaudiovisual.com\/wp-content\/uploads\/2020\/11\/v-bogliolo.jpg 300w\" sizes=\"(max-width: 300px) 100vw, 300px\" \/><\/td>\n<td align=\"left\"><a href=\"https:\/\/cinando.com\/en\/People\/bogliolo_virginia_53055\/Detail\" target=\"_blank\" rel=\"noopener noreferrer\"><strong>Virginia Bogliolo<\/strong><\/a><br \/>\nProducer<br \/>\nTarkiofilm<\/td>\n<\/tr>\n<tr>\n<td align=\"left\"><img decoding=\"async\" class=\"alignnone size-full wp-image-9296\" src=\"https:\/\/uruguayaudiovisual.com\/wp-content\/uploads\/2020\/11\/n-bottero.jpg\" alt=\"\" width=\"300\" height=\"360\" srcset=\"https:\/\/uruguayaudiovisual.com\/wp-content\/uploads\/2020\/11\/n-bottero-200x240.jpg 200w, https:\/\/uruguayaudiovisual.com\/wp-content\/uploads\/2020\/11\/n-bottero-250x300.jpg 250w, https:\/\/uruguayaudiovisual.com\/wp-content\/uploads\/2020\/11\/n-bottero.jpg 300w\" sizes=\"(max-width: 300px) 100vw, 300px\" \/><\/td>\n<td align=\"left\">\u00a0<a href=\"https:\/\/cinando.com\/en\/People\/bottero_nicolas_549571\/Detail\" target=\"_blank\" rel=\"noopener noreferrer\"><strong>Nicol\u00e1s Bottero<\/strong><\/a><br \/>\nExecutive Producer<br \/>\nLos Modernos Films<\/td>\n<td align=\"left\"><img decoding=\"async\" class=\"alignnone size-full wp-image-9316\" src=\"https:\/\/uruguayaudiovisual.com\/wp-content\/uploads\/2020\/11\/a-bourgeois.jpg\" alt=\"\" width=\"300\" height=\"360\" srcset=\"https:\/\/uruguayaudiovisual.com\/wp-content\/uploads\/2020\/11\/a-bourgeois-200x240.jpg 200w, https:\/\/uruguayaudiovisual.com\/wp-content\/uploads\/2020\/11\/a-bourgeois-250x300.jpg 250w, https:\/\/uruguayaudiovisual.com\/wp-content\/uploads\/2020\/11\/a-bourgeois.jpg 300w\" sizes=\"(max-width: 300px) 100vw, 300px\" \/><\/td>\n<td align=\"left\"><a href=\"https:\/\/cinando.com\/en\/People\/bourgeois_alexis_346769\/Detail\" target=\"_blank\" rel=\"noopener noreferrer\"><strong>Alexis Bourgeois<\/strong><\/a><br \/>\nExecutive Producer<br \/>\nPapo Studios<\/td>\n<\/tr>\n<tr>\n<td align=\"left\"><img decoding=\"async\" class=\"alignnone size-full wp-image-9859\" src=\"https:\/\/uruguayaudiovisual.com\/wp-content\/uploads\/2020\/11\/brechner.jpg\" alt=\"\" width=\"300\" height=\"360\" srcset=\"https:\/\/uruguayaudiovisual.com\/wp-content\/uploads\/2020\/11\/brechner-200x240.jpg 200w, https:\/\/uruguayaudiovisual.com\/wp-content\/uploads\/2020\/11\/brechner-250x300.jpg 250w, https:\/\/uruguayaudiovisual.com\/wp-content\/uploads\/2020\/11\/brechner.jpg 300w\" sizes=\"(max-width: 300px) 100vw, 300px\" \/><\/td>\n<td align=\"left\"><a href=\"https:\/\/cinando.com\/en\/People\/brechner_alvaro_592052\/Detail\" target=\"_blank\" rel=\"noopener noreferrer\"><strong>Alvaro Brechner<\/strong><\/a><br \/>\nDirector<\/td>\n<td align=\"left\"><img decoding=\"async\" class=\"alignnone size-full wp-image-9310\" src=\"https:\/\/uruguayaudiovisual.com\/wp-content\/uploads\/2020\/11\/g-carbonell.jpg\" alt=\"\" width=\"300\" height=\"360\" srcset=\"https:\/\/uruguayaudiovisual.com\/wp-content\/uploads\/2020\/11\/g-carbonell-200x240.jpg 200w, https:\/\/uruguayaudiovisual.com\/wp-content\/uploads\/2020\/11\/g-carbonell-250x300.jpg 250w, https:\/\/uruguayaudiovisual.com\/wp-content\/uploads\/2020\/11\/g-carbonell.jpg 300w\" sizes=\"(max-width: 300px) 100vw, 300px\" \/><\/td>\n<td align=\"left\"><a href=\"https:\/\/cinando.com\/en\/People\/carbonell_guillermo_411333\/Detail\" target=\"_blank\" rel=\"noopener noreferrer\"><strong>Guillermo Carbonel<\/strong><\/a><br \/>\nDirector<br \/>\nMurdoc<\/td>\n<\/tr>\n<tr>\n<td align=\"left\"><img decoding=\"async\" class=\"alignnone size-full wp-image-9362\" src=\"https:\/\/uruguayaudiovisual.com\/wp-content\/uploads\/2020\/11\/j-carve.jpg\" alt=\"\" width=\"300\" height=\"360\" srcset=\"https:\/\/uruguayaudiovisual.com\/wp-content\/uploads\/2020\/11\/j-carve-200x240.jpg 200w, https:\/\/uruguayaudiovisual.com\/wp-content\/uploads\/2020\/11\/j-carve-250x300.jpg 250w, https:\/\/uruguayaudiovisual.com\/wp-content\/uploads\/2020\/11\/j-carve.jpg 300w\" sizes=\"(max-width: 300px) 100vw, 300px\" \/><\/td>\n<td align=\"left\"><a href=\"https:\/\/cinando.com\/en\/People\/carve_juan_589857\/Detail\" target=\"_blank\" rel=\"noopener noreferrer\"><strong>Juan Carve<\/strong><\/a><br \/>\nDirector<br \/>\nChucho.TV<\/td>\n<td align=\"left\"><img decoding=\"async\" class=\"alignnone size-full wp-image-9273\" src=\"https:\/\/uruguayaudiovisual.com\/wp-content\/uploads\/2020\/11\/c-charlo.jpg\" alt=\"\" width=\"300\" height=\"360\" srcset=\"https:\/\/uruguayaudiovisual.com\/wp-content\/uploads\/2020\/11\/c-charlo-200x240.jpg 200w, https:\/\/uruguayaudiovisual.com\/wp-content\/uploads\/2020\/11\/c-charlo-250x300.jpg 250w, https:\/\/uruguayaudiovisual.com\/wp-content\/uploads\/2020\/11\/c-charlo.jpg 300w\" sizes=\"(max-width: 300px) 100vw, 300px\" \/><\/td>\n<td align=\"left\"><a href=\"https:\/\/cinando.com\/en\/People\/charlo_clara_460512\/Detail\" target=\"_blank\" rel=\"noopener noreferrer\"><strong>Clara Charlo<\/strong><\/a><br \/>\nProducer<br \/>\nTarkio Films<\/td>\n<\/tr>\n<tr>\n<td align=\"left\"><img decoding=\"async\" class=\"alignnone size-full wp-image-9493\" src=\"https:\/\/uruguayaudiovisual.com\/wp-content\/uploads\/2020\/11\/a-chiarino.jpg\" alt=\"\" width=\"300\" height=\"360\" srcset=\"https:\/\/uruguayaudiovisual.com\/wp-content\/uploads\/2020\/11\/a-chiarino-200x240.jpg 200w, https:\/\/uruguayaudiovisual.com\/wp-content\/uploads\/2020\/11\/a-chiarino-250x300.jpg 250w, https:\/\/uruguayaudiovisual.com\/wp-content\/uploads\/2020\/11\/a-chiarino.jpg 300w\" sizes=\"(max-width: 300px) 100vw, 300px\" \/><\/td>\n<td align=\"left\">\u00a0<a href=\"https:\/\/cinando.com\/en\/People\/chiarino_agustina_119042\/Detail\" target=\"_blank\" rel=\"noopener noreferrer\"><strong>Agustina Chiarino<\/strong><\/a><br \/>\nProducer<br \/>\nMutante Cine<\/td>\n<td align=\"left\"><a href=\"https:\/\/cinando.com\/en\/People\/comune_victoria_415257\/Detail\"><img decoding=\"async\" class=\"alignnone size-full wp-image-9504\" src=\"https:\/\/uruguayaudiovisual.com\/wp-content\/uploads\/2020\/11\/v-comune-1.jpg\" alt=\"\" width=\"300\" height=\"360\" srcset=\"https:\/\/uruguayaudiovisual.com\/wp-content\/uploads\/2020\/11\/v-comune-1-200x240.jpg 200w, https:\/\/uruguayaudiovisual.com\/wp-content\/uploads\/2020\/11\/v-comune-1-250x300.jpg 250w, https:\/\/uruguayaudiovisual.com\/wp-content\/uploads\/2020\/11\/v-comune-1.jpg 300w\" sizes=\"(max-width: 300px) 100vw, 300px\" \/><\/a><\/td>\n<td align=\"left\"><a href=\"https:\/\/cinando.com\/en\/People\/comune_victoria_415257\/Detail\" target=\"_blank\" rel=\"noopener noreferrer\"><strong>Victoria Comune<\/strong><\/a><br \/>\nProducer<br \/>\nDream Big Pictures<\/td>\n<\/tr>\n<tr>\n<td align=\"left\"><img decoding=\"async\" class=\"alignnone size-full wp-image-9256\" src=\"https:\/\/uruguayaudiovisual.com\/wp-content\/uploads\/2020\/11\/p-di-leva.jpg\" alt=\"\" width=\"300\" height=\"360\" srcset=\"https:\/\/uruguayaudiovisual.com\/wp-content\/uploads\/2020\/11\/p-di-leva-200x240.jpg 200w, https:\/\/uruguayaudiovisual.com\/wp-content\/uploads\/2020\/11\/p-di-leva-250x300.jpg 250w, https:\/\/uruguayaudiovisual.com\/wp-content\/uploads\/2020\/11\/p-di-leva.jpg 300w\" sizes=\"(max-width: 300px) 100vw, 300px\" \/><\/td>\n<td align=\"left\">\u00a0<a href=\"https:\/\/cinando.com\/en\/People\/di_leva_pablo_589988\/Detail\" target=\"_blank\" rel=\"noopener noreferrer\"><strong>Pablo Di Leva<\/strong><\/a><br \/>\nProducer<br \/>\nBandido Cine<\/td>\n<td align=\"left\"><img decoding=\"async\" class=\"alignnone size-full wp-image-9368\" src=\"https:\/\/uruguayaudiovisual.com\/wp-content\/uploads\/2020\/11\/m-dominguez.jpg\" alt=\"\" width=\"300\" height=\"360\" srcset=\"https:\/\/uruguayaudiovisual.com\/wp-content\/uploads\/2020\/11\/m-dominguez-200x240.jpg 200w, https:\/\/uruguayaudiovisual.com\/wp-content\/uploads\/2020\/11\/m-dominguez-250x300.jpg 250w, https:\/\/uruguayaudiovisual.com\/wp-content\/uploads\/2020\/11\/m-dominguez.jpg 300w\" sizes=\"(max-width: 300px) 100vw, 300px\" \/><\/td>\n<td align=\"left\"><a href=\"https:\/\/cinando.com\/en\/People\/dominguez_micaela_374534\/Detail\" target=\"_blank\" rel=\"noopener noreferrer\"><strong>Micaela Dom\u00ednguez<\/strong><\/a><br \/>\nJournalist<br \/>\nLATAM Cinema<\/td>\n<\/tr>\n<tr>\n<td align=\"left\"><img decoding=\"async\" class=\"alignnone size-full wp-image-9480\" src=\"https:\/\/uruguayaudiovisual.com\/wp-content\/uploads\/2020\/11\/f-epstein.jpg\" alt=\"\" width=\"300\" height=\"360\" srcset=\"https:\/\/uruguayaudiovisual.com\/wp-content\/uploads\/2020\/11\/f-epstein-200x240.jpg 200w, https:\/\/uruguayaudiovisual.com\/wp-content\/uploads\/2020\/11\/f-epstein-250x300.jpg 250w, https:\/\/uruguayaudiovisual.com\/wp-content\/uploads\/2020\/11\/f-epstein.jpg 300w\" sizes=\"(max-width: 300px) 100vw, 300px\" \/><\/td>\n<td align=\"left\"><a href=\"https:\/\/cinando.com\/en\/People\/epstein_fernando_119041\/Detail\" target=\"_blank\" rel=\"noopener noreferrer\"><b>Fernando Epstein<\/b><\/a><br \/>\nProducer<br \/>\nMutante Cine<\/td>\n<td align=\"left\"><a href=\"https:\/\/cinando.com\/en\/People\/fernandez_pujol_diego_224659\/Detail\"><img decoding=\"async\" class=\"alignnone size-full wp-image-9320\" src=\"https:\/\/uruguayaudiovisual.com\/wp-content\/uploads\/2020\/11\/d-fernandez.jpg\" alt=\"\" width=\"300\" height=\"360\" srcset=\"https:\/\/uruguayaudiovisual.com\/wp-content\/uploads\/2020\/11\/d-fernandez-200x240.jpg 200w, https:\/\/uruguayaudiovisual.com\/wp-content\/uploads\/2020\/11\/d-fernandez-250x300.jpg 250w, https:\/\/uruguayaudiovisual.com\/wp-content\/uploads\/2020\/11\/d-fernandez.jpg 300w\" sizes=\"(max-width: 300px) 100vw, 300px\" \/><\/a><\/td>\n<td align=\"left\"><a href=\"https:\/\/cinando.com\/en\/People\/fernandez_pujol_diego_224659\/Detail\" target=\"_blank\" rel=\"noopener noreferrer\"><strong>Diego Fern\u00e1ndez<\/strong><\/a><br \/>\nProducer &amp; Director<br \/>\nParking Films<\/td>\n<\/tr>\n<tr>\n<td align=\"left\"><img decoding=\"async\" class=\"alignnone size-full wp-image-9346\" src=\"https:\/\/uruguayaudiovisual.com\/wp-content\/uploads\/2020\/11\/p-fernandez.jpg\" alt=\"\" width=\"300\" height=\"360\" srcset=\"https:\/\/uruguayaudiovisual.com\/wp-content\/uploads\/2020\/11\/p-fernandez-200x240.jpg 200w, https:\/\/uruguayaudiovisual.com\/wp-content\/uploads\/2020\/11\/p-fernandez-250x300.jpg 250w, https:\/\/uruguayaudiovisual.com\/wp-content\/uploads\/2020\/11\/p-fernandez.jpg 300w\" sizes=\"(max-width: 300px) 100vw, 300px\" \/><\/td>\n<td align=\"left\"><a href=\"https:\/\/cinando.com\/en\/People\/fernandez_pablo_67415\/Detail\" target=\"_blank\" rel=\"noopener noreferrer\"><strong>Pablo Fern\u00e1ndez<\/strong><\/a><br \/>\nDirector &amp; Producer<br \/>\nSuekofilms<\/td>\n<td align=\"left\"><img decoding=\"async\" class=\"alignnone size-full wp-image-9371\" src=\"https:\/\/uruguayaudiovisual.com\/wp-content\/uploads\/2020\/11\/i-garcia.jpg\" alt=\"\" width=\"300\" height=\"360\" srcset=\"https:\/\/uruguayaudiovisual.com\/wp-content\/uploads\/2020\/11\/i-garcia-200x240.jpg 200w, https:\/\/uruguayaudiovisual.com\/wp-content\/uploads\/2020\/11\/i-garcia-250x300.jpg 250w, https:\/\/uruguayaudiovisual.com\/wp-content\/uploads\/2020\/11\/i-garcia.jpg 300w\" sizes=\"(max-width: 300px) 100vw, 300px\" \/><\/td>\n<td align=\"left\"><a href=\"https:\/\/cinando.com\/en\/People\/garcia_cucucovich_ignacio_165212\/Detail\" target=\"_blank\" rel=\"noopener noreferrer\"><strong data-fusion-font=\"true\">Ignacio Garc\u00eda Cucucovich<\/strong><\/a><br \/>\nProducer<br \/>\nMother Superior Films<\/td>\n<\/tr>\n<tr>\n<td align=\"left\"><img decoding=\"async\" class=\"alignnone size-full wp-image-9517\" src=\"https:\/\/uruguayaudiovisual.com\/wp-content\/uploads\/2020\/11\/a-gonzalez.jpg\" alt=\"\" width=\"300\" height=\"360\" srcset=\"https:\/\/uruguayaudiovisual.com\/wp-content\/uploads\/2020\/11\/a-gonzalez-200x240.jpg 200w, https:\/\/uruguayaudiovisual.com\/wp-content\/uploads\/2020\/11\/a-gonzalez-250x300.jpg 250w, https:\/\/uruguayaudiovisual.com\/wp-content\/uploads\/2020\/11\/a-gonzalez.jpg 300w\" sizes=\"(max-width: 300px) 100vw, 300px\" \/><\/td>\n<td align=\"left\"><a href=\"https:\/\/cinando.com\/en\/People\/gonzalez_adriana_591999\/Detail\" target=\"_blank\" rel=\"noopener noreferrer\"><strong>Adriana Gonz\u00e1lez<\/strong><\/a><br \/>\nProducer<br \/>\nLuza Producciones<\/td>\n<td align=\"left\"><img decoding=\"async\" class=\"alignnone size-full wp-image-9290\" src=\"https:\/\/uruguayaudiovisual.com\/wp-content\/uploads\/2020\/11\/c-guarilha.jpg\" alt=\"\" width=\"300\" height=\"360\" srcset=\"https:\/\/uruguayaudiovisual.com\/wp-content\/uploads\/2020\/11\/c-guarilha-200x240.jpg 200w, https:\/\/uruguayaudiovisual.com\/wp-content\/uploads\/2020\/11\/c-guarilha-250x300.jpg 250w, https:\/\/uruguayaudiovisual.com\/wp-content\/uploads\/2020\/11\/c-guarilha.jpg 300w\" sizes=\"(max-width: 300px) 100vw, 300px\" \/><\/td>\n<td align=\"left\"><a href=\"https:\/\/cinando.com\/en\/People\/guarilha_clarissa_590003\/Detail\" target=\"_blank\" rel=\"noopener noreferrer\"><strong>Clarissa Guarilha<\/strong><\/a><br \/>\nProducer<br \/>\nLa Creciente<\/td>\n<\/tr>\n<tr>\n<td align=\"left\"><img decoding=\"async\" class=\"alignnone size-full wp-image-9267\" src=\"https:\/\/uruguayaudiovisual.com\/wp-content\/uploads\/2020\/11\/a-lourido.jpg\" alt=\"\" width=\"300\" height=\"360\" srcset=\"https:\/\/uruguayaudiovisual.com\/wp-content\/uploads\/2020\/11\/a-lourido-200x240.jpg 200w, https:\/\/uruguayaudiovisual.com\/wp-content\/uploads\/2020\/11\/a-lourido-250x300.jpg 250w, https:\/\/uruguayaudiovisual.com\/wp-content\/uploads\/2020\/11\/a-lourido.jpg 300w\" sizes=\"(max-width: 300px) 100vw, 300px\" \/><\/td>\n<td align=\"left\">\u00a0<a href=\"https:\/\/cinando.com\/en\/People\/lourido_alfonso_568249\/Detail\"><strong>Alfonso Lourido<\/strong><\/a><br \/>\nExecutive Producer &amp; Director<br \/>\nCarajito Films<\/td>\n<td align=\"left\"><img decoding=\"async\" class=\"alignnone size-full wp-image-9248\" src=\"https:\/\/uruguayaudiovisual.com\/wp-content\/uploads\/2020\/11\/j-mauad.jpg\" alt=\"\" width=\"300\" height=\"360\" srcset=\"https:\/\/uruguayaudiovisual.com\/wp-content\/uploads\/2020\/11\/j-mauad-200x240.jpg 200w, https:\/\/uruguayaudiovisual.com\/wp-content\/uploads\/2020\/11\/j-mauad-250x300.jpg 250w, https:\/\/uruguayaudiovisual.com\/wp-content\/uploads\/2020\/11\/j-mauad.jpg 300w\" sizes=\"(max-width: 300px) 100vw, 300px\" \/><\/td>\n<td align=\"left\"><a href=\"https:\/\/cinando.com\/en\/People\/mauad_cuadra_joaquin_411573\/Detail\"><strong>Joaquin Mauad<\/strong><\/a><br \/>\nDirector &amp; Producer<br \/>\nAnfibia Cine<\/td>\n<\/tr>\n<tr>\n<td align=\"left\"><img decoding=\"async\" class=\"alignnone size-full wp-image-9431\" src=\"https:\/\/uruguayaudiovisual.com\/wp-content\/uploads\/2020\/11\/s-mayayo.jpg\" alt=\"\" width=\"300\" height=\"360\" srcset=\"https:\/\/uruguayaudiovisual.com\/wp-content\/uploads\/2020\/11\/s-mayayo-200x240.jpg 200w, https:\/\/uruguayaudiovisual.com\/wp-content\/uploads\/2020\/11\/s-mayayo-250x300.jpg 250w, https:\/\/uruguayaudiovisual.com\/wp-content\/uploads\/2020\/11\/s-mayayo.jpg 300w\" sizes=\"(max-width: 300px) 100vw, 300px\" \/><\/td>\n<td align=\"left\"><a href=\"https:\/\/cinando.com\/en\/People\/mayayo_sebastian_547665\/Detail\" target=\"_blank\" rel=\"noopener noreferrer\"><strong>Sebasti\u00e1n Mayayo<\/strong><\/a><br \/>\nProducer &amp; Director<\/td>\n<td align=\"left\"><img decoding=\"async\" class=\"alignnone size-full wp-image-9323\" src=\"https:\/\/uruguayaudiovisual.com\/wp-content\/uploads\/2020\/11\/e-mazza.jpg\" alt=\"\" width=\"300\" height=\"360\" srcset=\"https:\/\/uruguayaudiovisual.com\/wp-content\/uploads\/2020\/11\/e-mazza-200x240.jpg 200w, https:\/\/uruguayaudiovisual.com\/wp-content\/uploads\/2020\/11\/e-mazza-250x300.jpg 250w, https:\/\/uruguayaudiovisual.com\/wp-content\/uploads\/2020\/11\/e-mazza.jpg 300w\" sizes=\"(max-width: 300px) 100vw, 300px\" \/><\/td>\n<td align=\"left\"><a href=\"https:\/\/cinando.com\/en\/People\/mazza_de_luca_emiliano_308998\/Detail\" target=\"_blank\" rel=\"noopener noreferrer\"><strong>Emiliano Mazza<\/strong><\/a><br \/>\nDirector &amp; Producer<br \/>\nPassaparola<\/td>\n<\/tr>\n<tr>\n<td align=\"left\"><img decoding=\"async\" class=\"alignnone size-full wp-image-9300\" src=\"https:\/\/uruguayaudiovisual.com\/wp-content\/uploads\/2020\/11\/p-mendez.jpg\" alt=\"\" width=\"300\" height=\"360\" srcset=\"https:\/\/uruguayaudiovisual.com\/wp-content\/uploads\/2020\/11\/p-mendez-200x240.jpg 200w, https:\/\/uruguayaudiovisual.com\/wp-content\/uploads\/2020\/11\/p-mendez-250x300.jpg 250w, https:\/\/uruguayaudiovisual.com\/wp-content\/uploads\/2020\/11\/p-mendez.jpg 300w\" sizes=\"(max-width: 300px) 100vw, 300px\" \/><\/td>\n<td align=\"left\">\u00a0<a href=\"https:\/\/cinando.com\/en\/People\/mendez_fadol_patricia_295417\/Detail\" target=\"_blank\" rel=\"noopener noreferrer\"><strong>Patricia M\u00e9ndez<\/strong><\/a><br \/>\nProducer &amp; Director<br \/>\nMefafilms<\/td>\n<td align=\"left\"><img decoding=\"async\" class=\"alignnone size-full wp-image-9374\" src=\"https:\/\/uruguayaudiovisual.com\/wp-content\/uploads\/2020\/11\/g-michelin.jpg\" alt=\"\" width=\"300\" height=\"360\" srcset=\"https:\/\/uruguayaudiovisual.com\/wp-content\/uploads\/2020\/11\/g-michelin-200x240.jpg 200w, https:\/\/uruguayaudiovisual.com\/wp-content\/uploads\/2020\/11\/g-michelin-250x300.jpg 250w, https:\/\/uruguayaudiovisual.com\/wp-content\/uploads\/2020\/11\/g-michelin.jpg 300w\" sizes=\"(max-width: 300px) 100vw, 300px\" \/><\/td>\n<td align=\"left\"><a href=\"https:\/\/cinando.com\/en\/People\/michelin_gerardo_53687\/Detail\" target=\"_blank\" rel=\"noopener noreferrer\"><strong>Gerardo Michelin<\/strong><\/a><br \/>\nDirector Journalist<br \/>\nLATAM Cinema<\/td>\n<\/tr>\n<tr>\n<td align=\"left\"><img decoding=\"async\" class=\"alignnone size-full wp-image-9435\" src=\"https:\/\/uruguayaudiovisual.com\/wp-content\/uploads\/2020\/11\/c-mato.jpg\" alt=\"\" width=\"300\" height=\"360\" srcset=\"https:\/\/uruguayaudiovisual.com\/wp-content\/uploads\/2020\/11\/c-mato-200x240.jpg 200w, https:\/\/uruguayaudiovisual.com\/wp-content\/uploads\/2020\/11\/c-mato-250x300.jpg 250w, https:\/\/uruguayaudiovisual.com\/wp-content\/uploads\/2020\/11\/c-mato.jpg 300w\" sizes=\"(max-width: 300px) 100vw, 300px\" \/><\/td>\n<td align=\"left\"><a href=\"https:\/\/cinando.com\/en\/People\/mato_cecilia_83723\/Detail\" target=\"_blank\" rel=\"noopener noreferrer\"><strong>Cecilia Mato<\/strong><\/a><br \/>\nExecutive Producer<br \/>\nSalado<\/td>\n<td align=\"left\"><img decoding=\"async\" class=\"alignnone size-full wp-image-9329\" src=\"https:\/\/uruguayaudiovisual.com\/wp-content\/uploads\/2020\/11\/l-moreria.jpg\" alt=\"\" width=\"300\" height=\"360\" srcset=\"https:\/\/uruguayaudiovisual.com\/wp-content\/uploads\/2020\/11\/l-moreria-200x240.jpg 200w, https:\/\/uruguayaudiovisual.com\/wp-content\/uploads\/2020\/11\/l-moreria-250x300.jpg 250w, https:\/\/uruguayaudiovisual.com\/wp-content\/uploads\/2020\/11\/l-moreria.jpg 300w\" sizes=\"(max-width: 300px) 100vw, 300px\" \/><\/td>\n<td align=\"left\"><a href=\"https:\/\/cinando.com\/en\/People\/moreira_lucia_223750\/Detail\" target=\"_blank\" rel=\"noopener noreferrer\"><strong>Luc\u00eda Moreira<\/strong><\/a><br \/>\nProducer<br \/>\nRaccord Films<\/td>\n<\/tr>\n<tr>\n<td align=\"left\"><img decoding=\"async\" class=\"alignnone size-full wp-image-9378\" src=\"https:\/\/uruguayaudiovisual.com\/wp-content\/uploads\/2020\/11\/f-moreria.jpg\" alt=\"\" width=\"300\" height=\"360\" srcset=\"https:\/\/uruguayaudiovisual.com\/wp-content\/uploads\/2020\/11\/f-moreria-200x240.jpg 200w, https:\/\/uruguayaudiovisual.com\/wp-content\/uploads\/2020\/11\/f-moreria-250x300.jpg 250w, https:\/\/uruguayaudiovisual.com\/wp-content\/uploads\/2020\/11\/f-moreria.jpg 300w\" sizes=\"(max-width: 300px) 100vw, 300px\" \/><\/td>\n<td align=\"left\"><a href=\"https:\/\/cinando.com\/en\/People\/moreira_federico_346717\/Detail\" target=\"_blank\" rel=\"noopener noreferrer\"><strong>Federico Moreira<\/strong><\/a><br \/>\nDirector &amp; Producer<br \/>\nLa Mayor<\/td>\n<td align=\"left\"><img decoding=\"async\" class=\"alignnone size-full wp-image-9513\" src=\"https:\/\/uruguayaudiovisual.com\/wp-content\/uploads\/2020\/11\/l-nieto.jpg\" alt=\"\" width=\"300\" height=\"360\" srcset=\"https:\/\/uruguayaudiovisual.com\/wp-content\/uploads\/2020\/11\/l-nieto-200x240.jpg 200w, https:\/\/uruguayaudiovisual.com\/wp-content\/uploads\/2020\/11\/l-nieto-250x300.jpg 250w, https:\/\/uruguayaudiovisual.com\/wp-content\/uploads\/2020\/11\/l-nieto.jpg 300w\" sizes=\"(max-width: 300px) 100vw, 300px\" \/><\/td>\n<td align=\"left\"><a href=\"https:\/\/cinando.com\/en\/Company\/lucia_nieto_salazar_independent_240500\/Detail\" target=\"_blank\" rel=\"noopener noreferrer\"><strong>Luc\u00eda Nieto<\/strong><\/a><br \/>\nDirector<\/td>\n<\/tr>\n<tr>\n<td align=\"left\"><img decoding=\"async\" class=\"alignnone size-full wp-image-9280\" src=\"https:\/\/uruguayaudiovisual.com\/wp-content\/uploads\/2020\/11\/p-olveira.jpg\" alt=\"\" width=\"300\" height=\"360\" srcset=\"https:\/\/uruguayaudiovisual.com\/wp-content\/uploads\/2020\/11\/p-olveira-200x240.jpg 200w, https:\/\/uruguayaudiovisual.com\/wp-content\/uploads\/2020\/11\/p-olveira-250x300.jpg 250w, https:\/\/uruguayaudiovisual.com\/wp-content\/uploads\/2020\/11\/p-olveira.jpg 300w\" sizes=\"(max-width: 300px) 100vw, 300px\" \/><\/td>\n<td align=\"left\"><a href=\"https:\/\/cinando.com\/en\/People\/olveira_patricia_287723\/Detail\" target=\"_blank\" rel=\"noopener noreferrer\"><strong>Patricia Olveira<\/strong><\/a><br \/>\nProducer<br \/>\nCord\u00f3n Films<\/td>\n<td align=\"left\"><img decoding=\"async\" class=\"alignnone size-full wp-image-9313\" src=\"https:\/\/uruguayaudiovisual.com\/wp-content\/uploads\/2020\/11\/v-pamoukaghlian.jpg\" alt=\"\" width=\"300\" height=\"360\" srcset=\"https:\/\/uruguayaudiovisual.com\/wp-content\/uploads\/2020\/11\/v-pamoukaghlian-200x240.jpg 200w, https:\/\/uruguayaudiovisual.com\/wp-content\/uploads\/2020\/11\/v-pamoukaghlian-250x300.jpg 250w, https:\/\/uruguayaudiovisual.com\/wp-content\/uploads\/2020\/11\/v-pamoukaghlian.jpg 300w\" sizes=\"(max-width: 300px) 100vw, 300px\" \/><\/td>\n<td align=\"left\"><a href=\"https:\/\/cinando.com\/en\/People\/pamoukaghlian_veronica_114046\/Detail\" target=\"_blank\" rel=\"noopener noreferrer\"><strong data-fusion-font=\"true\">Ver\u00f3nica Pamoukaghlian<\/strong><\/a><br \/>\nHead of Development<br \/>\nNektar Films<\/td>\n<\/tr>\n<tr>\n<td align=\"left\"><img decoding=\"async\" class=\"alignnone size-full wp-image-9306\" src=\"https:\/\/uruguayaudiovisual.com\/wp-content\/uploads\/2020\/11\/s-perez.jpg\" alt=\"\" width=\"300\" height=\"360\" srcset=\"https:\/\/uruguayaudiovisual.com\/wp-content\/uploads\/2020\/11\/s-perez-200x240.jpg 200w, https:\/\/uruguayaudiovisual.com\/wp-content\/uploads\/2020\/11\/s-perez-250x300.jpg 250w, https:\/\/uruguayaudiovisual.com\/wp-content\/uploads\/2020\/11\/s-perez.jpg 300w\" sizes=\"(max-width: 300px) 100vw, 300px\" \/><\/td>\n<td align=\"left\"><a href=\"https:\/\/cinando.com\/en\/People\/perez_perez_sebastian_467473\/Detail\" target=\"_blank\" rel=\"noopener noreferrer\"><strong>Sebasti\u00e1n P\u00e9rez<\/strong><\/a><br \/>\nFilmmaker<br \/>\nMother Superior Films<\/td>\n<td align=\"left\"><img decoding=\"async\" class=\"alignnone size-full wp-image-9381\" src=\"https:\/\/uruguayaudiovisual.com\/wp-content\/uploads\/2020\/11\/a-piperno.jpg\" alt=\"\" width=\"300\" height=\"360\" srcset=\"https:\/\/uruguayaudiovisual.com\/wp-content\/uploads\/2020\/11\/a-piperno-200x240.jpg 200w, https:\/\/uruguayaudiovisual.com\/wp-content\/uploads\/2020\/11\/a-piperno-250x300.jpg 250w, https:\/\/uruguayaudiovisual.com\/wp-content\/uploads\/2020\/11\/a-piperno.jpg 300w\" sizes=\"(max-width: 300px) 100vw, 300px\" \/><\/td>\n<td align=\"left\">\u00a0<a href=\"https:\/\/cinando.com\/en\/People\/piperno_alex_223753\/Detail\" target=\"_blank\" rel=\"noopener noreferrer\"><strong>Alex Piperno<\/strong><\/a><br \/>\nProducer<br \/>\nLa Pobladora Cine<\/td>\n<\/tr>\n<tr>\n<td align=\"left\"><img decoding=\"async\" class=\"alignnone size-full wp-image-9287\" src=\"https:\/\/uruguayaudiovisual.com\/wp-content\/uploads\/2020\/11\/f-pittaluga.jpg\" alt=\"\" width=\"300\" height=\"360\" srcset=\"https:\/\/uruguayaudiovisual.com\/wp-content\/uploads\/2020\/11\/f-pittaluga-200x240.jpg 200w, https:\/\/uruguayaudiovisual.com\/wp-content\/uploads\/2020\/11\/f-pittaluga-250x300.jpg 250w, https:\/\/uruguayaudiovisual.com\/wp-content\/uploads\/2020\/11\/f-pittaluga.jpg 300w\" sizes=\"(max-width: 300px) 100vw, 300px\" \/><\/td>\n<td align=\"left\"><a href=\"https:\/\/cinando.com\/en\/People\/pittaluga_fiona_164719\/Detail\" target=\"_blank\" rel=\"noopener noreferrer\"><strong>Fiona Pittaluga<\/strong><\/a><br \/>\nFestival Director<br \/>\nJIFF<\/td>\n<td align=\"left\"><img decoding=\"async\" class=\"alignnone size-full wp-image-9474\" src=\"https:\/\/uruguayaudiovisual.com\/wp-content\/uploads\/2020\/11\/j-platero-1.jpg\" alt=\"\" width=\"300\" height=\"360\" srcset=\"https:\/\/uruguayaudiovisual.com\/wp-content\/uploads\/2020\/11\/j-platero-1-200x240.jpg 200w, https:\/\/uruguayaudiovisual.com\/wp-content\/uploads\/2020\/11\/j-platero-1-250x300.jpg 250w, https:\/\/uruguayaudiovisual.com\/wp-content\/uploads\/2020\/11\/j-platero-1.jpg 300w\" sizes=\"(max-width: 300px) 100vw, 300px\" \/><\/td>\n<td align=\"left\">\u00a0<a href=\"https:\/\/cinando.com\/en\/People\/platero_juan_117325\/Detail\" target=\"_blank\" rel=\"noopener noreferrer\"><strong>Juan Platero<\/strong><\/a><br \/>\nExecutive Director<br \/>\nEl Refugio Films<\/td>\n<\/tr>\n<tr>\n<td align=\"left\"><img decoding=\"async\" class=\"alignnone size-full wp-image-9355\" src=\"https:\/\/uruguayaudiovisual.com\/wp-content\/uploads\/2020\/11\/a-rodriguez.jpg\" alt=\"\" width=\"300\" height=\"360\" srcset=\"https:\/\/uruguayaudiovisual.com\/wp-content\/uploads\/2020\/11\/a-rodriguez-200x240.jpg 200w, https:\/\/uruguayaudiovisual.com\/wp-content\/uploads\/2020\/11\/a-rodriguez-250x300.jpg 250w, https:\/\/uruguayaudiovisual.com\/wp-content\/uploads\/2020\/11\/a-rodriguez.jpg 300w\" sizes=\"(max-width: 300px) 100vw, 300px\" \/><\/td>\n<td align=\"left\"><a href=\"https:\/\/cinando.com\/en\/People\/rodriguez_siqueira_ailen_588537\/Detail\" target=\"_blank\" rel=\"noopener noreferrer\"><strong>Ailen Rodr\u00edguez<\/strong><\/a><br \/>\nProducer<br \/>\nYukoh Films<\/td>\n<td align=\"left\"><img decoding=\"async\" class=\"alignnone size-full wp-image-9384\" src=\"https:\/\/uruguayaudiovisual.com\/wp-content\/uploads\/2020\/11\/r-santullo.jpg\" alt=\"\" width=\"300\" height=\"360\" srcset=\"https:\/\/uruguayaudiovisual.com\/wp-content\/uploads\/2020\/11\/r-santullo-200x240.jpg 200w, https:\/\/uruguayaudiovisual.com\/wp-content\/uploads\/2020\/11\/r-santullo-250x300.jpg 250w, https:\/\/uruguayaudiovisual.com\/wp-content\/uploads\/2020\/11\/r-santullo.jpg 300w\" sizes=\"(max-width: 300px) 100vw, 300px\" \/><\/td>\n<td align=\"left\"><a href=\"https:\/\/cinando.com\/en\/People\/santullo_rodolfo_588568\/Detail\" target=\"_blank\" rel=\"noopener noreferrer\"><strong>Rodolfo Santullo<\/strong><\/a><br \/>\nScriptwriter<\/td>\n<\/tr>\n<tr>\n<td align=\"left\"><img decoding=\"async\" class=\"alignnone size-full wp-image-9387\" src=\"https:\/\/uruguayaudiovisual.com\/wp-content\/uploads\/2020\/11\/p-sch.jpg\" alt=\"\" width=\"300\" height=\"360\" srcset=\"https:\/\/uruguayaudiovisual.com\/wp-content\/uploads\/2020\/11\/p-sch-200x240.jpg 200w, https:\/\/uruguayaudiovisual.com\/wp-content\/uploads\/2020\/11\/p-sch-250x300.jpg 250w, https:\/\/uruguayaudiovisual.com\/wp-content\/uploads\/2020\/11\/p-sch.jpg 300w\" sizes=\"(max-width: 300px) 100vw, 300px\" \/><\/td>\n<td align=\"left\"><a href=\"https:\/\/cinando.com\/en\/People\/schargorodsky_paula_84348\/Detail\" target=\"_blank\" rel=\"noopener noreferrer\"><strong>Paula Schargorodsky<\/strong><\/a><br \/>\nProducer &amp; Director<br \/>\nDream Big Pictures<\/td>\n<td align=\"left\"><img decoding=\"async\" class=\"alignnone size-full wp-image-9340\" src=\"https:\/\/uruguayaudiovisual.com\/wp-content\/uploads\/2020\/11\/34133.jpg\" alt=\"\" width=\"300\" height=\"360\" srcset=\"https:\/\/uruguayaudiovisual.com\/wp-content\/uploads\/2020\/11\/34133-200x240.jpg 200w, https:\/\/uruguayaudiovisual.com\/wp-content\/uploads\/2020\/11\/34133-250x300.jpg 250w, https:\/\/uruguayaudiovisual.com\/wp-content\/uploads\/2020\/11\/34133.jpg 300w\" sizes=\"(max-width: 300px) 100vw, 300px\" \/><\/td>\n<td align=\"left\">\u00a0<a href=\"https:\/\/cinando.com\/en\/People\/secco_mariana_34133\/Detail\" target=\"_blank\" rel=\"noopener noreferrer\"><strong>Mariana Secco<\/strong><\/a><br \/>\nProducer<br \/>\nSalado<\/td>\n<\/tr>\n<tr>\n<td align=\"left\"><img decoding=\"async\" class=\"alignnone size-full wp-image-9500\" src=\"https:\/\/uruguayaudiovisual.com\/wp-content\/uploads\/2020\/11\/f-sosa-1.jpg\" alt=\"\" width=\"300\" height=\"360\" srcset=\"https:\/\/uruguayaudiovisual.com\/wp-content\/uploads\/2020\/11\/f-sosa-1-200x240.jpg 200w, https:\/\/uruguayaudiovisual.com\/wp-content\/uploads\/2020\/11\/f-sosa-1-250x300.jpg 250w, https:\/\/uruguayaudiovisual.com\/wp-content\/uploads\/2020\/11\/f-sosa-1.jpg 300w\" sizes=\"(max-width: 300px) 100vw, 300px\" \/><\/td>\n<td align=\"left\">\u00a0<a href=\"https:\/\/cinando.com\/en\/People\/sosa_facundo_411699\/Detail\" target=\"_blank\" rel=\"noopener noreferrer\"><strong>Facundo Sosa<\/strong><\/a><br \/>\nExecutive Producer<br \/>\nReject Films<\/td>\n<td align=\"left\"><img decoding=\"async\" class=\"alignnone size-full wp-image-9276\" src=\"https:\/\/uruguayaudiovisual.com\/wp-content\/uploads\/2020\/11\/m-sole.jpg\" alt=\"\" width=\"300\" height=\"360\" srcset=\"https:\/\/uruguayaudiovisual.com\/wp-content\/uploads\/2020\/11\/m-sole-200x240.jpg 200w, https:\/\/uruguayaudiovisual.com\/wp-content\/uploads\/2020\/11\/m-sole-250x300.jpg 250w, https:\/\/uruguayaudiovisual.com\/wp-content\/uploads\/2020\/11\/m-sole.jpg 300w\" sizes=\"(max-width: 300px) 100vw, 300px\" \/><\/td>\n<td align=\"left\"><a href=\"https:\/\/cinando.com\/en\/People\/sole_micaela_52753\/Detail\" target=\"_blank\" rel=\"noopener noreferrer\"><strong>Micaela Sol\u00e9<\/strong><\/a><br \/>\nCEO &#8211; Producer<br \/>\nCord\u00f3n Films<\/td>\n<\/tr>\n<tr>\n<td align=\"left\"><img decoding=\"async\" class=\"alignnone size-full wp-image-9333\" src=\"https:\/\/uruguayaudiovisual.com\/wp-content\/uploads\/2020\/11\/j-m-sole.jpg\" alt=\"\" width=\"300\" height=\"360\" srcset=\"https:\/\/uruguayaudiovisual.com\/wp-content\/uploads\/2020\/11\/j-m-sole-200x240.jpg 200w, https:\/\/uruguayaudiovisual.com\/wp-content\/uploads\/2020\/11\/j-m-sole-250x300.jpg 250w, https:\/\/uruguayaudiovisual.com\/wp-content\/uploads\/2020\/11\/j-m-sole.jpg 300w\" sizes=\"(max-width: 300px) 100vw, 300px\" \/><\/td>\n<td align=\"left\"><a href=\"https:\/\/cinando.com\/en\/People\/sole_lorenzelli_juan_manuel_229613\/Detail\" target=\"_blank\" rel=\"noopener noreferrer\"><strong>Juan Manuel Sol\u00e9<\/strong><\/a><br \/>\nProducer &amp; Director<br \/>\nRegi\u00f3n Cinema<\/td>\n<td align=\"left\"><a href=\"https:\/\/cinando.com\/en\/People\/tipa_ana_117372\/Detail\"><img decoding=\"async\" class=\"alignnone size-full wp-image-9283\" src=\"https:\/\/uruguayaudiovisual.com\/wp-content\/uploads\/2020\/11\/a-tipa.jpg\" alt=\"\" width=\"300\" height=\"360\" srcset=\"https:\/\/uruguayaudiovisual.com\/wp-content\/uploads\/2020\/11\/a-tipa-200x240.jpg 200w, https:\/\/uruguayaudiovisual.com\/wp-content\/uploads\/2020\/11\/a-tipa-250x300.jpg 250w, https:\/\/uruguayaudiovisual.com\/wp-content\/uploads\/2020\/11\/a-tipa.jpg 300w\" sizes=\"(max-width: 300px) 100vw, 300px\" \/><\/a><\/td>\n<td align=\"left\">\u00a0<a href=\"https:\/\/cinando.com\/en\/People\/tipa_ana_117372\/Detail\" target=\"_blank\" rel=\"noopener noreferrer\"><strong>Ana Tipa<\/strong><\/a><br \/>\nDirector &amp; Producer<br \/>\nHuerfanita Films<\/td>\n<\/tr>\n<tr>\n<td align=\"left\"><img decoding=\"async\" class=\"alignnone size-full wp-image-9343\" src=\"https:\/\/uruguayaudiovisual.com\/wp-content\/uploads\/2020\/11\/l-tocco.jpg\" alt=\"\" width=\"300\" height=\"360\" srcset=\"https:\/\/uruguayaudiovisual.com\/wp-content\/uploads\/2020\/11\/l-tocco-200x240.jpg 200w, https:\/\/uruguayaudiovisual.com\/wp-content\/uploads\/2020\/11\/l-tocco-250x300.jpg 250w, https:\/\/uruguayaudiovisual.com\/wp-content\/uploads\/2020\/11\/l-tocco.jpg 300w\" sizes=\"(max-width: 300px) 100vw, 300px\" \/><\/td>\n<td align=\"left\"><a href=\"https:\/\/cinando.com\/en\/People\/tocco_lorenzo_589855\/Detail\" target=\"_blank\" rel=\"noopener noreferrer\"><strong>Lorenzo Tocco<\/strong><\/a><br \/>\nDirector &amp; Producer<\/td>\n<td align=\"left\"><img decoding=\"async\" class=\"alignnone size-full wp-image-9259\" src=\"https:\/\/uruguayaudiovisual.com\/wp-content\/uploads\/2020\/11\/p-trochon.jpg\" alt=\"\" width=\"300\" height=\"360\" srcset=\"https:\/\/uruguayaudiovisual.com\/wp-content\/uploads\/2020\/11\/p-trochon-200x240.jpg 200w, https:\/\/uruguayaudiovisual.com\/wp-content\/uploads\/2020\/11\/p-trochon-250x300.jpg 250w, https:\/\/uruguayaudiovisual.com\/wp-content\/uploads\/2020\/11\/p-trochon.jpg 300w\" sizes=\"(max-width: 300px) 100vw, 300px\" \/><\/td>\n<td align=\"left\"><a href=\"https:\/\/cinando.com\/en\/People\/trochon_patricia_229809\/Detail\" target=\"_blank\" rel=\"noopener noreferrer\"><strong>Patricia Troch\u00f3n<\/strong><\/a><br \/>\nProducer &amp; Director<br \/>\nMuchacha Films<\/td>\n<\/tr>\n<tr>\n<td align=\"left\"><img decoding=\"async\" class=\"alignnone size-full wp-image-9866\" src=\"https:\/\/uruguayaudiovisual.com\/wp-content\/uploads\/2020\/11\/fernando-trucco.jpg\" alt=\"\" width=\"300\" height=\"360\" srcset=\"https:\/\/uruguayaudiovisual.com\/wp-content\/uploads\/2020\/11\/fernando-trucco-200x240.jpg 200w, https:\/\/uruguayaudiovisual.com\/wp-content\/uploads\/2020\/11\/fernando-trucco-250x300.jpg 250w, https:\/\/uruguayaudiovisual.com\/wp-content\/uploads\/2020\/11\/fernando-trucco.jpg 300w\" sizes=\"(max-width: 300px) 100vw, 300px\" \/><\/td>\n<td align=\"left\"><a href=\"https:\/\/cinando.com\/en\/People\/trucco_fernando_593054\/Detail\" target=\"_blank\" rel=\"noopener noreferrer\"><strong>Fernando Trucco<\/strong><\/a><br \/>\nGuionista<\/td>\n<td align=\"left\"><img decoding=\"async\" class=\"alignnone size-full wp-image-9270\" src=\"https:\/\/uruguayaudiovisual.com\/wp-content\/uploads\/2020\/11\/n-valdes.jpg\" alt=\"\" width=\"300\" height=\"360\" srcset=\"https:\/\/uruguayaudiovisual.com\/wp-content\/uploads\/2020\/11\/n-valdes-200x240.jpg 200w, https:\/\/uruguayaudiovisual.com\/wp-content\/uploads\/2020\/11\/n-valdes-250x300.jpg 250w, https:\/\/uruguayaudiovisual.com\/wp-content\/uploads\/2020\/11\/n-valdes.jpg 300w\" sizes=\"(max-width: 300px) 100vw, 300px\" \/><\/td>\n<td align=\"left\">\u00a0<a href=\"https:\/\/cinando.com\/en\/People\/valdes_belhot_nicolas_465069\/Detail\" target=\"_blank\" rel=\"noopener noreferrer\"><strong>Nicol\u00e1s Vald\u00e9s<\/strong><\/a><br \/>\nSales Agent<br \/>\nCircular Media<\/td>\n<\/tr>\n<tr>\n<td align=\"left\"><img decoding=\"async\" class=\"alignnone size-full wp-image-9263\" src=\"https:\/\/uruguayaudiovisual.com\/wp-content\/uploads\/2020\/11\/i-vazquez.jpg\" alt=\"\" width=\"300\" height=\"360\" srcset=\"https:\/\/uruguayaudiovisual.com\/wp-content\/uploads\/2020\/11\/i-vazquez-200x240.jpg 200w, https:\/\/uruguayaudiovisual.com\/wp-content\/uploads\/2020\/11\/i-vazquez-250x300.jpg 250w, https:\/\/uruguayaudiovisual.com\/wp-content\/uploads\/2020\/11\/i-vazquez.jpg 300w\" sizes=\"(max-width: 300px) 100vw, 300px\" \/><\/td>\n<td align=\"left\"><a href=\"https:\/\/cinando.com\/en\/People\/vazquez_ines_590862\/Detail\" target=\"_blank\" rel=\"noopener noreferrer\"><strong>In\u00e9s V\u00e1zquez<\/strong><\/a><br \/>\nProducer<br \/>\nByobu<\/td>\n<td align=\"left\"><img decoding=\"async\" class=\"alignnone size-full wp-image-9390\" src=\"https:\/\/uruguayaudiovisual.com\/wp-content\/uploads\/2020\/11\/zalah.jpg\" alt=\"\" width=\"300\" height=\"360\" srcset=\"https:\/\/uruguayaudiovisual.com\/wp-content\/uploads\/2020\/11\/zalah-200x240.jpg 200w, https:\/\/uruguayaudiovisual.com\/wp-content\/uploads\/2020\/11\/zalah-250x300.jpg 250w, https:\/\/uruguayaudiovisual.com\/wp-content\/uploads\/2020\/11\/zalah.jpg 300w\" sizes=\"(max-width: 300px) 100vw, 300px\" \/><\/td>\n<td align=\"left\"><a href=\"https:\/\/cinando.com\/en\/People\/rodriguez_zalah_589813\/Detail\" target=\"_blank\" rel=\"noopener noreferrer\"><strong>Z\u00e1lah Rodr\u00edguez<\/strong><\/a><br \/>\nFilmmaker<\/td>\n<\/tr>\n<\/tbody>\n<\/table>\n<\/div>\n<\/div><\/div><div class=\"fusion-layout-column fusion_builder_column fusion-builder-column-90 fusion_builder_column_1_1 1_1 fusion-flex-column\" style=\"--awb-bg-size:cover;--awb-width-large:100%;--awb-margin-top-large:0px;--awb-spacing-right-large:1.92%;--awb-margin-bottom-large:0px;--awb-spacing-left-large:1.92%;--awb-width-medium:100%;--awb-order-medium:0;--awb-spacing-right-medium:1.92%;--awb-spacing-left-medium:1.92%;--awb-width-small:100%;--awb-order-small:0;--awb-spacing-right-small:1.92%;--awb-spacing-left-small:1.92%;\"><div class=\"fusion-column-wrapper fusion-column-has-shadow fusion-flex-justify-content-flex-start fusion-content-layout-column\"><\/div><\/div><\/div><\/div><div class=\"fusion-bg-parallax\" data-bg-align=\"center top\" data-direction=\"down\" data-mute=\"false\" data-opacity=\"100\" data-velocity=\"-0.3\" data-mobile-enabled=\"false\" data-break_parents=\"0\" data-bg-image=\"https:\/\/uruguayaudiovisual.com\/wp-content\/uploads\/2020\/01\/32-2MA-301.jpg\" data-bg-repeat=\"false\" data-bg-color=\"#efefef\" ><\/div><div class=\"fusion-fullwidth fullwidth-box fusion-builder-row-12 fusion-flex-container fusion-parallax-down sin-margen hundred-percent-fullwidth non-hundred-percent-height-scrolling\" style=\"--awb-background-position:center top;--awb-border-radius-top-left:0px;--awb-border-radius-top-right:0px;--awb-border-radius-bottom-right:0px;--awb-border-radius-bottom-left:0px;--awb-padding-top:30px;--awb-padding-right:5%;--awb-padding-bottom:0px;--awb-padding-left:5%;--awb-padding-top-medium:0px;--awb-padding-right-medium:4%;--awb-padding-bottom-medium:0px;--awb-padding-left-medium:4%;--awb-padding-top-small:0px;--awb-padding-right-small:2%;--awb-padding-bottom-small:0px;--awb-padding-left-small:2%;--awb-margin-top:0px;--awb-margin-bottom:0px;--awb-margin-top-medium:0px;--awb-margin-bottom-medium:0px;--awb-margin-top-small:0px;--awb-margin-bottom-small:0px;--awb-background-color:#efefef;--awb-background-image:url(&quot;https:\/\/uruguayaudiovisual.com\/wp-content\/uploads\/2020\/01\/32-2MA-301.jpg&quot;);--awb-background-size:cover;--awb-flex-wrap:wrap;\" ><div class=\"fusion-builder-row fusion-row fusion-flex-align-items-flex-start fusion-flex-content-wrap\" style=\"width:calc( 100% + 0px ) !important;max-width:calc( 100% + 0px ) !important;margin-left: calc(-0px \/ 2 );margin-right: calc(-0px \/ 2 );\"><div class=\"fusion-layout-column fusion_builder_column fusion-builder-column-91 fusion_builder_column_1_1 1_1 fusion-flex-column\" style=\"--awb-padding-bottom:15px;--awb-bg-size:cover;--awb-width-large:100%;--awb-margin-top-large:0px;--awb-spacing-right-large:0px;--awb-margin-bottom-large:0px;--awb-spacing-left-large:0px;--awb-width-medium:100%;--awb-spacing-right-medium:0px;--awb-spacing-left-medium:0px;--awb-width-small:100%;--awb-spacing-right-small:0px;--awb-spacing-left-small:0px;\"><div class=\"fusion-column-wrapper fusion-column-has-shadow fusion-flex-justify-content-flex-start fusion-content-layout-column\"><div class=\"fusion-title title fusion-title-12 fusion-title-center fusion-title-text fusion-title-size-two\" style=\"--awb-text-color:#ffffff;--awb-margin-top:50px;--awb-margin-bottom:0PX;--awb-font-size:32px;\"><div class=\"title-sep-container title-sep-container-left\"><div class=\"title-sep sep- sep-solid\" style=\"border-color:#e2e2e2;\"><\/div><\/div><span class=\"awb-title-spacer\"><\/span><h2 class=\"fusion-title-heading title-heading-center fusion-responsive-typography-calculated\" style=\"margin:0;font-size:1em;--fontSize:32;line-height:1.2;\"><span style=\"color: #ffffff;\"><a style=\"color: #ffffff;\" href=\"https:\/\/uruguayaudiovisual.com\/en\/film-in-uruguay\">Advantages of filming in Uruguay<\/a><\/span><\/h2><span class=\"awb-title-spacer\"><\/span><div class=\"title-sep-container title-sep-container-right\"><div class=\"title-sep sep- sep-solid\" style=\"border-color:#e2e2e2;\"><\/div><\/div><\/div><div class=\"fusion-separator fusion-full-width-sep\" style=\"align-self: center;margin-left: auto;margin-right: auto;margin-top:15px;margin-bottom:15px;width:100%;\"><\/div><\/div><\/div><div class=\"fusion-layout-column fusion_builder_column fusion-builder-column-92 fusion_builder_column_1_1 1_1 fusion-flex-column\" style=\"--awb-bg-size:cover;--awb-width-large:100%;--awb-margin-top-large:0px;--awb-spacing-right-large:0px;--awb-margin-bottom-large:0px;--awb-spacing-left-large:0px;--awb-width-medium:100%;--awb-spacing-right-medium:0px;--awb-spacing-left-medium:0px;--awb-width-small:100%;--awb-spacing-right-small:0px;--awb-spacing-left-small:0px;\"><div class=\"fusion-column-wrapper fusion-column-has-shadow fusion-flex-justify-content-flex-start fusion-content-layout-column\"><div class=\"fusion-flip-boxes flip-boxes row fusion-columns-4 flip-effect-classic equal-heights\"><div class=\"fusion-flip-box-wrapper fusion-column col-lg-3 col-md-3 col-sm-3\"><div class=\"fusion-flip-box flip-up fusion-animated\" tabindex=\"0\" data-animationType=\"fadeInDown\" data-animationDuration=\"0.3\" data-animationOffset=\"top-into-view\"><div class=\"flip-box-inner-wrapper\"><div class=\"flip-box-front\" style=\"--awb-border-size:0px;--awb-border-radius:15px;--awb-background-color-front:rgba(0,0,0,0.89);--awb-title-front-color:#fff;\"><div class=\"flip-box-front-inner\"><div class=\"flip-box-grafix flip-box-image\"><img decoding=\"async\" src=\"https:\/\/uruguayaudiovisual.com\/wp-content\/uploads\/\/2020\/01\/ventajas-01-2.svg\" width=\"65\" height=\"65\" alt=\"ventajas\" \/><\/div><h2 class=\"flip-box-heading without-text\">Opposite seasons to the northern hemisphere<\/h2><\/div><\/div><div class=\"flip-box-back\" style=\"--awb-border-size:0px;--awb-border-radius:15px;--awb-background-color-back:#ffcb1f;--awb-text-back-color:#000000;\"><div class=\"flip-box-back-inner\"><a href=\"https:\/\/uruguayaudiovisual.com\/en\/filming-in-uruguay\">The seasons opposite to the northern hemisphere allow for audiovisual productions in summer during the boreal winter.<\/a><\/div><\/div><\/div><\/div><\/div><div class=\"fusion-flip-box-wrapper fusion-column col-lg-3 col-md-3 col-sm-3\"><div class=\"fusion-flip-box flip-up fusion-animated\" tabindex=\"0\" data-animationType=\"fadeInDown\" data-animationDuration=\"0.3\" data-animationOffset=\"top-into-view\"><div class=\"flip-box-inner-wrapper\"><div class=\"flip-box-front\" style=\"--awb-border-radius:15px;--awb-background-color-front:rgba(0,0,0,0.89);--awb-title-front-color:#ffffff;\"><div class=\"flip-box-front-inner\"><div class=\"flip-box-grafix flip-box-image\"><img decoding=\"async\" src=\"https:\/\/uruguayaudiovisual.com\/wp-content\/uploads\/\/2020\/01\/ventajas-04-1.svg\" width=\"80\" height=\"80\" alt=\"personal altamente calificado\" \/><\/div><h2 class=\"flip-box-heading without-text\">Highly qualified professionals<\/h2><\/div><\/div><div class=\"flip-box-back\" style=\"--awb-border-radius:15px;--awb-background-color-back:#9e1d62;\"><div class=\"flip-box-back-inner\"><span style=\"color: #ffffff;\"><a style=\"color: #ffffff;\" href=\"https:\/\/uruguayaudiovisual.com\/en\/filming-in-uruguay\">The recognized professional level of Uruguayan technicians and the country&#8217;s important film infrastructure are real advantages for filming in Uruguay.<\/a><\/span><\/div><\/div><\/div><\/div><\/div><div class=\"fusion-flip-box-wrapper fusion-column col-lg-3 col-md-3 col-sm-3\"><div class=\"fusion-flip-box flip-up fusion-animated\" tabindex=\"0\" data-animationType=\"fadeInDown\" data-animationDuration=\"0.3\" data-animationOffset=\"top-into-view\"><div class=\"flip-box-inner-wrapper\"><div class=\"flip-box-front\" style=\"--awb-border-radius:15px;--awb-background-color-front:rgba(0,0,0,0.89);--awb-title-front-color:#ffffff;\"><div class=\"flip-box-front-inner\"><div class=\"flip-box-grafix flip-box-image\"><img decoding=\"async\" src=\"https:\/\/uruguayaudiovisual.com\/wp-content\/uploads\/\/2020\/01\/ventajas-08.svg\" width=\"80\" height=\"80\" alt=\"Distancias cortas\" \/><\/div><h2 class=\"flip-box-heading without-text\">Short distances<\/h2><\/div><\/div><div class=\"flip-box-back\" style=\"--awb-border-radius:15px;--awb-background-color-back:#ffcb1f;\"><div class=\"flip-box-back-inner\"><a href=\"https:\/\/uruguayaudiovisual.com\/en\/filming-in-uruguay\">Short distances and fluid traffic Uruguay offers short distances between very varied locations, connected by an important network of routes and uncongested traffic.<\/a><\/div><\/div><\/div><\/div><\/div><div class=\"fusion-flip-box-wrapper fusion-column col-lg-3 col-md-3 col-sm-3\"><div class=\"fusion-flip-box flip-up fusion-animated\" tabindex=\"0\" data-animationType=\"fadeInDown\" data-animationDuration=\"0.3\" data-animationOffset=\"top-into-view\"><div class=\"flip-box-inner-wrapper\"><div class=\"flip-box-front\" style=\"--awb-border-radius:15px;--awb-background-color-front:rgba(0,0,0,0.89);--awb-title-front-color:#ffffff;\"><div class=\"flip-box-front-inner\"><div class=\"flip-box-grafix flip-box-image\"><img decoding=\"async\" src=\"https:\/\/uruguayaudiovisual.com\/wp-content\/uploads\/\/2020\/01\/ventajas-06-2.svg\" width=\"65\" height=\"65\" alt=\"seguridad y transparencia\" \/><\/div><h2 class=\"flip-box-heading without-text\">Security and transparency<\/h2><\/div><\/div><div class=\"flip-box-back\" style=\"--awb-border-radius:15px;--awb-background-color-back:#9e1d62;--awb-text-back-color:#000000;\"><div class=\"flip-box-back-inner\"><span style=\"color: #ffffff;\"><a style=\"color: #ffffff;\" href=\"https:\/\/uruguayaudiovisual.com\/en\/filming-in-uruguay\">Security and transparency Uruguay is one of the safest and most transparent countries in the region.<\/a><\/span><\/div><\/div><\/div><\/div><\/div><div class=\"fusion-flip-box-wrapper fusion-column col-lg-3 col-md-3 col-sm-3\"><div class=\"fusion-flip-box flip-up fusion-animated\" tabindex=\"0\" data-animationType=\"fadeInDown\" data-animationDuration=\"0.3\" data-animationOffset=\"top-into-view\"><div class=\"flip-box-inner-wrapper\"><div class=\"flip-box-front\" style=\"--awb-border-radius:15px;--awb-background-color-front:rgba(0,0,0,0.89);--awb-title-front-color:#ffffff;\"><div class=\"flip-box-front-inner\"><div class=\"flip-box-grafix flip-box-image\"><img decoding=\"async\" src=\"https:\/\/uruguayaudiovisual.com\/wp-content\/uploads\/\/2020\/01\/ventajas-02.svg\" width=\"80\" height=\"80\" alt=\"Diversidad de locaciones\" \/><\/div><h2 class=\"flip-box-heading without-text\">Diversity of locations<\/h2><\/div><\/div><div class=\"flip-box-back\" style=\"--awb-border-radius:15px;--awb-background-color-back:#ffcb1f;\"><div class=\"flip-box-back-inner\"><a href=\"https:\/\/uruguayaudiovisual.com\/en\/filming-in-uruguay\">Variety of beaches, extensive rural areas and modern cities where colonial, classic and Art Nouveau styles coexist.<\/a><\/div><\/div><\/div><\/div><\/div><div class=\"fusion-flip-box-wrapper fusion-column col-lg-3 col-md-3 col-sm-3\"><div class=\"fusion-flip-box flip-up fusion-animated\" tabindex=\"0\" data-animationType=\"fadeInDown\" data-animationDuration=\"0.3\" data-animationOffset=\"top-into-view\"><div class=\"flip-box-inner-wrapper\"><div class=\"flip-box-front\" style=\"--awb-border-radius:15px;--awb-background-color-front:rgba(0,0,0,0.89);--awb-title-front-color:#ffffff;\"><div class=\"flip-box-front-inner\"><div class=\"flip-box-grafix flip-box-image\"><img decoding=\"async\" src=\"https:\/\/uruguayaudiovisual.com\/wp-content\/uploads\/\/2020\/01\/ventajas-03.svg\" width=\"65\" height=\"65\" alt=\"Internet y equipamiento de ultima generacion\" \/><\/div><h2 class=\"flip-box-heading without-text\">Internet and last generation equipment<\/h2><\/div><\/div><div class=\"flip-box-back\" style=\"--awb-border-radius:15px;--awb-background-color-back:#9e1d62;--awb-text-back-color:#000000;\"><div class=\"flip-box-back-inner\"><span style=\"color: #ffffff;\"><a style=\"color: #ffffff;\" href=\"https:\/\/uruguayaudiovisual.com\/en\/filming-in-uruguay\">It has the highest mobile Internet connection speed in Latin America and wide coverage throughout the country.<\/a><\/span><\/div><\/div><\/div><\/div><\/div><div class=\"fusion-flip-box-wrapper fusion-column col-lg-3 col-md-3 col-sm-3\"><div class=\"fusion-flip-box flip-up fusion-animated\" tabindex=\"0\" data-animationType=\"fadeInDown\" data-animationDuration=\"0.3\" data-animationOffset=\"top-into-view\"><div class=\"flip-box-inner-wrapper\"><div class=\"flip-box-front\" style=\"--awb-border-radius:15px;--awb-background-color-front:rgba(0,0,0,0.89);--awb-title-front-color:#ffffff;\"><div class=\"flip-box-front-inner\"><div class=\"flip-box-grafix flip-box-image\"><img decoding=\"async\" src=\"https:\/\/uruguayaudiovisual.com\/wp-content\/uploads\/\/2020\/01\/ventajas-07.svg\" width=\"80\" height=\"80\" alt=\"Admisi\u00f3n temporaria\" \/><\/div><h2 class=\"flip-box-heading without-text\">Temporary admission<\/h2><\/div><\/div><div class=\"flip-box-back\" style=\"--awb-border-radius:15px;--awb-background-color-back:#ffcb1f;\"><div class=\"flip-box-back-inner\"><a href=\"https:\/\/uruguayaudiovisual.com\/en\/filming-in-uruguay\">Temporary admission Tangible property used for the promotion of cultural activities may enter the country as a temporary admission.<\/a><\/div><\/div><\/div><\/div><\/div><div class=\"fusion-flip-box-wrapper fusion-column col-lg-3 col-md-3 col-sm-3\"><div class=\"fusion-flip-box flip-up fusion-animated\" tabindex=\"0\" data-animationType=\"fadeInDown\" data-animationDuration=\"0.3\" data-animationOffset=\"top-into-view\"><div class=\"flip-box-inner-wrapper\"><div class=\"flip-box-front\" style=\"--awb-border-radius:15px;--awb-background-color-front:rgba(0,0,0,0.89);--awb-title-front-color:#ffffff;\"><div class=\"flip-box-front-inner\"><div class=\"flip-box-grafix flip-box-image\"><img decoding=\"async\" src=\"https:\/\/uruguayaudiovisual.com\/wp-content\/uploads\/\/2020\/01\/ventajas-05.svg\" width=\"65\" height=\"65\" alt=\"casting variado\" \/><\/div><h2 class=\"flip-box-heading without-text\">Varied Casting<\/h2><\/div><\/div><div class=\"flip-box-back\" style=\"--awb-border-radius:15px;--awb-background-color-back:#9e1d62;--awb-text-back-color:#000000;\"><div class=\"flip-box-back-inner\"><span style=\"color: #ffffff;\"><a style=\"color: #ffffff;\" href=\"https:\/\/uruguayaudiovisual.com\/en\/filming-in-uruguay\">Varied Casting Uruguay is a cosmopolitan country that offers solutions to the most specific and varied castings.<\/a><\/span><\/div><\/div><\/div><\/div><\/div><\/div><\/div><\/div><\/div><\/div><div class=\"fusion-fullwidth fullwidth-box fusion-builder-row-13 fusion-flex-container nonhundred-percent-fullwidth non-hundred-percent-height-scrolling\" style=\"--awb-border-radius-top-left:0px;--awb-border-radius-top-right:0px;--awb-border-radius-bottom-right:0px;--awb-border-radius-bottom-left:0px;--awb-padding-top:0px;--awb-padding-bottom:0px;--awb-margin-top:0px;--awb-margin-bottom:0px;--awb-background-color:#ffcb1f;--awb-flex-wrap:wrap;\" ><div class=\"fusion-builder-row fusion-row fusion-flex-align-items-flex-start fusion-flex-content-wrap\" style=\"max-width:calc( 1440px + 0px );margin-left: calc(-0px \/ 2 );margin-right: calc(-0px \/ 2 );\"><div class=\"fusion-layout-column fusion_builder_column fusion-builder-column-93 fusion_builder_column_1_1 1_1 fusion-flex-column\" style=\"--awb-padding-top:35px;--awb-bg-size:cover;--awb-width-large:100%;--awb-margin-top-large:0px;--awb-spacing-right-large:0px;--awb-margin-bottom-large:0px;--awb-spacing-left-large:0px;--awb-width-medium:100%;--awb-spacing-right-medium:0px;--awb-spacing-left-medium:0px;--awb-width-small:100%;--awb-spacing-right-small:0px;--awb-spacing-left-small:0px;\"><div class=\"fusion-column-wrapper fusion-column-has-shadow fusion-flex-justify-content-flex-start fusion-content-layout-column\"><div class=\"fusion-title title fusion-title-13 fusion-title-center fusion-title-text fusion-title-size-two\" style=\"--awb-text-color:#000000;--awb-margin-top:50px;--awb-margin-bottom:0PX;--awb-font-size:32px;\"><div class=\"title-sep-container title-sep-container-left\"><div class=\"title-sep sep- sep-solid\" style=\"border-color:#e2e2e2;\"><\/div><\/div><span class=\"awb-title-spacer\"><\/span><h2 class=\"fusion-title-heading title-heading-center fusion-responsive-typography-calculated\" style=\"margin:0;font-size:1em;--fontSize:32;line-height:1.2;\">Strategic location in the region<\/h2><span class=\"awb-title-spacer\"><\/span><div class=\"title-sep-container title-sep-container-right\"><div class=\"title-sep sep- sep-solid\" style=\"border-color:#e2e2e2;\"><\/div><\/div><\/div><\/div><\/div><\/div><\/div><div class=\"fusion-fullwidth fullwidth-box fusion-builder-row-14 fusion-flex-container nonhundred-percent-fullwidth non-hundred-percent-height-scrolling\" style=\"--awb-border-radius-top-left:0px;--awb-border-radius-top-right:0px;--awb-border-radius-bottom-right:0px;--awb-border-radius-bottom-left:0px;--awb-padding-top:45px;--awb-padding-right:100px;--awb-padding-bottom:30px;--awb-padding-left:100px;--awb-margin-top:0px;--awb-margin-bottom:0px;--awb-background-color:#ffcb1f;--awb-flex-wrap:wrap;\" ><div class=\"fusion-builder-row fusion-row fusion-flex-align-items-stretch fusion-flex-content-wrap\" style=\"max-width:1497.6px;margin-left: calc(-4% \/ 2 );margin-right: calc(-4% \/ 2 );\"><div class=\"fusion-layout-column fusion_builder_column fusion-builder-column-94 fusion_builder_column_1_4 1_4 fusion-flex-column fusion-animated\" style=\"--awb-bg-size:cover;--awb-width-large:25%;--awb-margin-top-large:0px;--awb-spacing-right-large:7.68%;--awb-margin-bottom-large:0px;--awb-spacing-left-large:7.68%;--awb-width-medium:100%;--awb-spacing-right-medium:1.92%;--awb-spacing-left-medium:1.92%;--awb-width-small:100%;--awb-spacing-right-small:1.92%;--awb-spacing-left-small:1.92%;\" data-animationType=\"slideInLeft\" data-animationDuration=\"0.4\" data-animationOffset=\"top-into-view\"><div class=\"fusion-column-wrapper fusion-column-has-shadow fusion-flex-justify-content-center fusion-content-layout-column\"><div class=\"fusion-image-element \" style=\"--awb-max-width:80%;--awb-caption-title-font-family:var(--h2_typography-font-family);--awb-caption-title-font-weight:var(--h2_typography-font-weight);--awb-caption-title-font-style:var(--h2_typography-font-style);--awb-caption-title-size:var(--h2_typography-font-size);--awb-caption-title-transform:var(--h2_typography-text-transform);--awb-caption-title-line-height:var(--h2_typography-line-height);--awb-caption-title-letter-spacing:var(--h2_typography-letter-spacing);\"><span class=\" fusion-imageframe imageframe-none imageframe-14 hover-type-none\"><img decoding=\"async\" width=\"600\" height=\"765\" title=\"sudamericaii-02\" src=\"https:\/\/uruguayaudiovisual.com\/wp-content\/uploads\/2020\/03\/sudamericaii-02.svg\" alt class=\"img-responsive wp-image-6065\"\/><\/span><\/div><\/div><\/div><div class=\"fusion-layout-column fusion_builder_column fusion-builder-column-95 fusion_builder_column_3_4 3_4 fusion-flex-column fusion-flex-align-self-flex-start fusion-column-no-min-height fusion-animated\" style=\"--awb-padding-top:10%;--awb-bg-size:cover;--awb-width-large:75%;--awb-margin-top-large:0px;--awb-spacing-right-large:2.56%;--awb-margin-bottom-large:0px;--awb-spacing-left-large:2.56%;--awb-width-medium:100%;--awb-spacing-right-medium:1.92%;--awb-spacing-left-medium:1.92%;--awb-width-small:100%;--awb-spacing-right-small:1.92%;--awb-spacing-left-small:1.92%;\" data-animationType=\"fadeInDown\" data-animationDuration=\"0.5\" data-animationOffset=\"top-into-view\"><div class=\"fusion-column-wrapper fusion-column-has-shadow fusion-flex-justify-content-center fusion-content-layout-column\"><div class=\"fusion-counters-box counters-box row fusion-clearfix fusion-columns-3\" style=\"--awb-body-color:#000;--awb-border-color:rgba(224,222,222,0);--awb-color:#000000;--awb-title-size:70;--awb-icon-size:1;--awb-border-color:rgba(224,222,222,0);\"><div class=\"fusion-counter-box fusion-column col-counter-box counter-box-wrapper col-lg-4 col-md-4 col-sm-4\" data-animationOffset=\"top-into-view\"><div class=\"counter-box-container\"><div class=\"content-box-percentage content-box-counter\"><span class=\"display-counter\" data-value=\"670\" data-direction=\"up\" data-decimals=\"0\">0<\/span><\/div><div class=\"counter-box-content\">Kilometers of coast<\/div><\/div><\/div><div class=\"fusion-counter-box fusion-column col-counter-box counter-box-wrapper col-lg-4 col-md-4 col-sm-4\" data-animationOffset=\"top-into-view\"><div class=\"counter-box-container\"><div class=\"content-box-percentage content-box-counter\"><span class=\"display-counter\" data-value=\"600\" data-direction=\"up\" data-decimals=\"0\">0<\/span><\/div><div class=\"counter-box-content\">Kilometers in maximum distances<\/div><\/div><\/div><div class=\"fusion-counter-box fusion-column col-counter-box counter-box-wrapper col-lg-4 col-md-4 col-sm-4\" data-animationOffset=\"top-into-view\"><div class=\"counter-box-container\"><div class=\"content-box-percentage content-box-counter\"><span class=\"display-counter\" data-value=\"12\" data-direction=\"up\" data-decimals=\"0\">0<\/span><\/div><div class=\"counter-box-content\">Hours of light in summer<\/div><\/div><\/div><\/div><\/div><\/div><\/div><\/div><div class=\"fusion-fullwidth fullwidth-box fusion-builder-row-15 fusion-flex-container nonhundred-percent-fullwidth non-hundred-percent-height-scrolling\" style=\"--awb-border-radius-top-left:0px;--awb-border-radius-top-right:0px;--awb-border-radius-bottom-right:0px;--awb-border-radius-bottom-left:0px;--awb-padding-top:80px;--awb-padding-bottom:80px;--awb-flex-wrap:wrap;\" ><div class=\"fusion-builder-row fusion-row fusion-flex-align-items-stretch fusion-flex-content-wrap\" style=\"max-width:1497.6px;margin-left: calc(-4% \/ 2 );margin-right: calc(-4% \/ 2 );\"><div class=\"fusion-layout-column fusion_builder_column fusion-builder-column-96 fusion_builder_column_1_2 1_2 fusion-flex-column fusion-animated\" style=\"--awb-padding-top:50px;--awb-padding-right:50px;--awb-padding-bottom:50px;--awb-padding-left:50px;--awb-bg-image:url(&#039;https:\/\/uruguayaudiovisual.com\/wp-content\/uploads\/2020\/05\/organiza-produccion.jpg&#039;);--awb-bg-size:cover;--awb-width-large:50%;--awb-margin-top-large:0px;--awb-spacing-right-large:3.84%;--awb-margin-bottom-large:0px;--awb-spacing-left-large:3.84%;--awb-width-medium:100%;--awb-spacing-right-medium:1.92%;--awb-spacing-left-medium:1.92%;--awb-width-small:100%;--awb-spacing-right-small:1.92%;--awb-spacing-left-small:1.92%;\" data-animationType=\"fadeInLeft\" data-animationDuration=\"0.3\" data-animationOffset=\"top-into-view\"><div class=\"fusion-column-wrapper fusion-column-has-shadow fusion-flex-justify-content-flex-start fusion-content-layout-column fusion-column-has-bg-image\" data-bg-url=\"https:\/\/uruguayaudiovisual.com\/wp-content\/uploads\/2020\/05\/organiza-produccion.jpg\"><div class=\"fusion-title title fusion-title-14 fusion-title-text fusion-title-size-three\" style=\"--awb-text-color:#ffffff;\"><div class=\"title-sep-container title-sep-container-left fusion-no-large-visibility fusion-no-medium-visibility fusion-no-small-visibility\"><div class=\"title-sep sep- sep-solid\" style=\"border-color:#e2e2e2;\"><\/div><\/div><span class=\"awb-title-spacer fusion-no-large-visibility fusion-no-medium-visibility fusion-no-small-visibility\"><\/span><h3 class=\"fusion-title-heading title-heading-left fusion-responsive-typography-calculated\" style=\"margin:0;--fontSize:25;line-height:1.6;\">ORGANIZE YOUR PRODUCTION<\/h3><span class=\"awb-title-spacer\"><\/span><div class=\"title-sep-container title-sep-container-right\"><div class=\"title-sep sep- sep-solid\" style=\"border-color:#e2e2e2;\"><\/div><\/div><\/div><div class=\"fusion-text fusion-text-74\"><p><span style=\"font-weight: 400; color: #fff;\">Find the companies, technicians and institutions you need for your audiovisual project<\/span><\/p>\n<\/div><div class=\"fusion-separator fusion-full-width-sep\" style=\"align-self: center;margin-left: auto;margin-right: auto;margin-top:5px;margin-bottom:5px;width:100%;\"><\/div><div class=\"fusion-builder-row fusion-builder-row-inner fusion-row fusion-flex-align-items-stretch fusion-flex-content-wrap\" style=\"width:104% !important;max-width:104% !important;margin-left: calc(-4% \/ 2 );margin-right: calc(-4% \/ 2 );\"><div class=\"fusion-layout-column fusion_builder_column_inner fusion-builder-nested-column-6 fusion_builder_column_inner_1_2 1_2 fusion-flex-column\" style=\"--awb-bg-size:cover;--awb-width-large:50%;--awb-margin-top-large:0px;--awb-spacing-right-large:1px;--awb-margin-bottom-large:0px;--awb-spacing-left-large:3.84%;--awb-width-medium:100%;--awb-spacing-right-medium:1.92%;--awb-spacing-left-medium:1.92%;--awb-width-small:100%;--awb-spacing-right-small:1.92%;--awb-spacing-left-small:1.92%;\"><div class=\"fusion-column-wrapper fusion-column-has-shadow fusion-flex-justify-content-flex-start fusion-content-layout-column\"><div ><a class=\"fusion-button button-flat fusion-button-default-size button-custom fusion-button-default button-9 fusion-button-default-span fusion-button-default-type\" style=\"--button_accent_color:#ffffff;--button_border_color:#000000;--button_accent_hover_color:#ffffff;--button_border_hover_color:rgba(255,255,255,0);--button-border-radius-top-left:0;--button-border-radius-top-right:0;--button-border-radius-bottom-right:0;--button-border-radius-bottom-left:0;--button_gradient_top_color:#000000;--button_gradient_bottom_color:#000000;--button_gradient_top_color_hover:#1c75bc;--button_gradient_bottom_color_hover:#1c75bc;\" target=\"_self\" href=\"https:\/\/uruguayaudiovisual.com\/en\/directory-of-companies-and-institutions\/\"><span class=\"fusion-button-text awb-button__text awb-button__text--default\">COMPANIES<\/span><\/a><\/div><\/div><\/div><div class=\"fusion-layout-column fusion_builder_column_inner fusion-builder-nested-column-7 fusion_builder_column_inner_1_2 1_2 fusion-flex-column\" style=\"--awb-bg-size:cover;--awb-width-large:50%;--awb-margin-top-large:0px;--awb-spacing-right-large:3.84%;--awb-margin-bottom-large:0px;--awb-spacing-left-large:1px;--awb-width-medium:100%;--awb-spacing-right-medium:1.92%;--awb-spacing-left-medium:1.92%;--awb-width-small:100%;--awb-spacing-right-small:1.92%;--awb-spacing-left-small:1.92%;\"><div class=\"fusion-column-wrapper fusion-column-has-shadow fusion-flex-justify-content-flex-start fusion-content-layout-column\"><div ><a class=\"fusion-button button-flat fusion-button-default-size button-custom fusion-button-default button-10 fusion-button-default-span fusion-button-default-type\" style=\"--button_accent_color:#ffffff;--button_border_color:rgba(0,0,0,0);--button_accent_hover_color:#ffffff;--button_border_hover_color:rgba(255,255,255,0);--button-border-radius-top-left:0;--button-border-radius-top-right:0;--button-border-radius-bottom-right:0;--button-border-radius-bottom-left:0;--button_gradient_top_color:#000000;--button_gradient_bottom_color:#000000;--button_gradient_top_color_hover:#1c75bc;--button_gradient_bottom_color_hover:#1c75bc;\" target=\"_self\" href=\"https:\/\/uruguayaudiovisual.com\/en\/professionals-directory\/\"><span class=\"fusion-button-text awb-button__text awb-button__text--default\">PROFESSIONALS<\/span><\/a><\/div><\/div><\/div><\/div><\/div><\/div><div class=\"fusion-layout-column fusion_builder_column fusion-builder-column-97 fusion_builder_column_1_2 1_2 fusion-flex-column fusion-animated\" style=\"--awb-padding-top:50px;--awb-padding-right:50px;--awb-padding-bottom:50px;--awb-padding-left:50px;--awb-bg-image:url(&#039;https:\/\/uruguayaudiovisual.com\/wp-content\/uploads\/2020\/06\/encuentra-locacion.jpg&#039;);--awb-bg-size:cover;--awb-width-large:50%;--awb-margin-top-large:0px;--awb-spacing-right-large:3.84%;--awb-margin-bottom-large:0px;--awb-spacing-left-large:3.84%;--awb-width-medium:100%;--awb-spacing-right-medium:1.92%;--awb-spacing-left-medium:1.92%;--awb-width-small:100%;--awb-spacing-right-small:1.92%;--awb-spacing-left-small:1.92%;\" data-animationType=\"fadeInRight\" data-animationDuration=\"0.3\" data-animationOffset=\"top-into-view\"><div class=\"fusion-column-wrapper fusion-column-has-shadow fusion-flex-justify-content-flex-start fusion-content-layout-column fusion-column-has-bg-image\" data-bg-url=\"https:\/\/uruguayaudiovisual.com\/wp-content\/uploads\/2020\/06\/encuentra-locacion.jpg\"><div class=\"fusion-title title fusion-title-15 fusion-title-text fusion-title-size-three\" style=\"--awb-text-color:#fff;--awb-sep-color:#ffffff;\"><div class=\"title-sep-container title-sep-container-left fusion-no-large-visibility fusion-no-medium-visibility fusion-no-small-visibility\"><div class=\"title-sep sep- sep-solid\" style=\"border-color:#ffffff;\"><\/div><\/div><span class=\"awb-title-spacer fusion-no-large-visibility fusion-no-medium-visibility fusion-no-small-visibility\"><\/span><h3 class=\"fusion-title-heading title-heading-left fusion-responsive-typography-calculated\" style=\"margin:0;--fontSize:25;line-height:1.6;\">FIND YOUR LOCATION<\/h3><span class=\"awb-title-spacer\"><\/span><div class=\"title-sep-container title-sep-container-right\"><div class=\"title-sep sep- sep-solid\" style=\"border-color:#ffffff;\"><\/div><\/div><\/div><div class=\"fusion-text fusion-text-75 fusion-animated\" data-animationType=\"fadeInLeft\" data-animationDuration=\"0.3\" data-animationOffset=\"top-into-view\"><p><span style=\"font-weight: 400; color: #fff;\">Discover the perfect place to do your shooting, advertising or audiovisual production<\/span><\/p>\n<\/div><div class=\"fusion-separator fusion-full-width-sep\" style=\"align-self: center;margin-left: auto;margin-right: auto;margin-top:5px;margin-bottom:5px;width:100%;\"><\/div><div ><a class=\"fusion-button button-flat fusion-button-default-size button-custom fusion-button-default button-11 fusion-button-default-span fusion-button-default-type\" style=\"--button_accent_color:#fff;--button_accent_hover_color:#fff;--button_border_hover_color:rgba(255,255,255,0);--button-border-radius-top-left:0;--button-border-radius-top-right:0;--button-border-radius-bottom-right:0;--button-border-radius-bottom-left:0;--button_gradient_top_color:#000000;--button_gradient_bottom_color:#000000;--button_gradient_top_color_hover:#1c75bc;--button_gradient_bottom_color_hover:#1c75bc;\" target=\"_self\" href=\"https:\/\/uruguayaudiovisual.com\/en\/find-your-location\"><span class=\"fusion-button-text awb-button__text awb-button__text--default\">SEE MORE<\/span><\/a><\/div><\/div><\/div><\/div><\/div><div class=\"fusion-fullwidth fullwidth-box fusion-builder-row-16 fusion-flex-container nonhundred-percent-fullwidth non-hundred-percent-height-scrolling\" style=\"--awb-background-position:left top;--awb-border-sizes-top:0px;--awb-border-sizes-bottom:0px;--awb-border-sizes-left:0px;--awb-border-sizes-right:0px;--awb-border-radius-top-left:0px;--awb-border-radius-top-right:0px;--awb-border-radius-bottom-right:0px;--awb-border-radius-bottom-left:0px;--awb-padding-top:0px;--awb-padding-bottom:0px;--awb-margin-top:0px;--awb-margin-bottom:0px;--awb-background-color:#000000;--awb-flex-wrap:wrap;\" ><div class=\"fusion-builder-row fusion-row fusion-flex-align-items-flex-start fusion-flex-content-wrap\" style=\"max-width:calc( 1440px + 0px );margin-left: calc(-0px \/ 2 );margin-right: calc(-0px \/ 2 );\"><div class=\"fusion-layout-column fusion_builder_column fusion-builder-column-98 fusion_builder_column_1_1 1_1 fusion-flex-column fusion-animated\" style=\"--awb-padding-top:10px;--awb-bg-size:cover;--awb-width-large:100%;--awb-margin-top-large:0px;--awb-spacing-right-large:0px;--awb-margin-bottom-large:0px;--awb-spacing-left-large:0px;--awb-width-medium:100%;--awb-spacing-right-medium:0px;--awb-spacing-left-medium:0px;--awb-width-small:100%;--awb-spacing-right-small:0px;--awb-spacing-left-small:0px;\" data-animationType=\"fadeIn\" data-animationDuration=\"0.3\" data-animationOffset=\"top-into-view\"><div class=\"fusion-column-wrapper fusion-column-has-shadow fusion-flex-justify-content-flex-start fusion-content-layout-column\"><div class=\"fusion-content-boxes content-boxes columns row fusion-columns-1 fusion-columns-total-1 fusion-content-boxes-3 content-boxes-icon-with-title content-left\" style=\"--awb-title-color:#ffffff;--awb-margin-top:0px;--awb-margin-bottom:0px;--awb-hover-accent-color:#ffcb1f;--awb-circle-hover-accent-color:#ffcb1f;--awb-item-margin-bottom:40px;\" data-animationOffset=\"top-into-view\"><div style=\"--awb-backgroundcolor:rgba(255,255,255,0);\" class=\"fusion-column content-box-column content-box-column content-box-column-1 col-lg-12 col-md-12 col-sm-12 fusion-content-box-hover content-box-column-last content-box-column-last-in-row\"><div class=\"col content-box-wrapper content-wrapper link-area-link-icon icon-hover-animation-fade\" data-animationOffset=\"top-into-view\"><div class=\"heading heading-with-icon icon-left\"><div aria-hidden=\"true\" class=\"image\"><img decoding=\"async\" src=\"https:\/\/uruguayaudiovisual.com\/wp-content\/uploads\/2019\/12\/iconos-filete-13.svg\" width=\"45\" height=\"37.5\" alt=\"\" \/><\/div><h2 class=\"content-box-heading fusion-responsive-typography-calculated\" style=\"--h2_typography-font-size:18px;--fontSize:18;line-height:1.2;\">NEWS<\/h2><\/div><\/div><\/div><div class=\"fusion-clearfix\"><\/div><\/div><\/div><\/div><\/div><\/div>\n<div class=\"fusion-fullwidth fullwidth-box fusion-builder-row-17 fusion-flex-container nonhundred-percent-fullwidth non-hundred-percent-height-scrolling\" style=\"--awb-background-position:left top;--awb-border-sizes-top:0px;--awb-border-sizes-bottom:0px;--awb-border-sizes-left:0px;--awb-border-sizes-right:0px;--awb-border-radius-top-left:0px;--awb-border-radius-top-right:0px;--awb-border-radius-bottom-right:0px;--awb-border-radius-bottom-left:0px;--awb-padding-top:0px;--awb-padding-bottom:15px;--awb-margin-top:0px;--awb-margin-bottom:0px;--awb-background-color:#efefef;--awb-flex-wrap:wrap;\" ><div class=\"fusion-builder-row fusion-row fusion-flex-align-items-flex-start fusion-flex-content-wrap\" style=\"max-width:calc( 1440px + 0px );margin-left: calc(-0px \/ 2 );margin-right: calc(-0px \/ 2 );\"><div class=\"fusion-layout-column fusion_builder_column fusion-builder-column-99 fusion_builder_column_1_1 1_1 fusion-flex-column\" style=\"--awb-padding-top:40px;--awb-padding-bottom:25px;--awb-bg-size:cover;--awb-width-large:100%;--awb-margin-top-large:0px;--awb-spacing-right-large:0px;--awb-margin-bottom-large:0px;--awb-spacing-left-large:0px;--awb-width-medium:100%;--awb-spacing-right-medium:0px;--awb-spacing-left-medium:0px;--awb-width-small:100%;--awb-spacing-right-small:0px;--awb-spacing-left-small:0px;\"><div class=\"fusion-column-wrapper fusion-column-has-shadow fusion-flex-justify-content-flex-start fusion-content-layout-column\"><div class=\"fusion-blog-shortcode fusion-blog-shortcode-1 fusion-blog-archive fusion-blog-layout-grid-wrapper fusion-blog-no\"><style type=\"text\/css\">.fusion-blog-shortcode-1 .fusion-blog-layout-grid .fusion-post-grid{padding:11.5px;}.fusion-blog-shortcode-1 .fusion-posts-container{margin-left: -11.5px !important; margin-right:-11.5px !important;}<\/style><div class=\"fusion-posts-container fusion-posts-container-no fusion-blog-layout-grid fusion-blog-layout-grid-4 isotope fusion-blog-equal-heights\" data-pages=\"12\" data-grid-col-space=\"23\" style=\"margin: -11.5px -11.5px 0;min-height:500px;\"><article id=\"blog-1-post-16060\" class=\"fusion-post-grid post-16060 post type-post status-publish format-standard has-post-thumbnail hentry category-general\">\n<div class=\"fusion-post-wrapper\" style=\"background-color:rgba(255,255,255,1);border:1px solid #ebeaea;border-bottom-width:3px;\">\n\n\t\t\t<div class=\"fusion-flexslider flexslider fusion-flexslider-loading fusion-post-slideshow\" style=\"border-color:#ebeaea;\">\n\t\t<ul class=\"slides\">\n\t\t\t\n\t\t\t\t\t\t\t\t\t\t\t\t\t\t<li><div  class=\"fusion-image-wrapper\" aria-haspopup=\"true\">\n\t\t\t\t\t\t\t<a href=\"https:\/\/uruguayaudiovisual.com\/en\/uruguayan-cinema-strengthens-its-international-presence-at-the-european-film-market-of-the-berlinale-2026\/\" aria-label=\"Uruguayan cinema strengthens its international presence at the European Film Market of the Berlinale 2026\">\n\t\t\t\t\t\t\t<img decoding=\"async\" width=\"1170\" height=\"532\" src=\"https:\/\/uruguayaudiovisual.com\/wp-content\/uploads\/2026\/02\/uruguay-efm.jpeg\" class=\"attachment-full size-full wp-post-image\" alt=\"\" srcset=\"https:\/\/uruguayaudiovisual.com\/wp-content\/uploads\/2026\/02\/uruguay-efm-200x91.jpeg 200w, https:\/\/uruguayaudiovisual.com\/wp-content\/uploads\/2026\/02\/uruguay-efm-400x182.jpeg 400w, https:\/\/uruguayaudiovisual.com\/wp-content\/uploads\/2026\/02\/uruguay-efm-600x273.jpeg 600w, https:\/\/uruguayaudiovisual.com\/wp-content\/uploads\/2026\/02\/uruguay-efm-800x364.jpeg 800w, https:\/\/uruguayaudiovisual.com\/wp-content\/uploads\/2026\/02\/uruguay-efm.jpeg 1170w\" sizes=\"(min-width: 2200px) 100vw, (min-width: 856px) 343px, (min-width: 784px) 457px, (min-width: 712px) 686px, (min-width: 640px) 712px, \" \/>\t\t\t<\/a>\n\t\t\t\t\t\t\t<\/div>\n<\/li>\n\t\t\t\n\t\t\t\n\t\t\t\t\t\t\t\t\t\t\t\t\t\t\t\t\t\t\t\t\t\t\t\t\t\t\t\t\t\t\t\t\t\t\t\t\t\t\t\t\t\t\t\t\t\t\t\t\t\t\t\t\t\t\t\t\t\t\t\t\t\t\t\t\t\t\t\t<\/ul>\n\t<\/div>\n\t<div class=\"fusion-post-content-wrapper\" style=\"padding:30px 25px 20px 25px;\"><div class=\"fusion-post-content post-content\"><h2 class=\"blog-shortcode-post-title entry-title\"><a href=\"https:\/\/uruguayaudiovisual.com\/en\/uruguayan-cinema-strengthens-its-international-presence-at-the-european-film-market-of-the-berlinale-2026\/\">Uruguayan cinema strengthens its international presence at the European Film Market of the Berlinale 2026<\/a><\/h2><p class=\"fusion-single-line-meta\"><span class=\"vcard\" style=\"display: none;\"><span class=\"fn\"><a href=\"https:\/\/uruguayaudiovisual.com\/en\/author\/uyaudioadm\/\" title=\"Posts by uyaudioadm\" rel=\"author\">uyaudioadm<\/a><\/span><\/span><span class=\"updated\" style=\"display:none;\">2026-02-18T08:00:14-03:00<\/span>Categories: <a href=\"https:\/\/uruguayaudiovisual.com\/en\/category\/general\/\" rel=\"category tag\">General<\/a><span class=\"fusion-inline-sep\">|<\/span><\/p><div class=\"fusion-content-sep sep-\"><\/div><div class=\"fusion-post-content-container\"><p>Uruguayan cinema will have a prominent presence at the European Film Market (EFM), taking place<\/p><\/div><\/div><div class=\"fusion-meta-info\"><div class=\"fusion-alignleft\"><a class=\"fusion-read-more\" href=\"https:\/\/uruguayaudiovisual.com\/en\/uruguayan-cinema-strengthens-its-international-presence-at-the-european-film-market-of-the-berlinale-2026\/\" aria-label=\"More on Uruguayan cinema strengthens its international presence at the European Film Market of the Berlinale 2026\">Read More<\/a><\/div><\/div><\/div><div class=\"fusion-clearfix\"><\/div><\/div>\n<\/article>\n<article id=\"blog-1-post-15992\" class=\"fusion-post-grid post-15992 post type-post status-publish format-standard has-post-thumbnail hentry category-general\">\n<div class=\"fusion-post-wrapper\" style=\"background-color:rgba(255,255,255,1);border:1px solid #ebeaea;border-bottom-width:3px;\">\n\n\t\t\t<div class=\"fusion-flexslider flexslider fusion-flexslider-loading fusion-post-slideshow\" style=\"border-color:#ebeaea;\">\n\t\t<ul class=\"slides\">\n\t\t\t\n\t\t\t\t\t\t\t\t\t\t\t\t\t\t<li><div  class=\"fusion-image-wrapper\" aria-haspopup=\"true\">\n\t\t\t\t\t\t\t<a href=\"https:\/\/uruguayaudiovisual.com\/en\/talent-incentives-and-services-uruguays-value-proposition-at-content-americas\/\" aria-label=\"Talent, incentives and services: Uruguay\u2019s value proposition at Content Americas\">\n\t\t\t\t\t\t\t<img decoding=\"async\" width=\"2560\" height=\"900\" src=\"https:\/\/uruguayaudiovisual.com\/wp-content\/uploads\/2026\/01\/CA_26-BANNER-WEB_ENG-scaled.png\" class=\"attachment-full size-full wp-post-image\" alt=\"\" srcset=\"https:\/\/uruguayaudiovisual.com\/wp-content\/uploads\/2026\/01\/CA_26-BANNER-WEB_ENG-200x70.png 200w, https:\/\/uruguayaudiovisual.com\/wp-content\/uploads\/2026\/01\/CA_26-BANNER-WEB_ENG-400x141.png 400w, https:\/\/uruguayaudiovisual.com\/wp-content\/uploads\/2026\/01\/CA_26-BANNER-WEB_ENG-600x211.png 600w, https:\/\/uruguayaudiovisual.com\/wp-content\/uploads\/2026\/01\/CA_26-BANNER-WEB_ENG-800x281.png 800w, https:\/\/uruguayaudiovisual.com\/wp-content\/uploads\/2026\/01\/CA_26-BANNER-WEB_ENG-1200x422.png 1200w, https:\/\/uruguayaudiovisual.com\/wp-content\/uploads\/2026\/01\/CA_26-BANNER-WEB_ENG-scaled.png 2560w\" sizes=\"(min-width: 2200px) 100vw, (min-width: 856px) 343px, (min-width: 784px) 457px, (min-width: 712px) 686px, (min-width: 640px) 712px, \" \/>\t\t\t<\/a>\n\t\t\t\t\t\t\t<\/div>\n<\/li>\n\t\t\t\n\t\t\t\n\t\t\t\t\t\t\t\t\t\t\t\t\t\t\t\t\t\t\t\t\t\t\t\t\t\t\t\t\t\t\t\t\t\t\t\t\t\t\t\t\t\t\t\t\t\t\t\t\t\t\t\t\t\t\t\t\t\t\t\t\t\t\t\t\t\t\t\t<\/ul>\n\t<\/div>\n\t<div class=\"fusion-post-content-wrapper\" style=\"padding:30px 25px 20px 25px;\"><div class=\"fusion-post-content post-content\"><h2 class=\"blog-shortcode-post-title entry-title\"><a href=\"https:\/\/uruguayaudiovisual.com\/en\/talent-incentives-and-services-uruguays-value-proposition-at-content-americas\/\">Talent, incentives and services: Uruguay\u2019s value proposition at Content Americas<\/a><\/h2><p class=\"fusion-single-line-meta\"><span class=\"vcard\" style=\"display: none;\"><span class=\"fn\"><a href=\"https:\/\/uruguayaudiovisual.com\/en\/author\/uyaudioadm\/\" title=\"Posts by uyaudioadm\" rel=\"author\">uyaudioadm<\/a><\/span><\/span><span class=\"updated\" style=\"display:none;\">2026-01-20T10:23:41-03:00<\/span>Categories: <a href=\"https:\/\/uruguayaudiovisual.com\/en\/category\/general\/\" rel=\"category tag\">General<\/a><span class=\"fusion-inline-sep\">|<\/span><\/p><div class=\"fusion-content-sep sep-\"><\/div><div class=\"fusion-post-content-container\"><p>Uruguay will present itself in Miami with a comprehensive value proposition that combines creative talent,<\/p><\/div><\/div><div class=\"fusion-meta-info\"><div class=\"fusion-alignleft\"><a class=\"fusion-read-more\" href=\"https:\/\/uruguayaudiovisual.com\/en\/talent-incentives-and-services-uruguays-value-proposition-at-content-americas\/\" aria-label=\"More on Talent, incentives and services: Uruguay\u2019s value proposition at Content Americas\">Read More<\/a><\/div><\/div><\/div><div class=\"fusion-clearfix\"><\/div><\/div>\n<\/article>\n<article id=\"blog-1-post-15932\" class=\"fusion-post-grid post-15932 post type-post status-publish format-standard has-post-thumbnail hentry category-general\">\n<div class=\"fusion-post-wrapper\" style=\"background-color:rgba(255,255,255,1);border:1px solid #ebeaea;border-bottom-width:3px;\">\n\n\t\t\t<div class=\"fusion-flexslider flexslider fusion-flexslider-loading fusion-post-slideshow\" style=\"border-color:#ebeaea;\">\n\t\t<ul class=\"slides\">\n\t\t\t\n\t\t\t\t\t\t\t\t\t\t\t\t\t\t<li><div  class=\"fusion-image-wrapper\" aria-haspopup=\"true\">\n\t\t\t\t\t\t\t<a href=\"https:\/\/uruguayaudiovisual.com\/en\/uruguay-en-ventana-sur-2025\/\" aria-label=\"Uruguay en Ventana Sur 2025\">\n\t\t\t\t\t\t\t<img decoding=\"async\" width=\"1170\" height=\"532\" src=\"https:\/\/uruguayaudiovisual.com\/wp-content\/uploads\/2025\/12\/uruguay-ventanasur_2025-v2.png\" class=\"attachment-full size-full wp-post-image\" alt=\"\" srcset=\"https:\/\/uruguayaudiovisual.com\/wp-content\/uploads\/2025\/12\/uruguay-ventanasur_2025-v2-200x91.png 200w, https:\/\/uruguayaudiovisual.com\/wp-content\/uploads\/2025\/12\/uruguay-ventanasur_2025-v2-400x182.png 400w, https:\/\/uruguayaudiovisual.com\/wp-content\/uploads\/2025\/12\/uruguay-ventanasur_2025-v2-600x273.png 600w, https:\/\/uruguayaudiovisual.com\/wp-content\/uploads\/2025\/12\/uruguay-ventanasur_2025-v2-800x364.png 800w, https:\/\/uruguayaudiovisual.com\/wp-content\/uploads\/2025\/12\/uruguay-ventanasur_2025-v2.png 1170w\" sizes=\"(min-width: 2200px) 100vw, (min-width: 856px) 343px, (min-width: 784px) 457px, (min-width: 712px) 686px, (min-width: 640px) 712px, \" \/>\t\t\t<\/a>\n\t\t\t\t\t\t\t<\/div>\n<\/li>\n\t\t\t\n\t\t\t\n\t\t\t\t\t\t\t\t\t\t\t\t\t\t\t\t\t\t\t\t\t\t\t\t\t\t\t\t\t\t\t\t\t\t\t\t\t\t\t\t\t\t\t\t\t\t\t\t\t\t\t\t\t\t\t\t\t\t\t\t\t\t\t\t\t\t\t\t<\/ul>\n\t<\/div>\n\t<div class=\"fusion-post-content-wrapper\" style=\"padding:30px 25px 20px 25px;\"><div class=\"fusion-post-content post-content\"><h2 class=\"blog-shortcode-post-title entry-title\"><a href=\"https:\/\/uruguayaudiovisual.com\/en\/uruguay-en-ventana-sur-2025\/\">Uruguay en Ventana Sur 2025<\/a><\/h2><p class=\"fusion-single-line-meta\"><span class=\"vcard\" style=\"display: none;\"><span class=\"fn\"><a href=\"https:\/\/uruguayaudiovisual.com\/en\/author\/uyaudioadm\/\" title=\"Posts by uyaudioadm\" rel=\"author\">uyaudioadm<\/a><\/span><\/span><span class=\"updated\" style=\"display:none;\">2025-12-01T17:44:54-03:00<\/span>Categories: <a href=\"https:\/\/uruguayaudiovisual.com\/en\/category\/general\/\" rel=\"category tag\">General<\/a><span class=\"fusion-inline-sep\">|<\/span><\/p><div class=\"fusion-content-sep sep-\"><\/div><div class=\"fusion-post-content-container\"><p>Uruguay estar\u00e1 presente en Ventana Sur R\u00edo de la Plata con una delegaci\u00f3n de realizadores,<\/p><\/div><\/div><div class=\"fusion-meta-info\"><div class=\"fusion-alignleft\"><a class=\"fusion-read-more\" href=\"https:\/\/uruguayaudiovisual.com\/en\/uruguay-en-ventana-sur-2025\/\" aria-label=\"More on Uruguay en Ventana Sur 2025\">Read More<\/a><\/div><\/div><\/div><div class=\"fusion-clearfix\"><\/div><\/div>\n<\/article>\n<article id=\"blog-1-post-15854\" class=\"fusion-post-grid post-15854 post type-post status-publish format-standard has-post-thumbnail hentry category-general\">\n<div class=\"fusion-post-wrapper\" style=\"background-color:rgba(255,255,255,1);border:1px solid #ebeaea;border-bottom-width:3px;\">\n\n\t\t\t<div class=\"fusion-flexslider flexslider fusion-flexslider-loading fusion-post-slideshow\" style=\"border-color:#ebeaea;\">\n\t\t<ul class=\"slides\">\n\t\t\t\n\t\t\t\t\t\t\t\t\t\t\t\t\t\t<li><div  class=\"fusion-image-wrapper\" aria-haspopup=\"true\">\n\t\t\t\t\t\t\t<a href=\"https:\/\/uruguayaudiovisual.com\/en\/uruguay-at-iberseries-platino-industria-2025\/\" aria-label=\"Uruguay at Iberseries &#038; Platino Industria 2025\">\n\t\t\t\t\t\t\t<img decoding=\"async\" width=\"1170\" height=\"532\" src=\"https:\/\/uruguayaudiovisual.com\/wp-content\/uploads\/2025\/09\/Iberseries-ua.jpeg\" class=\"attachment-full size-full wp-post-image\" alt=\"\" srcset=\"https:\/\/uruguayaudiovisual.com\/wp-content\/uploads\/2025\/09\/Iberseries-ua-200x91.jpeg 200w, https:\/\/uruguayaudiovisual.com\/wp-content\/uploads\/2025\/09\/Iberseries-ua-400x182.jpeg 400w, https:\/\/uruguayaudiovisual.com\/wp-content\/uploads\/2025\/09\/Iberseries-ua-600x273.jpeg 600w, https:\/\/uruguayaudiovisual.com\/wp-content\/uploads\/2025\/09\/Iberseries-ua-800x364.jpeg 800w, https:\/\/uruguayaudiovisual.com\/wp-content\/uploads\/2025\/09\/Iberseries-ua.jpeg 1170w\" sizes=\"(min-width: 2200px) 100vw, (min-width: 856px) 343px, (min-width: 784px) 457px, (min-width: 712px) 686px, (min-width: 640px) 712px, \" \/>\t\t\t<\/a>\n\t\t\t\t\t\t\t<\/div>\n<\/li>\n\t\t\t\n\t\t\t\n\t\t\t\t\t\t\t\t\t\t\t\t\t\t\t\t\t\t\t\t\t\t\t\t\t\t\t\t\t\t\t\t\t\t\t\t\t\t\t\t\t\t\t\t\t\t\t\t\t\t\t\t\t\t\t\t\t\t\t\t\t\t\t\t\t\t\t\t<\/ul>\n\t<\/div>\n\t<div class=\"fusion-post-content-wrapper\" style=\"padding:30px 25px 20px 25px;\"><div class=\"fusion-post-content post-content\"><h2 class=\"blog-shortcode-post-title entry-title\"><a href=\"https:\/\/uruguayaudiovisual.com\/en\/uruguay-at-iberseries-platino-industria-2025\/\">Uruguay at Iberseries &#038; Platino Industria 2025<\/a><\/h2><p class=\"fusion-single-line-meta\"><span class=\"vcard\" style=\"display: none;\"><span class=\"fn\"><a href=\"https:\/\/uruguayaudiovisual.com\/en\/author\/uyaudioadm\/\" title=\"Posts by uyaudioadm\" rel=\"author\">uyaudioadm<\/a><\/span><\/span><span class=\"updated\" style=\"display:none;\">2025-09-26T14:55:37-03:00<\/span>Categories: <a href=\"https:\/\/uruguayaudiovisual.com\/en\/category\/general\/\" rel=\"category tag\">General<\/a><span class=\"fusion-inline-sep\">|<\/span><\/p><div class=\"fusion-content-sep sep-\"><\/div><div class=\"fusion-post-content-container\"><p>The Uruguayan Film and Audiovisual Agency (ACAU), together with an important Uruguayan delegation, will participate<\/p><\/div><\/div><div class=\"fusion-meta-info\"><div class=\"fusion-alignleft\"><a class=\"fusion-read-more\" href=\"https:\/\/uruguayaudiovisual.com\/en\/uruguay-at-iberseries-platino-industria-2025\/\" aria-label=\"More on Uruguay at Iberseries &#038; Platino Industria 2025\">Read More<\/a><\/div><\/div><\/div><div class=\"fusion-clearfix\"><\/div><\/div>\n<\/article>\n<div class=\"fusion-clearfix\"><\/div><\/div><\/div><\/div><\/div><div class=\"fusion-layout-column fusion_builder_column fusion-builder-column-100 fusion_builder_column_1_1 1_1 fusion-flex-column\" style=\"--awb-bg-size:cover;--awb-width-large:100%;--awb-margin-top-large:0px;--awb-spacing-right-large:0px;--awb-margin-bottom-large:0px;--awb-spacing-left-large:0px;--awb-width-medium:100%;--awb-order-medium:0;--awb-spacing-right-medium:0px;--awb-spacing-left-medium:0px;--awb-width-small:100%;--awb-order-small:0;--awb-spacing-right-small:0px;--awb-spacing-left-small:0px;\"><div class=\"fusion-column-wrapper fusion-column-has-shadow fusion-flex-justify-content-flex-start fusion-content-layout-column\"><div style=\"text-align:center;\"><a class=\"fusion-button button-flat fusion-button-default-size button-custom fusion-button-default button-12 fusion-button-default-span fusion-animated\" style=\"--button_accent_color:#000000;--button_border_color:#000000;--button_accent_hover_color:#ffffff;--button_border_hover_color:rgba(255,255,255,0);--button_border_width-top:2px;--button_border_width-right:2px;--button_border_width-bottom:2px;--button_border_width-left:2px;--button_gradient_top_color:rgba(255,255,255,0);--button_gradient_bottom_color:rgba(255,255,255,0);--button_gradient_top_color_hover:#000000;--button_gradient_bottom_color_hover:#000000;\" data-animationType=\"fadeInUp\" data-animationDuration=\"0.5\" data-animationOffset=\"top-into-view\" target=\"_self\" href=\"https:\/\/uruguayaudiovisual.com\/en\/news\"><span class=\"fusion-button-text awb-button__text awb-button__text--default\">MORE NEWS<\/span><\/a><\/div><\/div><\/div><\/div><\/div><\/p>\n","protected":false},"excerpt":{"rendered":"","protected":false},"author":4,"featured_media":6815,"parent":0,"menu_order":0,"comment_status":"closed","ping_status":"closed","template":"100-width.php","meta":{"_acf_changed":false,"_monsterinsights_skip_tracking":false,"_monsterinsights_sitenote_active":false,"_monsterinsights_sitenote_note":"","_monsterinsights_sitenote_category":0,"footnotes":""},"class_list":["post-9231","page","type-page","status-publish","has-post-thumbnail","hentry"],"acf":[],"yoast_head":"<!-- This site is optimized with the Yoast SEO plugin v25.0 - https:\/\/yoast.com\/wordpress\/plugins\/seo\/ -->\n<title>Uruguay at Ventana Sur - Uruguay Audiovisual<\/title>\n<meta name=\"robots\" content=\"index, follow, max-snippet:-1, max-image-preview:large, max-video-preview:-1\" \/>\n<link rel=\"canonical\" href=\"https:\/\/uruguayaudiovisual.com\/en\/uruguay-at-ventana-sur\/\" \/>\n<meta property=\"og:locale\" content=\"en_US\" \/>\n<meta property=\"og:type\" content=\"article\" \/>\n<meta property=\"og:title\" content=\"Uruguay at Ventana Sur - Uruguay Audiovisual\" \/>\n<meta property=\"og:url\" content=\"https:\/\/uruguayaudiovisual.com\/en\/uruguay-at-ventana-sur\/\" \/>\n<meta property=\"og:site_name\" content=\"Uruguay Audiovisual\" \/>\n<meta property=\"article:modified_time\" content=\"2021-09-21T14:15:26+00:00\" \/>\n<meta property=\"og:image\" content=\"https:\/\/uruguayaudiovisual.com\/wp-content\/uploads\/2020\/05\/home-fb.jpg\" \/>\n\t<meta property=\"og:image:width\" content=\"1200\" \/>\n\t<meta property=\"og:image:height\" content=\"630\" \/>\n\t<meta property=\"og:image:type\" content=\"image\/jpeg\" \/>\n<meta name=\"twitter:card\" content=\"summary_large_image\" \/>\n<meta name=\"twitter:image\" content=\"https:\/\/uruguayaudiovisual.com\/wp-content\/uploads\/2020\/05\/home-tw.jpg\" \/>\n<meta name=\"twitter:label1\" content=\"Est. reading time\" \/>\n\t<meta name=\"twitter:data1\" content=\"174 minutes\" \/>\n<script type=\"application\/ld+json\" class=\"yoast-schema-graph\">{\"@context\":\"https:\/\/schema.org\",\"@graph\":[{\"@type\":\"WebPage\",\"@id\":\"https:\/\/uruguayaudiovisual.com\/en\/uruguay-at-ventana-sur\/\",\"url\":\"https:\/\/uruguayaudiovisual.com\/en\/uruguay-at-ventana-sur\/\",\"name\":\"Uruguay at Ventana Sur - Uruguay Audiovisual\",\"isPartOf\":{\"@id\":\"https:\/\/uruguayaudiovisual.com\/en\/#website\"},\"primaryImageOfPage\":{\"@id\":\"https:\/\/uruguayaudiovisual.com\/en\/uruguay-at-ventana-sur\/#primaryimage\"},\"image\":{\"@id\":\"https:\/\/uruguayaudiovisual.com\/en\/uruguay-at-ventana-sur\/#primaryimage\"},\"thumbnailUrl\":\"https:\/\/uruguayaudiovisual.com\/wp-content\/uploads\/2020\/05\/home-fb.jpg\",\"datePublished\":\"2020-11-10T19:36:16+00:00\",\"dateModified\":\"2021-09-21T14:15:26+00:00\",\"breadcrumb\":{\"@id\":\"https:\/\/uruguayaudiovisual.com\/en\/uruguay-at-ventana-sur\/#breadcrumb\"},\"inLanguage\":\"en-US\",\"potentialAction\":[{\"@type\":\"ReadAction\",\"target\":[\"https:\/\/uruguayaudiovisual.com\/en\/uruguay-at-ventana-sur\/\"]}]},{\"@type\":\"ImageObject\",\"inLanguage\":\"en-US\",\"@id\":\"https:\/\/uruguayaudiovisual.com\/en\/uruguay-at-ventana-sur\/#primaryimage\",\"url\":\"https:\/\/uruguayaudiovisual.com\/wp-content\/uploads\/2020\/05\/home-fb.jpg\",\"contentUrl\":\"https:\/\/uruguayaudiovisual.com\/wp-content\/uploads\/2020\/05\/home-fb.jpg\",\"width\":1200,\"height\":630},{\"@type\":\"BreadcrumbList\",\"@id\":\"https:\/\/uruguayaudiovisual.com\/en\/uruguay-at-ventana-sur\/#breadcrumb\",\"itemListElement\":[{\"@type\":\"ListItem\",\"position\":1,\"name\":\"Portada\",\"item\":\"https:\/\/uruguayaudiovisual.com\/en\/\"},{\"@type\":\"ListItem\",\"position\":2,\"name\":\"Uruguay at Ventana Sur\"}]},{\"@type\":\"WebSite\",\"@id\":\"https:\/\/uruguayaudiovisual.com\/en\/#website\",\"url\":\"https:\/\/uruguayaudiovisual.com\/en\/\",\"name\":\"Uruguay Audiovisual\",\"description\":\"Uruguay Audiovisual\",\"publisher\":{\"@id\":\"https:\/\/uruguayaudiovisual.com\/en\/#organization\"},\"potentialAction\":[{\"@type\":\"SearchAction\",\"target\":{\"@type\":\"EntryPoint\",\"urlTemplate\":\"https:\/\/uruguayaudiovisual.com\/en\/?s={search_term_string}\"},\"query-input\":{\"@type\":\"PropertyValueSpecification\",\"valueRequired\":true,\"valueName\":\"search_term_string\"}}],\"inLanguage\":\"en-US\"},{\"@type\":\"Organization\",\"@id\":\"https:\/\/uruguayaudiovisual.com\/en\/#organization\",\"name\":\"Uruguay Audiovisual\",\"url\":\"https:\/\/uruguayaudiovisual.com\/en\/\",\"logo\":{\"@type\":\"ImageObject\",\"inLanguage\":\"en-US\",\"@id\":\"https:\/\/uruguayaudiovisual.com\/en\/#\/schema\/logo\/image\/\",\"url\":\"https:\/\/uruguayaudiovisual.com\/wp-content\/uploads\/2020\/01\/LOGO-URUGUAY-AUDIOVISUAL-colores-01.svg\",\"contentUrl\":\"https:\/\/uruguayaudiovisual.com\/wp-content\/uploads\/2020\/01\/LOGO-URUGUAY-AUDIOVISUAL-colores-01.svg\",\"width\":226,\"height\":84,\"caption\":\"Uruguay Audiovisual\"},\"image\":{\"@id\":\"https:\/\/uruguayaudiovisual.com\/en\/#\/schema\/logo\/image\/\"}}]}<\/script>\n<!-- \/ Yoast SEO plugin. -->","yoast_head_json":{"title":"Uruguay at Ventana Sur - Uruguay Audiovisual","robots":{"index":"index","follow":"follow","max-snippet":"max-snippet:-1","max-image-preview":"max-image-preview:large","max-video-preview":"max-video-preview:-1"},"canonical":"https:\/\/uruguayaudiovisual.com\/en\/uruguay-at-ventana-sur\/","og_locale":"en_US","og_type":"article","og_title":"Uruguay at Ventana Sur - Uruguay Audiovisual","og_url":"https:\/\/uruguayaudiovisual.com\/en\/uruguay-at-ventana-sur\/","og_site_name":"Uruguay Audiovisual","article_modified_time":"2021-09-21T14:15:26+00:00","og_image":[{"width":1200,"height":630,"url":"https:\/\/uruguayaudiovisual.com\/wp-content\/uploads\/2020\/05\/home-fb.jpg","type":"image\/jpeg"}],"twitter_card":"summary_large_image","twitter_image":"https:\/\/uruguayaudiovisual.com\/wp-content\/uploads\/2020\/05\/home-tw.jpg","twitter_misc":{"Est. reading time":"174 minutes"},"schema":{"@context":"https:\/\/schema.org","@graph":[{"@type":"WebPage","@id":"https:\/\/uruguayaudiovisual.com\/en\/uruguay-at-ventana-sur\/","url":"https:\/\/uruguayaudiovisual.com\/en\/uruguay-at-ventana-sur\/","name":"Uruguay at Ventana Sur - Uruguay Audiovisual","isPartOf":{"@id":"https:\/\/uruguayaudiovisual.com\/en\/#website"},"primaryImageOfPage":{"@id":"https:\/\/uruguayaudiovisual.com\/en\/uruguay-at-ventana-sur\/#primaryimage"},"image":{"@id":"https:\/\/uruguayaudiovisual.com\/en\/uruguay-at-ventana-sur\/#primaryimage"},"thumbnailUrl":"https:\/\/uruguayaudiovisual.com\/wp-content\/uploads\/2020\/05\/home-fb.jpg","datePublished":"2020-11-10T19:36:16+00:00","dateModified":"2021-09-21T14:15:26+00:00","breadcrumb":{"@id":"https:\/\/uruguayaudiovisual.com\/en\/uruguay-at-ventana-sur\/#breadcrumb"},"inLanguage":"en-US","potentialAction":[{"@type":"ReadAction","target":["https:\/\/uruguayaudiovisual.com\/en\/uruguay-at-ventana-sur\/"]}]},{"@type":"ImageObject","inLanguage":"en-US","@id":"https:\/\/uruguayaudiovisual.com\/en\/uruguay-at-ventana-sur\/#primaryimage","url":"https:\/\/uruguayaudiovisual.com\/wp-content\/uploads\/2020\/05\/home-fb.jpg","contentUrl":"https:\/\/uruguayaudiovisual.com\/wp-content\/uploads\/2020\/05\/home-fb.jpg","width":1200,"height":630},{"@type":"BreadcrumbList","@id":"https:\/\/uruguayaudiovisual.com\/en\/uruguay-at-ventana-sur\/#breadcrumb","itemListElement":[{"@type":"ListItem","position":1,"name":"Portada","item":"https:\/\/uruguayaudiovisual.com\/en\/"},{"@type":"ListItem","position":2,"name":"Uruguay at Ventana Sur"}]},{"@type":"WebSite","@id":"https:\/\/uruguayaudiovisual.com\/en\/#website","url":"https:\/\/uruguayaudiovisual.com\/en\/","name":"Uruguay Audiovisual","description":"Uruguay Audiovisual","publisher":{"@id":"https:\/\/uruguayaudiovisual.com\/en\/#organization"},"potentialAction":[{"@type":"SearchAction","target":{"@type":"EntryPoint","urlTemplate":"https:\/\/uruguayaudiovisual.com\/en\/?s={search_term_string}"},"query-input":{"@type":"PropertyValueSpecification","valueRequired":true,"valueName":"search_term_string"}}],"inLanguage":"en-US"},{"@type":"Organization","@id":"https:\/\/uruguayaudiovisual.com\/en\/#organization","name":"Uruguay Audiovisual","url":"https:\/\/uruguayaudiovisual.com\/en\/","logo":{"@type":"ImageObject","inLanguage":"en-US","@id":"https:\/\/uruguayaudiovisual.com\/en\/#\/schema\/logo\/image\/","url":"https:\/\/uruguayaudiovisual.com\/wp-content\/uploads\/2020\/01\/LOGO-URUGUAY-AUDIOVISUAL-colores-01.svg","contentUrl":"https:\/\/uruguayaudiovisual.com\/wp-content\/uploads\/2020\/01\/LOGO-URUGUAY-AUDIOVISUAL-colores-01.svg","width":226,"height":84,"caption":"Uruguay Audiovisual"},"image":{"@id":"https:\/\/uruguayaudiovisual.com\/en\/#\/schema\/logo\/image\/"}}]}},"_links":{"self":[{"href":"https:\/\/uruguayaudiovisual.com\/en\/wp-json\/wp\/v2\/pages\/9231","targetHints":{"allow":["GET"]}}],"collection":[{"href":"https:\/\/uruguayaudiovisual.com\/en\/wp-json\/wp\/v2\/pages"}],"about":[{"href":"https:\/\/uruguayaudiovisual.com\/en\/wp-json\/wp\/v2\/types\/page"}],"author":[{"embeddable":true,"href":"https:\/\/uruguayaudiovisual.com\/en\/wp-json\/wp\/v2\/users\/4"}],"replies":[{"embeddable":true,"href":"https:\/\/uruguayaudiovisual.com\/en\/wp-json\/wp\/v2\/comments?post=9231"}],"version-history":[{"count":0,"href":"https:\/\/uruguayaudiovisual.com\/en\/wp-json\/wp\/v2\/pages\/9231\/revisions"}],"wp:featuredmedia":[{"embeddable":true,"href":"https:\/\/uruguayaudiovisual.com\/en\/wp-json\/wp\/v2\/media\/6815"}],"wp:attachment":[{"href":"https:\/\/uruguayaudiovisual.com\/en\/wp-json\/wp\/v2\/media?parent=9231"}],"curies":[{"name":"wp","href":"https:\/\/api.w.org\/{rel}","templated":true}]}}